{"id":41,"date":"2021-04-22T07:05:18","date_gmt":"2021-04-22T07:05:18","guid":{"rendered":"https:\/\/riberasalud.com\/santa-justa\/?page_id=41"},"modified":"2021-05-06T09:44:20","modified_gmt":"2021-05-06T09:44:20","slug":"actualidad","status":"publish","type":"page","link":"https:\/\/riberasalud.com\/santa-justa\/actualidad\/","title":{"rendered":"Actualidad"},"content":{"rendered":"\n<div class=\"wp-block-group backgroundbanner\"><div class=\"wp-block-group__inner-container is-layout-flow wp-block-group-is-layout-flow\">\n<p class=\"has-text-align-center\" style=\"font-size:40px\"><span style=\"color: #4b4a4a;\" class=\"ugb-highlight\">Actualidad<\/span><\/p>\n<\/div><\/div>\n\n\n\n<div class=\"wp-block-group\"><div class=\"wp-block-group__inner-container is-layout-flow wp-block-group-is-layout-flow\">\n<div class=\"wp-block-ugb-blog-posts ugb-blog-posts ugb-0dfb1ce ugb-blog-posts--v2 ugb-blog-posts--design-basic ugb-blog-posts--columns-3 ugb-main-block\"><div class=\"ugb-inner-block\"><div class=\"ugb-block-content\"><article class=\"ugb-blog-posts__item\"><div class=\"ugb-blog-posts__content\"><figure class=\"ugb-blog-posts__featured-image ugb--shadow-3\"><a href=\"https:\/\/riberasalud.com\/santa-justa\/2023\/01\/30\/comunicado-oficial-de-ribera-sobre-su-presencia-en-extremadura\/\"><img loading=\"lazy\" decoding=\"async\" width=\"800\" height=\"533\" src=\"https:\/\/riberasalud.com\/santa-justa\/wp-content\/uploads\/2023\/01\/Entrada-Ribera-Santa-Justa3.jpg\" class=\"attachment-large size-large wp-post-image\" alt=\"entrada santa justa\" \/><\/a><\/figure><h3 class=\"ugb-blog-posts__title\"><a href=\"https:\/\/riberasalud.com\/santa-justa\/2023\/01\/30\/comunicado-oficial-de-ribera-sobre-su-presencia-en-extremadura\/\">Comunicado oficial de Ribera sobre su presencia en Extremadura<\/a><\/h3><div class=\"ugb-blog-posts__excerpt\"><p>El grupo sanitario Ribera est\u00e1 revaluando su estrategia de desarrollo en Extremadura. Seguimos apostando por el crecimiento en esta regi\u00f3n, con algunos cambios.&nbsp;Despu\u00e9s de tres a\u00f1os de gesti\u00f3n del hospital Ribera Santa Justa en Villanueva de la Serena, y con una pandemia por medio, todav\u00eda estamos esperando la formalizaci\u00f3n de los acuerdos de colaboraci\u00f3n con&#8230;<\/div><p class=\"ugb-blog-posts__readmore\"><a href=\"https:\/\/riberasalud.com\/santa-justa\/2023\/01\/30\/comunicado-oficial-de-ribera-sobre-su-presencia-en-extremadura\/\">Continuar leyendo<\/a><\/p><\/div><\/article><article class=\"ugb-blog-posts__item\"><div class=\"ugb-blog-posts__content\"><figure class=\"ugb-blog-posts__featured-image ugb--shadow-3\"><a href=\"https:\/\/riberasalud.com\/santa-justa\/2022\/11\/15\/ribera-santa-justa-imparte-tres-talleres-de-fisioterapia-para-manos-y-espalda-en-la-semana-del-mayor-de-villanueva\/\"><img loading=\"lazy\" decoding=\"async\" width=\"585\" height=\"465\" src=\"https:\/\/riberasalud.com\/santa-justa\/wp-content\/uploads\/2022\/11\/221114-Taller-Fisioterapia-mayores-Ribera-Santa-Justa1.jpg\" class=\"attachment-large size-large wp-post-image\" alt=\"taller\" \/><\/a><\/figure><h3 class=\"ugb-blog-posts__title\"><a href=\"https:\/\/riberasalud.com\/santa-justa\/2022\/11\/15\/ribera-santa-justa-imparte-tres-talleres-de-fisioterapia-para-manos-y-espalda-en-la-semana-del-mayor-de-villanueva\/\">Ribera Santa Justa imparte tres talleres de fisioterapia para manos y espalda en la Semana del Mayor de Villanueva<\/a><\/h3><div class=\"ugb-blog-posts__excerpt\"><p>El hospital que gestiona el grupo sanitario Ribera en esta localidad badajocense colabora con el Ayuntamiento en esta iniciativa, enmarcada en su pol\u00edtica de Responsabilidad Social CorporativaProfesionales de Ribera Santa Justa se desplazan a los centros de mayores de Plaza Conquistadores, Cruz del R\u00edo y Barrio Nuevo para ense\u00f1ar ejercicios que ayuden a mejorar la&#8230;<\/div><p class=\"ugb-blog-posts__readmore\"><a href=\"https:\/\/riberasalud.com\/santa-justa\/2022\/11\/15\/ribera-santa-justa-imparte-tres-talleres-de-fisioterapia-para-manos-y-espalda-en-la-semana-del-mayor-de-villanueva\/\">Continuar leyendo<\/a><\/p><\/div><\/article><article class=\"ugb-blog-posts__item\"><div class=\"ugb-blog-posts__content\"><figure class=\"ugb-blog-posts__featured-image ugb--shadow-3\"><a href=\"https:\/\/riberasalud.com\/santa-justa\/2022\/10\/14\/ribera-santa-justa-advierte-la-mayoria-de-accidentes-cardiovasculares-notan-algun-sintoma-dias-antes\/\"><img loading=\"lazy\" decoding=\"async\" width=\"800\" height=\"533\" src=\"https:\/\/riberasalud.com\/santa-justa\/wp-content\/uploads\/2022\/10\/Cardiologi\u0301a-Dr-Pablo-Garcia.jpg\" class=\"attachment-large size-large wp-post-image\" alt=\"cardiolog\u00eda\" \/><\/a><\/figure><h3 class=\"ugb-blog-posts__title\"><a href=\"https:\/\/riberasalud.com\/santa-justa\/2022\/10\/14\/ribera-santa-justa-advierte-la-mayoria-de-accidentes-cardiovasculares-notan-algun-sintoma-dias-antes\/\">Ribera Santa Justa advierte: \u201cLa mayor\u00eda de accidentes cardiovasculares notan alg\u00fan s\u00edntoma d\u00edas antes\u201d<\/a><\/h3><div class=\"ugb-blog-posts__excerpt\"><p>El doctor Pablo Garc\u00eda, cardi\u00f3logo de los hospitales del grupo sanitario Ribera en Extremadura, recomienda que los mayores de 40 a\u00f1os con factores de riesgo como hipertensi\u00f3n o sobrepeso acudan a un especialista para revisar la salud de su coraz\u00f3nTambi\u00e9n explica la conveniencia de realizar un electrocardiograma y una anal\u00edtica b\u00e1sica para adultos que se&#8230;<\/div><p class=\"ugb-blog-posts__readmore\"><a href=\"https:\/\/riberasalud.com\/santa-justa\/2022\/10\/14\/ribera-santa-justa-advierte-la-mayoria-de-accidentes-cardiovasculares-notan-algun-sintoma-dias-antes\/\">Continuar leyendo<\/a><\/p><\/div><\/article><article class=\"ugb-blog-posts__item\"><div class=\"ugb-blog-posts__content\"><figure class=\"ugb-blog-posts__featured-image ugb--shadow-3\"><a href=\"https:\/\/riberasalud.com\/santa-justa\/2022\/09\/28\/fisioterapeutas-de-ribera-santa-justa-y-ribera-almendralejo-advierten-que-estres-y-fatiga-predisponen-a-sufrir-torticolis\/\"><img loading=\"lazy\" decoding=\"async\" width=\"800\" height=\"533\" src=\"https:\/\/riberasalud.com\/santa-justa\/wp-content\/uploads\/2022\/09\/Fisioterapeuta-del-grupo-Ribera.jpg\" class=\"attachment-large size-large wp-post-image\" alt=\"fisioterapia\" \/><\/a><\/figure><h3 class=\"ugb-blog-posts__title\"><a href=\"https:\/\/riberasalud.com\/santa-justa\/2022\/09\/28\/fisioterapeutas-de-ribera-santa-justa-y-ribera-almendralejo-advierten-que-estres-y-fatiga-predisponen-a-sufrir-torticolis\/\">Fisioterapeutas de Ribera Santa Justa y Ribera Almendralejo advierten que estr\u00e9s y fatiga predisponen a sufrir tort\u00edcolis<\/a><\/h3><div class=\"ugb-blog-posts__excerpt\"><p>Los profesionales de los hospitales que el grupo sanitario Ribera gestiona en Villanueva de la Serena y Almendralejo facilitan consejos para reducir la rigidez y el dolor en la regi\u00f3n cervical y ayudar a corregir la postura anti\u00e1lgicaRecuerdan que una tort\u00edcolis prolongada puede provocar asimetr\u00eda en la posici\u00f3n de los hombros y un aumento de&#8230;<\/div><p class=\"ugb-blog-posts__readmore\"><a href=\"https:\/\/riberasalud.com\/santa-justa\/2022\/09\/28\/fisioterapeutas-de-ribera-santa-justa-y-ribera-almendralejo-advierten-que-estres-y-fatiga-predisponen-a-sufrir-torticolis\/\">Continuar leyendo<\/a><\/p><\/div><\/article><article class=\"ugb-blog-posts__item\"><div class=\"ugb-blog-posts__content\"><figure class=\"ugb-blog-posts__featured-image ugb--shadow-3\"><a href=\"https:\/\/riberasalud.com\/santa-justa\/2022\/09\/07\/ribera-santa-justa-recomienda-un-chequeo-basico-a-pacientes-con-hipertension-estres-obesidad-o-colesterol\/\"><img loading=\"lazy\" decoding=\"async\" width=\"800\" height=\"571\" src=\"https:\/\/riberasalud.com\/santa-justa\/wp-content\/uploads\/2022\/09\/Consulta-Medicina-General-Santa-Justa-Antonia-Izquierdo.jpg\" class=\"attachment-large size-large wp-post-image\" alt=\"consulta\" \/><\/a><\/figure><h3 class=\"ugb-blog-posts__title\"><a href=\"https:\/\/riberasalud.com\/santa-justa\/2022\/09\/07\/ribera-santa-justa-recomienda-un-chequeo-basico-a-pacientes-con-hipertension-estres-obesidad-o-colesterol\/\">Ribera Santa Justa recomienda un chequeo b\u00e1sico a pacientes con hipertensi\u00f3n, estr\u00e9s, obesidad o colesterol<\/a><\/h3><div class=\"ugb-blog-posts__excerpt\"><p>Los especialistas del hospital que gestiona el grupo sanitario Ribera en Villanueva de la Serena advierten de la importancia de una revisi\u00f3n m\u00e9dica completa en general para todos los pacientes, para prevenir patolog\u00edas graves y garantizar una vuelta a la actividad laboral y deportiva saludableEl chequeo incluye consulta y exploraci\u00f3n por parte de un profesional,&#8230;<\/div><p class=\"ugb-blog-posts__readmore\"><a href=\"https:\/\/riberasalud.com\/santa-justa\/2022\/09\/07\/ribera-santa-justa-recomienda-un-chequeo-basico-a-pacientes-con-hipertension-estres-obesidad-o-colesterol\/\">Continuar leyendo<\/a><\/p><\/div><\/article><article class=\"ugb-blog-posts__item\"><div class=\"ugb-blog-posts__content\"><figure class=\"ugb-blog-posts__featured-image ugb--shadow-3\"><a href=\"https:\/\/riberasalud.com\/santa-justa\/2022\/07\/29\/ribera-santa-justa-colabora-con-down-don-benito-y-facilita-practicas-en-tareas-de-documentacion-y-centralita\/\"><img loading=\"lazy\" decoding=\"async\" width=\"800\" height=\"671\" src=\"https:\/\/riberasalud.com\/santa-justa\/wp-content\/uploads\/2022\/07\/220729-Nazaret-pra\u0301cticas-Down-Don-Benito5.jpg\" class=\"attachment-large size-large wp-post-image\" alt=\"down pr\u00e1cticas\" \/><\/a><\/figure><h3 class=\"ugb-blog-posts__title\"><a href=\"https:\/\/riberasalud.com\/santa-justa\/2022\/07\/29\/ribera-santa-justa-colabora-con-down-don-benito-y-facilita-practicas-en-tareas-de-documentacion-y-centralita\/\">Ribera Santa Justa colabora con Down Don Benito y facilita pr\u00e1cticas en tareas de documentaci\u00f3n y centralita<\/a><\/h3><div class=\"ugb-blog-posts__excerpt\"><p>Una de sus asociadas ha trabajado dos semanas en el hospital que gestiona el grupo sanitario Ribera en Villanueva de la Serena, despu\u00e9s de acabar un modulo de FP de Servicios AdministrativosEl convenio con Down Don Benito se suma a otras iniciativas lideradas por Ribera Santa Justa en materia de Responsabilidad Social Corporativa (RSC) y&#8230;<\/div><p class=\"ugb-blog-posts__readmore\"><a href=\"https:\/\/riberasalud.com\/santa-justa\/2022\/07\/29\/ribera-santa-justa-colabora-con-down-don-benito-y-facilita-practicas-en-tareas-de-documentacion-y-centralita\/\">Continuar leyendo<\/a><\/p><\/div><\/article><article class=\"ugb-blog-posts__item\"><div class=\"ugb-blog-posts__content\"><figure class=\"ugb-blog-posts__featured-image ugb--shadow-3\"><a href=\"https:\/\/riberasalud.com\/santa-justa\/2022\/07\/22\/ribera-santa-justa-ultima-la-instalacion-de-un-tac-que-comenzara-a-funcionar-despues-del-verano\/\"><img loading=\"lazy\" decoding=\"async\" width=\"640\" height=\"480\" src=\"https:\/\/riberasalud.com\/santa-justa\/wp-content\/uploads\/2022\/07\/TAC-RIBERA-SANTA-JUSTA-LLEGADA1.jpg\" class=\"attachment-large size-large wp-post-image\" alt=\"\" \/><\/a><\/figure><h3 class=\"ugb-blog-posts__title\"><a href=\"https:\/\/riberasalud.com\/santa-justa\/2022\/07\/22\/ribera-santa-justa-ultima-la-instalacion-de-un-tac-que-comenzara-a-funcionar-despues-del-verano\/\">Ribera Santa Justa ultima la instalaci\u00f3n de un TAC que comenzar\u00e1 a funcionar despu\u00e9s del verano<\/a><\/h3><div class=\"ugb-blog-posts__excerpt\"><p>Este nuevo equipamiento, de alta gama y 64 cortes, supone un gran avance en la capacidad diagn\u00f3stica del hospital del grupo sanitario en Villanueva de la Serena, y evitar\u00e1 desplazamientos a multitud de pacientes para el control de sus patolog\u00edas Villanueva de la Serena, 21 de julio de 2022. El hospital Ribera Santa Justa ultima&#8230;<\/div><p class=\"ugb-blog-posts__readmore\"><a href=\"https:\/\/riberasalud.com\/santa-justa\/2022\/07\/22\/ribera-santa-justa-ultima-la-instalacion-de-un-tac-que-comenzara-a-funcionar-despues-del-verano\/\">Continuar leyendo<\/a><\/p><\/div><\/article><article class=\"ugb-blog-posts__item\"><div class=\"ugb-blog-posts__content\"><figure class=\"ugb-blog-posts__featured-image ugb--shadow-3\"><a href=\"https:\/\/riberasalud.com\/santa-justa\/2022\/06\/27\/el-hospital-ribera-santa-justa-potencia-la-consulta-de-oftalmologia-con-la-renovacion-de-su-equipamiento\/\"><img loading=\"lazy\" decoding=\"async\" width=\"800\" height=\"533\" src=\"https:\/\/riberasalud.com\/santa-justa\/wp-content\/uploads\/2022\/06\/El-doctor-Juan-Santos-en-la-consulta-de-Ribera-Santa-Justa2.jpg\" class=\"attachment-large size-large wp-post-image\" alt=\"consulta\" \/><\/a><\/figure><h3 class=\"ugb-blog-posts__title\"><a href=\"https:\/\/riberasalud.com\/santa-justa\/2022\/06\/27\/el-hospital-ribera-santa-justa-potencia-la-consulta-de-oftalmologia-con-la-renovacion-de-su-equipamiento\/\">El hospital Ribera Santa Justa potencia la consulta de Oftalmolog\u00eda con la renovaci\u00f3n de su equipamiento<\/a><\/h3><div class=\"ugb-blog-posts__excerpt\"><p>Adquiere una Tomograf\u00eda de Coherencia \u00d3ptica (OCT), una t\u00e9cnica de diagn\u00f3stico por imagen, con precisi\u00f3n microm\u00e9trica y que permite visualizar en 3D las distintas estructuras oculares&nbsp;Incorpora tambi\u00e9n un bi\u00f3metro \u00f3ptico, para calcular con exactitud la medida de la lente intraocular para determinar la que mejor se adapta al paciente, as\u00ed como un nuevo microscopio El&nbsp;hospital&#8230;<\/div><p class=\"ugb-blog-posts__readmore\"><a href=\"https:\/\/riberasalud.com\/santa-justa\/2022\/06\/27\/el-hospital-ribera-santa-justa-potencia-la-consulta-de-oftalmologia-con-la-renovacion-de-su-equipamiento\/\">Continuar leyendo<\/a><\/p><\/div><\/article><article class=\"ugb-blog-posts__item\"><div class=\"ugb-blog-posts__content\"><figure class=\"ugb-blog-posts__featured-image ugb--shadow-3\"><a href=\"https:\/\/riberasalud.com\/santa-justa\/2022\/05\/30\/ribera-santa-justa-una-mala-higiene-postural-en-epoca-de-examenes-provoca-contracturas-hernias-y-lumbalgias\/\"><img loading=\"lazy\" decoding=\"async\" width=\"800\" height=\"533\" src=\"https:\/\/riberasalud.com\/santa-justa\/wp-content\/uploads\/2022\/05\/Una-fisioterapeuta-del-grupo-Ribera-atiende-a-una-paciente-con-dolor-de-espalda.jpg\" class=\"attachment-large size-large wp-post-image\" alt=\"dolor de espalda\" \/><\/a><\/figure><h3 class=\"ugb-blog-posts__title\"><a href=\"https:\/\/riberasalud.com\/santa-justa\/2022\/05\/30\/ribera-santa-justa-una-mala-higiene-postural-en-epoca-de-examenes-provoca-contracturas-hernias-y-lumbalgias\/\">Ribera Santa Justa: una mala higiene postural en \u00e9poca de ex\u00e1menes provoca contracturas, hernias y lumbalgias<\/a><\/h3><div class=\"ugb-blog-posts__excerpt\"><p>La fisioterapeuta del hospital asegura que el 40% de los casos que acuden al Servicio de Rehabilitaci\u00f3n est\u00e1n relacionados con posturas no adecuadas al estudiar o trabajarRecomienda 10 minutos de descanso en movimiento tras 50 minutos de estudio, apoyar la parte baja de la espalda en el respaldo, tener los dos pies en el suelo&#8230;<\/div><p class=\"ugb-blog-posts__readmore\"><a href=\"https:\/\/riberasalud.com\/santa-justa\/2022\/05\/30\/ribera-santa-justa-una-mala-higiene-postural-en-epoca-de-examenes-provoca-contracturas-hernias-y-lumbalgias\/\">Continuar leyendo<\/a><\/p><\/div><\/article><article class=\"ugb-blog-posts__item\"><div class=\"ugb-blog-posts__content\"><figure class=\"ugb-blog-posts__featured-image ugb--shadow-3\"><a href=\"https:\/\/riberasalud.com\/santa-justa\/2022\/05\/06\/los-hombres-con-antecedentes-familiares-de-cancer-de-prostata-deben-hacerse-chequeos-anuales-desde-los-40\/\"><img loading=\"lazy\" decoding=\"async\" width=\"800\" height=\"533\" src=\"https:\/\/riberasalud.com\/santa-justa\/wp-content\/uploads\/2022\/05\/Dr-Julio-Fdez-del-A\u0301lamo-uro\u0301logo-en-Ribera-Santa-Justa.jpg\" class=\"attachment-large size-large wp-post-image\" alt=\"ur\u00f3logo julio fernandez\" \/><\/a><\/figure><h3 class=\"ugb-blog-posts__title\"><a href=\"https:\/\/riberasalud.com\/santa-justa\/2022\/05\/06\/los-hombres-con-antecedentes-familiares-de-cancer-de-prostata-deben-hacerse-chequeos-anuales-desde-los-40\/\">\u201cLos hombres con antecedentes familiares de c\u00e1ncer de pr\u00f3stata deben hacerse chequeos anuales desde los 40\u201d<\/a><\/h3><div class=\"ugb-blog-posts__excerpt\"><p>El ur\u00f3logo del hospital Ribera Santa Justa, el doctor Julio Fern\u00e1ndez del \u00c1lamo, explica que, aunque la mayor\u00eda de los diagn\u00f3sticos no son hereditarios, un familiar de primer grado con esta enfermedad aumenta de 2 a 3 veces el riesgo de padecerlaEs el c\u00e1ncer m\u00e1s frecuente en el var\u00f3n, pero el tercero en mortalidad, generalmente&#8230;<\/div><p class=\"ugb-blog-posts__readmore\"><a href=\"https:\/\/riberasalud.com\/santa-justa\/2022\/05\/06\/los-hombres-con-antecedentes-familiares-de-cancer-de-prostata-deben-hacerse-chequeos-anuales-desde-los-40\/\">Continuar leyendo<\/a><\/p><\/div><\/article><article class=\"ugb-blog-posts__item\"><div class=\"ugb-blog-posts__content\"><figure class=\"ugb-blog-posts__featured-image ugb--shadow-3\"><a href=\"https:\/\/riberasalud.com\/santa-justa\/2022\/04\/22\/ribera-santa-justa-incorpora-la-ecodoppler-para-valorar-problemas-vasculares-como-varices-o-tromboflebitis\/\"><img loading=\"lazy\" decoding=\"async\" width=\"800\" height=\"533\" src=\"https:\/\/riberasalud.com\/santa-justa\/wp-content\/uploads\/2022\/04\/El-Dr-Ferna\u0301ndez-Caballero-en-el-hospital-Ribera-Santa-Justa.jpg\" class=\"attachment-large size-large wp-post-image\" alt=\"caballero\" \/><\/a><\/figure><h3 class=\"ugb-blog-posts__title\"><a href=\"https:\/\/riberasalud.com\/santa-justa\/2022\/04\/22\/ribera-santa-justa-incorpora-la-ecodoppler-para-valorar-problemas-vasculares-como-varices-o-tromboflebitis\/\">Ribera Santa Justa incorpora la ecodoppler para valorar problemas vasculares como varices o tromboflebitis<\/a><\/h3><div class=\"ugb-blog-posts__excerpt\"><p>La consulta de Cirug\u00eda Vascular ha tratado e intervenido a multitud de pacientes del \u00e1rea de Villanueva con problemas de varices sin listas de espera, gracias al nuevo endol\u00e1ser, sin dolor ni cicatricesEl especialista es el doctor David Fern\u00e1ndez Caballero, un referente en esta especialidad, que fue elegido M\u00e9dico del A\u00f1o en este campo en&#8230;<\/div><p class=\"ugb-blog-posts__readmore\"><a href=\"https:\/\/riberasalud.com\/santa-justa\/2022\/04\/22\/ribera-santa-justa-incorpora-la-ecodoppler-para-valorar-problemas-vasculares-como-varices-o-tromboflebitis\/\">Continuar leyendo<\/a><\/p><\/div><\/article><article class=\"ugb-blog-posts__item\"><div class=\"ugb-blog-posts__content\"><figure class=\"ugb-blog-posts__featured-image ugb--shadow-3\"><a href=\"https:\/\/riberasalud.com\/santa-justa\/2022\/04\/11\/ribera-santa-justa-imparte-un-taller-de-higiene-postural-a-los-alumnos-del-centro-especial-de-empleo-inclusives\/\"><img loading=\"lazy\" decoding=\"async\" width=\"800\" height=\"450\" src=\"https:\/\/riberasalud.com\/santa-justa\/wp-content\/uploads\/2022\/04\/220411-Taller-higiene-postural-Ribera-Santa-Justa-Inclusives.jpg\" class=\"attachment-large size-large wp-post-image\" alt=\"higiene postural\" \/><\/a><\/figure><h3 class=\"ugb-blog-posts__title\"><a href=\"https:\/\/riberasalud.com\/santa-justa\/2022\/04\/11\/ribera-santa-justa-imparte-un-taller-de-higiene-postural-a-los-alumnos-del-centro-especial-de-empleo-inclusives\/\">Ribera Santa Justa imparte un taller de higiene postural a los trabajadores del centro especial de empleo Inclusives<\/a><\/h3><div class=\"ugb-blog-posts__excerpt\"><p>Refuerza las acciones de Responsabilidad Social Corporativa vinculadas a la prevenci\u00f3n y el cuidado de la salud y el bienestar de los ciudadanosEl hospital contrat\u00f3 en marzo a esta asociaci\u00f3n para que sus trabajadores se ocupen del mantenimiento de las zonas verdes y el c\u00e1tering de los pacientes ingresados El\u00a0hospital Ribera Santa Justa\u00a0ha impartido un&#8230;<\/div><p class=\"ugb-blog-posts__readmore\"><a href=\"https:\/\/riberasalud.com\/santa-justa\/2022\/04\/11\/ribera-santa-justa-imparte-un-taller-de-higiene-postural-a-los-alumnos-del-centro-especial-de-empleo-inclusives\/\">Continuar leyendo<\/a><\/p><\/div><\/article><article class=\"ugb-blog-posts__item\"><div class=\"ugb-blog-posts__content\"><figure class=\"ugb-blog-posts__featured-image ugb--shadow-3\"><a href=\"https:\/\/riberasalud.com\/santa-justa\/2022\/03\/07\/el-hospital-ribera-santa-justa-dona-10-kilos-de-alimentos-a-la-asociacion-apoyat-tras-cambiar-la-gestion-del-catering\/\"><img loading=\"lazy\" decoding=\"async\" width=\"800\" height=\"600\" src=\"https:\/\/riberasalud.com\/santa-justa\/wp-content\/uploads\/2022\/03\/220307-Donacio\u0301n-alimentos-Ribera-Santa-Justa-Apoyat.jpg\" class=\"attachment-large size-large wp-post-image\" alt=\"donaci\u00f3n\" \/><\/a><\/figure><h3 class=\"ugb-blog-posts__title\"><a href=\"https:\/\/riberasalud.com\/santa-justa\/2022\/03\/07\/el-hospital-ribera-santa-justa-dona-10-kilos-de-alimentos-a-la-asociacion-apoyat-tras-cambiar-la-gestion-del-catering\/\">El hospital Ribera Santa Justa dona 10 kilos de alimentos a la asociaci\u00f3n Apoyat tras cambiar la gesti\u00f3n del c\u00e1tering<\/a><\/h3><div class=\"ugb-blog-posts__excerpt\"><p>Esta entidad, que ayuda a personas con problemas de adicci\u00f3n, distribuir\u00e1 la comida en dos proyectos residenciales que gestiona para desintoxicaci\u00f3n y para una vez superada esa fase, ayudarles con su reinserci\u00f3n laboralEl hospital contrata el nuevo servicio de catering para sus pacientes con el Centro Especial de Empleo de Villanueva, Inclusives, para personas con&#8230;<\/div><p class=\"ugb-blog-posts__readmore\"><a href=\"https:\/\/riberasalud.com\/santa-justa\/2022\/03\/07\/el-hospital-ribera-santa-justa-dona-10-kilos-de-alimentos-a-la-asociacion-apoyat-tras-cambiar-la-gestion-del-catering\/\">Continuar leyendo<\/a><\/p><\/div><\/article><article class=\"ugb-blog-posts__item\"><div class=\"ugb-blog-posts__content\"><figure class=\"ugb-blog-posts__featured-image ugb--shadow-3\"><a href=\"https:\/\/riberasalud.com\/santa-justa\/2022\/03\/01\/ribera-santa-justa-contrata-el-servicio-de-jardineria-y-catering-con-el-centro-especial-de-empleo-inclusives\/\"><img loading=\"lazy\" decoding=\"async\" width=\"800\" height=\"533\" src=\"https:\/\/riberasalud.com\/santa-justa\/wp-content\/uploads\/2022\/03\/220301-Firma-Ribera-Santa-Justa-Inclusives2.jpg\" class=\"attachment-large size-large wp-post-image\" alt=\"\" \/><\/a><\/figure><h3 class=\"ugb-blog-posts__title\"><a href=\"https:\/\/riberasalud.com\/santa-justa\/2022\/03\/01\/ribera-santa-justa-contrata-el-servicio-de-jardineria-y-catering-con-el-centro-especial-de-empleo-inclusives\/\">Ribera Santa Justa contrata el servicio de jardiner\u00eda y catering con el centro especial de empleo Inclusives<\/a><\/h3><div class=\"ugb-blog-posts__excerpt\"><p>La iniciativa se enmarca en el Plan de Diversidad Funcional y la pol\u00edtica Responsabilidad Social Corporativa (RSC) del grupo sanitario Ribera, que favorece el empleo inclusivo y la colaboraci\u00f3n con entidades del \u00e1rea de sus hospitalesPersonas con diversidad funcional se ocupar\u00e1n del mantenimiento de los jardines y zonas verdes del hospital Ribera Santa Justa as\u00ed&#8230;<\/div><p class=\"ugb-blog-posts__readmore\"><a href=\"https:\/\/riberasalud.com\/santa-justa\/2022\/03\/01\/ribera-santa-justa-contrata-el-servicio-de-jardineria-y-catering-con-el-centro-especial-de-empleo-inclusives\/\">Continuar leyendo<\/a><\/p><\/div><\/article><article class=\"ugb-blog-posts__item\"><div class=\"ugb-blog-posts__content\"><figure class=\"ugb-blog-posts__featured-image ugb--shadow-3\"><a href=\"https:\/\/riberasalud.com\/santa-justa\/2022\/02\/25\/ribera-santa-justa-ensena-a-los-ninos-de-villanueva-como-hacer-una-correcta-higiene-de-manos-con-un-comic-propio\/\"><img loading=\"lazy\" decoding=\"async\" width=\"1024\" height=\"768\" src=\"https:\/\/riberasalud.com\/santa-justa\/wp-content\/uploads\/2022\/02\/220225-Taller-higiene-manos-Ribera-Santa-Justa-colegio-Villanueva-1024x768.jpg\" class=\"attachment-large size-large wp-post-image\" alt=\"\" \/><\/a><\/figure><h3 class=\"ugb-blog-posts__title\"><a href=\"https:\/\/riberasalud.com\/santa-justa\/2022\/02\/25\/ribera-santa-justa-ensena-a-los-ninos-de-villanueva-como-hacer-una-correcta-higiene-de-manos-con-un-comic-propio\/\">Ribera Santa Justa ense\u00f1a a los ni\u00f1os de Villanueva c\u00f3mo hacer una correcta higiene de manos con un c\u00f3mic propio<\/a><\/h3><div class=\"ugb-blog-posts__excerpt\"><p>Profesionales del \u00fanico hospital de la localidad visitan seis colegios de la zona para organizar talleres para los escolares del tercer curso de Infantil y ayudar en su educaci\u00f3n para la salud y en la prevenci\u00f3n de enfermedadesEl grupo sanitario Ribera, que gestiona este centro sanitario, ha elaborado un c\u00f3mic adaptado a los ni\u00f1os, que&#8230;<\/div><p class=\"ugb-blog-posts__readmore\"><a href=\"https:\/\/riberasalud.com\/santa-justa\/2022\/02\/25\/ribera-santa-justa-ensena-a-los-ninos-de-villanueva-como-hacer-una-correcta-higiene-de-manos-con-un-comic-propio\/\">Continuar leyendo<\/a><\/p><\/div><\/article><article class=\"ugb-blog-posts__item\"><div class=\"ugb-blog-posts__content\"><figure class=\"ugb-blog-posts__featured-image ugb--shadow-3\"><a href=\"https:\/\/riberasalud.com\/santa-justa\/2022\/02\/07\/el-grupo-ribera-disena-circuitos-especializados-para-realizar-chequeos-exhaustivos-a-deportistas-en-villanueva-de-la-serena\/\"><img loading=\"lazy\" decoding=\"async\" width=\"800\" height=\"533\" src=\"https:\/\/riberasalud.com\/santa-justa\/wp-content\/uploads\/2022\/02\/Doctor-Pablo-Garci\u0301a-Ribera-Santa-Justa.jpg\" class=\"attachment-large size-large wp-post-image\" alt=\"Pablo Garcia\" \/><\/a><\/figure><h3 class=\"ugb-blog-posts__title\"><a href=\"https:\/\/riberasalud.com\/santa-justa\/2022\/02\/07\/el-grupo-ribera-disena-circuitos-especializados-para-realizar-chequeos-exhaustivos-a-deportistas-en-villanueva-de-la-serena\/\">El grupo Ribera dise\u00f1a circuitos especializados para realizar chequeos exhaustivos a deportistas en Villanueva de la Serena<\/a><\/h3><div class=\"ugb-blog-posts__excerpt\"><p>El hospital Ribera Santa Justa realizan ex\u00e1menes f\u00edsicos reglamentarios a deportistas federados y controles de salud exhaustivos a quienes se inician en cualquier deporte, para evitar problemas cardiovascularesTras la valoraci\u00f3n inicial de un cardi\u00f3logo, al paciente se le hace un examen f\u00edsico, un ecocardiograma, un electrocardiograma y una anal\u00edtica, y se valora la realizaci\u00f3n de&#8230;<\/div><p class=\"ugb-blog-posts__readmore\"><a href=\"https:\/\/riberasalud.com\/santa-justa\/2022\/02\/07\/el-grupo-ribera-disena-circuitos-especializados-para-realizar-chequeos-exhaustivos-a-deportistas-en-villanueva-de-la-serena\/\">Continuar leyendo<\/a><\/p><\/div><\/article><article class=\"ugb-blog-posts__item\"><div class=\"ugb-blog-posts__content\"><figure class=\"ugb-blog-posts__featured-image ugb--shadow-3\"><a href=\"https:\/\/riberasalud.com\/santa-justa\/2022\/01\/18\/ribera-santa-justa-incorpora-en-un-ano-tres-consultas-y-nuevo-equipamiento-y-avanza-las-obras-para-el-tac\/\"><img loading=\"lazy\" decoding=\"async\" width=\"800\" height=\"600\" src=\"https:\/\/riberasalud.com\/santa-justa\/wp-content\/uploads\/2022\/01\/Ergometri\u0301a-Dr-Pablo-Garci\u0301a-Cardiologi\u0301a-deportiva.jpg\" class=\"attachment-large size-large wp-post-image\" alt=\"TAC\" \/><\/a><\/figure><h3 class=\"ugb-blog-posts__title\"><a href=\"https:\/\/riberasalud.com\/santa-justa\/2022\/01\/18\/ribera-santa-justa-incorpora-en-un-ano-tres-consultas-y-nuevo-equipamiento-y-avanza-las-obras-para-el-tac\/\">Ribera Santa Justa incorpora en un a\u00f1o tres consultas y nuevo equipamiento y avanza las obras para el TAC<\/a><\/h3><div class=\"ugb-blog-posts__excerpt\"><p>En el segundo a\u00f1o de gesti\u00f3n del grupo sanitario Ribera, el hospital de Villanueva de la Serena ha renovado el equipamiento de Oftalmolog\u00eda, ha ampliado el laboratorio y ha instalado un colonoscopio y un ec\u00f3grafoEn 2021 se han realizado 19.123 actos, 4.767 sesiones de rehabilitaci\u00f3n y 8.970 consultas externas, adem\u00e1s de atender 3.275 Urgencias y&#8230;<\/div><p class=\"ugb-blog-posts__readmore\"><a href=\"https:\/\/riberasalud.com\/santa-justa\/2022\/01\/18\/ribera-santa-justa-incorpora-en-un-ano-tres-consultas-y-nuevo-equipamiento-y-avanza-las-obras-para-el-tac\/\">Continuar leyendo<\/a><\/p><\/div><\/article><article class=\"ugb-blog-posts__item\"><div class=\"ugb-blog-posts__content\"><figure class=\"ugb-blog-posts__featured-image ugb--shadow-3\"><a href=\"https:\/\/riberasalud.com\/santa-justa\/2022\/01\/11\/ribera-santa-justa-pone-en-marcha-la-presoterapia-para-piernas-cansadas-aranas-vasculares-y-edemas\/\"><img loading=\"lazy\" decoding=\"async\" width=\"800\" height=\"600\" src=\"https:\/\/riberasalud.com\/santa-justa\/wp-content\/uploads\/2022\/01\/Presoterapia2-1.jpg\" class=\"attachment-large size-large wp-post-image\" alt=\"preso\" \/><\/a><\/figure><h3 class=\"ugb-blog-posts__title\"><a href=\"https:\/\/riberasalud.com\/santa-justa\/2022\/01\/11\/ribera-santa-justa-pone-en-marcha-la-presoterapia-para-piernas-cansadas-aranas-vasculares-y-edemas\/\">Ribera Santa Justa pone en marcha la presoterapia para piernas cansadas, ara\u00f1as vasculares y edemas<\/a><\/h3><div class=\"ugb-blog-posts__excerpt\"><p>El hospital adquiere el equipamiento que permite aplicar presi\u00f3n de aire de forma controlada y localizada para favorecer el drenaje linf\u00e1tico y la oxigenaci\u00f3n de tejidos&nbsp;No es una t\u00e9cnica dolorosa, es eficaz desde la primera sesi\u00f3n y tambi\u00e9n se aplica en casos est\u00e9ticos como los que buscan reducir la celulitis y la grasa localizada El&nbsp;hospital&#8230;<\/div><p class=\"ugb-blog-posts__readmore\"><a href=\"https:\/\/riberasalud.com\/santa-justa\/2022\/01\/11\/ribera-santa-justa-pone-en-marcha-la-presoterapia-para-piernas-cansadas-aranas-vasculares-y-edemas\/\">Continuar leyendo<\/a><\/p><\/div><\/article><article class=\"ugb-blog-posts__item\"><div class=\"ugb-blog-posts__content\"><figure class=\"ugb-blog-posts__featured-image ugb--shadow-3\"><a href=\"https:\/\/riberasalud.com\/santa-justa\/2021\/12\/22\/ribera-santa-justa-entrega-su-cheque-solidario-a-la-asociacion-apoyat-de-villanueva-de-la-serena\/\"><img loading=\"lazy\" decoding=\"async\" width=\"1024\" height=\"683\" src=\"https:\/\/riberasalud.com\/santa-justa\/wp-content\/uploads\/2021\/12\/DONACION-SANTA-JUSTA-1024x683.jpg\" class=\"attachment-large size-large wp-post-image\" alt=\"\" \/><\/a><\/figure><h3 class=\"ugb-blog-posts__title\"><a href=\"https:\/\/riberasalud.com\/santa-justa\/2021\/12\/22\/ribera-santa-justa-entrega-su-cheque-solidario-a-la-asociacion-apoyat-de-villanueva-de-la-serena\/\">Ribera Santa Justa entrega su cheque solidario a la asociaci\u00f3n Apoyat de Villanueva de la Serena<\/a><\/h3><div class=\"ugb-blog-posts__excerpt\"><p>Como todos los hospitales del grupo sanitario Ribera, el centro sanitario hace entrega del donativo navide\u00f1o equivalente al importe que se destinaba otros a\u00f1os a eventos propios de estas fechasLas mujeres de su centro residencial han decorado gran parte de las estrellas que decoran el \u00e1rbol de Navidad del hospital Ribera Santa Justa Villanueva de&#8230;<\/div><p class=\"ugb-blog-posts__readmore\"><a href=\"https:\/\/riberasalud.com\/santa-justa\/2021\/12\/22\/ribera-santa-justa-entrega-su-cheque-solidario-a-la-asociacion-apoyat-de-villanueva-de-la-serena\/\">Continuar leyendo<\/a><\/p><\/div><\/article><article class=\"ugb-blog-posts__item\"><div class=\"ugb-blog-posts__content\"><figure class=\"ugb-blog-posts__featured-image ugb--shadow-3\"><a href=\"https:\/\/riberasalud.com\/santa-justa\/2021\/12\/21\/ribera-santa-justa-y-ribera-almendralejo-amplian-el-horario-de-pruebas-covid-en-nochebuena-y-fin-de-ano\/\"><img loading=\"lazy\" decoding=\"async\" width=\"1024\" height=\"682\" src=\"https:\/\/riberasalud.com\/santa-justa\/wp-content\/uploads\/2021\/12\/Pruebas-Covid-Ribera-Lab-1024x682.jpg\" class=\"attachment-large size-large wp-post-image\" alt=\"\" \/><\/a><\/figure><h3 class=\"ugb-blog-posts__title\"><a href=\"https:\/\/riberasalud.com\/santa-justa\/2021\/12\/21\/ribera-santa-justa-y-ribera-almendralejo-amplian-el-horario-de-pruebas-covid-en-nochebuena-y-fin-de-ano\/\">Ribera Santa Justa y Ribera Almendralejo ampl\u00edan el horario de pruebas Covid en Nochebuena y Fin de A\u00f1o<\/a><\/h3><div class=\"ugb-blog-posts__excerpt\"><p>El centro sanitario de Villanueva de la Serena har\u00e1 test de ant\u00edgenos hasta las 22 horas del 24 y el 31 de diciembre y el hospital de Almendralejo, hasta las 20 horasLos pacientes que deseen una PCR podr\u00e1n hac\u00e9rsela hasta el d\u00eda 23 a las 17 horas, para tener el resultado antes de la cena&#8230;<\/div><p class=\"ugb-blog-posts__readmore\"><a href=\"https:\/\/riberasalud.com\/santa-justa\/2021\/12\/21\/ribera-santa-justa-y-ribera-almendralejo-amplian-el-horario-de-pruebas-covid-en-nochebuena-y-fin-de-ano\/\">Continuar leyendo<\/a><\/p><\/div><\/article><article class=\"ugb-blog-posts__item\"><div class=\"ugb-blog-posts__content\"><figure class=\"ugb-blog-posts__featured-image ugb--shadow-3\"><a href=\"https:\/\/riberasalud.com\/santa-justa\/2021\/12\/10\/ribera-santa-justa-facilita-a-sus-pacientes-el-tratamiento-de-las-varices-con-endolaser-sin-cicatrices-y-sin-dolor\/\"><img loading=\"lazy\" decoding=\"async\" width=\"800\" height=\"533\" src=\"https:\/\/riberasalud.com\/santa-justa\/wp-content\/uploads\/2021\/12\/Dr-David-Ferna\u0301ndez-Caballero-cirugi\u0301a-vascular.jpg\" class=\"attachment-large size-large wp-post-image\" alt=\"david fern\u00e1ndez\" \/><\/a><\/figure><h3 class=\"ugb-blog-posts__title\"><a href=\"https:\/\/riberasalud.com\/santa-justa\/2021\/12\/10\/ribera-santa-justa-facilita-a-sus-pacientes-el-tratamiento-de-las-varices-con-endolaser-sin-cicatrices-y-sin-dolor\/\">Ribera Santa Justa facilita a sus pacientes el tratamiento de las varices con endol\u00e1ser, sin cicatrices y sin dolor<\/a><\/h3><div class=\"ugb-blog-posts__excerpt\"><p>El hospital, gestionado por el grupo sanitario Ribera, ficha para la consulta de Cirug\u00eda Vascular al doctor David Fern\u00e1ndez Caballero, un referente en esta especialidad, que fue elegido M\u00e9dico del A\u00f1o en este campo en 2020El endol\u00e1ser para las varices es un procedimiento c\u00f3modo, r\u00e1pido y con muy buenos resultados, que no requiere hospitalizaci\u00f3n y&#8230;<\/div><p class=\"ugb-blog-posts__readmore\"><a href=\"https:\/\/riberasalud.com\/santa-justa\/2021\/12\/10\/ribera-santa-justa-facilita-a-sus-pacientes-el-tratamiento-de-las-varices-con-endolaser-sin-cicatrices-y-sin-dolor\/\">Continuar leyendo<\/a><\/p><\/div><\/article><article class=\"ugb-blog-posts__item\"><div class=\"ugb-blog-posts__content\"><figure class=\"ugb-blog-posts__featured-image ugb--shadow-3\"><a href=\"https:\/\/riberasalud.com\/santa-justa\/2021\/11\/23\/ribera-santa-justa-amplia-su-cartera-de-servicios-con-nuevas-consultas\/\"><img loading=\"lazy\" decoding=\"async\" width=\"800\" height=\"533\" src=\"https:\/\/riberasalud.com\/santa-justa\/wp-content\/uploads\/2021\/11\/Ribera-Santa-Justa.jpg\" class=\"attachment-large size-large wp-post-image\" alt=\"nuevas consultas\" \/><\/a><\/figure><h3 class=\"ugb-blog-posts__title\"><a href=\"https:\/\/riberasalud.com\/santa-justa\/2021\/11\/23\/ribera-santa-justa-amplia-su-cartera-de-servicios-con-nuevas-consultas\/\">Ribera Santa Justa ampl\u00eda su cartera de servicios con nuevas consultas de Urolog\u00eda y Cirug\u00eda vascular<\/a><\/h3><div class=\"ugb-blog-posts__excerpt\"><p>Los especialistas atender\u00e1n en este hospital de Villanueva de la Serena problemas de pr\u00f3stata, infecciones urinarias, c\u00f3licos renales y cualquier incidencia con el aparato urinario en la consulta de Urolog\u00edaPacientes con varices, \u00falceras, trombosis y problemas del sistema linf\u00e1tico podr\u00e1n acudir desde ahora a la nueva consulta de Cirug\u00eda vascular en Ribera Santa Justa El&nbsp;hospital&#8230;<\/div><p class=\"ugb-blog-posts__readmore\"><a href=\"https:\/\/riberasalud.com\/santa-justa\/2021\/11\/23\/ribera-santa-justa-amplia-su-cartera-de-servicios-con-nuevas-consultas\/\">Continuar leyendo<\/a><\/p><\/div><\/article><article class=\"ugb-blog-posts__item\"><div class=\"ugb-blog-posts__content\"><figure class=\"ugb-blog-posts__featured-image ugb--shadow-3\"><a href=\"https:\/\/riberasalud.com\/santa-justa\/2021\/11\/18\/charla-sobre-nutricion-saludable-en-el-programa-mayores-activos-de-villanueva\/\"><img loading=\"lazy\" decoding=\"async\" width=\"800\" height=\"766\" src=\"https:\/\/riberasalud.com\/santa-justa\/wp-content\/uploads\/2021\/11\/picture2.jpg\" class=\"attachment-large size-large wp-post-image\" alt=\"nutrici\u00f3n\" \/><\/a><\/figure><h3 class=\"ugb-blog-posts__title\"><a href=\"https:\/\/riberasalud.com\/santa-justa\/2021\/11\/18\/charla-sobre-nutricion-saludable-en-el-programa-mayores-activos-de-villanueva\/\">Charla sobre Nutrici\u00f3n saludable en el programa Mayores Activos de Villanueva<\/a><\/h3><div class=\"ugb-blog-posts__excerpt\"><p>Marta Tamayo, coordinadora asistencial de Ribera Santa Justa, y el doctor Jorge Viloria, impartieron ayer una charla sobre Nutrici\u00f3n saludable a vecinos de Villanueva de la Serena, poblaci\u00f3n donde est\u00e1 ubicado nuestro hospital, en el contexto del Programa Mayores Activos y Ciudad Saludable, que organiza el Ayuntamiento de esta ciudad extreme\u00f1a. Durante la sesi\u00f3n, los&#8230;<\/div><p class=\"ugb-blog-posts__readmore\"><a href=\"https:\/\/riberasalud.com\/santa-justa\/2021\/11\/18\/charla-sobre-nutricion-saludable-en-el-programa-mayores-activos-de-villanueva\/\">Continuar leyendo<\/a><\/p><\/div><\/article><article class=\"ugb-blog-posts__item\"><div class=\"ugb-blog-posts__content\"><figure class=\"ugb-blog-posts__featured-image ugb--shadow-3\"><a href=\"https:\/\/riberasalud.com\/santa-justa\/2021\/11\/18\/ribera-santa-justa-advierte-que-cerca-del-10-de-las-lesiones-cervicales-tras-un-accidente-se-convierten-en-cronicas-segun-algunos-estudios\/\"><img loading=\"lazy\" decoding=\"async\" width=\"800\" height=\"574\" src=\"https:\/\/riberasalud.com\/santa-justa\/wp-content\/uploads\/2021\/11\/21-11-18-RHM-Latigazo-Cervical-Foto2.jpg\" class=\"attachment-large size-large wp-post-image\" alt=\"latigazo cervical\" \/><\/a><\/figure><h3 class=\"ugb-blog-posts__title\"><a href=\"https:\/\/riberasalud.com\/santa-justa\/2021\/11\/18\/ribera-santa-justa-advierte-que-cerca-del-10-de-las-lesiones-cervicales-tras-un-accidente-se-convierten-en-cronicas-segun-algunos-estudios\/\">Ribera Santa Justa advierte que cerca del 10% de las lesiones cervicales tras un accidente se convierten en cr\u00f3nicas, seg\u00fan algunos estudios<\/a><\/h3><div class=\"ugb-blog-posts__excerpt\"><p>El doctor Juan Garc\u00eda Regal, especialista en Traumatolog\u00eda y Cirug\u00eda Ortop\u00e9dica en este hospital de Villanueva de la Serena, recuerda la importancia de un diagn\u00f3stico r\u00e1pido y preciso y el seguimiento del tratamiento por un especialistaEl hospital Ribera Santa Justa cuenta con una Unidad de atenci\u00f3n a Accidentados de Tr\u00e1fico, que atiende sin coste alguno&#8230;<\/div><p class=\"ugb-blog-posts__readmore\"><a href=\"https:\/\/riberasalud.com\/santa-justa\/2021\/11\/18\/ribera-santa-justa-advierte-que-cerca-del-10-de-las-lesiones-cervicales-tras-un-accidente-se-convierten-en-cronicas-segun-algunos-estudios\/\">Continuar leyendo<\/a><\/p><\/div><\/article><article class=\"ugb-blog-posts__item\"><div class=\"ugb-blog-posts__content\"><figure class=\"ugb-blog-posts__featured-image ugb--shadow-3\"><a href=\"https:\/\/riberasalud.com\/santa-justa\/2021\/09\/23\/fisioterapeutas-de-ribera-santa-justa-aplican-programas-especificos-para-la-rehabilitacion-de-pacientes-covid\/\"><img loading=\"lazy\" decoding=\"async\" width=\"800\" height=\"484\" src=\"https:\/\/riberasalud.com\/santa-justa\/wp-content\/uploads\/2021\/09\/Ribera-Santa-justa-1.jpg\" class=\"attachment-large size-large wp-post-image\" alt=\"rehabilitaci\u00f3n\" \/><\/a><\/figure><h3 class=\"ugb-blog-posts__title\"><a href=\"https:\/\/riberasalud.com\/santa-justa\/2021\/09\/23\/fisioterapeutas-de-ribera-santa-justa-aplican-programas-especificos-para-la-rehabilitacion-de-pacientes-covid\/\">Fisioterapeutas de Ribera Santa Justa aplican programas espec\u00edficos para la rehabilitaci\u00f3n de pacientes Covid<\/a><\/h3><div class=\"ugb-blog-posts__excerpt\"><p>Los especialistas dise\u00f1an pautas para la recuperaci\u00f3n musculoesquel\u00e9tca y cardiorrespiratoria de los pacientes que han pasado la infecci\u00f3n o tienen secuelas prolongadas, tambi\u00e9n conocido como Covid persistenteLa rehabilitaci\u00f3n respiratoria y la recuperaci\u00f3n funcional tras un periodo largo de inactividad o con el paciente encamado facilita su recuperaci\u00f3n tras el virus El&nbsp;hospital Ribera Santa Justa&nbsp;ha puesto&#8230;<\/div><p class=\"ugb-blog-posts__readmore\"><a href=\"https:\/\/riberasalud.com\/santa-justa\/2021\/09\/23\/fisioterapeutas-de-ribera-santa-justa-aplican-programas-especificos-para-la-rehabilitacion-de-pacientes-covid\/\">Continuar leyendo<\/a><\/p><\/div><\/article><article class=\"ugb-blog-posts__item\"><div class=\"ugb-blog-posts__content\"><figure class=\"ugb-blog-posts__featured-image ugb--shadow-3\"><a href=\"https:\/\/riberasalud.com\/santa-justa\/2021\/08\/10\/ribera-santa-justa-advierte-de-problemas-como-los-hongos-y-las-verrugas-plantares-en-los-pies-en-verano\/\"><img loading=\"lazy\" decoding=\"async\" width=\"1024\" height=\"683\" src=\"https:\/\/riberasalud.com\/santa-justa\/wp-content\/uploads\/2021\/08\/Ribera_Podologo-2-1024x683.jpg\" class=\"attachment-large size-large wp-post-image\" alt=\"\" \/><\/a><\/figure><h3 class=\"ugb-blog-posts__title\"><a href=\"https:\/\/riberasalud.com\/santa-justa\/2021\/08\/10\/ribera-santa-justa-advierte-de-problemas-como-los-hongos-y-las-verrugas-plantares-en-los-pies-en-verano\/\">Ribera Santa Justa advierte de problemas como los hongos y las verrugas plantares en los pies en verano<\/a><\/h3><div class=\"ugb-blog-posts__excerpt\"><p>El pod\u00f3logo del centro sanitario, Alejandro Herrador, recomienda mantener los pies hidratados, utilizar protecci\u00f3n solar y usar calcetines de algod\u00f3n para evitar ampollasExplica que para evitar la sudoraci\u00f3n excesiva, adem\u00e1s de tejidos org\u00e1nicos y transpirables, debemos llevar calzado apropiado y acudir a un especialista para combatir con medios extraordinarios la hipersudoraci\u00f3n en los pies Villanueva&#8230;<\/div><p class=\"ugb-blog-posts__readmore\"><a href=\"https:\/\/riberasalud.com\/santa-justa\/2021\/08\/10\/ribera-santa-justa-advierte-de-problemas-como-los-hongos-y-las-verrugas-plantares-en-los-pies-en-verano\/\">Continuar leyendo<\/a><\/p><\/div><\/article><article class=\"ugb-blog-posts__item\"><div class=\"ugb-blog-posts__content\"><figure class=\"ugb-blog-posts__featured-image ugb--shadow-3\"><a href=\"https:\/\/riberasalud.com\/santa-justa\/2021\/07\/13\/el-hospital-ribera-santa-justa-facilita-la-cirugia-artroscopica\/\"><img loading=\"lazy\" decoding=\"async\" width=\"800\" height=\"572\" src=\"https:\/\/riberasalud.com\/santa-justa\/wp-content\/uploads\/2021\/07\/Dr-GarciaRegaloperacionrodilla.jpg\" class=\"attachment-large size-large wp-post-image\" alt=\"Garc\u00eda Regal\" \/><\/a><\/figure><h3 class=\"ugb-blog-posts__title\"><a href=\"https:\/\/riberasalud.com\/santa-justa\/2021\/07\/13\/el-hospital-ribera-santa-justa-facilita-la-cirugia-artroscopica\/\">El hospital Ribera Santa Justa facilita la cirug\u00eda artrosc\u00f3pica para rodilla y sustituci\u00f3n o fijaci\u00f3n articular para artrosis severas<\/a><\/h3><div class=\"ugb-blog-posts__excerpt\"><p>El especialista en Cirug\u00eda Traumatol\u00f3gica, Juan Garc\u00eda Regal, explica que la rodilla y la cadera son las articulaciones en las que m\u00e1s pr\u00f3tesis se colocan por artrosis avanzadas en los pacientes o lesiones con diferente origenExplica que en esta patolog\u00eda degenerativa, que es muy habitual, influyen factores como edad, antecedentes familiares, obesidad, microtraumatismos repetitivos y&#8230;<\/div><p class=\"ugb-blog-posts__readmore\"><a href=\"https:\/\/riberasalud.com\/santa-justa\/2021\/07\/13\/el-hospital-ribera-santa-justa-facilita-la-cirugia-artroscopica\/\">Continuar leyendo<\/a><\/p><\/div><\/article><article class=\"ugb-blog-posts__item\"><div class=\"ugb-blog-posts__content\"><figure class=\"ugb-blog-posts__featured-image ugb--shadow-3\"><a href=\"https:\/\/riberasalud.com\/santa-justa\/2021\/06\/07\/el-hospital-ribera-santa-justa-actualiza-su-web-para-acercar-nuevos-servicios-y-especialidades-a-los-pacientes\/\"><img loading=\"lazy\" decoding=\"async\" width=\"800\" height=\"533\" src=\"https:\/\/riberasalud.com\/santa-justa\/wp-content\/uploads\/2021\/06\/Ribera-Santa-Justa-Patio-interior.jpg\" class=\"attachment-large size-large wp-post-image\" alt=\"Ribera Santa Justa\" \/><\/a><\/figure><h3 class=\"ugb-blog-posts__title\"><a href=\"https:\/\/riberasalud.com\/santa-justa\/2021\/06\/07\/el-hospital-ribera-santa-justa-actualiza-su-web-para-acercar-nuevos-servicios-y-especialidades-a-los-pacientes\/\">El hospital Ribera Santa Justa actualiza su web para acercar nuevos servicios y especialidades a los pacientes<\/a><\/h3><div class=\"ugb-blog-posts__excerpt\"><p>Pone en marcha la Unidad de Implante Capilar y refuerza las \u00e1reas de Fisioterapia, Cardiolog\u00eda, Neumolog\u00eda y Traumatolog\u00edaEl centro, gestionado por el grupo sanitario Ribera, facilita asistencia sanitaria integral, sin esperas a las v\u00edctimas de accidente de tr\u00e1fico, a cuenta del seguro del veh\u00edculo responsable del siniestro El&nbsp;hospital Ribera Santa Justa&nbsp;ha actualizado su&nbsp;web&nbsp;para acercar nuevos&#8230;<\/div><p class=\"ugb-blog-posts__readmore\"><a href=\"https:\/\/riberasalud.com\/santa-justa\/2021\/06\/07\/el-hospital-ribera-santa-justa-actualiza-su-web-para-acercar-nuevos-servicios-y-especialidades-a-los-pacientes\/\">Continuar leyendo<\/a><\/p><\/div><\/article><article class=\"ugb-blog-posts__item\"><div class=\"ugb-blog-posts__content\"><figure class=\"ugb-blog-posts__featured-image ugb--shadow-3\"><a href=\"https:\/\/riberasalud.com\/santa-justa\/2021\/05\/25\/el-hospital-ribera-santa-justa-incorpora-fisioterapia-especifica-para-accidentes-columna-y-tercera-edad\/\"><img loading=\"lazy\" decoding=\"async\" width=\"800\" height=\"533\" src=\"https:\/\/riberasalud.com\/santa-justa\/wp-content\/uploads\/2021\/05\/santa-justa-067.jpg\" class=\"attachment-large size-large wp-post-image\" alt=\"fisioterapia\" \/><\/a><\/figure><h3 class=\"ugb-blog-posts__title\"><a href=\"https:\/\/riberasalud.com\/santa-justa\/2021\/05\/25\/el-hospital-ribera-santa-justa-incorpora-fisioterapia-especifica-para-accidentes-columna-y-tercera-edad\/\">El hospital Ribera Santa Justa incorpora Fisioterapia espec\u00edfica para accidentes, columna y tercera edad<\/a><\/h3><div class=\"ugb-blog-posts__excerpt\"><p>El centro, gestionado por el grupo sanitario Ribera, refuerza este Servicio con planes especializados de rehabilitaci\u00f3n para patolog\u00edas respiratorias, de columna o de articulaciones, lesiones deportivas y de tr\u00e1fico, rehabilitaci\u00f3n pre y posquir\u00fargica y ejercicio terap\u00e9utico para mayores&nbsp;Se incorpora la opci\u00f3n de bonos con cinco o diez sesiones para facilitar el acceso a los nuevos&#8230;<\/div><p class=\"ugb-blog-posts__readmore\"><a href=\"https:\/\/riberasalud.com\/santa-justa\/2021\/05\/25\/el-hospital-ribera-santa-justa-incorpora-fisioterapia-especifica-para-accidentes-columna-y-tercera-edad\/\">Continuar leyendo<\/a><\/p><\/div><\/article><article class=\"ugb-blog-posts__item\"><div class=\"ugb-blog-posts__content\"><figure class=\"ugb-blog-posts__featured-image ugb--shadow-3\"><a href=\"https:\/\/riberasalud.com\/santa-justa\/2021\/05\/12\/el-implante-capilar-es-la-solucion-a-alopecias-calvicies-y-perdida-de-densidad-siempre-con-un-profesional-titulado\/\"><img loading=\"lazy\" decoding=\"async\" width=\"800\" height=\"534\" src=\"https:\/\/riberasalud.com\/santa-justa\/wp-content\/uploads\/2021\/05\/Quiro\u0301fano-grupo-Ribera2.jpg\" class=\"attachment-large size-large wp-post-image\" alt=\"implante capilar\" \/><\/a><\/figure><h3 class=\"ugb-blog-posts__title\"><a href=\"https:\/\/riberasalud.com\/santa-justa\/2021\/05\/12\/el-implante-capilar-es-la-solucion-a-alopecias-calvicies-y-perdida-de-densidad-siempre-con-un-profesional-titulado\/\">El implante capilar es la soluci\u00f3n a alopecias, calvicies y p\u00e9rdida de densidad, siempre con un profesional titulado<\/a><\/h3><div class=\"ugb-blog-posts__excerpt\"><p>El Hospital Ribera Santa Justa pone en marcha una nueva l\u00ednea de servicios est\u00e9ticos, con especial protagonismo para la Unidad de Implante Capilar, que cuenta con un especialista por la Universidad de Alcal\u00e1Es un procedimiento est\u00e9tico muy solicitado, con un alto grado de satisfacci\u00f3n por parte de los pacientes, se lleva a cabo con anestesia&#8230;<\/div><p class=\"ugb-blog-posts__readmore\"><a href=\"https:\/\/riberasalud.com\/santa-justa\/2021\/05\/12\/el-implante-capilar-es-la-solucion-a-alopecias-calvicies-y-perdida-de-densidad-siempre-con-un-profesional-titulado\/\">Continuar leyendo<\/a><\/p><\/div><\/article><article class=\"ugb-blog-posts__item\"><div class=\"ugb-blog-posts__content\"><figure class=\"ugb-blog-posts__featured-image ugb--shadow-3\"><a href=\"https:\/\/riberasalud.com\/santa-justa\/2021\/02\/26\/ribera-santa-justa-habilita-una-unidad-para-atender-a-las-victimas-de-accidentes-de-trafico-y-facilitar-su-recuperacion\/\"><img loading=\"lazy\" decoding=\"async\" width=\"400\" height=\"250\" src=\"https:\/\/riberasalud.com\/santa-justa\/wp-content\/uploads\/2021\/04\/Ribera-Santa-Justa-Rehabilitacio\u0301n-400x250-1.jpg\" class=\"attachment-large size-large wp-post-image\" alt=\"\" \/><\/a><\/figure><h3 class=\"ugb-blog-posts__title\"><a href=\"https:\/\/riberasalud.com\/santa-justa\/2021\/02\/26\/ribera-santa-justa-habilita-una-unidad-para-atender-a-las-victimas-de-accidentes-de-trafico-y-facilitar-su-recuperacion\/\">Ribera Santa Justa habilita una Unidad para atender a las v\u00edctimas de accidentes de tr\u00e1fico y facilitar su recuperaci\u00f3n<\/a><\/h3><div class=\"ugb-blog-posts__excerpt\"><p>El hospital del grupo Ribera en Villanueva de la Serena est\u00e1 acreditado por las aseguradoras para atender sin coste a cualquier ciudadano que sufra un accidente de tr\u00e1fico, porque la atenci\u00f3n la cubre el seguro obligatorio del veh\u00edculoUn circuito especial permite ofrecer la mejor atenci\u00f3n especializada&nbsp; a las v\u00edctimas de accidente desde que acuden a&#8230;<\/div><p class=\"ugb-blog-posts__readmore\"><a href=\"https:\/\/riberasalud.com\/santa-justa\/2021\/02\/26\/ribera-santa-justa-habilita-una-unidad-para-atender-a-las-victimas-de-accidentes-de-trafico-y-facilitar-su-recuperacion\/\">Continuar leyendo<\/a><\/p><\/div><\/article><article class=\"ugb-blog-posts__item\"><div class=\"ugb-blog-posts__content\"><figure class=\"ugb-blog-posts__featured-image ugb--shadow-3\"><a href=\"https:\/\/riberasalud.com\/santa-justa\/2021\/01\/21\/ribera-santa-justa-se-consolida-como-referente-sanitario-en-badajoz-en-un-ano-marcado-por-el-covid\/\"><img loading=\"lazy\" decoding=\"async\" width=\"400\" height=\"250\" src=\"https:\/\/riberasalud.com\/santa-justa\/wp-content\/uploads\/2021\/04\/Profesional-Ribera-Santa-Justa-400x250-1.jpg\" class=\"attachment-large size-large wp-post-image\" alt=\"\" \/><\/a><\/figure><h3 class=\"ugb-blog-posts__title\"><a href=\"https:\/\/riberasalud.com\/santa-justa\/2021\/01\/21\/ribera-santa-justa-se-consolida-como-referente-sanitario-en-badajoz-en-un-ano-marcado-por-el-covid\/\">Ribera Santa Justa se consolida como referente sanitario en Badajoz en un a\u00f1o marcado por el COVID<\/a><\/h3><div class=\"ugb-blog-posts__excerpt\"><p>&nbsp;El centro sanitario cumple un a\u00f1o de su integraci\u00f3n en el grupo Ribera, acaba de abrir una consulta de implante capilar y prev\u00e9 la puesta en marcha inminente de nuevas unidades como la de accidentados de tr\u00e1fico o la unidad de reconocimientos m\u00e9dicos \u00b7&nbsp;&nbsp;&nbsp;&nbsp;&nbsp;&nbsp;&nbsp;&nbsp;&nbsp;Durante el primer a\u00f1o de la nueva gesti\u00f3n se han atendido 8.000&#8230;<\/div><p class=\"ugb-blog-posts__readmore\"><a href=\"https:\/\/riberasalud.com\/santa-justa\/2021\/01\/21\/ribera-santa-justa-se-consolida-como-referente-sanitario-en-badajoz-en-un-ano-marcado-por-el-covid\/\">Continuar leyendo<\/a><\/p><\/div><\/article><article class=\"ugb-blog-posts__item\"><div class=\"ugb-blog-posts__content\"><figure class=\"ugb-blog-posts__featured-image ugb--shadow-3\"><a href=\"https:\/\/riberasalud.com\/santa-justa\/2021\/01\/13\/ribera-santa-justa-multiplica-por-tres-las-pruebas-covid-en-el-ultimo-mes-por-la-avalancha-de-casos\/\"><img loading=\"lazy\" decoding=\"async\" width=\"400\" height=\"250\" src=\"https:\/\/riberasalud.com\/santa-justa\/wp-content\/uploads\/2021\/04\/WhatsApp-Image-2021-01-13-at-13.40.03-400x250-1.jpeg\" class=\"attachment-large size-large wp-post-image\" alt=\"\" \/><\/a><\/figure><h3 class=\"ugb-blog-posts__title\"><a href=\"https:\/\/riberasalud.com\/santa-justa\/2021\/01\/13\/ribera-santa-justa-multiplica-por-tres-las-pruebas-covid-en-el-ultimo-mes-por-la-avalancha-de-casos\/\">Ribera Santa Justa multiplica por tres las pruebas COVID en el \u00faltimo mes por la avalancha de casos<\/a><\/h3><div class=\"ugb-blog-posts__excerpt\"><p>Se ha disparado la solicitud de test serol\u00f3gicos, Elisa, PCR y test de ant\u00edgenos en este centro sanitario de la provincia de Badajoz a partir de NavidadExtremadura es la comunidad aut\u00f3noma que lidera la incidencia acumulada de casos y supera los 1.000 contagios al d\u00eda El COVID se ha disparado en Extremadura y actualmente es&#8230;<\/div><p class=\"ugb-blog-posts__readmore\"><a href=\"https:\/\/riberasalud.com\/santa-justa\/2021\/01\/13\/ribera-santa-justa-multiplica-por-tres-las-pruebas-covid-en-el-ultimo-mes-por-la-avalancha-de-casos\/\">Continuar leyendo<\/a><\/p><\/div><\/article><article class=\"ugb-blog-posts__item\"><div class=\"ugb-blog-posts__content\"><figure class=\"ugb-blog-posts__featured-image ugb--shadow-3\"><a href=\"https:\/\/riberasalud.com\/santa-justa\/2020\/12\/21\/ribera-santa-justa-da-10-claves-para-vivir-una-navidad-segura-y-recomienda-sus-pruebas-covid-en-caso-de-duda\/\"><img loading=\"lazy\" decoding=\"async\" width=\"400\" height=\"250\" src=\"https:\/\/riberasalud.com\/santa-justa\/wp-content\/uploads\/2021\/04\/TEST-COVID-RIBERA-SANTA-JUSTA-400x250-1.jpg\" class=\"attachment-large size-large wp-post-image\" alt=\"\" \/><\/a><\/figure><h3 class=\"ugb-blog-posts__title\"><a href=\"https:\/\/riberasalud.com\/santa-justa\/2020\/12\/21\/ribera-santa-justa-da-10-claves-para-vivir-una-navidad-segura-y-recomienda-sus-pruebas-covid-en-caso-de-duda\/\">Ribera Santa Justa da 10 claves para vivir una Navidad segura y recomienda sus pruebas COVID en caso de duda<\/a><\/h3><div class=\"ugb-blog-posts__excerpt\"><p>En octubre empezaron a realizarse test serol\u00f3gicos, test Elisa y PCR y ahora tambi\u00e9n se hacen test de ant\u00edgenos.En apenas dos meses se han realizado casi medio millar de pruebas COVID para ayudar a frenar la expansi\u00f3n del virus en el \u00e1rea de Villanueva y en Extremadura.La higiene de manos es la principal medida para&#8230;<\/div><p class=\"ugb-blog-posts__readmore\"><a href=\"https:\/\/riberasalud.com\/santa-justa\/2020\/12\/21\/ribera-santa-justa-da-10-claves-para-vivir-una-navidad-segura-y-recomienda-sus-pruebas-covid-en-caso-de-duda\/\">Continuar leyendo<\/a><\/p><\/div><\/article><article class=\"ugb-blog-posts__item\"><div class=\"ugb-blog-posts__content\"><figure class=\"ugb-blog-posts__featured-image ugb--shadow-3\"><a href=\"https:\/\/riberasalud.com\/santa-justa\/2020\/12\/16\/el-hospital-ribera-santa-justa-ofrece-sus-16-especialidades-medicas-tambien-a-pacientes-de-aseguradoras\/\"><img loading=\"lazy\" decoding=\"async\" width=\"400\" height=\"250\" src=\"https:\/\/riberasalud.com\/santa-justa\/wp-content\/uploads\/2021\/04\/santa-justa-029-400x250-1.jpg\" class=\"attachment-large size-large wp-post-image\" alt=\"\" \/><\/a><\/figure><h3 class=\"ugb-blog-posts__title\"><a href=\"https:\/\/riberasalud.com\/santa-justa\/2020\/12\/16\/el-hospital-ribera-santa-justa-ofrece-sus-16-especialidades-medicas-tambien-a-pacientes-de-aseguradoras\/\">El Hospital Ribera Santa Justa ofrece sus 16 especialidades m\u00e9dicas tambi\u00e9n a pacientes de aseguradoras<\/a><\/h3><div class=\"ugb-blog-posts__excerpt\"><p>Los ciudadanos de Extremadura que tengan un seguro de salud con alguna de las principales compa\u00f1\u00edas del sector en Espa\u00f1a podr\u00e1n beneficiarse de la atenci\u00f3n y la calidad asistencial del hospital de Villanueva de la SerenaCuando se acaba de cumplir un a\u00f1o desde la adjudicaci\u00f3n de la gesti\u00f3n al grupo Ribera, el centro de Santa&#8230;<\/div><p class=\"ugb-blog-posts__readmore\"><a href=\"https:\/\/riberasalud.com\/santa-justa\/2020\/12\/16\/el-hospital-ribera-santa-justa-ofrece-sus-16-especialidades-medicas-tambien-a-pacientes-de-aseguradoras\/\">Continuar leyendo<\/a><\/p><\/div><\/article><article class=\"ugb-blog-posts__item\"><div class=\"ugb-blog-posts__content\"><figure class=\"ugb-blog-posts__featured-image ugb--shadow-3\"><a href=\"https:\/\/riberasalud.com\/santa-justa\/2020\/11\/05\/ribera-santa-justa-advierte-que-el-ejercicio-fisico-brusco-y-sin-control-medico-puede-provocar-un-accidente-cardiovascular-o-una-arritmia\/\"><img loading=\"lazy\" decoding=\"async\" width=\"400\" height=\"250\" src=\"https:\/\/riberasalud.com\/santa-justa\/wp-content\/uploads\/2021\/04\/Prueba-de-esfuerzo-400x250-1.jpeg\" class=\"attachment-large size-large wp-post-image\" alt=\"\" \/><\/a><\/figure><h3 class=\"ugb-blog-posts__title\"><a href=\"https:\/\/riberasalud.com\/santa-justa\/2020\/11\/05\/ribera-santa-justa-advierte-que-el-ejercicio-fisico-brusco-y-sin-control-medico-puede-provocar-un-accidente-cardiovascular-o-una-arritmia\/\">Ribera Santa Justa advierte que el ejercicio f\u00edsico brusco y sin control m\u00e9dico puede provocar un accidente cardiovascular o una arritmia<\/a><\/h3><div class=\"ugb-blog-posts__excerpt\"><p>El centro sanitario dise\u00f1a un circuito especializado para realizar los ex\u00e1menes f\u00edsicos reglamentarios a deportistas federados y exhaustivos controles de salud para quienes se inician en una actividad deportiva.Tras la valoraci\u00f3n inicial de un cardi\u00f3logo, al paciente se le hace un examen f\u00edsico, un ecocardiograma, un electrocardiograma y una anal\u00edtica, y se valora la realizaci\u00f3n&#8230;<\/div><p class=\"ugb-blog-posts__readmore\"><a href=\"https:\/\/riberasalud.com\/santa-justa\/2020\/11\/05\/ribera-santa-justa-advierte-que-el-ejercicio-fisico-brusco-y-sin-control-medico-puede-provocar-un-accidente-cardiovascular-o-una-arritmia\/\">Continuar leyendo<\/a><\/p><\/div><\/article><article class=\"ugb-blog-posts__item\"><div class=\"ugb-blog-posts__content\"><figure class=\"ugb-blog-posts__featured-image ugb--shadow-3\"><a href=\"https:\/\/riberasalud.com\/santa-justa\/2020\/10\/29\/ribera-santa-justa-crea-una-nueva-entrada-y-un-area-de-recepcion-accesibles-y-remodela-la-fachada\/\"><img loading=\"lazy\" decoding=\"async\" width=\"400\" height=\"250\" src=\"https:\/\/riberasalud.com\/santa-justa\/wp-content\/uploads\/2021\/04\/Visita-inaugural-Ribera-Santa-Justa-400x250-1.jpg\" class=\"attachment-large size-large wp-post-image\" alt=\"\" \/><\/a><\/figure><h3 class=\"ugb-blog-posts__title\"><a href=\"https:\/\/riberasalud.com\/santa-justa\/2020\/10\/29\/ribera-santa-justa-crea-una-nueva-entrada-y-un-area-de-recepcion-accesibles-y-remodela-la-fachada\/\">Ribera Santa Justa crea una nueva entrada y un \u00e1rea de Recepci\u00f3n accesibles y remodela la fachada<\/a><\/h3><div class=\"ugb-blog-posts__excerpt\"><p>El presidente extreme\u00f1o, Guillermo Fern\u00e1ndez Vara, inaugura las obras junto al alcalde de Villanueva de la Serena, Miguel \u00c1ngel Gallardo Miranda, el director ejecutivo para Europa de Centene, Alberto de Rosa, y la consejera delegada de Ribera, Elisa TarazonaEl grupo Ribera integra materiales sostenibles y modernos en el edificio hist\u00f3rico que acoge el hospital, respetando&#8230;<\/div><p class=\"ugb-blog-posts__readmore\"><a href=\"https:\/\/riberasalud.com\/santa-justa\/2020\/10\/29\/ribera-santa-justa-crea-una-nueva-entrada-y-un-area-de-recepcion-accesibles-y-remodela-la-fachada\/\">Continuar leyendo<\/a><\/p><\/div><\/article><article class=\"ugb-blog-posts__item\"><div class=\"ugb-blog-posts__content\"><figure class=\"ugb-blog-posts__featured-image ugb--shadow-3\"><a href=\"https:\/\/riberasalud.com\/santa-justa\/2020\/10\/21\/ribera-santa-justa-incorpora-los-test-rapidos-de-antigenos-para-frenar-la-expansion-del-covid-19\/\"><img loading=\"lazy\" decoding=\"async\" width=\"400\" height=\"250\" src=\"https:\/\/riberasalud.com\/santa-justa\/wp-content\/uploads\/2021\/04\/Test-anti\u0301genos-400x250-1.jpg\" class=\"attachment-large size-large wp-post-image\" alt=\"\" \/><\/a><\/figure><h3 class=\"ugb-blog-posts__title\"><a href=\"https:\/\/riberasalud.com\/santa-justa\/2020\/10\/21\/ribera-santa-justa-incorpora-los-test-rapidos-de-antigenos-para-frenar-la-expansion-del-covid-19\/\">Ribera Santa Justa incorpora los test r\u00e1pidos de ant\u00edgenos para frenar la expansi\u00f3n del COVID-19<\/a><\/h3><div class=\"ugb-blog-posts__excerpt\"><p>Tras la buena acogida de los test serol\u00f3gicos y las PCR, el grupo sanitario Ribera Salud ampl\u00eda la oferta de pruebas para detectar la presencia del virus en el \u00e1rea de Villanueva de la Serena y la provincia de Badajoz Los resultados de los test de ant\u00edgenos se facilitan en 15-30 minutos, se realizan de&#8230;<\/div><p class=\"ugb-blog-posts__readmore\"><a href=\"https:\/\/riberasalud.com\/santa-justa\/2020\/10\/21\/ribera-santa-justa-incorpora-los-test-rapidos-de-antigenos-para-frenar-la-expansion-del-covid-19\/\">Continuar leyendo<\/a><\/p><\/div><\/article><article class=\"ugb-blog-posts__item\"><div class=\"ugb-blog-posts__content\"><figure class=\"ugb-blog-posts__featured-image ugb--shadow-3\"><a href=\"https:\/\/riberasalud.com\/santa-justa\/2020\/09\/15\/ribera-santa-justa-realiza-test-serologicos-y-pcr-con-resultado-en-48-72-horas\/\"><img loading=\"lazy\" decoding=\"async\" width=\"400\" height=\"250\" src=\"https:\/\/riberasalud.com\/santa-justa\/wp-content\/uploads\/2021\/04\/RecursosPCR-4-400x250-1.jpg\" class=\"attachment-large size-large wp-post-image\" alt=\"\" \/><\/a><\/figure><h3 class=\"ugb-blog-posts__title\"><a href=\"https:\/\/riberasalud.com\/santa-justa\/2020\/09\/15\/ribera-santa-justa-realiza-test-serologicos-y-pcr-con-resultado-en-48-72-horas\/\">Ribera Santa Justa realiza test serol\u00f3gicos y PCR con resultado en 48-72 horas<\/a><\/h3><div class=\"ugb-blog-posts__excerpt\"><p>El grupo sanitario Ribera Salud lleva su experiencia en la realizaci\u00f3n de las pruebas del COVID a su centro de Villanueva de la Serena, para facilitar la detecci\u00f3n de casos y ayudar a controlar el virus en ExtremaduraNo es necesaria cita previa para los test serol\u00f3gicos, solo para las PCR, aunque todas las pruebas se&#8230;<\/div><p class=\"ugb-blog-posts__readmore\"><a href=\"https:\/\/riberasalud.com\/santa-justa\/2020\/09\/15\/ribera-santa-justa-realiza-test-serologicos-y-pcr-con-resultado-en-48-72-horas\/\">Continuar leyendo<\/a><\/p><\/div><\/article><article class=\"ugb-blog-posts__item\"><div class=\"ugb-blog-posts__content\"><figure class=\"ugb-blog-posts__featured-image ugb--shadow-3\"><a href=\"https:\/\/riberasalud.com\/santa-justa\/2020\/08\/17\/ribera-salud-recomienda-mascarilla-a-los-pacientes-pediatricos-y-dejar-en-el-carro-a-menores-de-3-anos-al-acudir-a-las-consultas\/\"><img loading=\"lazy\" decoding=\"async\" width=\"400\" height=\"250\" src=\"https:\/\/riberasalud.com\/santa-justa\/wp-content\/uploads\/2021\/04\/Recomendaciones-pedia\u0301tricas-400x250-1.jpg\" class=\"attachment-large size-large wp-post-image\" alt=\"\" \/><\/a><\/figure><h3 class=\"ugb-blog-posts__title\"><a href=\"https:\/\/riberasalud.com\/santa-justa\/2020\/08\/17\/ribera-salud-recomienda-mascarilla-a-los-pacientes-pediatricos-y-dejar-en-el-carro-a-menores-de-3-anos-al-acudir-a-las-consultas\/\">Ribera Salud recomienda mascarilla a los pacientes pedi\u00e1tricos y dejar en el carro a menores de 3 a\u00f1os al acudir a las consultas<\/a><\/h3><div class=\"ugb-blog-posts__excerpt\"><p>Los hospitales del grupo sanitario elaboran un dec\u00e1logo con medidas que ayudan a evitar contagios y garantizan la seguridad en las salas de espera de las consultas de Pediatr\u00eda.Los menores ir\u00e1n acompa\u00f1ados solo de un adulto, que deber\u00e1 garantizar la distancia social propia y del peque\u00f1o. Los pediatras de Ribera Salud recomiendan que sus pacientes&#8230;<\/div><p class=\"ugb-blog-posts__readmore\"><a href=\"https:\/\/riberasalud.com\/santa-justa\/2020\/08\/17\/ribera-salud-recomienda-mascarilla-a-los-pacientes-pediatricos-y-dejar-en-el-carro-a-menores-de-3-anos-al-acudir-a-las-consultas\/\">Continuar leyendo<\/a><\/p><\/div><\/article><\/div><\/div><\/div>\n<\/div><\/div>\n\n\n\n<p><\/p>\n","protected":false},"excerpt":{"rendered":"<p>Actualidad Comunicado oficial de Ribera sobre su presencia en Extremadura El grupo sanitario Ribera est\u00e1 revaluando su estrategia de desarrollo en Extremadura. Seguimos apostando por el crecimiento en esta regi\u00f3n, con algunos cambios.&nbsp;Despu\u00e9s de tres a\u00f1os de gesti\u00f3n del hospital Ribera Santa Justa en Villanueva de la Serena, y con una pandemia por medio, todav\u00eda &#8230; <a title=\"Actualidad\" class=\"read-more\" href=\"https:\/\/riberasalud.com\/santa-justa\/actualidad\/\" aria-label=\"Leer m\u00e1s sobre Actualidad\">Leer m\u00e1s<\/a><\/p>\n","protected":false},"author":1,"featured_media":0,"parent":0,"menu_order":0,"comment_status":"closed","ping_status":"closed","template":"","meta":{"_coblocks_attr":"","_coblocks_dimensions":"","_coblocks_responsive_height":"","_coblocks_accordion_ie_support":"","_uag_custom_page_level_css":"","advgb_blocks_editor_width":"","advgb_blocks_columns_visual_guide":"","_monsterinsights_skip_tracking":false,"_monsterinsights_sitenote_active":false,"_monsterinsights_sitenote_note":"","_monsterinsights_sitenote_category":0,"footnotes":""},"class_list":["post-41","page","type-page","status-publish"],"featured_image_urls_v2":{"full":"","thumbnail":"","medium":"","medium_large":"","large":"","xl":"","xxl":"","xxxl":"","xxxxl":"","xxxxxl":"","1536x1536":"","2048x2048":""},"post_excerpt_stackable_v2":"<p>Actualidad Comunicado oficial de Ribera sobre su presencia en ExtremaduraEl grupo sanitario Ribera est\u00e1 revaluando su estrategia de desarrollo en Extremadura. Seguimos apostando por el crecimiento en esta regi\u00f3n, con algunos cambios.&nbsp;Despu\u00e9s de tres a\u00f1os de gesti\u00f3n del hospital Ribera Santa Justa en Villanueva de la Serena, y con una pandemia por medio, todav\u00eda estamos esperando la formalizaci\u00f3n de los acuerdos de colaboraci\u00f3n con&#8230;Continuar leyendoRibera Santa Justa imparte tres talleres de fisioterapia para manos y espalda en la Semana del Mayor de VillanuevaEl hospital que gestiona el grupo sanitario Ribera en esta localidad badajocense colabora con el Ayuntamiento en esta&hellip;<\/p>\n","category_list_v2":"","author_info_v2":{"name":"jorge@quois.com","url":"https:\/\/riberasalud.com\/santa-justa\/author\/jorgequois-com\/"},"comments_num_v2":"0 comentarios","yoast_head":"<!-- This site is optimized with the Yoast SEO plugin v26.6 - https:\/\/yoast.com\/wordpress\/plugins\/seo\/ -->\n<title>\u25b7 Actualidad | Hospital Ribera Santa Justa<\/title>\n<meta name=\"description\" content=\"lll\u1405 Actualidad \u2705\" \/>\n<meta name=\"robots\" content=\"index, follow, max-snippet:-1, max-image-preview:large, max-video-preview:-1\" \/>\n<link rel=\"canonical\" href=\"https:\/\/riberasalud.com\/santa-justa\/actualidad\/\" \/>\n<meta property=\"og:locale\" content=\"es_ES\" \/>\n<meta property=\"og:type\" content=\"article\" \/>\n<meta property=\"og:title\" content=\"\u25b7 Actualidad | Hospital Ribera Santa Justa\" \/>\n<meta property=\"og:description\" content=\"lll\u1405 Actualidad \u2705\" \/>\n<meta property=\"og:url\" content=\"https:\/\/riberasalud.com\/santa-justa\/actualidad\/\" \/>\n<meta property=\"og:site_name\" content=\"Hospital Ribera Santa Justa\" \/>\n<meta property=\"article:modified_time\" content=\"2021-05-06T09:44:20+00:00\" \/>\n<meta name=\"twitter:card\" content=\"summary_large_image\" \/>\n<script type=\"application\/ld+json\" class=\"yoast-schema-graph\">{\"@context\":\"https:\/\/schema.org\",\"@graph\":[{\"@type\":\"WebPage\",\"@id\":\"https:\/\/riberasalud.com\/santa-justa\/actualidad\/\",\"url\":\"https:\/\/riberasalud.com\/santa-justa\/actualidad\/\",\"name\":\"\u25b7 Actualidad | Hospital Ribera Santa Justa\",\"isPartOf\":{\"@id\":\"https:\/\/riberasalud.com\/santa-justa\/#website\"},\"datePublished\":\"2021-04-22T07:05:18+00:00\",\"dateModified\":\"2021-05-06T09:44:20+00:00\",\"description\":\"lll\u1405 Actualidad \u2705\",\"breadcrumb\":{\"@id\":\"https:\/\/riberasalud.com\/santa-justa\/actualidad\/#breadcrumb\"},\"inLanguage\":\"es\",\"potentialAction\":[{\"@type\":\"ReadAction\",\"target\":[\"https:\/\/riberasalud.com\/santa-justa\/actualidad\/\"]}]},{\"@type\":\"BreadcrumbList\",\"@id\":\"https:\/\/riberasalud.com\/santa-justa\/actualidad\/#breadcrumb\",\"itemListElement\":[{\"@type\":\"ListItem\",\"position\":1,\"name\":\"Portada\",\"item\":\"https:\/\/riberasalud.com\/santa-justa\/\"},{\"@type\":\"ListItem\",\"position\":2,\"name\":\"Actualidad\"}]},{\"@type\":\"WebSite\",\"@id\":\"https:\/\/riberasalud.com\/santa-justa\/#website\",\"url\":\"https:\/\/riberasalud.com\/santa-justa\/\",\"name\":\"Hospital Ribera Santa Justa\",\"description\":\"\",\"publisher\":{\"@id\":\"https:\/\/riberasalud.com\/santa-justa\/#organization\"},\"potentialAction\":[{\"@type\":\"SearchAction\",\"target\":{\"@type\":\"EntryPoint\",\"urlTemplate\":\"https:\/\/riberasalud.com\/santa-justa\/?s={search_term_string}\"},\"query-input\":{\"@type\":\"PropertyValueSpecification\",\"valueRequired\":true,\"valueName\":\"search_term_string\"}}],\"inLanguage\":\"es\"},{\"@type\":\"Organization\",\"@id\":\"https:\/\/riberasalud.com\/santa-justa\/#organization\",\"name\":\"Hospital Ribera Santa Justa\",\"url\":\"https:\/\/riberasalud.com\/santa-justa\/\",\"logo\":{\"@type\":\"ImageObject\",\"inLanguage\":\"es\",\"@id\":\"https:\/\/riberasalud.com\/santa-justa\/#\/schema\/logo\/image\/\",\"url\":\"https:\/\/riberasalud.com\/santa-justa\/wp-content\/uploads\/2021\/04\/cropped-Logo-Red-SantaJusta.png\",\"contentUrl\":\"https:\/\/riberasalud.com\/santa-justa\/wp-content\/uploads\/2021\/04\/cropped-Logo-Red-SantaJusta.png\",\"width\":2158,\"height\":493,\"caption\":\"Hospital Ribera Santa Justa\"},\"image\":{\"@id\":\"https:\/\/riberasalud.com\/santa-justa\/#\/schema\/logo\/image\/\"}}]}<\/script>\n<!-- \/ Yoast SEO plugin. -->","yoast_head_json":{"title":"\u25b7 Actualidad | Hospital Ribera Santa Justa","description":"lll\u1405 Actualidad \u2705","robots":{"index":"index","follow":"follow","max-snippet":"max-snippet:-1","max-image-preview":"max-image-preview:large","max-video-preview":"max-video-preview:-1"},"canonical":"https:\/\/riberasalud.com\/santa-justa\/actualidad\/","og_locale":"es_ES","og_type":"article","og_title":"\u25b7 Actualidad | Hospital Ribera Santa Justa","og_description":"lll\u1405 Actualidad \u2705","og_url":"https:\/\/riberasalud.com\/santa-justa\/actualidad\/","og_site_name":"Hospital Ribera Santa Justa","article_modified_time":"2021-05-06T09:44:20+00:00","twitter_card":"summary_large_image","schema":{"@context":"https:\/\/schema.org","@graph":[{"@type":"WebPage","@id":"https:\/\/riberasalud.com\/santa-justa\/actualidad\/","url":"https:\/\/riberasalud.com\/santa-justa\/actualidad\/","name":"\u25b7 Actualidad | Hospital Ribera Santa Justa","isPartOf":{"@id":"https:\/\/riberasalud.com\/santa-justa\/#website"},"datePublished":"2021-04-22T07:05:18+00:00","dateModified":"2021-05-06T09:44:20+00:00","description":"lll\u1405 Actualidad \u2705","breadcrumb":{"@id":"https:\/\/riberasalud.com\/santa-justa\/actualidad\/#breadcrumb"},"inLanguage":"es","potentialAction":[{"@type":"ReadAction","target":["https:\/\/riberasalud.com\/santa-justa\/actualidad\/"]}]},{"@type":"BreadcrumbList","@id":"https:\/\/riberasalud.com\/santa-justa\/actualidad\/#breadcrumb","itemListElement":[{"@type":"ListItem","position":1,"name":"Portada","item":"https:\/\/riberasalud.com\/santa-justa\/"},{"@type":"ListItem","position":2,"name":"Actualidad"}]},{"@type":"WebSite","@id":"https:\/\/riberasalud.com\/santa-justa\/#website","url":"https:\/\/riberasalud.com\/santa-justa\/","name":"Hospital Ribera Santa Justa","description":"","publisher":{"@id":"https:\/\/riberasalud.com\/santa-justa\/#organization"},"potentialAction":[{"@type":"SearchAction","target":{"@type":"EntryPoint","urlTemplate":"https:\/\/riberasalud.com\/santa-justa\/?s={search_term_string}"},"query-input":{"@type":"PropertyValueSpecification","valueRequired":true,"valueName":"search_term_string"}}],"inLanguage":"es"},{"@type":"Organization","@id":"https:\/\/riberasalud.com\/santa-justa\/#organization","name":"Hospital Ribera Santa Justa","url":"https:\/\/riberasalud.com\/santa-justa\/","logo":{"@type":"ImageObject","inLanguage":"es","@id":"https:\/\/riberasalud.com\/santa-justa\/#\/schema\/logo\/image\/","url":"https:\/\/riberasalud.com\/santa-justa\/wp-content\/uploads\/2021\/04\/cropped-Logo-Red-SantaJusta.png","contentUrl":"https:\/\/riberasalud.com\/santa-justa\/wp-content\/uploads\/2021\/04\/cropped-Logo-Red-SantaJusta.png","width":2158,"height":493,"caption":"Hospital Ribera Santa Justa"},"image":{"@id":"https:\/\/riberasalud.com\/santa-justa\/#\/schema\/logo\/image\/"}}]}},"pbg_featured_image_src":{"full":false,"thumbnail":false,"medium":false,"medium_large":false,"large":false,"xl":false,"xxl":false,"xxxl":false,"xxxxl":false,"xxxxxl":false,"1536x1536":false,"2048x2048":false},"pbg_author_info":{"display_name":"jorge@quois.com","author_link":"https:\/\/riberasalud.com\/santa-justa\/author\/jorgequois-com\/","author_img":"<img alt='jorge@quois.com' src='https:\/\/secure.gravatar.com\/avatar\/bca8cccf11ce6757dcdec6ce293d120c16d33c83aeb423357cce3f49f3abae94?s=128&#038;d=mm&#038;r=g' srcset='https:\/\/secure.gravatar.com\/avatar\/bca8cccf11ce6757dcdec6ce293d120c16d33c83aeb423357cce3f49f3abae94?s=256&#038;d=mm&#038;r=g 2x' class='avatar avatar-128 photo' height='128' width='128' loading='lazy' decoding='async'\/>"},"pbg_comment_info":" No Comments","pbg_excerpt":"Actualidad Comunicado oficial de Ribera sobre su presencia en Extremadura El grupo sanitario Ribera est\u00e1 revaluando su estrategia de desarrollo en Extremadura. Seguimos apostando por el crecimiento en esta regi\u00f3n, con algunos cambios.&nbsp;Despu\u00e9s de tres a\u00f1os de gesti\u00f3n del hospital Ribera Santa Justa en Villanueva de la Serena, y con una pandemia por medio, todav\u00eda&hellip;","uagb_featured_image_src":{"full":false,"thumbnail":false,"medium":false,"medium_large":false,"large":false,"xl":false,"xxl":false,"xxxl":false,"xxxxl":false,"xxxxxl":false,"1536x1536":false,"2048x2048":false},"uagb_author_info":{"display_name":"jorge@quois.com","author_link":"https:\/\/riberasalud.com\/santa-justa\/author\/jorgequois-com\/"},"uagb_comment_info":0,"uagb_excerpt":"Actualidad Comunicado oficial de Ribera sobre su presencia en Extremadura El grupo sanitario Ribera est\u00e1 revaluando su estrategia de desarrollo en Extremadura. Seguimos apostando por el crecimiento en esta regi\u00f3n, con algunos cambios.&nbsp;Despu\u00e9s de tres a\u00f1os de gesti\u00f3n del hospital Ribera Santa Justa en Villanueva de la Serena, y con una pandemia por medio, todav\u00eda&hellip;","coauthors":[],"author_meta":{"author_link":"https:\/\/riberasalud.com\/santa-justa\/author\/jorgequois-com\/","display_name":"jorge@quois.com"},"relative_dates":{"created":"Publicado 5 a\u00f1os hace","modified":"Actualizado 5 a\u00f1os hace"},"absolute_dates":{"created":"Publicado el 22 de abril de 2021","modified":"Actualizado el 6 de mayo de 2021"},"absolute_dates_time":{"created":"Publicado el 22 de abril de 2021 07:05","modified":"Actualizado el 6 de mayo de 2021 09:44"},"featured_img_caption":"","featured_img":false,"series_order":"","_links":{"self":[{"href":"https:\/\/riberasalud.com\/santa-justa\/wp-json\/wp\/v2\/pages\/41","targetHints":{"allow":["GET"]}}],"collection":[{"href":"https:\/\/riberasalud.com\/santa-justa\/wp-json\/wp\/v2\/pages"}],"about":[{"href":"https:\/\/riberasalud.com\/santa-justa\/wp-json\/wp\/v2\/types\/page"}],"author":[{"embeddable":true,"href":"https:\/\/riberasalud.com\/santa-justa\/wp-json\/wp\/v2\/users\/1"}],"replies":[{"embeddable":true,"href":"https:\/\/riberasalud.com\/santa-justa\/wp-json\/wp\/v2\/comments?post=41"}],"version-history":[{"count":6,"href":"https:\/\/riberasalud.com\/santa-justa\/wp-json\/wp\/v2\/pages\/41\/revisions"}],"predecessor-version":[{"id":248,"href":"https:\/\/riberasalud.com\/santa-justa\/wp-json\/wp\/v2\/pages\/41\/revisions\/248"}],"wp:attachment":[{"href":"https:\/\/riberasalud.com\/santa-justa\/wp-json\/wp\/v2\/media?parent=41"}],"curies":[{"name":"wp","href":"https:\/\/api.w.org\/{rel}","templated":true}]}}