{"id":8112,"date":"2025-04-02T10:36:18","date_gmt":"2025-04-02T10:36:18","guid":{"rendered":"https:\/\/riberasalud.com\/ribera-estetica\/?page_id=8112"},"modified":"2025-09-08T14:21:52","modified_gmt":"2025-09-08T14:21:52","slug":"ipl-luz-pulsada-intensa","status":"publish","type":"page","link":"https:\/\/riberasalud.com\/ribera-estetica\/ipl-luz-pulsada-intensa\/","title":{"rendered":"IPL &#8211; Luz Pulsada Intensa"},"content":{"rendered":"\n<div class=\"wp-block-group slideripl sliderdesktop\"><div class=\"wp-block-group__inner-container is-layout-flow wp-block-group-is-layout-flow\">\n<div class=\"wp-block-columns index10 is-layout-flex wp-container-core-columns-is-layout-9d6595d7 wp-block-columns-is-layout-flex\">\n<div class=\"wp-block-column is-vertically-aligned-center is-layout-flow wp-block-column-is-layout-flow\">\n<h1 class=\"wp-block-heading nomargin\">IPL &#8211; Luz Pulsada Intensa<\/h1>\n\n\n\n<p class=\"nomargin\"><strong><strong><strong><strong><strong>Rejuvenece, unifica el tono y mejora la textura de tu piel<\/strong><\/strong><\/strong><\/strong><\/strong><\/p>\n\n\n\n<p class=\"gruponomargin\">Gracias a la tecnolog\u00eda de Luz Pulsada Intensa (IPL), es posible reducir manchas, rojeces y signos de envejecimiento, logrando una piel m\u00e1s luminosa, uniforme y revitalizada. Este tratamiento no invasivo estimula la regeneraci\u00f3n celular y la producci\u00f3n de col\u00e1geno para mejorar la calidad y textura de la piel desde las primeras sesiones<\/p>\n<\/div>\n\n\n\n<div class=\"wp-block-column columnaformulario onlydesktop is-layout-flow wp-block-column-is-layout-flow\">\n<div class=\"wpcf7 no-js\" id=\"wpcf7-f5977-o1\" lang=\"es-ES\" dir=\"ltr\" data-wpcf7-id=\"5977\">\n<div class=\"screen-reader-response\"><p role=\"status\" aria-live=\"polite\" aria-atomic=\"true\"><\/p> <ul><\/ul><\/div>\n<form action=\"\/ribera-estetica\/wp-json\/wp\/v2\/pages\/8112#wpcf7-f5977-o1\" method=\"post\" class=\"wpcf7-form init\" aria-label=\"Formulario de contacto\" novalidate=\"novalidate\" data-status=\"init\">\n<fieldset class=\"hidden-fields-container\"><input type=\"hidden\" name=\"_wpcf7\" value=\"5977\" \/><input type=\"hidden\" name=\"_wpcf7_version\" value=\"6.1.5\" \/><input type=\"hidden\" name=\"_wpcf7_locale\" value=\"es_ES\" \/><input type=\"hidden\" name=\"_wpcf7_unit_tag\" value=\"wpcf7-f5977-o1\" \/><input type=\"hidden\" name=\"_wpcf7_container_post\" value=\"0\" \/><input type=\"hidden\" name=\"_wpcf7_posted_data_hash\" value=\"\" \/><input type=\"hidden\" name=\"_wpcf7cf_hidden_group_fields\" value=\"[]\" \/><input type=\"hidden\" name=\"_wpcf7cf_hidden_groups\" value=\"[]\" \/><input type=\"hidden\" name=\"_wpcf7cf_visible_groups\" value=\"[]\" \/><input type=\"hidden\" name=\"_wpcf7cf_repeaters\" value=\"[]\" \/><input type=\"hidden\" name=\"_wpcf7cf_steps\" value=\"{}\" \/><input type=\"hidden\" name=\"_wpcf7cf_options\" value=\"{&quot;form_id&quot;:5977,&quot;conditions&quot;:[{&quot;then_field&quot;:&quot;cpci&quot;,&quot;and_rules&quot;:[{&quot;if_field&quot;:&quot;tratamiento&quot;,&quot;operator&quot;:&quot;equals&quot;,&quot;if_value&quot;:&quot;Depilaci\\u00f3n&quot;}]},{&quot;then_field&quot;:&quot;cqpi&quot;,&quot;and_rules&quot;:[{&quot;if_field&quot;:&quot;tratamiento&quot;,&quot;operator&quot;:&quot;equals&quot;,&quot;if_value&quot;:&quot;Mesoterapia capilar con Dutasterida&quot;}]},{&quot;then_field&quot;:&quot;cqpi&quot;,&quot;and_rules&quot;:[{&quot;if_field&quot;:&quot;tratamiento&quot;,&quot;operator&quot;:&quot;equals&quot;,&quot;if_value&quot;:&quot;Bioestimulaci\\u00f3n capilar con plasma rico en plaquetas (PRP)&quot;}]},{&quot;then_field&quot;:&quot;cpi&quot;,&quot;and_rules&quot;:[{&quot;if_field&quot;:&quot;tratamiento&quot;,&quot;operator&quot;:&quot;equals&quot;,&quot;if_value&quot;:&quot;Injerto de cejas&quot;}]},{&quot;then_field&quot;:&quot;cpi&quot;,&quot;and_rules&quot;:[{&quot;if_field&quot;:&quot;tratamiento&quot;,&quot;operator&quot;:&quot;equals&quot;,&quot;if_value&quot;:&quot;Injerto de barba&quot;}]},{&quot;then_field&quot;:&quot;cqpi&quot;,&quot;and_rules&quot;:[{&quot;if_field&quot;:&quot;tratamiento&quot;,&quot;operator&quot;:&quot;equals&quot;,&quot;if_value&quot;:&quot;Trasplante capilar con la t\\u00e9cnica FUE&quot;}]},{&quot;then_field&quot;:&quot;cpi&quot;,&quot;and_rules&quot;:[{&quot;if_field&quot;:&quot;tratamiento&quot;,&quot;operator&quot;:&quot;equals&quot;,&quot;if_value&quot;:&quot;Trasplante capilar con la t\\u00e9cnica FUSS&quot;}]},{&quot;then_field&quot;:&quot;cmpci&quot;,&quot;and_rules&quot;:[{&quot;if_field&quot;:&quot;tratamiento&quot;,&quot;operator&quot;:&quot;equals&quot;,&quot;if_value&quot;:&quot;Anticelul\\u00edtico intensivo&quot;}]},{&quot;then_field&quot;:&quot;cmpci&quot;,&quot;and_rules&quot;:[{&quot;if_field&quot;:&quot;tratamiento&quot;,&quot;operator&quot;:&quot;equals&quot;,&quot;if_value&quot;:&quot;Intralipoterapia&quot;}]},{&quot;then_field&quot;:&quot;cmpci&quot;,&quot;and_rules&quot;:[{&quot;if_field&quot;:&quot;tratamiento&quot;,&quot;operator&quot;:&quot;equals&quot;,&quot;if_value&quot;:&quot;Tratamiento reafirmante de gl\\u00fateos&quot;}]},{&quot;then_field&quot;:&quot;cmpci&quot;,&quot;and_rules&quot;:[{&quot;if_field&quot;:&quot;tratamiento&quot;,&quot;operator&quot;:&quot;equals&quot;,&quot;if_value&quot;:&quot;Radiofrecuencia&quot;}]},{&quot;then_field&quot;:&quot;cmqpci&quot;,&quot;and_rules&quot;:[{&quot;if_field&quot;:&quot;tratamiento&quot;,&quot;operator&quot;:&quot;equals&quot;,&quot;if_value&quot;:&quot;Drenaje linf\\u00e1tico&quot;}]},{&quot;then_field&quot;:&quot;cmpci&quot;,&quot;and_rules&quot;:[{&quot;if_field&quot;:&quot;tratamiento&quot;,&quot;operator&quot;:&quot;equals&quot;,&quot;if_value&quot;:&quot;Presoterapia&quot;}]},{&quot;then_field&quot;:&quot;cmpci&quot;,&quot;and_rules&quot;:[{&quot;if_field&quot;:&quot;tratamiento&quot;,&quot;operator&quot;:&quot;equals&quot;,&quot;if_value&quot;:&quot;Liposucci\\u00f3n&quot;}]},{&quot;then_field&quot;:&quot;cmpci&quot;,&quot;and_rules&quot;:[{&quot;if_field&quot;:&quot;tratamiento&quot;,&quot;operator&quot;:&quot;equals&quot;,&quot;if_value&quot;:&quot;Aumento de pecho&quot;}]},{&quot;then_field&quot;:&quot;cmpci&quot;,&quot;and_rules&quot;:[{&quot;if_field&quot;:&quot;tratamiento&quot;,&quot;operator&quot;:&quot;equals&quot;,&quot;if_value&quot;:&quot;Reducci\\u00f3n de pecho&quot;}]},{&quot;then_field&quot;:&quot;cmpci&quot;,&quot;and_rules&quot;:[{&quot;if_field&quot;:&quot;tratamiento&quot;,&quot;operator&quot;:&quot;equals&quot;,&quot;if_value&quot;:&quot;Abdominoplastia&quot;}]},{&quot;then_field&quot;:&quot;cmpci&quot;,&quot;and_rules&quot;:[{&quot;if_field&quot;:&quot;tratamiento&quot;,&quot;operator&quot;:&quot;equals&quot;,&quot;if_value&quot;:&quot;Anticelul\\u00edtico reductor&quot;}]},{&quot;then_field&quot;:&quot;cmpci&quot;,&quot;and_rules&quot;:[{&quot;if_field&quot;:&quot;tratamiento&quot;,&quot;operator&quot;:&quot;equals&quot;,&quot;if_value&quot;:&quot;Otoplastia&quot;}]},{&quot;then_field&quot;:&quot;cmqpci&quot;,&quot;and_rules&quot;:[{&quot;if_field&quot;:&quot;tratamiento&quot;,&quot;operator&quot;:&quot;equals&quot;,&quot;if_value&quot;:&quot;Blefaroplastia&quot;}]},{&quot;then_field&quot;:&quot;cmpci&quot;,&quot;and_rules&quot;:[{&quot;if_field&quot;:&quot;tratamiento&quot;,&quot;operator&quot;:&quot;equals&quot;,&quot;if_value&quot;:&quot;Rinoplastia&quot;}]},{&quot;then_field&quot;:&quot;cmqpci&quot;,&quot;and_rules&quot;:[{&quot;if_field&quot;:&quot;tratamiento&quot;,&quot;operator&quot;:&quot;equals&quot;,&quot;if_value&quot;:&quot;Mesoterapia corporal&quot;}]},{&quot;then_field&quot;:&quot;cmqci&quot;,&quot;and_rules&quot;:[{&quot;if_field&quot;:&quot;tratamiento&quot;,&quot;operator&quot;:&quot;equals&quot;,&quot;if_value&quot;:&quot;Hilos tensores&quot;}]},{&quot;then_field&quot;:&quot;cmqpci&quot;,&quot;and_rules&quot;:[{&quot;if_field&quot;:&quot;tratamiento&quot;,&quot;operator&quot;:&quot;equals&quot;,&quot;if_value&quot;:&quot;Armonizaci\\u00f3n facial&quot;}]},{&quot;then_field&quot;:&quot;cmqpci&quot;,&quot;and_rules&quot;:[{&quot;if_field&quot;:&quot;tratamiento&quot;,&quot;operator&quot;:&quot;equals&quot;,&quot;if_value&quot;:&quot;Aumento de labios&quot;}]},{&quot;then_field&quot;:&quot;cmqpci&quot;,&quot;and_rules&quot;:[{&quot;if_field&quot;:&quot;tratamiento&quot;,&quot;operator&quot;:&quot;equals&quot;,&quot;if_value&quot;:&quot;Mesoterapia facial&quot;}]},{&quot;then_field&quot;:&quot;cmqpci&quot;,&quot;and_rules&quot;:[{&quot;if_field&quot;:&quot;tratamiento&quot;,&quot;operator&quot;:&quot;equals&quot;,&quot;if_value&quot;:&quot;BTX: eliminador de arrugas&quot;}]},{&quot;then_field&quot;:&quot;cmqpci&quot;,&quot;and_rules&quot;:[{&quot;if_field&quot;:&quot;tratamiento&quot;,&quot;operator&quot;:&quot;equals&quot;,&quot;if_value&quot;:&quot;Rellenos faciales&quot;}]},{&quot;then_field&quot;:&quot;cqi&quot;,&quot;and_rules&quot;:[{&quot;if_field&quot;:&quot;tratamiento&quot;,&quot;operator&quot;:&quot;equals&quot;,&quot;if_value&quot;:&quot;Peeling qu\\u00edmico&quot;}]},{&quot;then_field&quot;:&quot;cqpci&quot;,&quot;and_rules&quot;:[{&quot;if_field&quot;:&quot;tratamiento&quot;,&quot;operator&quot;:&quot;equals&quot;,&quot;if_value&quot;:&quot;Microneedling&quot;}]},{&quot;then_field&quot;:&quot;cqpi&quot;,&quot;and_rules&quot;:[{&quot;if_field&quot;:&quot;tratamiento&quot;,&quot;operator&quot;:&quot;equals&quot;,&quot;if_value&quot;:&quot;Rinomodelaci\\u00f3n&quot;}]},{&quot;then_field&quot;:&quot;cqpci&quot;,&quot;and_rules&quot;:[{&quot;if_field&quot;:&quot;tratamiento&quot;,&quot;operator&quot;:&quot;equals&quot;,&quot;if_value&quot;:&quot;Masculinizaci\\u00f3n facial&quot;}]},{&quot;then_field&quot;:&quot;cqci&quot;,&quot;and_rules&quot;:[{&quot;if_field&quot;:&quot;tratamiento&quot;,&quot;operator&quot;:&quot;equals&quot;,&quot;if_value&quot;:&quot;Hiperhidrosis&quot;}]},{&quot;then_field&quot;:&quot;cqci&quot;,&quot;and_rules&quot;:[{&quot;if_field&quot;:&quot;tratamiento&quot;,&quot;operator&quot;:&quot;equals&quot;,&quot;if_value&quot;:&quot;Remodelaci\\u00f3n de gl\\u00fateos&quot;}]},{&quot;then_field&quot;:&quot;cqpci&quot;,&quot;and_rules&quot;:[{&quot;if_field&quot;:&quot;tratamiento&quot;,&quot;operator&quot;:&quot;equals&quot;,&quot;if_value&quot;:&quot;Redensificaci\\u00f3n&quot;}]},{&quot;then_field&quot;:&quot;cqpci&quot;,&quot;and_rules&quot;:[{&quot;if_field&quot;:&quot;tratamiento&quot;,&quot;operator&quot;:&quot;equals&quot;,&quot;if_value&quot;:&quot;Relleno de ojeras&quot;}]},{&quot;then_field&quot;:&quot;cqci&quot;,&quot;and_rules&quot;:[{&quot;if_field&quot;:&quot;tratamiento&quot;,&quot;operator&quot;:&quot;equals&quot;,&quot;if_value&quot;:&quot;Maderoterapia facial&quot;}]},{&quot;then_field&quot;:&quot;cqpci&quot;,&quot;and_rules&quot;:[{&quot;if_field&quot;:&quot;tratamiento&quot;,&quot;operator&quot;:&quot;equals&quot;,&quot;if_value&quot;:&quot;Maderoterapia corporal&quot;}]},{&quot;then_field&quot;:&quot;cqci&quot;,&quot;and_rules&quot;:[{&quot;if_field&quot;:&quot;tratamiento&quot;,&quot;operator&quot;:&quot;equals&quot;,&quot;if_value&quot;:&quot;Masaje facial Kobido&quot;}]},{&quot;then_field&quot;:&quot;cqci&quot;,&quot;and_rules&quot;:[{&quot;if_field&quot;:&quot;tratamiento&quot;,&quot;operator&quot;:&quot;equals&quot;,&quot;if_value&quot;:&quot;Micropigmentaci\\u00f3n&quot;}]},{&quot;then_field&quot;:&quot;cqci&quot;,&quot;and_rules&quot;:[{&quot;if_field&quot;:&quot;tratamiento&quot;,&quot;operator&quot;:&quot;equals&quot;,&quot;if_value&quot;:&quot;Carboxiterapia&quot;}]},{&quot;then_field&quot;:&quot;cp&quot;,&quot;and_rules&quot;:[{&quot;if_field&quot;:&quot;tratamiento&quot;,&quot;operator&quot;:&quot;equals&quot;,&quot;if_value&quot;:&quot;Limpieza facial profunda&quot;}]},{&quot;then_field&quot;:&quot;cp&quot;,&quot;and_rules&quot;:[{&quot;if_field&quot;:&quot;tratamiento&quot;,&quot;operator&quot;:&quot;equals&quot;,&quot;if_value&quot;:&quot;Envolturas corporales&quot;}]},{&quot;then_field&quot;:&quot;cp&quot;,&quot;and_rules&quot;:[{&quot;if_field&quot;:&quot;tratamiento&quot;,&quot;operator&quot;:&quot;equals&quot;,&quot;if_value&quot;:&quot;L\\u00e1ser CO2 Fraccionado y Ablativo&quot;}]},{&quot;then_field&quot;:&quot;cp&quot;,&quot;and_rules&quot;:[{&quot;if_field&quot;:&quot;tratamiento&quot;,&quot;operator&quot;:&quot;equals&quot;,&quot;if_value&quot;:&quot;IPL \\u2013 Luz Pulsada Intensa&quot;}]},{&quot;then_field&quot;:&quot;cpc&quot;,&quot;and_rules&quot;:[{&quot;if_field&quot;:&quot;tratamiento&quot;,&quot;operator&quot;:&quot;equals&quot;,&quot;if_value&quot;:&quot;Exosomas capilares&quot;}]},{&quot;then_field&quot;:&quot;cpc&quot;,&quot;and_rules&quot;:[{&quot;if_field&quot;:&quot;tratamiento&quot;,&quot;operator&quot;:&quot;equals&quot;,&quot;if_value&quot;:&quot;Exosomas faciales&quot;}]},{&quot;then_field&quot;:&quot;cqpci&quot;,&quot;and_rules&quot;:[{&quot;if_field&quot;:&quot;tratamiento&quot;,&quot;operator&quot;:&quot;equals&quot;,&quot;if_value&quot;:&quot;Inductores de col\\u00e1geno&quot;}]},{&quot;then_field&quot;:&quot;cpc&quot;,&quot;and_rules&quot;:[{&quot;if_field&quot;:&quot;tratamiento&quot;,&quot;operator&quot;:&quot;equals&quot;,&quot;if_value&quot;:&quot;Radiofrecuencia facial&quot;}]},{&quot;then_field&quot;:&quot;cp&quot;,&quot;and_rules&quot;:[{&quot;if_field&quot;:&quot;tratamiento&quot;,&quot;operator&quot;:&quot;equals&quot;,&quot;if_value&quot;:&quot;Plasma Rico en Plaquetas (PRP)&quot;}]},{&quot;then_field&quot;:&quot;cp&quot;,&quot;and_rules&quot;:[{&quot;if_field&quot;:&quot;tratamiento&quot;,&quot;operator&quot;:&quot;equals&quot;,&quot;if_value&quot;:&quot;L\\u00e1ser vaginal CO2: rejuvenecimiento \\u00edntimo&quot;}]}],&quot;settings&quot;:{&quot;animation&quot;:&quot;yes&quot;,&quot;animation_intime&quot;:200,&quot;animation_outtime&quot;:200,&quot;conditions_ui&quot;:&quot;normal&quot;,&quot;notice_dismissed&quot;:false}}\" \/><input type=\"hidden\" name=\"_wpcf7_recaptcha_response\" value=\"\" \/>\n<\/fieldset>\n<h3 class=\"wp-block-heading has-text-align-center\">Pide tu cita GRATUITA\n<\/h3>\n<p class=\"has-text-align-center\">Te informamos sin compromiso\n<\/p>\n<p><span class=\"wpcf7-form-control-wrap\" data-name=\"nombre\"><input size=\"40\" maxlength=\"400\" class=\"wpcf7-form-control wpcf7-text wpcf7-validates-as-required\" aria-required=\"true\" aria-invalid=\"false\" placeholder=\"Nombre\" value=\"\" type=\"text\" name=\"nombre\" \/><\/span>\n<\/p>\n<p><span class=\"wpcf7-form-control-wrap\" data-name=\"email\"><input size=\"40\" maxlength=\"400\" class=\"wpcf7-form-control wpcf7-email wpcf7-validates-as-required wpcf7-text wpcf7-validates-as-email\" aria-required=\"true\" aria-invalid=\"false\" placeholder=\"Email\" value=\"\" type=\"email\" name=\"email\" \/><\/span>\n<\/p>\n<p><span class=\"wpcf7-form-control-wrap\" data-name=\"telefono\"><input size=\"40\" maxlength=\"400\" class=\"wpcf7-form-control wpcf7-tel wpcf7-validates-as-required wpcf7-text wpcf7-validates-as-tel\" aria-required=\"true\" aria-invalid=\"false\" placeholder=\"Tel\u00e9fono\" value=\"\" type=\"tel\" name=\"telefono\" \/><\/span>\n<\/p>\n<p><span class=\"wpcf7-form-control-wrap\" data-name=\"tratamiento\"><select class=\"wpcf7-form-control wpcf7-select wpcf7-validates-as-required\" aria-required=\"true\" aria-invalid=\"false\" name=\"tratamiento\"><option value=\"\">Tratamiento<\/option><option value=\"Abdominoplastia\">Abdominoplastia<\/option><option value=\"Anticelul\u00edtico intensivo\">Anticelul\u00edtico intensivo<\/option><option value=\"Anticelul\u00edtico reductor\">Anticelul\u00edtico reductor<\/option><option value=\"Armonizaci\u00f3n facial\">Armonizaci\u00f3n facial<\/option><option value=\"Aumento de labios\">Aumento de labios<\/option><option value=\"Aumento de pecho\">Aumento de pecho<\/option><option value=\"Bioestimulaci\u00f3n capilar\">Bioestimulaci\u00f3n capilar<\/option><option value=\"Blefaroplastia\">Blefaroplastia<\/option><option value=\"BTX: eliminador de arrugas\">BTX: eliminador de arrugas<\/option><option value=\"Carboxiterapia\">Carboxiterapia<\/option><option value=\"Depilaci\u00f3n\">Depilaci\u00f3n<\/option><option value=\"Drenaje linf\u00e1tico\">Drenaje linf\u00e1tico<\/option><option value=\"Envolturas corporales\">Envolturas corporales<\/option><option value=\"Exosomas capilares\">Exosomas capilares<\/option><option value=\"Exosomas faciales\">Exosomas faciales<\/option><option value=\"Hilos tensores\">Hilos tensores<\/option><option value=\"Hiperhidrosis\">Hiperhidrosis<\/option><option value=\"IPL \u2013 Luz Pulsada Intensa\">IPL \u2013 Luz Pulsada Intensa<\/option><option value=\"Inductores de col\u00e1geno\">Inductores de col\u00e1geno<\/option><option value=\"Injerto de barba\">Injerto de barba<\/option><option value=\"Injerto de cejas\">Injerto de cejas<\/option><option value=\"Intralipoterapia\">Intralipoterapia<\/option><option value=\"L\u00e1ser CO2 Fraccionado y Ablativo\">L\u00e1ser CO2 Fraccionado y Ablativo<\/option><option value=\"L\u00e1ser vaginal CO2: rejuvenecimiento \u00edntimo\">L\u00e1ser vaginal CO2: rejuvenecimiento \u00edntimo<\/option><option value=\"Limpieza facial profunda\">Limpieza facial profunda<\/option><option value=\"Liposucci\u00f3n\">Liposucci\u00f3n<\/option><option value=\"Maderoterapia corporal\">Maderoterapia corporal<\/option><option value=\"Maderoterapia facial\">Maderoterapia facial<\/option><option value=\"Masaje facial Kobido\">Masaje facial Kobido<\/option><option value=\"Masculinizaci\u00f3n facial\">Masculinizaci\u00f3n facial<\/option><option value=\"Mesoterapia capilar con Dutasterida\">Mesoterapia capilar con Dutasterida<\/option><option value=\"Mesoterapia corporal\">Mesoterapia corporal<\/option><option value=\"Mesoterapia facial\">Mesoterapia facial<\/option><option value=\"Microneedling\">Microneedling<\/option><option value=\"Micropigmentaci\u00f3n\">Micropigmentaci\u00f3n<\/option><option value=\"Otoplastia\">Otoplastia<\/option><option value=\"Peeling qu\u00edmico\">Peeling qu\u00edmico<\/option><option value=\"Presoterapia\">Presoterapia<\/option><option value=\"Radiofrecuencia corporal\">Radiofrecuencia corporal<\/option><option value=\"Radiofrecuencia facial\">Radiofrecuencia facial<\/option><option value=\"Redensificaci\u00f3n\">Redensificaci\u00f3n<\/option><option value=\"Reducci\u00f3n de pecho\">Reducci\u00f3n de pecho<\/option><option value=\"Relleno de ojeras\">Relleno de ojeras<\/option><option value=\"Rellenos faciales\">Rellenos faciales<\/option><option value=\"Remodelaci\u00f3n de gl\u00fateos\">Remodelaci\u00f3n de gl\u00fateos<\/option><option value=\"Rinomodelaci\u00f3n\">Rinomodelaci\u00f3n<\/option><option value=\"Rinoplastia\">Rinoplastia<\/option><option value=\"Trasplante capilar con la t\u00e9cnica FUE\">Trasplante capilar con la t\u00e9cnica FUE<\/option><option value=\"Trasplante capilar con la t\u00e9cnica FUSS\">Trasplante capilar con la t\u00e9cnica FUSS<\/option><option value=\"Tratamiento reafirmante de gl\u00fateos\">Tratamiento reafirmante de gl\u00fateos<\/option><\/select><\/span>\n<\/p>\n<div data-id=\"cmqpc\" data-orig_data_id=\"cmqpc\"  class=\"\" data-class=\"wpcf7cf_group\">\n\t<p><span class=\"wpcf7-form-control-wrap\" data-name=\"centro2\"><select class=\"wpcf7-form-control wpcf7-select wpcf7-validates-as-required\" aria-required=\"true\" aria-invalid=\"false\" name=\"centro2\"><option value=\"\">Centro<\/option><option value=\"Cl\u00ednica Polusa Santo Domingo\">Cl\u00ednica Polusa Santo Domingo<\/option><option value=\"Ribera Hospital de Molina\">Ribera Hospital de Molina<\/option><option value=\"Cl\u00ednica Ciudad Quesada\">Cl\u00ednica Ciudad Quesada<\/option><option value=\"Clinica Ribera Est\u00e9tica Cartagena\">Clinica Ribera Est\u00e9tica Cartagena<\/option><\/select><\/span>\n\t<\/p>\n<\/div>\n<div data-id=\"cmqp\" data-orig_data_id=\"cmqp\"  class=\"\" data-class=\"wpcf7cf_group\">\n\t<p><span class=\"wpcf7-form-control-wrap\" data-name=\"centro4\"><select class=\"wpcf7-form-control wpcf7-select wpcf7-validates-as-required\" aria-required=\"true\" aria-invalid=\"false\" name=\"centro4\"><option value=\"\">Centro<\/option><option value=\"Cl\u00ednica Polusa Santo Domingo\">Cl\u00ednica Polusa Santo Domingo<\/option><option value=\"Ribera Hospital de Molina\">Ribera Hospital de Molina<\/option><option value=\"Cl\u00ednica Ciudad Quesada\">Cl\u00ednica Ciudad Quesada<\/option><\/select><\/span>\n\t<\/p>\n<\/div>\n<div data-id=\"cmqc\" data-orig_data_id=\"cmqc\"  class=\"\" data-class=\"wpcf7cf_group\">\n\t<p><span class=\"wpcf7-form-control-wrap\" data-name=\"centro6\"><select class=\"wpcf7-form-control wpcf7-select wpcf7-validates-as-required\" aria-required=\"true\" aria-invalid=\"false\" name=\"centro6\"><option value=\"\">Centro<\/option><option value=\"Ribera Hospital de Molina\">Ribera Hospital de Molina<\/option><option value=\"Cl\u00ednica Ciudad Quesada\">Cl\u00ednica Ciudad Quesada<\/option><option value=\"Clinica Ribera Est\u00e9tica Cartagena\">Clinica Ribera Est\u00e9tica Cartagena<\/option><\/select><\/span>\n\t<\/p>\n<\/div>\n<div data-id=\"cmq\" data-orig_data_id=\"cmq\"  class=\"\" data-class=\"wpcf7cf_group\">\n\t<p><span class=\"wpcf7-form-control-wrap\" data-name=\"centro8\"><select class=\"wpcf7-form-control wpcf7-select wpcf7-validates-as-required\" aria-required=\"true\" aria-invalid=\"false\" name=\"centro8\"><option value=\"\">Centro<\/option><option value=\"Ribera Hospital de Molina\">Ribera Hospital de Molina<\/option><option value=\"Cl\u00ednica Ciudad Quesada\">Cl\u00ednica Ciudad Quesada<\/option><\/select><\/span>\n\t<\/p>\n<\/div>\n<div data-id=\"cpc\" data-orig_data_id=\"cpc\"  class=\"\" data-class=\"wpcf7cf_group\">\n\t<p><span class=\"wpcf7-form-control-wrap\" data-name=\"centro11\"><select class=\"wpcf7-form-control wpcf7-select wpcf7-validates-as-required\" aria-required=\"true\" aria-invalid=\"false\" name=\"centro11\"><option value=\"\">Centro<\/option><option value=\"Cl\u00ednica Polusa Santo Domingo\">Cl\u00ednica Polusa Santo Domingo<\/option><option value=\"Clinica Ribera Est\u00e9tica Cartagena\">Clinica Ribera Est\u00e9tica Cartagena<\/option><\/select><\/span>\n\t<\/p>\n<\/div>\n<div data-id=\"cp\" data-orig_data_id=\"cp\"  class=\"\" data-class=\"wpcf7cf_group\">\n\t<p><span class=\"wpcf7-form-control-wrap\" data-name=\"centro13\"><select class=\"wpcf7-form-control wpcf7-select wpcf7-validates-as-required\" aria-required=\"true\" aria-invalid=\"false\" name=\"centro13\"><option value=\"\">Centro<\/option><option value=\"Cl\u00ednica Polusa Santo Domingo\">Cl\u00ednica Polusa Santo Domingo<\/option><\/select><\/span>\n\t<\/p>\n<\/div>\n<div data-id=\"cqc\" data-orig_data_id=\"cqc\"  class=\"\" data-class=\"wpcf7cf_group\">\n\t<p><span class=\"wpcf7-form-control-wrap\" data-name=\"centro15\"><select class=\"wpcf7-form-control wpcf7-select wpcf7-validates-as-required\" aria-required=\"true\" aria-invalid=\"false\" name=\"centro15\"><option value=\"\">Centro<\/option><option value=\"Cl\u00ednica Ciudad Quesada\">Cl\u00ednica Ciudad Quesada<\/option><option value=\"Clinica Ribera Est\u00e9tica Cartagena\">Clinica Ribera Est\u00e9tica Cartagena<\/option><\/select><\/span>\n\t<\/p>\n<\/div>\n<div data-id=\"cq\" data-orig_data_id=\"cq\"  class=\"\" data-class=\"wpcf7cf_group\">\n\t<p><span class=\"wpcf7-form-control-wrap\" data-name=\"centro17\"><select class=\"wpcf7-form-control wpcf7-select wpcf7-validates-as-required\" aria-required=\"true\" aria-invalid=\"false\" name=\"centro17\"><option value=\"\">Centro<\/option><option value=\"Cl\u00ednica Ciudad Quesada\">Cl\u00ednica Ciudad Quesada<\/option><\/select><\/span>\n\t<\/p>\n<\/div>\n<div data-id=\"cmpc\" data-orig_data_id=\"cmpc\"  class=\"\" data-class=\"wpcf7cf_group\">\n\t<p><span class=\"wpcf7-form-control-wrap\" data-name=\"centro19\"><select class=\"wpcf7-form-control wpcf7-select wpcf7-validates-as-required\" aria-required=\"true\" aria-invalid=\"false\" name=\"centro19\"><option value=\"\">Centro<\/option><option value=\"Cl\u00ednica Polusa Santo Domingo\">Cl\u00ednica Polusa Santo Domingo<\/option><option value=\"Ribera Hospital de Molina\">Ribera Hospital de Molina<\/option><option value=\"Clinica Ribera Est\u00e9tica Cartagena\">Clinica Ribera Est\u00e9tica Cartagena<\/option><\/select><\/span>\n\t<\/p>\n<\/div>\n<div data-id=\"cmp\" data-orig_data_id=\"cmp\"  class=\"\" data-class=\"wpcf7cf_group\">\n\t<p><span class=\"wpcf7-form-control-wrap\" data-name=\"centro22\"><select class=\"wpcf7-form-control wpcf7-select wpcf7-validates-as-required\" aria-required=\"true\" aria-invalid=\"false\" name=\"centro22\"><option value=\"\">Centro<\/option><option value=\"Cl\u00ednica Polusa Santo Domingo\">Cl\u00ednica Polusa Santo Domingo<\/option><option value=\"Ribera Hospital de Molina\">Ribera Hospital de Molina<\/option><\/select><\/span>\n\t<\/p>\n<\/div>\n<div data-id=\"cqpc\" data-orig_data_id=\"cqpc\"  class=\"\" data-class=\"wpcf7cf_group\">\n\t<p><span class=\"wpcf7-form-control-wrap\" data-name=\"centro24\"><select class=\"wpcf7-form-control wpcf7-select wpcf7-validates-as-required\" aria-required=\"true\" aria-invalid=\"false\" name=\"centro24\"><option value=\"\">Centro<\/option><option value=\"Cl\u00ednica Ciudad Quesada\">Cl\u00ednica Ciudad Quesada<\/option><option value=\"Cl\u00ednica Polusa Santo Domingo\">Cl\u00ednica Polusa Santo Domingo<\/option><option value=\"Clinica Ribera Est\u00e9tica Cartagena\">Clinica Ribera Est\u00e9tica Cartagena<\/option><\/select><\/span>\n\t<\/p>\n<\/div>\n<div data-id=\"cqp\" data-orig_data_id=\"cqp\"  class=\"\" data-class=\"wpcf7cf_group\">\n\t<p><span class=\"wpcf7-form-control-wrap\" data-name=\"centro26\"><select class=\"wpcf7-form-control wpcf7-select wpcf7-validates-as-required\" aria-required=\"true\" aria-invalid=\"false\" name=\"centro26\"><option value=\"\">Centro<\/option><option value=\"Cl\u00ednica Ciudad Quesada\">Cl\u00ednica Ciudad Quesada<\/option><option value=\"Cl\u00ednica Polusa Santo Domingo\">Cl\u00ednica Polusa Santo Domingo<\/option><\/select><\/span>\n\t<\/p>\n<\/div>\n<div data-id=\"cmc\" data-orig_data_id=\"cmc\"  class=\"\" data-class=\"wpcf7cf_group\">\n\t<p><span class=\"wpcf7-form-control-wrap\" data-name=\"centro28\"><select class=\"wpcf7-form-control wpcf7-select wpcf7-validates-as-required\" aria-required=\"true\" aria-invalid=\"false\" name=\"centro28\"><option value=\"\">Centro<\/option><option value=\"Ribera Hospital de Molina\">Ribera Hospital de Molina<\/option><option value=\"Clinica Ribera Est\u00e9tica Cartagena\">Clinica Ribera Est\u00e9tica Cartagena<\/option><\/select><\/span>\n\t<\/p>\n<\/div>\n<div data-id=\"cm\" data-orig_data_id=\"cm\"  class=\"\" data-class=\"wpcf7cf_group\">\n\t<p><span class=\"wpcf7-form-control-wrap\" data-name=\"centro31\"><select class=\"wpcf7-form-control wpcf7-select wpcf7-validates-as-required\" aria-required=\"true\" aria-invalid=\"false\" name=\"centro31\"><option value=\"\">Centro<\/option><option value=\"Ribera Hospital de Molina\">Ribera Hospital de Molina<\/option><\/select><\/span>\n\t<\/p>\n<\/div>\n<div data-id=\"cmqpci\" data-orig_data_id=\"cmqpci\"  class=\"\" data-class=\"wpcf7cf_group\">\n\t<p><span class=\"wpcf7-form-control-wrap\" data-name=\"centro33\"><select class=\"wpcf7-form-control wpcf7-select wpcf7-validates-as-required\" aria-required=\"true\" aria-invalid=\"false\" name=\"centro33\"><option value=\"\">Centro<\/option><option value=\"Cl\u00ednica Polusa Santo Domingo\">Cl\u00ednica Polusa Santo Domingo<\/option><option value=\"Ribera Hospital de Molina\">Ribera Hospital de Molina<\/option><option value=\"Cl\u00ednica Ciudad Quesada\">Cl\u00ednica Ciudad Quesada<\/option><option value=\"Clinica Ribera Est\u00e9tica Cartagena\">Clinica Ribera Est\u00e9tica Cartagena<\/option><option value=\"Cl\u00ednica Ribera Mestalla\">Cl\u00ednica Ribera Mestalla<\/option><\/select><\/span>\n\t<\/p>\n<\/div>\n<div data-id=\"cmqpi\" data-orig_data_id=\"cmqpi\"  class=\"\" data-class=\"wpcf7cf_group\">\n\t<p><span class=\"wpcf7-form-control-wrap\" data-name=\"centro35\"><select class=\"wpcf7-form-control wpcf7-select wpcf7-validates-as-required\" aria-required=\"true\" aria-invalid=\"false\" name=\"centro35\"><option value=\"\">Centro<\/option><option value=\"Cl\u00ednica Polusa Santo Domingo\">Cl\u00ednica Polusa Santo Domingo<\/option><option value=\"Ribera Hospital de Molina\">Ribera Hospital de Molina<\/option><option value=\"Cl\u00ednica Ciudad Quesada\">Cl\u00ednica Ciudad Quesada<\/option><option value=\"Cl\u00ednica Ribera Mestalla\">Cl\u00ednica Ribera Mestalla<\/option><\/select><\/span>\n\t<\/p>\n<\/div>\n<div data-id=\"cmqci\" data-orig_data_id=\"cmqci\"  class=\"\" data-class=\"wpcf7cf_group\">\n\t<p><span class=\"wpcf7-form-control-wrap\" data-name=\"centro37\"><select class=\"wpcf7-form-control wpcf7-select wpcf7-validates-as-required\" aria-required=\"true\" aria-invalid=\"false\" name=\"centro37\"><option value=\"\">Centro<\/option><option value=\"Ribera Hospital de Molina\">Ribera Hospital de Molina<\/option><option value=\"Cl\u00ednica Ciudad Quesada\">Cl\u00ednica Ciudad Quesada<\/option><option value=\"Clinica Ribera Est\u00e9tica Cartagena\">Clinica Ribera Est\u00e9tica Cartagena<\/option><option value=\"Cl\u00ednica Ribera Mestalla\">Cl\u00ednica Ribera Mestalla<\/option><\/select><\/span>\n\t<\/p>\n<\/div>\n<div data-id=\"cmqi\" data-orig_data_id=\"cmqi\"  class=\"\" data-class=\"wpcf7cf_group\">\n\t<p><span class=\"wpcf7-form-control-wrap\" data-name=\"centro39\"><select class=\"wpcf7-form-control wpcf7-select wpcf7-validates-as-required\" aria-required=\"true\" aria-invalid=\"false\" name=\"centro39\"><option value=\"\">Centro<\/option><option value=\"Ribera Hospital de Molina\">Ribera Hospital de Molina<\/option><option value=\"Cl\u00ednica Ciudad Quesada\">Cl\u00ednica Ciudad Quesada<\/option><option value=\"Cl\u00ednica Ribera Mestalla\">Cl\u00ednica Ribera Mestalla<\/option><\/select><\/span>\n\t<\/p>\n<\/div>\n<div data-id=\"cpci\" data-orig_data_id=\"cpci\"  class=\"\" data-class=\"wpcf7cf_group\">\n\t<p><span class=\"wpcf7-form-control-wrap\" data-name=\"centro42\"><select class=\"wpcf7-form-control wpcf7-select wpcf7-validates-as-required\" aria-required=\"true\" aria-invalid=\"false\" name=\"centro42\"><option value=\"\">Centro<\/option><option value=\"Cl\u00ednica Polusa Santo Domingo\">Cl\u00ednica Polusa Santo Domingo<\/option><option value=\"Clinica Ribera Est\u00e9tica Cartagena\">Clinica Ribera Est\u00e9tica Cartagena<\/option><option value=\"Cl\u00ednica Ribera Mestalla\">Cl\u00ednica Ribera Mestalla<\/option><\/select><\/span>\n\t<\/p>\n<\/div>\n<div data-id=\"cpi\" data-orig_data_id=\"cpi\"  class=\"\" data-class=\"wpcf7cf_group\">\n\t<p><span class=\"wpcf7-form-control-wrap\" data-name=\"centro44\"><select class=\"wpcf7-form-control wpcf7-select wpcf7-validates-as-required\" aria-required=\"true\" aria-invalid=\"false\" name=\"centro44\"><option value=\"\">Centro<\/option><option value=\"Cl\u00ednica Polusa Santo Domingo\">Cl\u00ednica Polusa Santo Domingo<\/option><option value=\"Cl\u00ednica Ribera Mestalla\">Cl\u00ednica Ribera Mestalla<\/option><\/select><\/span>\n\t<\/p>\n<\/div>\n<div data-id=\"cqci\" data-orig_data_id=\"cqci\"  class=\"\" data-class=\"wpcf7cf_group\">\n\t<p><span class=\"wpcf7-form-control-wrap\" data-name=\"centro46\"><select class=\"wpcf7-form-control wpcf7-select wpcf7-validates-as-required\" aria-required=\"true\" aria-invalid=\"false\" name=\"centro46\"><option value=\"\">Centro<\/option><option value=\"Cl\u00ednica Ciudad Quesada\">Cl\u00ednica Ciudad Quesada<\/option><option value=\"Clinica Ribera Est\u00e9tica Cartagena\">Clinica Ribera Est\u00e9tica Cartagena<\/option><option value=\"Cl\u00ednica Ribera Mestalla\">Cl\u00ednica Ribera Mestalla<\/option><\/select><\/span>\n\t<\/p>\n<\/div>\n<div data-id=\"cqi\" data-orig_data_id=\"cqi\"  class=\"\" data-class=\"wpcf7cf_group\">\n\t<p><span class=\"wpcf7-form-control-wrap\" data-name=\"centro48\"><select class=\"wpcf7-form-control wpcf7-select wpcf7-validates-as-required\" aria-required=\"true\" aria-invalid=\"false\" name=\"centro48\"><option value=\"\">Centro<\/option><option value=\"Cl\u00ednica Ciudad Quesada\">Cl\u00ednica Ciudad Quesada<\/option><option value=\"Cl\u00ednica Ribera Mestalla\">Cl\u00ednica Ribera Mestalla<\/option><\/select><\/span>\n\t<\/p>\n<\/div>\n<div data-id=\"cmpci\" data-orig_data_id=\"cmpci\"  class=\"\" data-class=\"wpcf7cf_group\">\n\t<p><span class=\"wpcf7-form-control-wrap\" data-name=\"centro51\"><select class=\"wpcf7-form-control wpcf7-select wpcf7-validates-as-required\" aria-required=\"true\" aria-invalid=\"false\" name=\"centro51\"><option value=\"\">Centro<\/option><option value=\"Cl\u00ednica Polusa Santo Domingo\">Cl\u00ednica Polusa Santo Domingo<\/option><option value=\"Ribera Hospital de Molina\">Ribera Hospital de Molina<\/option><option value=\"Clinica Ribera Est\u00e9tica Cartagena\">Clinica Ribera Est\u00e9tica Cartagena<\/option><option value=\"Cl\u00ednica Ribera Mestalla\">Cl\u00ednica Ribera Mestalla<\/option><\/select><\/span>\n\t<\/p>\n<\/div>\n<div data-id=\"cmpi\" data-orig_data_id=\"cmpi\"  class=\"\" data-class=\"wpcf7cf_group\">\n\t<p><span class=\"wpcf7-form-control-wrap\" data-name=\"centro53\"><select class=\"wpcf7-form-control wpcf7-select wpcf7-validates-as-required\" aria-required=\"true\" aria-invalid=\"false\" name=\"centro53\"><option value=\"\">Centro<\/option><option value=\"Cl\u00ednica Polusa Santo Domingo\">Cl\u00ednica Polusa Santo Domingo<\/option><option value=\"Ribera Hospital de Molina\">Ribera Hospital de Molina<\/option><option value=\"Cl\u00ednica Ribera Mestalla\">Cl\u00ednica Ribera Mestalla<\/option><\/select><\/span>\n\t<\/p>\n<\/div>\n<div data-id=\"cqpci\" data-orig_data_id=\"cqpci\"  class=\"\" data-class=\"wpcf7cf_group\">\n\t<p><span class=\"wpcf7-form-control-wrap\" data-name=\"centro55\"><select class=\"wpcf7-form-control wpcf7-select wpcf7-validates-as-required\" aria-required=\"true\" aria-invalid=\"false\" name=\"centro55\"><option value=\"\">Centro<\/option><option value=\"Cl\u00ednica Ciudad Quesada\">Cl\u00ednica Ciudad Quesada<\/option><option value=\"Cl\u00ednica Polusa Santo Domingo\">Cl\u00ednica Polusa Santo Domingo<\/option><option value=\"Clinica Ribera Est\u00e9tica Cartagena\">Clinica Ribera Est\u00e9tica Cartagena<\/option><option value=\"Cl\u00ednica Ribera Mestalla\">Cl\u00ednica Ribera Mestalla<\/option><\/select><\/span>\n\t<\/p>\n<\/div>\n<div data-id=\"cqpi\" data-orig_data_id=\"cqpi\"  class=\"\" data-class=\"wpcf7cf_group\">\n\t<p><span class=\"wpcf7-form-control-wrap\" data-name=\"centro57\"><select class=\"wpcf7-form-control wpcf7-select wpcf7-validates-as-required\" aria-required=\"true\" aria-invalid=\"false\" name=\"centro57\"><option value=\"\">Centro<\/option><option value=\"Cl\u00ednica Ciudad Quesada\">Cl\u00ednica Ciudad Quesada<\/option><option value=\"Cl\u00ednica Polusa Santo Domingo\">Cl\u00ednica Polusa Santo Domingo<\/option><option value=\"Cl\u00ednica Ribera Mestalla\">Cl\u00ednica Ribera Mestalla<\/option><\/select><\/span>\n\t<\/p>\n<\/div>\n<div data-id=\"cmci\" data-orig_data_id=\"cmci\"  class=\"\" data-class=\"wpcf7cf_group\">\n\t<p><span class=\"wpcf7-form-control-wrap\" data-name=\"centro59\"><select class=\"wpcf7-form-control wpcf7-select wpcf7-validates-as-required\" aria-required=\"true\" aria-invalid=\"false\" name=\"centro59\"><option value=\"\">Centro<\/option><option value=\"Ribera Hospital de Molina\">Ribera Hospital de Molina<\/option><option value=\"Clinica Ribera Est\u00e9tica Cartagena\">Clinica Ribera Est\u00e9tica Cartagena<\/option><option value=\"Cl\u00ednica Ribera Mestalla\">Cl\u00ednica Ribera Mestalla<\/option><\/select><\/span>\n\t<\/p>\n<\/div>\n<div data-id=\"cmi\" data-orig_data_id=\"cmi\"  class=\"\" data-class=\"wpcf7cf_group\">\n\t<p><span class=\"wpcf7-form-control-wrap\" data-name=\"centro62\"><select class=\"wpcf7-form-control wpcf7-select wpcf7-validates-as-required\" aria-required=\"true\" aria-invalid=\"false\" name=\"centro62\"><option value=\"\">Centro<\/option><option value=\"Ribera Hospital de Molina\">Ribera Hospital de Molina<\/option><option value=\"Cl\u00ednica Ribera Mestalla\">Cl\u00ednica Ribera Mestalla<\/option><\/select><\/span>\n\t<\/p>\n<\/div>\n<p><span class=\"wpcf7-form-control-wrap\" data-name=\"acceptance-17\"><span class=\"wpcf7-form-control wpcf7-acceptance\"><span class=\"wpcf7-list-item\"><label><input type=\"checkbox\" name=\"acceptance-17\" value=\"1\" aria-invalid=\"false\" \/><span class=\"wpcf7-list-item-label\">He le\u00eddo y acepto la <a href=\"https:\/\/riberasalud.com\/ribera-estetica\/informacion-sobre-el-tratamiento-de-datos\">Pol\u00edtica de Privacidad<\/a><\/span><\/label><\/span><\/span><\/span>\n<\/p>\n<p><span class=\"wpcf7-form-control-wrap\" data-name=\"acceptance-18\"><span class=\"wpcf7-form-control wpcf7-acceptance optional\"><span class=\"wpcf7-list-item\"><label><input type=\"checkbox\" name=\"acceptance-18\" value=\"1\" aria-invalid=\"false\" \/><span class=\"wpcf7-list-item-label\">Acepto el env\u00edo de comunicaciones por RIBERA SALUD, S.A.U., con la finalidad de conocer las \u00faltimas novedades sobre salud.<\/span><\/label><\/span><\/span><\/span>\n<\/p>\n<input class=\"wpcf7-form-control wpcf7-hidden controlreferido\" value=\"\" type=\"hidden\" name=\"referer-page\" \/>\n<p><input class=\"wpcf7-form-control wpcf7-submit has-spinner\" type=\"submit\" value=\"Enviar\" \/>\n<\/p><div class=\"wpcf7-response-output\" aria-hidden=\"true\"><\/div>\n<\/form>\n<\/div>\n\n\n\n\n<script type=\"text\/javascript\">\n\n\n\n$( document ).ready(function() {\n    setTimeout(function() { \n\n$value=document.getElementsByClassName('nomargin wp-block-heading')[0].outerText;\nif($value.includes('Depilaci\u00f3n')){\n$('.wpcf7-form option[value=\"Depilaci\u00f3n\"]').prop('selected', true).change();\n}\nelse if($value.includes('rejuvenecimiento \u00edntimo')){\n$('.wpcf7-form option[value=\"L\u00e1ser vaginal CO2: rejuvenecimiento \u00edntimo\"]').prop('selected', true).change();\n}\n\n\nelse{\n\n$value=document.getElementsByClassName('nomargin wp-block-heading')[0].outerText;\n\nvar slides = $('*[data-name=\"tratamiento\"]');\nfor (var i = 0; i < slides.length; i++) {   slides.children(\"select\")[i].value=$value;\nconst e = new Event(\"change\");\nslides.children(\"select\")[i].dispatchEvent(e);\n\n}}},2000)})\n<\/script>\n<\/div>\n<\/div>\n<\/div><\/div>\n\n\n\n<div class=\"wp-block-group bannerllamada\"><div class=\"wp-block-group__inner-container is-layout-flow wp-block-group-is-layout-flow\">\n<div class=\"wp-block-columns is-layout-flex wp-container-core-columns-is-layout-9d6595d7 wp-block-columns-is-layout-flex\">\n<div class=\"wp-block-column is-layout-flow wp-block-column-is-layout-flow\">\n<p style=\"font-size:30px\">Descubre nuestras&nbsp;promociones y solicita tu diagn\u00f3stico gratuito<\/p>\n<\/div>\n\n\n\n<div class=\"wp-block-column is-vertically-aligned-center abrir-promociones2 is-layout-flow wp-block-column-is-layout-flow\">\n<div class=\"abrir-promociones\"><p><a href=\"https:\/\/riberasalud.com\/ribera-estetica\/promociones\/\">Ver m\u00e1s<\/a><\/p><\/div>\n<\/div>\n<\/div>\n<\/div><\/div>\n\n\n\n<svg id=\"svg-filter\">\n<filter id=\"cherry-icecream\" x=\"-10%\" y=\"-10%\" width=\"120%\" height=\"120%\" filterUnits=\"objectBoundingBox\" primitiveUnits=\"userSpaceOnUse\" color-interpolation-filters=\"sRGB\">\n\t<feColorMatrix type=\"matrix\" values=\"1 0 0 0 0\n1 0 0 0 0\n1 0 0 0 0\n0 0 0 1 0\" in=\"SourceGraphic\" result=\"colormatrix\"><\/feColorMatrix>\n\t<feComponentTransfer in=\"colormatrix\" result=\"componentTransfer\">\n    \t\t<feFuncR type=\"table\" tableValues=\"0.84 0.76\"><\/feFuncR>\n\t\t<feFuncG type=\"table\" tableValues=\"0.06 0.04\"><\/feFuncG>\n\t\t<feFuncB type=\"table\" tableValues=\"0.16 0.15\"><\/feFuncB>\n\t\t<feFuncA type=\"table\" tableValues=\"0 0.3\"><\/feFuncA>\n  \t<\/feComponentTransfer>\n\t<feBlend mode=\"normal\" in=\"componentTransfer\" in2=\"SourceGraphic\" result=\"blend\"><\/feBlend>\n<\/filter>\n<filter id=\"white-icecream\" x=\"-10%\" y=\"-10%\" width=\"120%\" height=\"120%\" filterUnits=\"objectBoundingBox\" primitiveUnits=\"userSpaceOnUse\" color-interpolation-filters=\"sRGB\">\n\t<feColorMatrix type=\"matrix\" values=\"1 0 0 0 0\n1 0 0 0 0\n1 0 0 0 0\n0 0 0 1 0\" in=\"SourceGraphic\" result=\"colormatrix\"><\/feColorMatrix>\n\t<feComponentTransfer in=\"colormatrix\" result=\"componentTransfer\">\n    \t\t<feFuncR type=\"table\" tableValues=\"0.94 1\"><\/feFuncR>\n\t\t<feFuncG type=\"table\" tableValues=\"0.94 1\"><\/feFuncG>\n\t\t<feFuncB type=\"table\" tableValues=\"0.94 1\"><\/feFuncB>\n\t\t<feFuncA type=\"table\" tableValues=\"0 0.5\"><\/feFuncA>\n  \t<\/feComponentTransfer>\n\t<feBlend mode=\"normal\" in=\"componentTransfer\" in2=\"SourceGraphic\" result=\"blend\"><\/feBlend>\n<\/filter>\n<\/svg>\n\n\n\n<div class=\"wp-block-group iconosresumen hasbackgroundmio\"><div class=\"wp-block-group__inner-container is-layout-flow wp-block-group-is-layout-flow\">\n<div class=\"wp-block-columns is-layout-flex wp-container-core-columns-is-layout-9d6595d7 wp-block-columns-is-layout-flex\">\n<div class=\"wp-block-column is-layout-flow wp-block-column-is-layout-flow\">\n<figure class=\"wp-block-image size-full is-resized\"><img decoding=\"async\" width=\"150\" height=\"150\" src=\"https:\/\/riberasalud.com\/ribera-estetica\/wp-content\/uploads\/2022\/09\/ribera_iconos_Estetica_Mesa-de-trabajo-1.png\" alt=\"\" class=\"wp-image-413\" style=\"width:60px;height:60px\"\/><\/figure>\n\n\n\n<p>Asesoramiento y seguimiento&nbsp;durante todo un a\u00f1o<\/p>\n<\/div>\n\n\n\n<div class=\"wp-block-column is-layout-flow wp-block-column-is-layout-flow\">\n<figure class=\"wp-block-image size-full is-resized\"><img decoding=\"async\" width=\"150\" height=\"150\" src=\"https:\/\/riberasalud.com\/ribera-estetica\/wp-content\/uploads\/2022\/09\/ribera_iconos_Estetica-02.png\" alt=\"\" class=\"wp-image-414\" style=\"width:60px;height:60px\"\/><\/figure>\n\n\n\n<p>Primera consulta de valoraci\u00f3n gratuita<\/p>\n<\/div>\n\n\n\n<div class=\"wp-block-column is-layout-flow wp-block-column-is-layout-flow\">\n<figure class=\"wp-block-image size-full is-resized\"><img decoding=\"async\" width=\"150\" height=\"150\" src=\"https:\/\/riberasalud.com\/ribera-estetica\/wp-content\/uploads\/2022\/09\/ribera_iconos_Estetica-03.png\" alt=\"\" class=\"wp-image-415\" style=\"width:60px;height:60px\"\/><\/figure>\n\n\n\n<p>Garant\u00eda de calidad de los hospitales Ribera<\/p>\n<\/div>\n\n\n\n<div class=\"wp-block-column is-layout-flow wp-block-column-is-layout-flow\">\n<figure class=\"wp-block-image size-full is-resized\"><img decoding=\"async\" width=\"150\" height=\"150\" src=\"https:\/\/riberasalud.com\/ribera-estetica\/wp-content\/uploads\/2022\/09\/ribera_iconos_Estetica-04.png\" alt=\"\" class=\"wp-image-417\" style=\"width:60px;height:60px\"\/><\/figure>\n\n\n\n<p>Financiaci\u00f3n a medida<\/p>\n<\/div>\n\n\n\n<div class=\"wp-block-column is-layout-flow wp-block-column-is-layout-flow\">\n<figure class=\"wp-block-image size-full is-resized\"><img decoding=\"async\" width=\"150\" height=\"150\" src=\"https:\/\/riberasalud.com\/ribera-estetica\/wp-content\/uploads\/2022\/09\/ribera_iconos_Estetica-05.png\" alt=\"\" class=\"wp-image-418\" style=\"width:60px;height:60px\"\/><\/figure>\n\n\n\n<p>Estudio y tratamiento personalizado<\/p>\n<\/div>\n\n\n\n<div class=\"wp-block-column is-layout-flow wp-block-column-is-layout-flow\">\n<figure class=\"wp-block-image size-full is-resized\"><img decoding=\"async\" width=\"150\" height=\"150\" src=\"https:\/\/riberasalud.com\/ribera-estetica\/wp-content\/uploads\/2022\/09\/ribera_iconos_Estetica-06.png\" alt=\"\" class=\"wp-image-419\" style=\"width:60px;height:60px\"\/><\/figure>\n\n\n\n<p>Productos certificados de primera calidad<\/p>\n<\/div>\n\n\n\n<div class=\"wp-block-column is-layout-flow wp-block-column-is-layout-flow\">\n<figure class=\"wp-block-image size-full is-resized\"><img decoding=\"async\" width=\"150\" height=\"150\" src=\"https:\/\/riberasalud.com\/ribera-estetica\/wp-content\/uploads\/2022\/09\/ribera_iconos_Estetica-08.png\" alt=\"resultados\" class=\"wp-image-421\" style=\"width:60px;height:60px\"\/><\/figure>\n\n\n\n<p>Resultados inmediatos tras la primera sesi\u00f3n<\/p>\n<\/div>\n<\/div>\n<\/div><\/div>\n\n\n\n<div class=\"wp-block-group anclas\"><div class=\"wp-block-group__inner-container is-layout-flow wp-block-group-is-layout-flow\">\n<div class=\"wp-block-columns is-layout-flex wp-container-core-columns-is-layout-9d6595d7 wp-block-columns-is-layout-flex\">\n<div class=\"wp-block-column is-layout-flow wp-block-column-is-layout-flow\">\n<p><a href=\"#que\">\u00bfQu\u00e9 debes saber?<\/a><\/p>\n<\/div>\n\n\n\n<div class=\"wp-block-column is-layout-flow wp-block-column-is-layout-flow\">\n<p><a href=\"#como\">\u00bfC\u00f3mo se realiza?<\/a><\/p>\n<\/div>\n\n\n\n<div class=\"wp-block-column onlydesktop onlymobile is-layout-flow wp-block-column-is-layout-flow\">\n<p><a href=\"#queofrece\">\u00bfQu\u00e9 te ofrecemos?<\/a><\/p>\n<\/div>\n\n\n\n<div class=\"wp-block-column is-layout-flow wp-block-column-is-layout-flow\">\n<p><a href=\"#faq\">Preguntas frecuentes<\/a><\/p>\n<\/div>\n\n\n\n<div class=\"wp-block-column is-layout-flow wp-block-column-is-layout-flow\">\n<p><a href=\"#otros\">Tratamientos relacionados<\/a><\/p>\n<\/div>\n<\/div>\n<\/div><\/div>\n\n\n\n<div class=\"wp-block-group modulopreguntas\"><div class=\"wp-block-group__inner-container is-layout-flow wp-block-group-is-layout-flow\">\n<h2 class=\"wp-block-heading\" id=\"que\">\u00bfQu\u00e9 debes saber?<\/h2>\n\n\n\n<div class=\"wp-block-columns columnanomargin is-layout-flex wp-container-core-columns-is-layout-9d6595d7 wp-block-columns-is-layout-flex\">\n<div class=\"wp-block-column is-layout-flow wp-block-column-is-layout-flow\" style=\"flex-basis:30%\">\n<p class=\"t1 titulos\"><strong><strong>\u00bfQu\u00e9 es la IPL- Luz Pulsada Intensa y para qu\u00e9 sirve?<\/strong><\/strong><\/p>\n<\/div>\n\n\n\n<div class=\"wp-block-column p1columna is-layout-flow wp-block-column-is-layout-flow\">\n<p class=\"p1 parrafos\">La Luz Pulsada Intensa (IPL) es un <strong>tratamiento avanzado de fototerapia que mejora la calidad de la piel, reduciendo manchas solares, rojeces, peque\u00f1as venitas y signos del envejecimiento.<\/strong> Mediante pulsos de luz controlados, se estimula la regeneraci\u00f3n celular y la producci\u00f3n de col\u00e1geno, logrando un rostro m\u00e1s uniforme, rejuvenecido y luminoso.<br><br>La IPL es una soluci\u00f3n eficaz para:<br>\u2022 Manchas solares y lentigos.<br>\u2022 Rojeces, cuperosis y ros\u00e1cea.<br>\u2022 Piel apagada o con textura irregular.<br>\u2022 Signos de envejecimiento como arrugas finas y flacidez.<br>\u2022 Depilaci\u00f3n progresiva en determinadas zonas.<\/p>\n<\/div>\n<\/div>\n\n\n\n<div class=\"wp-block-columns columnanomargin is-layout-flex wp-container-core-columns-is-layout-9d6595d7 wp-block-columns-is-layout-flex\">\n<div class=\"wp-block-column is-layout-flow wp-block-column-is-layout-flow\" style=\"flex-basis:30%\">\n<p class=\"t2 titulos\"><strong><strong>\u00bfEn qu\u00e9 zonas se puede aplicar la IPL?<\/strong><\/strong><\/p>\n<\/div>\n\n\n\n<div class=\"wp-block-column p2columna is-layout-flow wp-block-column-is-layout-flow\">\n<p class=\"p2 parrafos\">La IPL es un tratamiento vers\u00e1til que puede aplicarse en distintas zonas del cuerpo y el rostro. Las m\u00e1s habituales son:<br>\u2022 <strong>Rostro: <\/strong>para tratar manchas, rojeces, poros dilatados y signos de envejecimiento.<br>\u2022 <strong>Cuello y escote: <\/strong>ideal para unificar el tono y mejorar la textura de la piel.<br>\u2022 <strong>Manos:<\/strong> ayuda a reducir manchas solares y signos de la edad.<br>\u2022 <strong>Piernas:<\/strong> para tratar manchas, peque\u00f1as venitas y enrojecimientos.<br>\u2022 <strong>Axilas, ingles y espalda:<\/strong> utilizada tambi\u00e9n como m\u00e9todo de depilaci\u00f3n progresiva.<\/p>\n<\/div>\n<\/div>\n\n\n\n<div class=\"wp-block-columns columnanomargin is-layout-flex wp-container-core-columns-is-layout-9d6595d7 wp-block-columns-is-layout-flex\">\n<div class=\"wp-block-column is-layout-flow wp-block-column-is-layout-flow\" style=\"flex-basis:30%\">\n<p class=\"t3 titulos\"><strong><strong>Beneficios del tratamiento con IPL<\/strong><\/strong><\/p>\n<\/div>\n\n\n\n<div class=\"wp-block-column p3columna is-layout-flow wp-block-column-is-layout-flow\">\n<p class=\"p3 parrafos\">\u2022<strong> Unifica el tono de la piel,<\/strong> reduciendo manchas y rojeces.<br>\u2022 <strong>Activa el col\u00e1geno y la elastina,<\/strong> mejorando la firmeza y luminosidad.<br>\u2022<strong> Afina la textura cut\u00e1nea,<\/strong> dejando la piel m\u00e1s suave y revitalizada.<br>\u2022<strong> Minimiza los poros dilatados<\/strong> y reduce la secreci\u00f3n seb\u00e1cea.<br><strong>\u2022 Tratamiento no invasivo y sin tiempo de recuperaci\u00f3n.<\/strong><\/p>\n<\/div>\n<\/div>\n\n\n\n<div class=\"wp-block-columns columnanomargin is-layout-flex wp-container-core-columns-is-layout-9d6595d7 wp-block-columns-is-layout-flex\">\n<div class=\"wp-block-column is-layout-flow wp-block-column-is-layout-flow\" style=\"flex-basis:30%\">\n<p class=\"t4 titulos\"><strong><strong>\u00bfPara qui\u00e9n est\u00e1 indicado?<\/strong><\/strong><\/p>\n<\/div>\n\n\n\n<div class=\"wp-block-column p4columna is-layout-flow wp-block-column-is-layout-flow\">\n<p class=\"p4 parrafos\">El tratamiento con IPL es ideal para personas que desean mejorar la calidad de su piel sin recurrir a procedimientos invasivos. Est\u00e1 indicado para hombres y mujeres con signos de envejecimiento, manchas, rojeces o piel apagada.<br><br>No est\u00e1 recomendado en casos de piel muy bronceada, embarazo, lactancia o ciertos tratamientos m\u00e9dicos fotosensibilizantes.<\/p>\n<\/div>\n<\/div>\n\n\n\n<div class=\"wp-block-columns columnanomargin is-layout-flex wp-container-core-columns-is-layout-9d6595d7 wp-block-columns-is-layout-flex\">\n<div class=\"wp-block-column is-layout-flow wp-block-column-is-layout-flow\" style=\"flex-basis:30%\">\n<p class=\"t5 titulos\"><strong><strong>Precio y financiaci\u00f3n<\/strong><\/strong><\/p>\n<\/div>\n\n\n\n<div class=\"wp-block-column p4columna is-layout-flow wp-block-column-is-layout-flow\">\n<p class=\"p5 parrafos\">El precio del tratamiento var\u00eda seg\u00fan la zona a tratar y el n\u00famero de sesiones necesarias. Consulta con nuestro equipo para recibir un diagn\u00f3stico personalizado y opciones de financiaci\u00f3n. En&nbsp;<strong>Ribera Est\u00e9tica<\/strong>&nbsp;te ofrecemos la posibilidad de financiar al 100% todos los tratamientos m\u00e9dico est\u00e9ticos.<\/p>\n<\/div>\n<\/div>\n<\/div><\/div>\n\n\n\n<div class=\"wp-block-group modulocomo fondogris\"><div class=\"wp-block-group__inner-container is-layout-flow wp-block-group-is-layout-flow\">\n<h2 class=\"wp-block-heading\" id=\"como\">\u00bfC\u00f3mo se realiza?<\/h2>\n\n\n\n<div class=\"wp-block-group gruponomargin grupomodulosmobile\"><div class=\"wp-block-group__inner-container is-layout-flow wp-block-group-is-layout-flow\">\n<div class=\"wp-block-columns columnanomargin is-layout-flex wp-container-core-columns-is-layout-9d6595d7 wp-block-columns-is-layout-flex\">\n<div class=\"wp-block-column is-vertically-aligned-stretch first is-layout-flow wp-block-column-is-layout-flow\">\n<figure class=\"wp-block-image size-full fotomodulo\"><img decoding=\"async\" width=\"2560\" height=\"1705\" src=\"https:\/\/riberasalud.com\/ribera-estetica\/wp-content\/uploads\/2022\/09\/esteticista-aplica-gel-depilacion-laser-primer-plano-piernas-lisas-femeninas_213455-4680-scaled.jpg\" alt=\"esteticista aplica gel depilacion laser primer plano piernas lisas femeninas 213455 4680 scaled\" class=\"wp-image-352\" srcset=\"https:\/\/riberasalud.com\/ribera-estetica\/wp-content\/uploads\/2022\/09\/esteticista-aplica-gel-depilacion-laser-primer-plano-piernas-lisas-femeninas_213455-4680-scaled.jpg 2560w, https:\/\/riberasalud.com\/ribera-estetica\/wp-content\/uploads\/2022\/09\/esteticista-aplica-gel-depilacion-laser-primer-plano-piernas-lisas-femeninas_213455-4680-300x200.jpg 300w, https:\/\/riberasalud.com\/ribera-estetica\/wp-content\/uploads\/2022\/09\/esteticista-aplica-gel-depilacion-laser-primer-plano-piernas-lisas-femeninas_213455-4680-1024x682.jpg 1024w, https:\/\/riberasalud.com\/ribera-estetica\/wp-content\/uploads\/2022\/09\/esteticista-aplica-gel-depilacion-laser-primer-plano-piernas-lisas-femeninas_213455-4680-768x512.jpg 768w, https:\/\/riberasalud.com\/ribera-estetica\/wp-content\/uploads\/2022\/09\/esteticista-aplica-gel-depilacion-laser-primer-plano-piernas-lisas-femeninas_213455-4680-1536x1023.jpg 1536w, https:\/\/riberasalud.com\/ribera-estetica\/wp-content\/uploads\/2022\/09\/esteticista-aplica-gel-depilacion-laser-primer-plano-piernas-lisas-femeninas_213455-4680-2048x1364.jpg 2048w\" sizes=\"(max-width: 2560px) 100vw, 2560px\" \/><\/figure>\n\n\n\n<div class=\"wp-block-group grupomodulo\"><div class=\"wp-block-group__inner-container is-layout-flow wp-block-group-is-layout-flow\">\n<h3 class=\"wp-block-heading\"><strong>Estudio previo<\/strong><\/h3>\n\n\n\n<p>Lo primero que haremos ser\u00e1 valorar tu caso de manera personalizada y estudiar tu piel para determinar los objetivos del tratamiento. Tras examinar la zona, el especialista definir\u00e1 la intensidad de la luz y los par\u00e1metros adecuados para tu tipo de piel y necesidades espec\u00edficas.<\/p>\n\n\n\n<div style=\"height:3.5em\" aria-hidden=\"true\" class=\"wp-block-spacer onlydesktop\"><\/div>\n<\/div><\/div>\n<\/div>\n\n\n\n<div class=\"wp-block-column first is-layout-flow wp-block-column-is-layout-flow\">\n<figure class=\"wp-block-image size-full fotomodulo\"><img decoding=\"async\" width=\"800\" height=\"533\" src=\"https:\/\/riberasalud.com\/ribera-estetica\/wp-content\/uploads\/2025\/04\/Tratamiento-IPL-Luz-Pulsada-Intensa.jpg\" alt=\"Tratamiento IPL Luz Pulsada Intensa\" class=\"wp-image-8216\" srcset=\"https:\/\/riberasalud.com\/ribera-estetica\/wp-content\/uploads\/2025\/04\/Tratamiento-IPL-Luz-Pulsada-Intensa.jpg 800w, https:\/\/riberasalud.com\/ribera-estetica\/wp-content\/uploads\/2025\/04\/Tratamiento-IPL-Luz-Pulsada-Intensa-300x200.jpg 300w, https:\/\/riberasalud.com\/ribera-estetica\/wp-content\/uploads\/2025\/04\/Tratamiento-IPL-Luz-Pulsada-Intensa-768x512.jpg 768w, https:\/\/riberasalud.com\/ribera-estetica\/wp-content\/uploads\/2025\/04\/Tratamiento-IPL-Luz-Pulsada-Intensa-560x373.jpg 560w\" sizes=\"(max-width: 800px) 100vw, 800px\" \/><\/figure>\n\n\n\n<div class=\"wp-block-group grupomodulo\"><div class=\"wp-block-group__inner-container is-layout-flow wp-block-group-is-layout-flow\">\n<h3 class=\"wp-block-heading\"><strong>Aplicaci\u00f3n del tratamiento<\/strong><\/h3>\n\n\n\n<p>El profesional limpiar\u00e1 y desinfectar\u00e1 la zona a tratar y aplicar\u00e1 un gel fr\u00edo para proteger la piel y mejorar la transmisi\u00f3n de la luz. A continuaci\u00f3n, se emitir\u00e1n pulsos de luz controlados sobre la piel, en sesiones que duran entre 20 y 40 minutos seg\u00fan la zona tratada. Durante el procedimiento, se puede sentir un leve calor o una ligera sensaci\u00f3n de chasquido en la piel.<\/p>\n\n\n\n<div style=\"height:1em\" aria-hidden=\"true\" class=\"wp-block-spacer onlydesktop\"><\/div>\n<\/div><\/div>\n<\/div>\n\n\n\n<div class=\"wp-block-column is-layout-flow wp-block-column-is-layout-flow\">\n<figure class=\"wp-block-image size-full fotomodulo\"><img decoding=\"async\" width=\"800\" height=\"533\" src=\"https:\/\/riberasalud.com\/ribera-estetica\/wp-content\/uploads\/2025\/04\/Resultados-IPL-Luz-Pulsada-Intensa-3.jpg\" alt=\"Resultados IPL Luz Pulsada Intensa\" class=\"wp-image-8253\" srcset=\"https:\/\/riberasalud.com\/ribera-estetica\/wp-content\/uploads\/2025\/04\/Resultados-IPL-Luz-Pulsada-Intensa-3.jpg 800w, https:\/\/riberasalud.com\/ribera-estetica\/wp-content\/uploads\/2025\/04\/Resultados-IPL-Luz-Pulsada-Intensa-3-300x200.jpg 300w, https:\/\/riberasalud.com\/ribera-estetica\/wp-content\/uploads\/2025\/04\/Resultados-IPL-Luz-Pulsada-Intensa-3-768x512.jpg 768w, https:\/\/riberasalud.com\/ribera-estetica\/wp-content\/uploads\/2025\/04\/Resultados-IPL-Luz-Pulsada-Intensa-3-560x373.jpg 560w\" sizes=\"(max-width: 800px) 100vw, 800px\" \/><\/figure>\n\n\n\n<div class=\"wp-block-group grupomodulo\"><div class=\"wp-block-group__inner-container is-layout-flow wp-block-group-is-layout-flow\">\n<h3 class=\"wp-block-heading\"><strong>Resultados<\/strong><\/h3>\n\n\n\n<p>Los efectos del IPL son progresivos. Tras la sesi\u00f3n, la piel puede presentar un leve enrojecimiento que desaparecer\u00e1 en pocas horas. En los d\u00edas siguientes, las manchas tratadas pueden oscurecerse antes de eliminarse de forma natural. Para potenciar los resultados, se recomienda seguir las indicaciones del especialista y proteger la piel con un fotoprotector SPF 50.<\/p>\n<\/div><\/div>\n<\/div>\n<\/div>\n<\/div><\/div>\n<\/div><\/div>\n\n\n\n<div class=\"wp-block-group\"><div class=\"wp-block-group__inner-container is-layout-flow wp-block-group-is-layout-flow\">\n<h2 class=\"wp-block-heading onlydesktop onlymobile\" id=\"queofrece\">\u00bfQu\u00e9 te ofrecemos?<\/h2>\n\n\n\n<div class=\"wp-block-columns onlydesktop onlymobile is-layout-flex wp-container-core-columns-is-layout-9d6595d7 wp-block-columns-is-layout-flex\">\n<div class=\"wp-block-column is-layout-flow wp-block-column-is-layout-flow\"><div class=\"wp-block-image\">\n<figure class=\"aligncenter size-full is-resized\"><img decoding=\"async\" width=\"150\" height=\"150\" src=\"https:\/\/riberasalud.com\/ribera-estetica\/wp-content\/uploads\/2022\/09\/iconos-blefaroplastia-02.png\" alt=\"valoraci\u00f3n\" class=\"wp-image-438\" style=\"width:60px;height:60px\"\/><\/figure>\n<\/div>\n\n\n<p class=\"has-text-align-center\"><strong><strong><strong>Valoraci\u00f3n est\u00e9tica previa gratuita<\/strong><\/strong><\/strong><\/p>\n<\/div>\n\n\n\n<div class=\"wp-block-column is-layout-flow wp-block-column-is-layout-flow\"><div class=\"wp-block-image\">\n<figure class=\"aligncenter size-full is-resized\"><img decoding=\"async\" width=\"150\" height=\"150\" src=\"https:\/\/riberasalud.com\/ribera-estetica\/wp-content\/uploads\/2022\/09\/iconos-blefaroplastia-06.png\" alt=\"calendario\" class=\"wp-image-443\" style=\"width:60px;height:60px\"\/><\/figure>\n<\/div>\n\n\n<p class=\"has-text-align-center\"><strong><strong>Tratamiento individualizado de entre 5 y 12 sesiones<\/strong><\/strong><\/p>\n<\/div>\n\n\n\n<div class=\"wp-block-column is-layout-flow wp-block-column-is-layout-flow\"><div class=\"wp-block-image\">\n<figure class=\"aligncenter size-full is-resized\"><img decoding=\"async\" width=\"150\" height=\"150\" src=\"https:\/\/riberasalud.com\/ribera-estetica\/wp-content\/uploads\/2022\/09\/iconos-blefaroplastia-04.png\" alt=\"reloj\" class=\"wp-image-441\" style=\"width:60px;height:60px\"\/><\/figure>\n<\/div>\n\n\n<p class=\"has-text-align-center\"><strong><strong><strong>Sesiones breves de m\u00e1ximo 40 minutos<\/strong><\/strong><\/strong><\/p>\n<\/div>\n\n\n\n<div class=\"wp-block-column is-layout-flow wp-block-column-is-layout-flow\"><div class=\"wp-block-image\">\n<figure class=\"aligncenter size-full is-resized\"><img decoding=\"async\" width=\"150\" height=\"150\" src=\"https:\/\/riberasalud.com\/ribera-estetica\/wp-content\/uploads\/2022\/09\/iconos-blefaroplastia-05.png\" alt=\"anestesia\" class=\"wp-image-442\" style=\"width:60px;height:60px\"\/><\/figure>\n<\/div>\n\n\n<p class=\"has-text-align-center\"><strong><strong><strong>T\u00e9cnica completamente indolora sin necesidad de anestesia<\/strong><\/strong><\/strong><\/p>\n<\/div>\n<\/div>\n\n\n\n<h2 class=\"wp-block-heading\" id=\"faq\">Preguntas frecuentes<\/h2>\n\n\n\n<div class=\"bloqueacordeon\">\n<div class=\"accordion\" style=\"width:100%\"><span class=\"tituloaccordion\">\u00bfCu\u00e1ntas sesiones de IPL necesito para ver resultados?\n<\/span><span class=\"plus\">+<\/span><\/div>\n<div class=\"panel\" style=\"display:none\">\n  <p>El n\u00famero de sesiones var\u00eda seg\u00fan el problema a tratar y el tipo de piel, pero en general, se recomiendan entre 3 y 6 sesiones para obtener resultados \u00f3ptimos. Desde la primera aplicaci\u00f3n se pueden notar mejoras en la luminosidad y textura de la piel, pero la reducci\u00f3n de manchas y rojeces es progresiva.\n<\/p>\n<\/div>\n<div class=\"accordion\" style=\"width:100%\"><span class=\"tituloaccordion\">\u00bfSe puede combinar la IPL con otros tratamientos est\u00e9ticos?\n<\/span><span class=\"plus\">+<\/span><\/div>\n<div class=\"panel\" style=\"display:none\">\n  <p>S\u00ed, la IPL se puede combinar con otros tratamientos de rejuvenecimiento facial como \u00e1cido hialur\u00f3nico, neuromoduladores, peelings qu\u00edmicos o radiofrecuencia para potenciar los resultados. Es recomendable consultar con un especialista para dise\u00f1ar un plan personalizado seg\u00fan las necesidades de la piel.\n<\/p>\n<\/div>\n<div class=\"accordion\" style=\"width:100%\"><span class=\"tituloaccordion\">\u00bfPuedo hacerme IPL en verano o si tengo la piel bronceada?\n<\/span><span class=\"plus\">+<\/span><\/div>\n<div class=\"panel\" style=\"display:none\">\n  <p>No es recomendable realizar sesiones de IPL si la piel est\u00e1 bronceada o recientemente expuesta al sol, ya que esto puede aumentar el riesgo de irritaci\u00f3n o hiperpigmentaci\u00f3n. Si se desea realizar el tratamiento en verano, es fundamental evitar la exposici\u00f3n solar antes y despu\u00e9s y utilizar protector solar de alta protecci\u00f3n (SPF 50).\n<\/p>\n<\/div>\n<div class=\"accordion\" style=\"width:100%\"><span class=\"tituloaccordion\">\u00bfCu\u00e1nto dura el efecto de la IPL?\n<\/span><span class=\"plus\">+<\/span><\/div>\n<div class=\"panel\" style=\"display:none\">\n  <p>Los resultados de la IPL-Luz Pulsada Intensa pueden durar meses o incluso a\u00f1os, dependiendo del cuidado de la piel y la exposici\u00f3n solar. Para mantener los efectos a largo plazo, se recomienda seguir una rutina de cuidado facial adecuada y realizar sesiones de mantenimiento una o dos veces al a\u00f1o.\n<\/p>\n<\/div>\n<div class=\"accordion\" style=\"width:100%\"><span class=\"tituloaccordion\">\u00bfPuedo maquillarme despu\u00e9s de una sesi\u00f3n de IPL?\n<\/span><span class=\"plus\">+<\/span><\/div>\n<div class=\"panel\" style=\"display:none\">\n  <p>Se recomienda esperar al menos 24 horas antes de aplicar maquillaje para permitir que la piel respire y se recupere adecuadamente. Si hay enrojecimiento leve, se puede aplicar una crema calmante recomendada por el especialista.\n<\/p>\n<\/div>\n<div class=\"accordion\" style=\"width:100%\"><span class=\"tituloaccordion\">\u00bfLa IPL solo se aplica en el rostro?\n<\/span><span class=\"plus\">+<\/span><\/div>\n<div class=\"panel\" style=\"display:none\">\n  <p>No, la IPL tambi\u00e9n es efectiva en otras zonas del cuerpo como cuello, escote y manos, donde puede tratar manchas solares, signos de envejecimiento y mejorar la textura de la piel. Adem\u00e1s, se utiliza para la depilaci\u00f3n progresiva en piernas, axilas, ingles y espalda.\n<\/p>\n<\/div>\n<div class=\"accordion\" style=\"width:100%\"><span class=\"tituloaccordion\">\u00bfQu\u00e9 cuidados debo seguir despu\u00e9s del tratamiento?\n<\/span><span class=\"plus\">+<\/span><\/div>\n<div class=\"panel\" style=\"display:none\">\n  <p>Para maximizar los beneficios y evitar efectos secundarios, es importante:\n<ul>\n<li>Aplicar protector solar SPF 50 todos los d\u00edas.<\/li>\n<li>Evitar la exposici\u00f3n directa al sol y el uso de cabinas de bronceado.<\/li>\n<li>Hidratar bien la piel con cremas recomendadas por el especialista.<\/li>\n<li>No exfoliar ni usar productos irritantes durante al menos 48 horas.<\/li>\n<\/ul>\n<\/p>\n<\/div>\n<\/div>\n<script>\nvar acc = document.getElementsByClassName(\"accordion\");\nvar i;\nfor (i = 0; i < acc.length; i++) {\n  acc[i].addEventListener(\"click\", function() {\n    var panel = this.nextElementSibling;\n    if (panel.style.display === \"block\") {document.getElementsByClassName('active')[0].getElementsByClassName('plus')[0].innerHTML=\"+\" ;}\n    this.classList.toggle(\"active\");\n    if (panel.style.display === \"block\") {\n      panel.style.display = \"none\";\n    } else {\n      panel.style.display = \"block\";\ndocument.getElementsByClassName('active')[0].getElementsByClassName('plus')[0].innerHTML=\"-\" ;\n    }\n  });\n}\n<\/script>\n\n\n\n<div style=\"height:20px\" aria-hidden=\"true\" class=\"wp-block-spacer\"><\/div>\n\n\n\n<h2 class=\"wp-block-heading\" id=\"otros\">Otros tratamientos que pueden interesarte<\/h2>\n\n\n\n<div class=\"wp-block-group gruponomargin\"><div class=\"wp-block-group__inner-container is-layout-flow wp-block-group-is-layout-flow\">\n<div class=\"wp-block-columns columnanomargin is-layout-flex wp-container-core-columns-is-layout-9d6595d7 wp-block-columns-is-layout-flex\">\n<div class=\"wp-block-column first is-layout-flow wp-block-column-is-layout-flow\"><\/div>\n\n\n\n<div class=\"wp-block-column first is-layout-flow wp-block-column-is-layout-flow\">\n<figure class=\"wp-block-image size-full fotomodulo\"><img decoding=\"async\" width=\"800\" height=\"533\" src=\"https:\/\/riberasalud.com\/ribera-estetica\/wp-content\/uploads\/2022\/10\/wooman-removing-groin-hair-with-photoepilation-summer-concept.jpg\" alt=\"wooman removing groin hair with photoepilation summer concept\" class=\"wp-image-1315\" srcset=\"https:\/\/riberasalud.com\/ribera-estetica\/wp-content\/uploads\/2022\/10\/wooman-removing-groin-hair-with-photoepilation-summer-concept.jpg 800w, https:\/\/riberasalud.com\/ribera-estetica\/wp-content\/uploads\/2022\/10\/wooman-removing-groin-hair-with-photoepilation-summer-concept-300x200.jpg 300w, https:\/\/riberasalud.com\/ribera-estetica\/wp-content\/uploads\/2022\/10\/wooman-removing-groin-hair-with-photoepilation-summer-concept-768x512.jpg 768w\" sizes=\"(max-width: 800px) 100vw, 800px\" \/><\/figure>\n\n\n\n<div class=\"wp-block-group grupomodulo\"><div class=\"wp-block-group__inner-container is-layout-flow wp-block-group-is-layout-flow\">\n<h3 class=\"wp-block-heading\">Depilaci\u00f3n l\u00e1ser ingles<\/h3>\n\n\n\n<p class=\"sabermas\"><a href=\"https:\/\/riberasalud.com\/ribera-estetica\/depilacion-laser-ingles\/\">Saber m\u00e1s<\/a><\/p>\n<\/div><\/div>\n<\/div>\n\n\n\n<div class=\"wp-block-column is-layout-flow wp-block-column-is-layout-flow\">\n<figure class=\"wp-block-image size-full fotomodulo\"><img decoding=\"async\" width=\"800\" height=\"533\" src=\"https:\/\/riberasalud.com\/ribera-estetica\/wp-content\/uploads\/2022\/10\/happpy-young-woman-with-beautiful-female-body-in-white-underwear.jpg\" alt=\"\" class=\"wp-image-1300\" srcset=\"https:\/\/riberasalud.com\/ribera-estetica\/wp-content\/uploads\/2022\/10\/happpy-young-woman-with-beautiful-female-body-in-white-underwear.jpg 800w, https:\/\/riberasalud.com\/ribera-estetica\/wp-content\/uploads\/2022\/10\/happpy-young-woman-with-beautiful-female-body-in-white-underwear-300x200.jpg 300w, https:\/\/riberasalud.com\/ribera-estetica\/wp-content\/uploads\/2022\/10\/happpy-young-woman-with-beautiful-female-body-in-white-underwear-768x512.jpg 768w\" sizes=\"(max-width: 800px) 100vw, 800px\" \/><\/figure>\n\n\n\n<div class=\"wp-block-group grupomodulo\"><div class=\"wp-block-group__inner-container is-layout-flow wp-block-group-is-layout-flow\">\n<h3 class=\"wp-block-heading\">Depilaci\u00f3n l\u00e1ser axilas<\/h3>\n\n\n\n<p class=\"sabermas\"><a href=\"https:\/\/riberasalud.com\/ribera-estetica\/depilacion-laser-axilas\/\">Saber m\u00e1s<\/a><\/p>\n<\/div><\/div>\n<\/div>\n\n\n\n<div class=\"wp-block-column is-layout-flow wp-block-column-is-layout-flow\"><\/div>\n<\/div>\n<\/div><\/div>\n<\/div><\/div>\n","protected":false},"excerpt":{"rendered":"<p>IPL &#8211; Luz Pulsada Intensa Rejuvenece, unifica el tono y mejora la textura de tu piel Gracias a la tecnolog\u00eda de Luz Pulsada Intensa (IPL), es posible reducir manchas, rojeces y signos de envejecimiento, logrando una piel m\u00e1s luminosa, uniforme y revitalizada. Este tratamiento no invasivo estimula la regeneraci\u00f3n celular y la producci\u00f3n de col\u00e1geno &#8230; <a title=\"IPL &#8211; Luz Pulsada Intensa\" class=\"read-more\" href=\"https:\/\/riberasalud.com\/ribera-estetica\/ipl-luz-pulsada-intensa\/\" aria-label=\"Leer m\u00e1s sobre IPL &#8211; Luz Pulsada Intensa\">Leer m\u00e1s<\/a><\/p>\n","protected":false},"author":3,"featured_media":0,"parent":0,"menu_order":0,"comment_status":"closed","ping_status":"closed","template":"","meta":{"_mi_skip_tracking":false,"_glsr_average":0,"_glsr_ranking":0,"_glsr_reviews":0,"footnotes":""},"class_list":["post-8112","page","type-page","status-publish"],"yoast_head":"<!-- This site is optimized with the Yoast SEO plugin v27.4 - https:\/\/yoast.com\/product\/yoast-seo-wordpress\/ -->\n<title>IPL - Luz Pulsada Intensa - Ribera Est\u00e9tica<\/title>\n<meta name=\"description\" content=\"IPL - Luz Pulsada Intensa Rejuvenece, unifica el tono y mejora la textura de tu piel Gracias a la tecnolog\u00eda de Luz Pulsada Intensa (IPL), es posible\" \/>\n<meta name=\"robots\" content=\"index, follow, max-snippet:-1, max-image-preview:large, max-video-preview:-1\" \/>\n<link rel=\"canonical\" href=\"https:\/\/riberasalud.com\/ribera-estetica\/ipl-luz-pulsada-intensa\/\" \/>\n<meta property=\"og:locale\" content=\"es_ES\" \/>\n<meta property=\"og:type\" content=\"article\" \/>\n<meta property=\"og:title\" content=\"IPL - Luz Pulsada Intensa - Ribera Est\u00e9tica\" \/>\n<meta property=\"og:description\" content=\"IPL - Luz Pulsada Intensa Rejuvenece, unifica el tono y mejora la textura de tu piel Gracias a la tecnolog\u00eda de Luz Pulsada Intensa (IPL), es posible\" \/>\n<meta property=\"og:url\" content=\"https:\/\/riberasalud.com\/ribera-estetica\/ipl-luz-pulsada-intensa\/\" \/>\n<meta property=\"og:site_name\" content=\"Ribera Est\u00e9tica\" \/>\n<meta property=\"article:modified_time\" content=\"2025-09-08T14:21:52+00:00\" \/>\n<meta property=\"og:image\" content=\"https:\/\/riberasalud.com\/ribera-estetica\/wp-content\/uploads\/2022\/09\/ribera_iconos_Estetica_Mesa-de-trabajo-1.png\" \/>\n\t<meta property=\"og:image:width\" content=\"150\" \/>\n\t<meta property=\"og:image:height\" content=\"150\" \/>\n\t<meta property=\"og:image:type\" content=\"image\/png\" \/>\n<meta name=\"twitter:card\" content=\"summary_large_image\" \/>\n<meta name=\"twitter:label1\" content=\"Tiempo de lectura\" \/>\n\t<meta name=\"twitter:data1\" content=\"17 minutos\" \/>\n<script type=\"application\/ld+json\" class=\"yoast-schema-graph\">{\"@context\":\"https:\\\/\\\/schema.org\",\"@graph\":[{\"@type\":\"WebPage\",\"@id\":\"https:\\\/\\\/riberasalud.com\\\/ribera-estetica\\\/ipl-luz-pulsada-intensa\\\/\",\"url\":\"https:\\\/\\\/riberasalud.com\\\/ribera-estetica\\\/ipl-luz-pulsada-intensa\\\/\",\"name\":\"IPL - Luz Pulsada Intensa - Ribera Est\u00e9tica\",\"isPartOf\":{\"@id\":\"https:\\\/\\\/riberasalud.com\\\/ribera-estetica\\\/#website\"},\"primaryImageOfPage\":{\"@id\":\"https:\\\/\\\/riberasalud.com\\\/ribera-estetica\\\/ipl-luz-pulsada-intensa\\\/#primaryimage\"},\"image\":{\"@id\":\"https:\\\/\\\/riberasalud.com\\\/ribera-estetica\\\/ipl-luz-pulsada-intensa\\\/#primaryimage\"},\"thumbnailUrl\":\"https:\\\/\\\/riberasalud.com\\\/ribera-estetica\\\/wp-content\\\/uploads\\\/2022\\\/09\\\/ribera_iconos_Estetica_Mesa-de-trabajo-1.png\",\"datePublished\":\"2025-04-02T10:36:18+00:00\",\"dateModified\":\"2025-09-08T14:21:52+00:00\",\"description\":\"IPL - Luz Pulsada Intensa Rejuvenece, unifica el tono y mejora la textura de tu piel Gracias a la tecnolog\u00eda de Luz Pulsada Intensa (IPL), es posible\",\"breadcrumb\":{\"@id\":\"https:\\\/\\\/riberasalud.com\\\/ribera-estetica\\\/ipl-luz-pulsada-intensa\\\/#breadcrumb\"},\"inLanguage\":\"es\",\"potentialAction\":[{\"@type\":\"ReadAction\",\"target\":[\"https:\\\/\\\/riberasalud.com\\\/ribera-estetica\\\/ipl-luz-pulsada-intensa\\\/\"]}]},{\"@type\":\"ImageObject\",\"inLanguage\":\"es\",\"@id\":\"https:\\\/\\\/riberasalud.com\\\/ribera-estetica\\\/ipl-luz-pulsada-intensa\\\/#primaryimage\",\"url\":\"https:\\\/\\\/riberasalud.com\\\/ribera-estetica\\\/wp-content\\\/uploads\\\/2022\\\/09\\\/ribera_iconos_Estetica_Mesa-de-trabajo-1.png\",\"contentUrl\":\"https:\\\/\\\/riberasalud.com\\\/ribera-estetica\\\/wp-content\\\/uploads\\\/2022\\\/09\\\/ribera_iconos_Estetica_Mesa-de-trabajo-1.png\",\"width\":150,\"height\":150,\"caption\":\"ribera iconos Estetica Mesa de trabajo 1\"},{\"@type\":\"BreadcrumbList\",\"@id\":\"https:\\\/\\\/riberasalud.com\\\/ribera-estetica\\\/ipl-luz-pulsada-intensa\\\/#breadcrumb\",\"itemListElement\":[{\"@type\":\"ListItem\",\"position\":1,\"name\":\"Inicio\",\"item\":\"https:\\\/\\\/riberasalud.com\\\/ribera-estetica\\\/\"},{\"@type\":\"ListItem\",\"position\":2,\"name\":\"IPL &#8211; Luz Pulsada Intensa\"}]},{\"@type\":\"WebSite\",\"@id\":\"https:\\\/\\\/riberasalud.com\\\/ribera-estetica\\\/#website\",\"url\":\"https:\\\/\\\/riberasalud.com\\\/ribera-estetica\\\/\",\"name\":\"Ribera Est\u00e9tica\",\"description\":\"\",\"publisher\":{\"@id\":\"https:\\\/\\\/riberasalud.com\\\/ribera-estetica\\\/#organization\"},\"potentialAction\":[{\"@type\":\"SearchAction\",\"target\":{\"@type\":\"EntryPoint\",\"urlTemplate\":\"https:\\\/\\\/riberasalud.com\\\/ribera-estetica\\\/?s={search_term_string}\"},\"query-input\":{\"@type\":\"PropertyValueSpecification\",\"valueRequired\":true,\"valueName\":\"search_term_string\"}}],\"inLanguage\":\"es\"},{\"@type\":\"Organization\",\"@id\":\"https:\\\/\\\/riberasalud.com\\\/ribera-estetica\\\/#organization\",\"name\":\"Ribera Est\u00e9tica\",\"url\":\"https:\\\/\\\/riberasalud.com\\\/ribera-estetica\\\/\",\"logo\":{\"@type\":\"ImageObject\",\"inLanguage\":\"es\",\"@id\":\"https:\\\/\\\/riberasalud.com\\\/ribera-estetica\\\/#\\\/schema\\\/logo\\\/image\\\/\",\"url\":\"https:\\\/\\\/riberasalud.com\\\/ribera-estetica\\\/wp-content\\\/uploads\\\/2022\\\/07\\\/cropped-cropped-cropped-Logo-Red-Estetica.png\",\"contentUrl\":\"https:\\\/\\\/riberasalud.com\\\/ribera-estetica\\\/wp-content\\\/uploads\\\/2022\\\/07\\\/cropped-cropped-cropped-Logo-Red-Estetica.png\",\"width\":8872,\"height\":1976,\"caption\":\"Ribera Est\u00e9tica\"},\"image\":{\"@id\":\"https:\\\/\\\/riberasalud.com\\\/ribera-estetica\\\/#\\\/schema\\\/logo\\\/image\\\/\"}}]}<\/script>\n<!-- \/ Yoast SEO plugin. -->","yoast_head_json":{"title":"IPL - Luz Pulsada Intensa - Ribera Est\u00e9tica","description":"IPL - Luz Pulsada Intensa Rejuvenece, unifica el tono y mejora la textura de tu piel Gracias a la tecnolog\u00eda de Luz Pulsada Intensa (IPL), es posible","robots":{"index":"index","follow":"follow","max-snippet":"max-snippet:-1","max-image-preview":"max-image-preview:large","max-video-preview":"max-video-preview:-1"},"canonical":"https:\/\/riberasalud.com\/ribera-estetica\/ipl-luz-pulsada-intensa\/","og_locale":"es_ES","og_type":"article","og_title":"IPL - Luz Pulsada Intensa - Ribera Est\u00e9tica","og_description":"IPL - Luz Pulsada Intensa Rejuvenece, unifica el tono y mejora la textura de tu piel Gracias a la tecnolog\u00eda de Luz Pulsada Intensa (IPL), es posible","og_url":"https:\/\/riberasalud.com\/ribera-estetica\/ipl-luz-pulsada-intensa\/","og_site_name":"Ribera Est\u00e9tica","article_modified_time":"2025-09-08T14:21:52+00:00","og_image":[{"width":150,"height":150,"url":"https:\/\/riberasalud.com\/ribera-estetica\/wp-content\/uploads\/2022\/09\/ribera_iconos_Estetica_Mesa-de-trabajo-1.png","type":"image\/png"}],"twitter_card":"summary_large_image","twitter_misc":{"Tiempo de lectura":"17 minutos"},"schema":{"@context":"https:\/\/schema.org","@graph":[{"@type":"WebPage","@id":"https:\/\/riberasalud.com\/ribera-estetica\/ipl-luz-pulsada-intensa\/","url":"https:\/\/riberasalud.com\/ribera-estetica\/ipl-luz-pulsada-intensa\/","name":"IPL - Luz Pulsada Intensa - Ribera Est\u00e9tica","isPartOf":{"@id":"https:\/\/riberasalud.com\/ribera-estetica\/#website"},"primaryImageOfPage":{"@id":"https:\/\/riberasalud.com\/ribera-estetica\/ipl-luz-pulsada-intensa\/#primaryimage"},"image":{"@id":"https:\/\/riberasalud.com\/ribera-estetica\/ipl-luz-pulsada-intensa\/#primaryimage"},"thumbnailUrl":"https:\/\/riberasalud.com\/ribera-estetica\/wp-content\/uploads\/2022\/09\/ribera_iconos_Estetica_Mesa-de-trabajo-1.png","datePublished":"2025-04-02T10:36:18+00:00","dateModified":"2025-09-08T14:21:52+00:00","description":"IPL - Luz Pulsada Intensa Rejuvenece, unifica el tono y mejora la textura de tu piel Gracias a la tecnolog\u00eda de Luz Pulsada Intensa (IPL), es posible","breadcrumb":{"@id":"https:\/\/riberasalud.com\/ribera-estetica\/ipl-luz-pulsada-intensa\/#breadcrumb"},"inLanguage":"es","potentialAction":[{"@type":"ReadAction","target":["https:\/\/riberasalud.com\/ribera-estetica\/ipl-luz-pulsada-intensa\/"]}]},{"@type":"ImageObject","inLanguage":"es","@id":"https:\/\/riberasalud.com\/ribera-estetica\/ipl-luz-pulsada-intensa\/#primaryimage","url":"https:\/\/riberasalud.com\/ribera-estetica\/wp-content\/uploads\/2022\/09\/ribera_iconos_Estetica_Mesa-de-trabajo-1.png","contentUrl":"https:\/\/riberasalud.com\/ribera-estetica\/wp-content\/uploads\/2022\/09\/ribera_iconos_Estetica_Mesa-de-trabajo-1.png","width":150,"height":150,"caption":"ribera iconos Estetica Mesa de trabajo 1"},{"@type":"BreadcrumbList","@id":"https:\/\/riberasalud.com\/ribera-estetica\/ipl-luz-pulsada-intensa\/#breadcrumb","itemListElement":[{"@type":"ListItem","position":1,"name":"Inicio","item":"https:\/\/riberasalud.com\/ribera-estetica\/"},{"@type":"ListItem","position":2,"name":"IPL &#8211; Luz Pulsada Intensa"}]},{"@type":"WebSite","@id":"https:\/\/riberasalud.com\/ribera-estetica\/#website","url":"https:\/\/riberasalud.com\/ribera-estetica\/","name":"Ribera Est\u00e9tica","description":"","publisher":{"@id":"https:\/\/riberasalud.com\/ribera-estetica\/#organization"},"potentialAction":[{"@type":"SearchAction","target":{"@type":"EntryPoint","urlTemplate":"https:\/\/riberasalud.com\/ribera-estetica\/?s={search_term_string}"},"query-input":{"@type":"PropertyValueSpecification","valueRequired":true,"valueName":"search_term_string"}}],"inLanguage":"es"},{"@type":"Organization","@id":"https:\/\/riberasalud.com\/ribera-estetica\/#organization","name":"Ribera Est\u00e9tica","url":"https:\/\/riberasalud.com\/ribera-estetica\/","logo":{"@type":"ImageObject","inLanguage":"es","@id":"https:\/\/riberasalud.com\/ribera-estetica\/#\/schema\/logo\/image\/","url":"https:\/\/riberasalud.com\/ribera-estetica\/wp-content\/uploads\/2022\/07\/cropped-cropped-cropped-Logo-Red-Estetica.png","contentUrl":"https:\/\/riberasalud.com\/ribera-estetica\/wp-content\/uploads\/2022\/07\/cropped-cropped-cropped-Logo-Red-Estetica.png","width":8872,"height":1976,"caption":"Ribera Est\u00e9tica"},"image":{"@id":"https:\/\/riberasalud.com\/ribera-estetica\/#\/schema\/logo\/image\/"}}]}},"_links":{"self":[{"href":"https:\/\/riberasalud.com\/ribera-estetica\/wp-json\/wp\/v2\/pages\/8112","targetHints":{"allow":["GET"]}}],"collection":[{"href":"https:\/\/riberasalud.com\/ribera-estetica\/wp-json\/wp\/v2\/pages"}],"about":[{"href":"https:\/\/riberasalud.com\/ribera-estetica\/wp-json\/wp\/v2\/types\/page"}],"author":[{"embeddable":true,"href":"https:\/\/riberasalud.com\/ribera-estetica\/wp-json\/wp\/v2\/users\/3"}],"replies":[{"embeddable":true,"href":"https:\/\/riberasalud.com\/ribera-estetica\/wp-json\/wp\/v2\/comments?post=8112"}],"version-history":[{"count":33,"href":"https:\/\/riberasalud.com\/ribera-estetica\/wp-json\/wp\/v2\/pages\/8112\/revisions"}],"predecessor-version":[{"id":9714,"href":"https:\/\/riberasalud.com\/ribera-estetica\/wp-json\/wp\/v2\/pages\/8112\/revisions\/9714"}],"wp:attachment":[{"href":"https:\/\/riberasalud.com\/ribera-estetica\/wp-json\/wp\/v2\/media?parent=8112"}],"curies":[{"name":"wp","href":"https:\/\/api.w.org\/{rel}","templated":true}]}}