{"id":6463,"date":"2023-06-14T10:13:51","date_gmt":"2023-06-14T10:13:51","guid":{"rendered":"https:\/\/riberasalud.com\/ribera-estetica\/?page_id=6463"},"modified":"2025-09-08T14:24:37","modified_gmt":"2025-09-08T14:24:37","slug":"redensificacion","status":"publish","type":"page","link":"https:\/\/riberasalud.com\/ribera-estetica\/redensificacion\/","title":{"rendered":"Redensificaci\u00f3n"},"content":{"rendered":"\n<div class=\"wp-block-group slideredensificacion sliderdesktop\"><div class=\"wp-block-group__inner-container is-layout-flow wp-block-group-is-layout-flow\">\n<div class=\"wp-block-columns index10 is-layout-flex wp-container-core-columns-is-layout-9d6595d7 wp-block-columns-is-layout-flex\">\n<div class=\"wp-block-column is-vertically-aligned-center is-layout-flow wp-block-column-is-layout-flow\">\n<h1 class=\"wp-block-heading nomargin\">Redensificaci\u00f3n<\/h1>\n\n\n\n<p class=\"nomargin\"><strong><strong><strong>Recupera la firmeza y elasticidad de tu piel<\/strong><\/strong><\/strong><\/p>\n\n\n\n<p class=\"gruponomargin\">\u00bfSientes que tu piel ha perdido volumen y firmeza con el paso del<br>tiempo?<br>La redensificaci\u00f3n facial es la soluci\u00f3n perfecta para restaurar la<br>vitalidad y la juventud de tu rostro<\/p>\n<\/div>\n\n\n\n<div class=\"wp-block-column columnaformulario onlydesktop is-layout-flow wp-block-column-is-layout-flow\">\n<div class=\"wpcf7 no-js\" id=\"wpcf7-f5977-o1\" lang=\"es-ES\" dir=\"ltr\" data-wpcf7-id=\"5977\">\n<div class=\"screen-reader-response\"><p role=\"status\" aria-live=\"polite\" aria-atomic=\"true\"><\/p> <ul><\/ul><\/div>\n<form action=\"\/ribera-estetica\/wp-json\/wp\/v2\/pages\/6463#wpcf7-f5977-o1\" method=\"post\" class=\"wpcf7-form init\" aria-label=\"Formulario de contacto\" novalidate=\"novalidate\" data-status=\"init\">\n<fieldset class=\"hidden-fields-container\"><input type=\"hidden\" name=\"_wpcf7\" value=\"5977\" \/><input type=\"hidden\" name=\"_wpcf7_version\" value=\"6.1.5\" \/><input type=\"hidden\" name=\"_wpcf7_locale\" value=\"es_ES\" \/><input type=\"hidden\" name=\"_wpcf7_unit_tag\" value=\"wpcf7-f5977-o1\" \/><input type=\"hidden\" name=\"_wpcf7_container_post\" value=\"0\" \/><input type=\"hidden\" name=\"_wpcf7_posted_data_hash\" value=\"\" \/><input type=\"hidden\" name=\"_wpcf7cf_hidden_group_fields\" value=\"[]\" \/><input type=\"hidden\" name=\"_wpcf7cf_hidden_groups\" value=\"[]\" \/><input type=\"hidden\" name=\"_wpcf7cf_visible_groups\" value=\"[]\" \/><input type=\"hidden\" name=\"_wpcf7cf_repeaters\" value=\"[]\" \/><input type=\"hidden\" name=\"_wpcf7cf_steps\" value=\"{}\" \/><input type=\"hidden\" name=\"_wpcf7cf_options\" value=\"{&quot;form_id&quot;:5977,&quot;conditions&quot;:[{&quot;then_field&quot;:&quot;cpci&quot;,&quot;and_rules&quot;:[{&quot;if_field&quot;:&quot;tratamiento&quot;,&quot;operator&quot;:&quot;equals&quot;,&quot;if_value&quot;:&quot;Depilaci\\u00f3n&quot;}]},{&quot;then_field&quot;:&quot;cqpi&quot;,&quot;and_rules&quot;:[{&quot;if_field&quot;:&quot;tratamiento&quot;,&quot;operator&quot;:&quot;equals&quot;,&quot;if_value&quot;:&quot;Mesoterapia capilar con Dutasterida&quot;}]},{&quot;then_field&quot;:&quot;cqpi&quot;,&quot;and_rules&quot;:[{&quot;if_field&quot;:&quot;tratamiento&quot;,&quot;operator&quot;:&quot;equals&quot;,&quot;if_value&quot;:&quot;Bioestimulaci\\u00f3n capilar con plasma rico en plaquetas (PRP)&quot;}]},{&quot;then_field&quot;:&quot;cpi&quot;,&quot;and_rules&quot;:[{&quot;if_field&quot;:&quot;tratamiento&quot;,&quot;operator&quot;:&quot;equals&quot;,&quot;if_value&quot;:&quot;Injerto de cejas&quot;}]},{&quot;then_field&quot;:&quot;cpi&quot;,&quot;and_rules&quot;:[{&quot;if_field&quot;:&quot;tratamiento&quot;,&quot;operator&quot;:&quot;equals&quot;,&quot;if_value&quot;:&quot;Injerto de barba&quot;}]},{&quot;then_field&quot;:&quot;cqpi&quot;,&quot;and_rules&quot;:[{&quot;if_field&quot;:&quot;tratamiento&quot;,&quot;operator&quot;:&quot;equals&quot;,&quot;if_value&quot;:&quot;Trasplante capilar con la t\\u00e9cnica FUE&quot;}]},{&quot;then_field&quot;:&quot;cpi&quot;,&quot;and_rules&quot;:[{&quot;if_field&quot;:&quot;tratamiento&quot;,&quot;operator&quot;:&quot;equals&quot;,&quot;if_value&quot;:&quot;Trasplante capilar con la t\\u00e9cnica FUSS&quot;}]},{&quot;then_field&quot;:&quot;cmpci&quot;,&quot;and_rules&quot;:[{&quot;if_field&quot;:&quot;tratamiento&quot;,&quot;operator&quot;:&quot;equals&quot;,&quot;if_value&quot;:&quot;Anticelul\\u00edtico intensivo&quot;}]},{&quot;then_field&quot;:&quot;cmpci&quot;,&quot;and_rules&quot;:[{&quot;if_field&quot;:&quot;tratamiento&quot;,&quot;operator&quot;:&quot;equals&quot;,&quot;if_value&quot;:&quot;Intralipoterapia&quot;}]},{&quot;then_field&quot;:&quot;cmpci&quot;,&quot;and_rules&quot;:[{&quot;if_field&quot;:&quot;tratamiento&quot;,&quot;operator&quot;:&quot;equals&quot;,&quot;if_value&quot;:&quot;Tratamiento reafirmante de gl\\u00fateos&quot;}]},{&quot;then_field&quot;:&quot;cmpci&quot;,&quot;and_rules&quot;:[{&quot;if_field&quot;:&quot;tratamiento&quot;,&quot;operator&quot;:&quot;equals&quot;,&quot;if_value&quot;:&quot;Radiofrecuencia&quot;}]},{&quot;then_field&quot;:&quot;cmqpci&quot;,&quot;and_rules&quot;:[{&quot;if_field&quot;:&quot;tratamiento&quot;,&quot;operator&quot;:&quot;equals&quot;,&quot;if_value&quot;:&quot;Drenaje linf\\u00e1tico&quot;}]},{&quot;then_field&quot;:&quot;cmpci&quot;,&quot;and_rules&quot;:[{&quot;if_field&quot;:&quot;tratamiento&quot;,&quot;operator&quot;:&quot;equals&quot;,&quot;if_value&quot;:&quot;Presoterapia&quot;}]},{&quot;then_field&quot;:&quot;cmpci&quot;,&quot;and_rules&quot;:[{&quot;if_field&quot;:&quot;tratamiento&quot;,&quot;operator&quot;:&quot;equals&quot;,&quot;if_value&quot;:&quot;Liposucci\\u00f3n&quot;}]},{&quot;then_field&quot;:&quot;cmpci&quot;,&quot;and_rules&quot;:[{&quot;if_field&quot;:&quot;tratamiento&quot;,&quot;operator&quot;:&quot;equals&quot;,&quot;if_value&quot;:&quot;Aumento de pecho&quot;}]},{&quot;then_field&quot;:&quot;cmpci&quot;,&quot;and_rules&quot;:[{&quot;if_field&quot;:&quot;tratamiento&quot;,&quot;operator&quot;:&quot;equals&quot;,&quot;if_value&quot;:&quot;Reducci\\u00f3n de pecho&quot;}]},{&quot;then_field&quot;:&quot;cmpci&quot;,&quot;and_rules&quot;:[{&quot;if_field&quot;:&quot;tratamiento&quot;,&quot;operator&quot;:&quot;equals&quot;,&quot;if_value&quot;:&quot;Abdominoplastia&quot;}]},{&quot;then_field&quot;:&quot;cmpci&quot;,&quot;and_rules&quot;:[{&quot;if_field&quot;:&quot;tratamiento&quot;,&quot;operator&quot;:&quot;equals&quot;,&quot;if_value&quot;:&quot;Anticelul\\u00edtico reductor&quot;}]},{&quot;then_field&quot;:&quot;cmpci&quot;,&quot;and_rules&quot;:[{&quot;if_field&quot;:&quot;tratamiento&quot;,&quot;operator&quot;:&quot;equals&quot;,&quot;if_value&quot;:&quot;Otoplastia&quot;}]},{&quot;then_field&quot;:&quot;cmqpci&quot;,&quot;and_rules&quot;:[{&quot;if_field&quot;:&quot;tratamiento&quot;,&quot;operator&quot;:&quot;equals&quot;,&quot;if_value&quot;:&quot;Blefaroplastia&quot;}]},{&quot;then_field&quot;:&quot;cmpci&quot;,&quot;and_rules&quot;:[{&quot;if_field&quot;:&quot;tratamiento&quot;,&quot;operator&quot;:&quot;equals&quot;,&quot;if_value&quot;:&quot;Rinoplastia&quot;}]},{&quot;then_field&quot;:&quot;cmqpci&quot;,&quot;and_rules&quot;:[{&quot;if_field&quot;:&quot;tratamiento&quot;,&quot;operator&quot;:&quot;equals&quot;,&quot;if_value&quot;:&quot;Mesoterapia corporal&quot;}]},{&quot;then_field&quot;:&quot;cmqci&quot;,&quot;and_rules&quot;:[{&quot;if_field&quot;:&quot;tratamiento&quot;,&quot;operator&quot;:&quot;equals&quot;,&quot;if_value&quot;:&quot;Hilos tensores&quot;}]},{&quot;then_field&quot;:&quot;cmqpci&quot;,&quot;and_rules&quot;:[{&quot;if_field&quot;:&quot;tratamiento&quot;,&quot;operator&quot;:&quot;equals&quot;,&quot;if_value&quot;:&quot;Armonizaci\\u00f3n facial&quot;}]},{&quot;then_field&quot;:&quot;cmqpci&quot;,&quot;and_rules&quot;:[{&quot;if_field&quot;:&quot;tratamiento&quot;,&quot;operator&quot;:&quot;equals&quot;,&quot;if_value&quot;:&quot;Aumento de labios&quot;}]},{&quot;then_field&quot;:&quot;cmqpci&quot;,&quot;and_rules&quot;:[{&quot;if_field&quot;:&quot;tratamiento&quot;,&quot;operator&quot;:&quot;equals&quot;,&quot;if_value&quot;:&quot;Mesoterapia facial&quot;}]},{&quot;then_field&quot;:&quot;cmqpci&quot;,&quot;and_rules&quot;:[{&quot;if_field&quot;:&quot;tratamiento&quot;,&quot;operator&quot;:&quot;equals&quot;,&quot;if_value&quot;:&quot;BTX: eliminador de arrugas&quot;}]},{&quot;then_field&quot;:&quot;cmqpci&quot;,&quot;and_rules&quot;:[{&quot;if_field&quot;:&quot;tratamiento&quot;,&quot;operator&quot;:&quot;equals&quot;,&quot;if_value&quot;:&quot;Rellenos faciales&quot;}]},{&quot;then_field&quot;:&quot;cqi&quot;,&quot;and_rules&quot;:[{&quot;if_field&quot;:&quot;tratamiento&quot;,&quot;operator&quot;:&quot;equals&quot;,&quot;if_value&quot;:&quot;Peeling qu\\u00edmico&quot;}]},{&quot;then_field&quot;:&quot;cqpci&quot;,&quot;and_rules&quot;:[{&quot;if_field&quot;:&quot;tratamiento&quot;,&quot;operator&quot;:&quot;equals&quot;,&quot;if_value&quot;:&quot;Microneedling&quot;}]},{&quot;then_field&quot;:&quot;cqpi&quot;,&quot;and_rules&quot;:[{&quot;if_field&quot;:&quot;tratamiento&quot;,&quot;operator&quot;:&quot;equals&quot;,&quot;if_value&quot;:&quot;Rinomodelaci\\u00f3n&quot;}]},{&quot;then_field&quot;:&quot;cqpci&quot;,&quot;and_rules&quot;:[{&quot;if_field&quot;:&quot;tratamiento&quot;,&quot;operator&quot;:&quot;equals&quot;,&quot;if_value&quot;:&quot;Masculinizaci\\u00f3n facial&quot;}]},{&quot;then_field&quot;:&quot;cqci&quot;,&quot;and_rules&quot;:[{&quot;if_field&quot;:&quot;tratamiento&quot;,&quot;operator&quot;:&quot;equals&quot;,&quot;if_value&quot;:&quot;Hiperhidrosis&quot;}]},{&quot;then_field&quot;:&quot;cqci&quot;,&quot;and_rules&quot;:[{&quot;if_field&quot;:&quot;tratamiento&quot;,&quot;operator&quot;:&quot;equals&quot;,&quot;if_value&quot;:&quot;Remodelaci\\u00f3n de gl\\u00fateos&quot;}]},{&quot;then_field&quot;:&quot;cqpci&quot;,&quot;and_rules&quot;:[{&quot;if_field&quot;:&quot;tratamiento&quot;,&quot;operator&quot;:&quot;equals&quot;,&quot;if_value&quot;:&quot;Redensificaci\\u00f3n&quot;}]},{&quot;then_field&quot;:&quot;cqpci&quot;,&quot;and_rules&quot;:[{&quot;if_field&quot;:&quot;tratamiento&quot;,&quot;operator&quot;:&quot;equals&quot;,&quot;if_value&quot;:&quot;Relleno de ojeras&quot;}]},{&quot;then_field&quot;:&quot;cqci&quot;,&quot;and_rules&quot;:[{&quot;if_field&quot;:&quot;tratamiento&quot;,&quot;operator&quot;:&quot;equals&quot;,&quot;if_value&quot;:&quot;Maderoterapia facial&quot;}]},{&quot;then_field&quot;:&quot;cqpci&quot;,&quot;and_rules&quot;:[{&quot;if_field&quot;:&quot;tratamiento&quot;,&quot;operator&quot;:&quot;equals&quot;,&quot;if_value&quot;:&quot;Maderoterapia corporal&quot;}]},{&quot;then_field&quot;:&quot;cqci&quot;,&quot;and_rules&quot;:[{&quot;if_field&quot;:&quot;tratamiento&quot;,&quot;operator&quot;:&quot;equals&quot;,&quot;if_value&quot;:&quot;Masaje facial Kobido&quot;}]},{&quot;then_field&quot;:&quot;cqci&quot;,&quot;and_rules&quot;:[{&quot;if_field&quot;:&quot;tratamiento&quot;,&quot;operator&quot;:&quot;equals&quot;,&quot;if_value&quot;:&quot;Micropigmentaci\\u00f3n&quot;}]},{&quot;then_field&quot;:&quot;cqci&quot;,&quot;and_rules&quot;:[{&quot;if_field&quot;:&quot;tratamiento&quot;,&quot;operator&quot;:&quot;equals&quot;,&quot;if_value&quot;:&quot;Carboxiterapia&quot;}]},{&quot;then_field&quot;:&quot;cp&quot;,&quot;and_rules&quot;:[{&quot;if_field&quot;:&quot;tratamiento&quot;,&quot;operator&quot;:&quot;equals&quot;,&quot;if_value&quot;:&quot;Limpieza facial profunda&quot;}]},{&quot;then_field&quot;:&quot;cp&quot;,&quot;and_rules&quot;:[{&quot;if_field&quot;:&quot;tratamiento&quot;,&quot;operator&quot;:&quot;equals&quot;,&quot;if_value&quot;:&quot;Envolturas corporales&quot;}]},{&quot;then_field&quot;:&quot;cp&quot;,&quot;and_rules&quot;:[{&quot;if_field&quot;:&quot;tratamiento&quot;,&quot;operator&quot;:&quot;equals&quot;,&quot;if_value&quot;:&quot;L\\u00e1ser CO2 Fraccionado y Ablativo&quot;}]},{&quot;then_field&quot;:&quot;cp&quot;,&quot;and_rules&quot;:[{&quot;if_field&quot;:&quot;tratamiento&quot;,&quot;operator&quot;:&quot;equals&quot;,&quot;if_value&quot;:&quot;IPL \\u2013 Luz Pulsada Intensa&quot;}]},{&quot;then_field&quot;:&quot;cpc&quot;,&quot;and_rules&quot;:[{&quot;if_field&quot;:&quot;tratamiento&quot;,&quot;operator&quot;:&quot;equals&quot;,&quot;if_value&quot;:&quot;Exosomas capilares&quot;}]},{&quot;then_field&quot;:&quot;cpc&quot;,&quot;and_rules&quot;:[{&quot;if_field&quot;:&quot;tratamiento&quot;,&quot;operator&quot;:&quot;equals&quot;,&quot;if_value&quot;:&quot;Exosomas faciales&quot;}]},{&quot;then_field&quot;:&quot;cqpci&quot;,&quot;and_rules&quot;:[{&quot;if_field&quot;:&quot;tratamiento&quot;,&quot;operator&quot;:&quot;equals&quot;,&quot;if_value&quot;:&quot;Inductores de col\\u00e1geno&quot;}]},{&quot;then_field&quot;:&quot;cpc&quot;,&quot;and_rules&quot;:[{&quot;if_field&quot;:&quot;tratamiento&quot;,&quot;operator&quot;:&quot;equals&quot;,&quot;if_value&quot;:&quot;Radiofrecuencia facial&quot;}]},{&quot;then_field&quot;:&quot;cp&quot;,&quot;and_rules&quot;:[{&quot;if_field&quot;:&quot;tratamiento&quot;,&quot;operator&quot;:&quot;equals&quot;,&quot;if_value&quot;:&quot;Plasma Rico en Plaquetas (PRP)&quot;}]},{&quot;then_field&quot;:&quot;cp&quot;,&quot;and_rules&quot;:[{&quot;if_field&quot;:&quot;tratamiento&quot;,&quot;operator&quot;:&quot;equals&quot;,&quot;if_value&quot;:&quot;L\\u00e1ser vaginal CO2: rejuvenecimiento \\u00edntimo&quot;}]}],&quot;settings&quot;:{&quot;animation&quot;:&quot;yes&quot;,&quot;animation_intime&quot;:200,&quot;animation_outtime&quot;:200,&quot;conditions_ui&quot;:&quot;normal&quot;,&quot;notice_dismissed&quot;:false}}\" \/><input type=\"hidden\" name=\"_wpcf7_recaptcha_response\" value=\"\" \/>\n<\/fieldset>\n<h3 class=\"wp-block-heading has-text-align-center\">Pide tu cita GRATUITA\n<\/h3>\n<p class=\"has-text-align-center\">Te informamos sin compromiso\n<\/p>\n<p><span class=\"wpcf7-form-control-wrap\" data-name=\"nombre\"><input size=\"40\" maxlength=\"400\" class=\"wpcf7-form-control wpcf7-text wpcf7-validates-as-required\" aria-required=\"true\" aria-invalid=\"false\" placeholder=\"Nombre\" value=\"\" type=\"text\" name=\"nombre\" \/><\/span>\n<\/p>\n<p><span class=\"wpcf7-form-control-wrap\" data-name=\"email\"><input size=\"40\" maxlength=\"400\" class=\"wpcf7-form-control wpcf7-email wpcf7-validates-as-required wpcf7-text wpcf7-validates-as-email\" aria-required=\"true\" aria-invalid=\"false\" placeholder=\"Email\" value=\"\" type=\"email\" name=\"email\" \/><\/span>\n<\/p>\n<p><span class=\"wpcf7-form-control-wrap\" data-name=\"telefono\"><input size=\"40\" maxlength=\"400\" class=\"wpcf7-form-control wpcf7-tel wpcf7-validates-as-required wpcf7-text wpcf7-validates-as-tel\" aria-required=\"true\" aria-invalid=\"false\" placeholder=\"Tel\u00e9fono\" value=\"\" type=\"tel\" name=\"telefono\" \/><\/span>\n<\/p>\n<p><span class=\"wpcf7-form-control-wrap\" data-name=\"tratamiento\"><select class=\"wpcf7-form-control wpcf7-select wpcf7-validates-as-required\" aria-required=\"true\" aria-invalid=\"false\" name=\"tratamiento\"><option value=\"\">Tratamiento<\/option><option value=\"Abdominoplastia\">Abdominoplastia<\/option><option value=\"Anticelul\u00edtico intensivo\">Anticelul\u00edtico intensivo<\/option><option value=\"Anticelul\u00edtico reductor\">Anticelul\u00edtico reductor<\/option><option value=\"Armonizaci\u00f3n facial\">Armonizaci\u00f3n facial<\/option><option value=\"Aumento de labios\">Aumento de labios<\/option><option value=\"Aumento de pecho\">Aumento de pecho<\/option><option value=\"Bioestimulaci\u00f3n capilar\">Bioestimulaci\u00f3n capilar<\/option><option value=\"Blefaroplastia\">Blefaroplastia<\/option><option value=\"BTX: eliminador de arrugas\">BTX: eliminador de arrugas<\/option><option value=\"Carboxiterapia\">Carboxiterapia<\/option><option value=\"Depilaci\u00f3n\">Depilaci\u00f3n<\/option><option value=\"Drenaje linf\u00e1tico\">Drenaje linf\u00e1tico<\/option><option value=\"Envolturas corporales\">Envolturas corporales<\/option><option value=\"Exosomas capilares\">Exosomas capilares<\/option><option value=\"Exosomas faciales\">Exosomas faciales<\/option><option value=\"Hilos tensores\">Hilos tensores<\/option><option value=\"Hiperhidrosis\">Hiperhidrosis<\/option><option value=\"IPL \u2013 Luz Pulsada Intensa\">IPL \u2013 Luz Pulsada Intensa<\/option><option value=\"Inductores de col\u00e1geno\">Inductores de col\u00e1geno<\/option><option value=\"Injerto de barba\">Injerto de barba<\/option><option value=\"Injerto de cejas\">Injerto de cejas<\/option><option value=\"Intralipoterapia\">Intralipoterapia<\/option><option value=\"L\u00e1ser CO2 Fraccionado y Ablativo\">L\u00e1ser CO2 Fraccionado y Ablativo<\/option><option value=\"L\u00e1ser vaginal CO2: rejuvenecimiento \u00edntimo\">L\u00e1ser vaginal CO2: rejuvenecimiento \u00edntimo<\/option><option value=\"Limpieza facial profunda\">Limpieza facial profunda<\/option><option value=\"Liposucci\u00f3n\">Liposucci\u00f3n<\/option><option value=\"Maderoterapia corporal\">Maderoterapia corporal<\/option><option value=\"Maderoterapia facial\">Maderoterapia facial<\/option><option value=\"Masaje facial Kobido\">Masaje facial Kobido<\/option><option value=\"Masculinizaci\u00f3n facial\">Masculinizaci\u00f3n facial<\/option><option value=\"Mesoterapia capilar con Dutasterida\">Mesoterapia capilar con Dutasterida<\/option><option value=\"Mesoterapia corporal\">Mesoterapia corporal<\/option><option value=\"Mesoterapia facial\">Mesoterapia facial<\/option><option value=\"Microneedling\">Microneedling<\/option><option value=\"Micropigmentaci\u00f3n\">Micropigmentaci\u00f3n<\/option><option value=\"Otoplastia\">Otoplastia<\/option><option value=\"Peeling qu\u00edmico\">Peeling qu\u00edmico<\/option><option value=\"Presoterapia\">Presoterapia<\/option><option value=\"Radiofrecuencia corporal\">Radiofrecuencia corporal<\/option><option value=\"Radiofrecuencia facial\">Radiofrecuencia facial<\/option><option value=\"Redensificaci\u00f3n\">Redensificaci\u00f3n<\/option><option value=\"Reducci\u00f3n de pecho\">Reducci\u00f3n de pecho<\/option><option value=\"Relleno de ojeras\">Relleno de ojeras<\/option><option value=\"Rellenos faciales\">Rellenos faciales<\/option><option value=\"Remodelaci\u00f3n de gl\u00fateos\">Remodelaci\u00f3n de gl\u00fateos<\/option><option value=\"Rinomodelaci\u00f3n\">Rinomodelaci\u00f3n<\/option><option value=\"Rinoplastia\">Rinoplastia<\/option><option value=\"Trasplante capilar con la t\u00e9cnica FUE\">Trasplante capilar con la t\u00e9cnica FUE<\/option><option value=\"Trasplante capilar con la t\u00e9cnica FUSS\">Trasplante capilar con la t\u00e9cnica FUSS<\/option><option value=\"Tratamiento reafirmante de gl\u00fateos\">Tratamiento reafirmante de gl\u00fateos<\/option><\/select><\/span>\n<\/p>\n<div data-id=\"cmqpc\" data-orig_data_id=\"cmqpc\"  class=\"\" data-class=\"wpcf7cf_group\">\n\t<p><span class=\"wpcf7-form-control-wrap\" data-name=\"centro2\"><select class=\"wpcf7-form-control wpcf7-select wpcf7-validates-as-required\" aria-required=\"true\" aria-invalid=\"false\" name=\"centro2\"><option value=\"\">Centro<\/option><option value=\"Cl\u00ednica Polusa Santo Domingo\">Cl\u00ednica Polusa Santo Domingo<\/option><option value=\"Ribera Hospital de Molina\">Ribera Hospital de Molina<\/option><option value=\"Cl\u00ednica Ciudad Quesada\">Cl\u00ednica Ciudad Quesada<\/option><option value=\"Clinica Ribera Est\u00e9tica Cartagena\">Clinica Ribera Est\u00e9tica Cartagena<\/option><\/select><\/span>\n\t<\/p>\n<\/div>\n<div data-id=\"cmqp\" data-orig_data_id=\"cmqp\"  class=\"\" data-class=\"wpcf7cf_group\">\n\t<p><span class=\"wpcf7-form-control-wrap\" data-name=\"centro4\"><select class=\"wpcf7-form-control wpcf7-select wpcf7-validates-as-required\" aria-required=\"true\" aria-invalid=\"false\" name=\"centro4\"><option value=\"\">Centro<\/option><option value=\"Cl\u00ednica Polusa Santo Domingo\">Cl\u00ednica Polusa Santo Domingo<\/option><option value=\"Ribera Hospital de Molina\">Ribera Hospital de Molina<\/option><option value=\"Cl\u00ednica Ciudad Quesada\">Cl\u00ednica Ciudad Quesada<\/option><\/select><\/span>\n\t<\/p>\n<\/div>\n<div data-id=\"cmqc\" data-orig_data_id=\"cmqc\"  class=\"\" data-class=\"wpcf7cf_group\">\n\t<p><span class=\"wpcf7-form-control-wrap\" data-name=\"centro6\"><select class=\"wpcf7-form-control wpcf7-select wpcf7-validates-as-required\" aria-required=\"true\" aria-invalid=\"false\" name=\"centro6\"><option value=\"\">Centro<\/option><option value=\"Ribera Hospital de Molina\">Ribera Hospital de Molina<\/option><option value=\"Cl\u00ednica Ciudad Quesada\">Cl\u00ednica Ciudad Quesada<\/option><option value=\"Clinica Ribera Est\u00e9tica Cartagena\">Clinica Ribera Est\u00e9tica Cartagena<\/option><\/select><\/span>\n\t<\/p>\n<\/div>\n<div data-id=\"cmq\" data-orig_data_id=\"cmq\"  class=\"\" data-class=\"wpcf7cf_group\">\n\t<p><span class=\"wpcf7-form-control-wrap\" data-name=\"centro8\"><select class=\"wpcf7-form-control wpcf7-select wpcf7-validates-as-required\" aria-required=\"true\" aria-invalid=\"false\" name=\"centro8\"><option value=\"\">Centro<\/option><option value=\"Ribera Hospital de Molina\">Ribera Hospital de Molina<\/option><option value=\"Cl\u00ednica Ciudad Quesada\">Cl\u00ednica Ciudad Quesada<\/option><\/select><\/span>\n\t<\/p>\n<\/div>\n<div data-id=\"cpc\" data-orig_data_id=\"cpc\"  class=\"\" data-class=\"wpcf7cf_group\">\n\t<p><span class=\"wpcf7-form-control-wrap\" data-name=\"centro11\"><select class=\"wpcf7-form-control wpcf7-select wpcf7-validates-as-required\" aria-required=\"true\" aria-invalid=\"false\" name=\"centro11\"><option value=\"\">Centro<\/option><option value=\"Cl\u00ednica Polusa Santo Domingo\">Cl\u00ednica Polusa Santo Domingo<\/option><option value=\"Clinica Ribera Est\u00e9tica Cartagena\">Clinica Ribera Est\u00e9tica Cartagena<\/option><\/select><\/span>\n\t<\/p>\n<\/div>\n<div data-id=\"cp\" data-orig_data_id=\"cp\"  class=\"\" data-class=\"wpcf7cf_group\">\n\t<p><span class=\"wpcf7-form-control-wrap\" data-name=\"centro13\"><select class=\"wpcf7-form-control wpcf7-select wpcf7-validates-as-required\" aria-required=\"true\" aria-invalid=\"false\" name=\"centro13\"><option value=\"\">Centro<\/option><option value=\"Cl\u00ednica Polusa Santo Domingo\">Cl\u00ednica Polusa Santo Domingo<\/option><\/select><\/span>\n\t<\/p>\n<\/div>\n<div data-id=\"cqc\" data-orig_data_id=\"cqc\"  class=\"\" data-class=\"wpcf7cf_group\">\n\t<p><span class=\"wpcf7-form-control-wrap\" data-name=\"centro15\"><select class=\"wpcf7-form-control wpcf7-select wpcf7-validates-as-required\" aria-required=\"true\" aria-invalid=\"false\" name=\"centro15\"><option value=\"\">Centro<\/option><option value=\"Cl\u00ednica Ciudad Quesada\">Cl\u00ednica Ciudad Quesada<\/option><option value=\"Clinica Ribera Est\u00e9tica Cartagena\">Clinica Ribera Est\u00e9tica Cartagena<\/option><\/select><\/span>\n\t<\/p>\n<\/div>\n<div data-id=\"cq\" data-orig_data_id=\"cq\"  class=\"\" data-class=\"wpcf7cf_group\">\n\t<p><span class=\"wpcf7-form-control-wrap\" data-name=\"centro17\"><select class=\"wpcf7-form-control wpcf7-select wpcf7-validates-as-required\" aria-required=\"true\" aria-invalid=\"false\" name=\"centro17\"><option value=\"\">Centro<\/option><option value=\"Cl\u00ednica Ciudad Quesada\">Cl\u00ednica Ciudad Quesada<\/option><\/select><\/span>\n\t<\/p>\n<\/div>\n<div data-id=\"cmpc\" data-orig_data_id=\"cmpc\"  class=\"\" data-class=\"wpcf7cf_group\">\n\t<p><span class=\"wpcf7-form-control-wrap\" data-name=\"centro19\"><select class=\"wpcf7-form-control wpcf7-select wpcf7-validates-as-required\" aria-required=\"true\" aria-invalid=\"false\" name=\"centro19\"><option value=\"\">Centro<\/option><option value=\"Cl\u00ednica Polusa Santo Domingo\">Cl\u00ednica Polusa Santo Domingo<\/option><option value=\"Ribera Hospital de Molina\">Ribera Hospital de Molina<\/option><option value=\"Clinica Ribera Est\u00e9tica Cartagena\">Clinica Ribera Est\u00e9tica Cartagena<\/option><\/select><\/span>\n\t<\/p>\n<\/div>\n<div data-id=\"cmp\" data-orig_data_id=\"cmp\"  class=\"\" data-class=\"wpcf7cf_group\">\n\t<p><span class=\"wpcf7-form-control-wrap\" data-name=\"centro22\"><select class=\"wpcf7-form-control wpcf7-select wpcf7-validates-as-required\" aria-required=\"true\" aria-invalid=\"false\" name=\"centro22\"><option value=\"\">Centro<\/option><option value=\"Cl\u00ednica Polusa Santo Domingo\">Cl\u00ednica Polusa Santo Domingo<\/option><option value=\"Ribera Hospital de Molina\">Ribera Hospital de Molina<\/option><\/select><\/span>\n\t<\/p>\n<\/div>\n<div data-id=\"cqpc\" data-orig_data_id=\"cqpc\"  class=\"\" data-class=\"wpcf7cf_group\">\n\t<p><span class=\"wpcf7-form-control-wrap\" data-name=\"centro24\"><select class=\"wpcf7-form-control wpcf7-select wpcf7-validates-as-required\" aria-required=\"true\" aria-invalid=\"false\" name=\"centro24\"><option value=\"\">Centro<\/option><option value=\"Cl\u00ednica Ciudad Quesada\">Cl\u00ednica Ciudad Quesada<\/option><option value=\"Cl\u00ednica Polusa Santo Domingo\">Cl\u00ednica Polusa Santo Domingo<\/option><option value=\"Clinica Ribera Est\u00e9tica Cartagena\">Clinica Ribera Est\u00e9tica Cartagena<\/option><\/select><\/span>\n\t<\/p>\n<\/div>\n<div data-id=\"cqp\" data-orig_data_id=\"cqp\"  class=\"\" data-class=\"wpcf7cf_group\">\n\t<p><span class=\"wpcf7-form-control-wrap\" data-name=\"centro26\"><select class=\"wpcf7-form-control wpcf7-select wpcf7-validates-as-required\" aria-required=\"true\" aria-invalid=\"false\" name=\"centro26\"><option value=\"\">Centro<\/option><option value=\"Cl\u00ednica Ciudad Quesada\">Cl\u00ednica Ciudad Quesada<\/option><option value=\"Cl\u00ednica Polusa Santo Domingo\">Cl\u00ednica Polusa Santo Domingo<\/option><\/select><\/span>\n\t<\/p>\n<\/div>\n<div data-id=\"cmc\" data-orig_data_id=\"cmc\"  class=\"\" data-class=\"wpcf7cf_group\">\n\t<p><span class=\"wpcf7-form-control-wrap\" data-name=\"centro28\"><select class=\"wpcf7-form-control wpcf7-select wpcf7-validates-as-required\" aria-required=\"true\" aria-invalid=\"false\" name=\"centro28\"><option value=\"\">Centro<\/option><option value=\"Ribera Hospital de Molina\">Ribera Hospital de Molina<\/option><option value=\"Clinica Ribera Est\u00e9tica Cartagena\">Clinica Ribera Est\u00e9tica Cartagena<\/option><\/select><\/span>\n\t<\/p>\n<\/div>\n<div data-id=\"cm\" data-orig_data_id=\"cm\"  class=\"\" data-class=\"wpcf7cf_group\">\n\t<p><span class=\"wpcf7-form-control-wrap\" data-name=\"centro31\"><select class=\"wpcf7-form-control wpcf7-select wpcf7-validates-as-required\" aria-required=\"true\" aria-invalid=\"false\" name=\"centro31\"><option value=\"\">Centro<\/option><option value=\"Ribera Hospital de Molina\">Ribera Hospital de Molina<\/option><\/select><\/span>\n\t<\/p>\n<\/div>\n<div data-id=\"cmqpci\" data-orig_data_id=\"cmqpci\"  class=\"\" data-class=\"wpcf7cf_group\">\n\t<p><span class=\"wpcf7-form-control-wrap\" data-name=\"centro33\"><select class=\"wpcf7-form-control wpcf7-select wpcf7-validates-as-required\" aria-required=\"true\" aria-invalid=\"false\" name=\"centro33\"><option value=\"\">Centro<\/option><option value=\"Cl\u00ednica Polusa Santo Domingo\">Cl\u00ednica Polusa Santo Domingo<\/option><option value=\"Ribera Hospital de Molina\">Ribera Hospital de Molina<\/option><option value=\"Cl\u00ednica Ciudad Quesada\">Cl\u00ednica Ciudad Quesada<\/option><option value=\"Clinica Ribera Est\u00e9tica Cartagena\">Clinica Ribera Est\u00e9tica Cartagena<\/option><option value=\"Cl\u00ednica Ribera Mestalla\">Cl\u00ednica Ribera Mestalla<\/option><\/select><\/span>\n\t<\/p>\n<\/div>\n<div data-id=\"cmqpi\" data-orig_data_id=\"cmqpi\"  class=\"\" data-class=\"wpcf7cf_group\">\n\t<p><span class=\"wpcf7-form-control-wrap\" data-name=\"centro35\"><select class=\"wpcf7-form-control wpcf7-select wpcf7-validates-as-required\" aria-required=\"true\" aria-invalid=\"false\" name=\"centro35\"><option value=\"\">Centro<\/option><option value=\"Cl\u00ednica Polusa Santo Domingo\">Cl\u00ednica Polusa Santo Domingo<\/option><option value=\"Ribera Hospital de Molina\">Ribera Hospital de Molina<\/option><option value=\"Cl\u00ednica Ciudad Quesada\">Cl\u00ednica Ciudad Quesada<\/option><option value=\"Cl\u00ednica Ribera Mestalla\">Cl\u00ednica Ribera Mestalla<\/option><\/select><\/span>\n\t<\/p>\n<\/div>\n<div data-id=\"cmqci\" data-orig_data_id=\"cmqci\"  class=\"\" data-class=\"wpcf7cf_group\">\n\t<p><span class=\"wpcf7-form-control-wrap\" data-name=\"centro37\"><select class=\"wpcf7-form-control wpcf7-select wpcf7-validates-as-required\" aria-required=\"true\" aria-invalid=\"false\" name=\"centro37\"><option value=\"\">Centro<\/option><option value=\"Ribera Hospital de Molina\">Ribera Hospital de Molina<\/option><option value=\"Cl\u00ednica Ciudad Quesada\">Cl\u00ednica Ciudad Quesada<\/option><option value=\"Clinica Ribera Est\u00e9tica Cartagena\">Clinica Ribera Est\u00e9tica Cartagena<\/option><option value=\"Cl\u00ednica Ribera Mestalla\">Cl\u00ednica Ribera Mestalla<\/option><\/select><\/span>\n\t<\/p>\n<\/div>\n<div data-id=\"cmqi\" data-orig_data_id=\"cmqi\"  class=\"\" data-class=\"wpcf7cf_group\">\n\t<p><span class=\"wpcf7-form-control-wrap\" data-name=\"centro39\"><select class=\"wpcf7-form-control wpcf7-select wpcf7-validates-as-required\" aria-required=\"true\" aria-invalid=\"false\" name=\"centro39\"><option value=\"\">Centro<\/option><option value=\"Ribera Hospital de Molina\">Ribera Hospital de Molina<\/option><option value=\"Cl\u00ednica Ciudad Quesada\">Cl\u00ednica Ciudad Quesada<\/option><option value=\"Cl\u00ednica Ribera Mestalla\">Cl\u00ednica Ribera Mestalla<\/option><\/select><\/span>\n\t<\/p>\n<\/div>\n<div data-id=\"cpci\" data-orig_data_id=\"cpci\"  class=\"\" data-class=\"wpcf7cf_group\">\n\t<p><span class=\"wpcf7-form-control-wrap\" data-name=\"centro42\"><select class=\"wpcf7-form-control wpcf7-select wpcf7-validates-as-required\" aria-required=\"true\" aria-invalid=\"false\" name=\"centro42\"><option value=\"\">Centro<\/option><option value=\"Cl\u00ednica Polusa Santo Domingo\">Cl\u00ednica Polusa Santo Domingo<\/option><option value=\"Clinica Ribera Est\u00e9tica Cartagena\">Clinica Ribera Est\u00e9tica Cartagena<\/option><option value=\"Cl\u00ednica Ribera Mestalla\">Cl\u00ednica Ribera Mestalla<\/option><\/select><\/span>\n\t<\/p>\n<\/div>\n<div data-id=\"cpi\" data-orig_data_id=\"cpi\"  class=\"\" data-class=\"wpcf7cf_group\">\n\t<p><span class=\"wpcf7-form-control-wrap\" data-name=\"centro44\"><select class=\"wpcf7-form-control wpcf7-select wpcf7-validates-as-required\" aria-required=\"true\" aria-invalid=\"false\" name=\"centro44\"><option value=\"\">Centro<\/option><option value=\"Cl\u00ednica Polusa Santo Domingo\">Cl\u00ednica Polusa Santo Domingo<\/option><option value=\"Cl\u00ednica Ribera Mestalla\">Cl\u00ednica Ribera Mestalla<\/option><\/select><\/span>\n\t<\/p>\n<\/div>\n<div data-id=\"cqci\" data-orig_data_id=\"cqci\"  class=\"\" data-class=\"wpcf7cf_group\">\n\t<p><span class=\"wpcf7-form-control-wrap\" data-name=\"centro46\"><select class=\"wpcf7-form-control wpcf7-select wpcf7-validates-as-required\" aria-required=\"true\" aria-invalid=\"false\" name=\"centro46\"><option value=\"\">Centro<\/option><option value=\"Cl\u00ednica Ciudad Quesada\">Cl\u00ednica Ciudad Quesada<\/option><option value=\"Clinica Ribera Est\u00e9tica Cartagena\">Clinica Ribera Est\u00e9tica Cartagena<\/option><option value=\"Cl\u00ednica Ribera Mestalla\">Cl\u00ednica Ribera Mestalla<\/option><\/select><\/span>\n\t<\/p>\n<\/div>\n<div data-id=\"cqi\" data-orig_data_id=\"cqi\"  class=\"\" data-class=\"wpcf7cf_group\">\n\t<p><span class=\"wpcf7-form-control-wrap\" data-name=\"centro48\"><select class=\"wpcf7-form-control wpcf7-select wpcf7-validates-as-required\" aria-required=\"true\" aria-invalid=\"false\" name=\"centro48\"><option value=\"\">Centro<\/option><option value=\"Cl\u00ednica Ciudad Quesada\">Cl\u00ednica Ciudad Quesada<\/option><option value=\"Cl\u00ednica Ribera Mestalla\">Cl\u00ednica Ribera Mestalla<\/option><\/select><\/span>\n\t<\/p>\n<\/div>\n<div data-id=\"cmpci\" data-orig_data_id=\"cmpci\"  class=\"\" data-class=\"wpcf7cf_group\">\n\t<p><span class=\"wpcf7-form-control-wrap\" data-name=\"centro51\"><select class=\"wpcf7-form-control wpcf7-select wpcf7-validates-as-required\" aria-required=\"true\" aria-invalid=\"false\" name=\"centro51\"><option value=\"\">Centro<\/option><option value=\"Cl\u00ednica Polusa Santo Domingo\">Cl\u00ednica Polusa Santo Domingo<\/option><option value=\"Ribera Hospital de Molina\">Ribera Hospital de Molina<\/option><option value=\"Clinica Ribera Est\u00e9tica Cartagena\">Clinica Ribera Est\u00e9tica Cartagena<\/option><option value=\"Cl\u00ednica Ribera Mestalla\">Cl\u00ednica Ribera Mestalla<\/option><\/select><\/span>\n\t<\/p>\n<\/div>\n<div data-id=\"cmpi\" data-orig_data_id=\"cmpi\"  class=\"\" data-class=\"wpcf7cf_group\">\n\t<p><span class=\"wpcf7-form-control-wrap\" data-name=\"centro53\"><select class=\"wpcf7-form-control wpcf7-select wpcf7-validates-as-required\" aria-required=\"true\" aria-invalid=\"false\" name=\"centro53\"><option value=\"\">Centro<\/option><option value=\"Cl\u00ednica Polusa Santo Domingo\">Cl\u00ednica Polusa Santo Domingo<\/option><option value=\"Ribera Hospital de Molina\">Ribera Hospital de Molina<\/option><option value=\"Cl\u00ednica Ribera Mestalla\">Cl\u00ednica Ribera Mestalla<\/option><\/select><\/span>\n\t<\/p>\n<\/div>\n<div data-id=\"cqpci\" data-orig_data_id=\"cqpci\"  class=\"\" data-class=\"wpcf7cf_group\">\n\t<p><span class=\"wpcf7-form-control-wrap\" data-name=\"centro55\"><select class=\"wpcf7-form-control wpcf7-select wpcf7-validates-as-required\" aria-required=\"true\" aria-invalid=\"false\" name=\"centro55\"><option value=\"\">Centro<\/option><option value=\"Cl\u00ednica Ciudad Quesada\">Cl\u00ednica Ciudad Quesada<\/option><option value=\"Cl\u00ednica Polusa Santo Domingo\">Cl\u00ednica Polusa Santo Domingo<\/option><option value=\"Clinica Ribera Est\u00e9tica Cartagena\">Clinica Ribera Est\u00e9tica Cartagena<\/option><option value=\"Cl\u00ednica Ribera Mestalla\">Cl\u00ednica Ribera Mestalla<\/option><\/select><\/span>\n\t<\/p>\n<\/div>\n<div data-id=\"cqpi\" data-orig_data_id=\"cqpi\"  class=\"\" data-class=\"wpcf7cf_group\">\n\t<p><span class=\"wpcf7-form-control-wrap\" data-name=\"centro57\"><select class=\"wpcf7-form-control wpcf7-select wpcf7-validates-as-required\" aria-required=\"true\" aria-invalid=\"false\" name=\"centro57\"><option value=\"\">Centro<\/option><option value=\"Cl\u00ednica Ciudad Quesada\">Cl\u00ednica Ciudad Quesada<\/option><option value=\"Cl\u00ednica Polusa Santo Domingo\">Cl\u00ednica Polusa Santo Domingo<\/option><option value=\"Cl\u00ednica Ribera Mestalla\">Cl\u00ednica Ribera Mestalla<\/option><\/select><\/span>\n\t<\/p>\n<\/div>\n<div data-id=\"cmci\" data-orig_data_id=\"cmci\"  class=\"\" data-class=\"wpcf7cf_group\">\n\t<p><span class=\"wpcf7-form-control-wrap\" data-name=\"centro59\"><select class=\"wpcf7-form-control wpcf7-select wpcf7-validates-as-required\" aria-required=\"true\" aria-invalid=\"false\" name=\"centro59\"><option value=\"\">Centro<\/option><option value=\"Ribera Hospital de Molina\">Ribera Hospital de Molina<\/option><option value=\"Clinica Ribera Est\u00e9tica Cartagena\">Clinica Ribera Est\u00e9tica Cartagena<\/option><option value=\"Cl\u00ednica Ribera Mestalla\">Cl\u00ednica Ribera Mestalla<\/option><\/select><\/span>\n\t<\/p>\n<\/div>\n<div data-id=\"cmi\" data-orig_data_id=\"cmi\"  class=\"\" data-class=\"wpcf7cf_group\">\n\t<p><span class=\"wpcf7-form-control-wrap\" data-name=\"centro62\"><select class=\"wpcf7-form-control wpcf7-select wpcf7-validates-as-required\" aria-required=\"true\" aria-invalid=\"false\" name=\"centro62\"><option value=\"\">Centro<\/option><option value=\"Ribera Hospital de Molina\">Ribera Hospital de Molina<\/option><option value=\"Cl\u00ednica Ribera Mestalla\">Cl\u00ednica Ribera Mestalla<\/option><\/select><\/span>\n\t<\/p>\n<\/div>\n<p><span class=\"wpcf7-form-control-wrap\" data-name=\"acceptance-17\"><span class=\"wpcf7-form-control wpcf7-acceptance\"><span class=\"wpcf7-list-item\"><label><input type=\"checkbox\" name=\"acceptance-17\" value=\"1\" aria-invalid=\"false\" \/><span class=\"wpcf7-list-item-label\">He le\u00eddo y acepto la <a href=\"https:\/\/riberasalud.com\/ribera-estetica\/informacion-sobre-el-tratamiento-de-datos\">Pol\u00edtica de Privacidad<\/a><\/span><\/label><\/span><\/span><\/span>\n<\/p>\n<p><span class=\"wpcf7-form-control-wrap\" data-name=\"acceptance-18\"><span class=\"wpcf7-form-control wpcf7-acceptance optional\"><span class=\"wpcf7-list-item\"><label><input type=\"checkbox\" name=\"acceptance-18\" value=\"1\" aria-invalid=\"false\" \/><span class=\"wpcf7-list-item-label\">Acepto el env\u00edo de comunicaciones por RIBERA SALUD, S.A.U., con la finalidad de conocer las \u00faltimas novedades sobre salud.<\/span><\/label><\/span><\/span><\/span>\n<\/p>\n<input class=\"wpcf7-form-control wpcf7-hidden controlreferido\" value=\"\" type=\"hidden\" name=\"referer-page\" \/>\n<p><input class=\"wpcf7-form-control wpcf7-submit has-spinner\" type=\"submit\" value=\"Enviar\" \/>\n<\/p><div class=\"wpcf7-response-output\" aria-hidden=\"true\"><\/div>\n<\/form>\n<\/div>\n\n\n\n\n<script type=\"text\/javascript\">\n\n\n\n$( document ).ready(function() {\n    setTimeout(function() { \n\n$value=document.getElementsByClassName('nomargin wp-block-heading')[0].outerText;\nif($value.includes('Depilaci\u00f3n')){\n$('.wpcf7-form option[value=\"Depilaci\u00f3n\"]').prop('selected', true).change();\n}\nelse if($value.includes('rejuvenecimiento \u00edntimo')){\n$('.wpcf7-form option[value=\"L\u00e1ser vaginal CO2: rejuvenecimiento \u00edntimo\"]').prop('selected', true).change();\n}\n\n\nelse{\n\n$value=document.getElementsByClassName('nomargin wp-block-heading')[0].outerText;\n\nvar slides = $('*[data-name=\"tratamiento\"]');\nfor (var i = 0; i < slides.length; i++) {   slides.children(\"select\")[i].value=$value;\nconst e = new Event(\"change\");\nslides.children(\"select\")[i].dispatchEvent(e);\n\n}}},2000)})\n<\/script>\n<\/div>\n<\/div>\n<\/div><\/div>\n\n\n\n<div class=\"wp-block-group bannerllamada\"><div class=\"wp-block-group__inner-container is-layout-flow wp-block-group-is-layout-flow\">\n<div class=\"wp-block-columns is-layout-flex wp-container-core-columns-is-layout-9d6595d7 wp-block-columns-is-layout-flex\">\n<div class=\"wp-block-column is-layout-flow wp-block-column-is-layout-flow\">\n<p style=\"font-size:30px\">Descubre nuestras&nbsp;promociones y solicita tu diagn\u00f3stico gratuito<\/p>\n<\/div>\n\n\n\n<div class=\"wp-block-column is-vertically-aligned-center is-layout-flow wp-block-column-is-layout-flow\">\n<div class=\"abrir-promociones\"><p><a href=\"https:\/\/riberasalud.com\/ribera-estetica\/promociones\/\">Ver m\u00e1s<\/a><\/p><\/div>\n<\/div>\n<\/div>\n<\/div><\/div>\n\n\n\n<svg id=\"svg-filter\">\n<filter id=\"cherry-icecream\" x=\"-10%\" y=\"-10%\" width=\"120%\" height=\"120%\" filterUnits=\"objectBoundingBox\" primitiveUnits=\"userSpaceOnUse\" color-interpolation-filters=\"sRGB\">\n\t<feColorMatrix type=\"matrix\" values=\"1 0 0 0 0\n1 0 0 0 0\n1 0 0 0 0\n0 0 0 1 0\" in=\"SourceGraphic\" result=\"colormatrix\"><\/feColorMatrix>\n\t<feComponentTransfer in=\"colormatrix\" result=\"componentTransfer\">\n    \t\t<feFuncR type=\"table\" tableValues=\"0.84 0.76\"><\/feFuncR>\n\t\t<feFuncG type=\"table\" tableValues=\"0.06 0.04\"><\/feFuncG>\n\t\t<feFuncB type=\"table\" tableValues=\"0.16 0.15\"><\/feFuncB>\n\t\t<feFuncA type=\"table\" tableValues=\"0 0.3\"><\/feFuncA>\n  \t<\/feComponentTransfer>\n\t<feBlend mode=\"normal\" in=\"componentTransfer\" in2=\"SourceGraphic\" result=\"blend\"><\/feBlend>\n<\/filter>\n<filter id=\"white-icecream\" x=\"-10%\" y=\"-10%\" width=\"120%\" height=\"120%\" filterUnits=\"objectBoundingBox\" primitiveUnits=\"userSpaceOnUse\" color-interpolation-filters=\"sRGB\">\n\t<feColorMatrix type=\"matrix\" values=\"1 0 0 0 0\n1 0 0 0 0\n1 0 0 0 0\n0 0 0 1 0\" in=\"SourceGraphic\" result=\"colormatrix\"><\/feColorMatrix>\n\t<feComponentTransfer in=\"colormatrix\" result=\"componentTransfer\">\n    \t\t<feFuncR type=\"table\" tableValues=\"0.94 1\"><\/feFuncR>\n\t\t<feFuncG type=\"table\" tableValues=\"0.94 1\"><\/feFuncG>\n\t\t<feFuncB type=\"table\" tableValues=\"0.94 1\"><\/feFuncB>\n\t\t<feFuncA type=\"table\" tableValues=\"0 0.5\"><\/feFuncA>\n  \t<\/feComponentTransfer>\n\t<feBlend mode=\"normal\" in=\"componentTransfer\" in2=\"SourceGraphic\" result=\"blend\"><\/feBlend>\n<\/filter>\n<\/svg>\n\n\n\n<div class=\"wp-block-group iconosresumen hasbackgroundmio\"><div class=\"wp-block-group__inner-container is-layout-flow wp-block-group-is-layout-flow\">\n<div class=\"wp-block-columns is-layout-flex wp-container-core-columns-is-layout-9d6595d7 wp-block-columns-is-layout-flex\">\n<div class=\"wp-block-column is-layout-flow wp-block-column-is-layout-flow\">\n<figure class=\"wp-block-image size-full is-resized\"><img decoding=\"async\" width=\"150\" height=\"150\" src=\"https:\/\/riberasalud.com\/ribera-estetica\/wp-content\/uploads\/2022\/09\/ribera_iconos_Estetica_Mesa-de-trabajo-1.png\" alt=\"asesoramiento\" class=\"wp-image-413\" style=\"width:60px;height:60px\"\/><\/figure>\n\n\n\n<p>Asesoramiento y seguimiento durante todo un a\u00f1o<\/p>\n<\/div>\n\n\n\n<div class=\"wp-block-column is-layout-flow wp-block-column-is-layout-flow\">\n<figure class=\"wp-block-image size-full is-resized\"><img decoding=\"async\" width=\"150\" height=\"150\" src=\"https:\/\/riberasalud.com\/ribera-estetica\/wp-content\/uploads\/2022\/09\/ribera_iconos_Estetica-02.png\" alt=\"consulta\" class=\"wp-image-414\" style=\"width:60px;height:60px\"\/><\/figure>\n\n\n\n<p>Primera consulta de valoraci\u00f3n gratuita<\/p>\n<\/div>\n\n\n\n<div class=\"wp-block-column is-layout-flow wp-block-column-is-layout-flow\">\n<figure class=\"wp-block-image size-full is-resized\"><img decoding=\"async\" width=\"150\" height=\"150\" src=\"https:\/\/riberasalud.com\/ribera-estetica\/wp-content\/uploads\/2022\/09\/ribera_iconos_Estetica-03.png\" alt=\"garantia Ribera\" class=\"wp-image-415\" style=\"width:60px;height:60px\"\/><\/figure>\n\n\n\n<p>Garant\u00eda de calidad de los hospitales Ribera<\/p>\n<\/div>\n\n\n\n<div class=\"wp-block-column is-layout-flow wp-block-column-is-layout-flow\">\n<figure class=\"wp-block-image size-full is-resized\"><img decoding=\"async\" width=\"150\" height=\"150\" src=\"https:\/\/riberasalud.com\/ribera-estetica\/wp-content\/uploads\/2022\/09\/ribera_iconos_Estetica-04.png\" alt=\"financiaci\u00f3n\" class=\"wp-image-417\" style=\"width:60px;height:60px\"\/><\/figure>\n\n\n\n<p>Financiaci\u00f3n a medida<\/p>\n<\/div>\n\n\n\n<div class=\"wp-block-column is-layout-flow wp-block-column-is-layout-flow\">\n<figure class=\"wp-block-image size-full is-resized\"><img decoding=\"async\" width=\"150\" height=\"150\" src=\"https:\/\/riberasalud.com\/ribera-estetica\/wp-content\/uploads\/2022\/09\/ribera_iconos_Estetica-05.png\" alt=\"estudio\" class=\"wp-image-418\" style=\"width:60px;height:60px\"\/><\/figure>\n\n\n\n<p>Estudio y tratamiento personalizado<\/p>\n<\/div>\n<\/div>\n\n\n\n<div class=\"wp-block-columns is-layout-flex wp-container-core-columns-is-layout-9d6595d7 wp-block-columns-is-layout-flex\">\n<div class=\"wp-block-column is-layout-flow wp-block-column-is-layout-flow\">\n<figure class=\"wp-block-image size-full is-resized\"><img decoding=\"async\" width=\"150\" height=\"150\" src=\"https:\/\/riberasalud.com\/ribera-estetica\/wp-content\/uploads\/2022\/09\/ribera_iconos_Estetica-06.png\" alt=\"calidad\" class=\"wp-image-419\" style=\"width:60px;height:60px\"\/><\/figure>\n\n\n\n<p>Productos certificados de primera calidad<\/p>\n<\/div>\n\n\n\n<div class=\"wp-block-column is-layout-flow wp-block-column-is-layout-flow\">\n<figure class=\"wp-block-image size-full is-resized\"><img decoding=\"async\" width=\"150\" height=\"150\" src=\"https:\/\/riberasalud.com\/ribera-estetica\/wp-content\/uploads\/2022\/09\/ribera_iconos_Estetica-07.png\" alt=\"covid\" class=\"wp-image-420\" style=\"width:60px;height:60px\"\/><\/figure>\n\n\n\n<p>Riguroso protocolo de seguridad COVID<\/p>\n<\/div>\n\n\n\n<div class=\"wp-block-column is-layout-flow wp-block-column-is-layout-flow\">\n<figure class=\"wp-block-image size-full is-resized\"><img decoding=\"async\" width=\"150\" height=\"150\" src=\"https:\/\/riberasalud.com\/ribera-estetica\/wp-content\/uploads\/2022\/09\/ribera_iconos_Estetica-08.png\" alt=\"resultados\" class=\"wp-image-421\" style=\"width:60px;height:60px\"\/><\/figure>\n\n\n\n<p>Resultados inmediatos tras la primera sesi\u00f3n<\/p>\n<\/div>\n<\/div>\n<\/div><\/div>\n\n\n\n<div class=\"wp-block-group anclas\"><div class=\"wp-block-group__inner-container is-layout-flow wp-block-group-is-layout-flow\">\n<div class=\"wp-block-columns is-layout-flex wp-container-core-columns-is-layout-9d6595d7 wp-block-columns-is-layout-flex\">\n<div class=\"wp-block-column is-layout-flow wp-block-column-is-layout-flow\">\n<p><a href=\"#que\">\u00bfQu\u00e9 debes saber?<\/a><\/p>\n<\/div>\n\n\n\n<div class=\"wp-block-column is-layout-flow wp-block-column-is-layout-flow\">\n<p><a href=\"#como\">\u00bfC\u00f3mo se realiza?<\/a><\/p>\n<\/div>\n\n\n\n<div class=\"wp-block-column is-layout-flow wp-block-column-is-layout-flow\">\n<p><a href=\"#queofrece\">\u00bfQu\u00e9 te ofrecemos?<\/a><\/p>\n<\/div>\n\n\n\n<div class=\"wp-block-column is-layout-flow wp-block-column-is-layout-flow\">\n<p><a href=\"#faq\">Preguntas frecuentes<\/a><\/p>\n<\/div>\n\n\n\n<div class=\"wp-block-column is-layout-flow wp-block-column-is-layout-flow\">\n<p><a href=\"#otros\">Tratamientos relacionados<\/a><\/p>\n<\/div>\n<\/div>\n<\/div><\/div>\n\n\n\n<div class=\"wp-block-group modulopreguntas\"><div class=\"wp-block-group__inner-container is-layout-flow wp-block-group-is-layout-flow\">\n<h2 class=\"wp-block-heading\" id=\"que\">\u00bfQu\u00e9 debes saber?<\/h2>\n\n\n\n<div class=\"wp-block-columns columnanomargin is-layout-flex wp-container-core-columns-is-layout-9d6595d7 wp-block-columns-is-layout-flex\">\n<div class=\"wp-block-column is-layout-flow wp-block-column-is-layout-flow\" style=\"flex-basis:30%\">\n<p class=\"t1 titulos\"><strong><strong>Nuestros tratamientos de redensificaci\u00f3n facial<\/strong><\/strong><\/p>\n<\/div>\n\n\n\n<div class=\"wp-block-column p1columna is-layout-flow wp-block-column-is-layout-flow\">\n<p class=\"p1 parrafos\"><strong>Redensificaci\u00f3n con \u00e1cido hialur\u00f3nico: Restauraci\u00f3n Volum\u00e9trica e Hidrataci\u00f3n Profunda<\/strong><br><strong><br>En Ribera Est\u00e9tica, utilizamos el \u00e1cido hialur\u00f3nico, un compuesto naturalmente presente en nuestra piel, para lograr una redensificaci\u00f3n facial efectiva<\/strong>. Este tratamiento consiste en la aplicaci\u00f3n estrat\u00e9gica de inyecciones de \u00e1cido hialur\u00f3nico en \u00e1reas espec\u00edficas del rostro, como los p\u00f3mulos, el ment\u00f3n y las mejillas, con el objetivo de restaurar el volumen perdido y mejorar la apariencia general de la piel.<br><br>El \u00e1cido hialur\u00f3nico act\u00faa como un potente hidratante, capaz de retener grandes cantidades de agua en la piel, lo que proporciona una hidrataci\u00f3n profunda y duradera. Adem\u00e1s, estimula la producci\u00f3n de col\u00e1geno y elastina, componentes esenciales para una piel firme y el\u00e1stica. Con este tratamiento, lograr\u00e1s un aspecto m\u00e1s juvenil, con contornos faciales definidos y una piel radiante.<br><strong><br>Redensificaci\u00f3n con Hilos de Monofilamento: Estimulaci\u00f3n del Col\u00e1geno para un Efecto Lifting Natural<\/strong><br><br>Adem\u00e1s del \u00e1cido hialur\u00f3nico, ofrecemos la <strong>opci\u00f3n de redensificaci\u00f3n facial con hilos de monofilamento<\/strong>. Esta t\u00e9cnica innovadora consiste en la inserci\u00f3n de finos hilos de sutura en la piel, los cuales act\u00faan como soporte estructural y estimulan la producci\u00f3n de col\u00e1geno de forma natural.<br><br>Los hilos de monofilamento ayudan a tensar y levantar la piel, mejorando la flacidez y las arrugas. A medida que se disuelven, estimulan la s\u00edntesis de col\u00e1geno, lo que aporta un efecto de rejuvenecimiento duradero. Este tratamiento es ideal para aquellos que desean obtener un efecto lifting no quir\u00fargico y una apariencia m\u00e1s rejuvenecida.<br><\/p>\n<\/div>\n<\/div>\n\n\n\n<div class=\"wp-block-columns columnanomargin is-layout-flex wp-container-core-columns-is-layout-9d6595d7 wp-block-columns-is-layout-flex\">\n<div class=\"wp-block-column is-layout-flow wp-block-column-is-layout-flow\" style=\"flex-basis:30%\">\n<p class=\"t2 titulos\"><strong>\u00bfA qui\u00e9n est\u00e1 destinado?<\/strong><\/p>\n<\/div>\n\n\n\n<div class=\"wp-block-column p2columna is-layout-flow wp-block-column-is-layout-flow\">\n<p class=\"p2 parrafos\"><strong>La redensificaci\u00f3n facial en Ribera Est\u00e9tica<\/strong> est\u00e1 destinada a aquellas personas que deseen <strong>restaurar el volumen, la firmeza y la elasticidad de su rostro<\/strong>. Este tratamiento es adecuado para hombres y mujeres que presentan signos de envejecimiento, como la p\u00e9rdida de volumen facial, flacidez y arrugas.<br><br>La redensificaci\u00f3n facial puede beneficiar a personas de diferentes edades, ya que el envejecimiento afecta a cada individuo de manera \u00fanica. Algunos pacientes pueden buscar este tratamiento como una medida preventiva para combatir los primeros signos de<br>envejecimiento, mientras que otros pueden desear tratar problemas m\u00e1s avanzados.<br><br>Adem\u00e1s, la redensificaci\u00f3n facial con \u00e1cido hialur\u00f3nico y hilos de monofilamento puede ser una opci\u00f3n para aquellos que deseen evitar procedimientos quir\u00fargicos invasivos, pero a\u00fan as\u00ed busquen resultados efectivos y naturales.<\/p>\n<\/div>\n<\/div>\n<\/div><\/div>\n\n\n\n<div class=\"wp-block-group modulocomo fondogris\"><div class=\"wp-block-group__inner-container is-layout-flow wp-block-group-is-layout-flow\">\n<h2 class=\"wp-block-heading\" id=\"como\">\u00bfC\u00f3mo se realiza?<\/h2>\n\n\n\n<div class=\"wp-block-group gruponomargin grupomodulosmobile\"><div class=\"wp-block-group__inner-container is-layout-flow wp-block-group-is-layout-flow\">\n<div class=\"wp-block-columns columnanomargin is-layout-flex wp-container-core-columns-is-layout-9d6595d7 wp-block-columns-is-layout-flex\">\n<div class=\"wp-block-column first is-layout-flow wp-block-column-is-layout-flow\">\n<figure class=\"wp-block-image size-full fotomodulo\"><img decoding=\"async\" width=\"600\" height=\"400\" src=\"https:\/\/riberasalud.com\/ribera-estetica\/wp-content\/uploads\/2023\/06\/cosmetologia-medico-paciente-7.jpg\" alt=\"cosmetologia medico paciente 7\" class=\"wp-image-6526\" srcset=\"https:\/\/riberasalud.com\/ribera-estetica\/wp-content\/uploads\/2023\/06\/cosmetologia-medico-paciente-7.jpg 600w, https:\/\/riberasalud.com\/ribera-estetica\/wp-content\/uploads\/2023\/06\/cosmetologia-medico-paciente-7-300x200.jpg 300w\" sizes=\"(max-width: 600px) 100vw, 600px\" \/><\/figure>\n\n\n\n<div class=\"wp-block-group grupomodulo\"><div class=\"wp-block-group__inner-container is-layout-flow wp-block-group-is-layout-flow\">\n<h3 class=\"wp-block-heading\">Evaluaci\u00f3n inicial<\/h3>\n\n\n\n<p>Antes de comenzar la redensificaci\u00f3n facial, evaluamos tu piel y discutimos tus preocupaciones y objetivos est\u00e9ticos. Consideramos la<br>salud de tu piel y tu historial m\u00e9dico para dise\u00f1ar un plan de tratamiento personalizado<br><br><br><br><\/p>\n<\/div><\/div>\n<\/div>\n\n\n\n<div class=\"wp-block-column first is-layout-flow wp-block-column-is-layout-flow\">\n<figure class=\"wp-block-image size-full fotomodulo\"><img decoding=\"async\" width=\"800\" height=\"533\" src=\"https:\/\/riberasalud.com\/ribera-estetica\/wp-content\/uploads\/2022\/09\/beautiful-young-woman-getting-botox-cosmetic-injection-in-her-face.jpg\" alt=\"\" class=\"wp-image-619\" srcset=\"https:\/\/riberasalud.com\/ribera-estetica\/wp-content\/uploads\/2022\/09\/beautiful-young-woman-getting-botox-cosmetic-injection-in-her-face.jpg 800w, https:\/\/riberasalud.com\/ribera-estetica\/wp-content\/uploads\/2022\/09\/beautiful-young-woman-getting-botox-cosmetic-injection-in-her-face-300x200.jpg 300w, https:\/\/riberasalud.com\/ribera-estetica\/wp-content\/uploads\/2022\/09\/beautiful-young-woman-getting-botox-cosmetic-injection-in-her-face-768x512.jpg 768w\" sizes=\"(max-width: 800px) 100vw, 800px\" \/><\/figure>\n\n\n\n<div class=\"wp-block-group grupomodulo\"><div class=\"wp-block-group__inner-container is-layout-flow wp-block-group-is-layout-flow\">\n<h3 class=\"wp-block-heading\">Preparaci\u00f3n<\/h3>\n\n\n\n<p>Previo al procedimiento, realizamos una limpieza minuciosa y<br>desinfecci\u00f3n del \u00e1rea a tratar. Se puede aplicar una crema anest\u00e9sica<br>para minimizar las molestias. Siguiendo las instrucciones del profesional, te preparas adecuadamente para obtener los mejores resultados.<br><br><\/p>\n<\/div><\/div>\n<\/div>\n\n\n\n<div class=\"wp-block-column is-layout-flow wp-block-column-is-layout-flow\">\n<figure class=\"wp-block-image size-full fotomodulo\"><img decoding=\"async\" width=\"600\" height=\"400\" src=\"https:\/\/riberasalud.com\/ribera-estetica\/wp-content\/uploads\/2023\/06\/escena-tratamientos-cosmetologia-medica-inyeccion-botox.jpg\" alt=\"escena tratamientos cosmetologia medica inyeccion botox\" class=\"wp-image-6514\" srcset=\"https:\/\/riberasalud.com\/ribera-estetica\/wp-content\/uploads\/2023\/06\/escena-tratamientos-cosmetologia-medica-inyeccion-botox.jpg 600w, https:\/\/riberasalud.com\/ribera-estetica\/wp-content\/uploads\/2023\/06\/escena-tratamientos-cosmetologia-medica-inyeccion-botox-300x200.jpg 300w\" sizes=\"(max-width: 600px) 100vw, 600px\" \/><\/figure>\n\n\n\n<div class=\"wp-block-group grupomodulo\"><div class=\"wp-block-group__inner-container is-layout-flow wp-block-group-is-layout-flow\">\n<h3 class=\"wp-block-heading\">Resultados<\/h3>\n\n\n\n<p>Los resultados var\u00edan, pero en general se observan mejoras<br>significativas en la apariencia de la piel. Puede haber una ligera rojez<br>o sensibilidad temporal que desaparece r\u00e1pidamente. La estimulaci\u00f3n de col\u00e1geno y elastina durante el proceso de curaci\u00f3n brinda una piel m\u00e1s firme, suave y rejuvenecida.<\/p>\n<\/div><\/div>\n<\/div>\n<\/div>\n<\/div><\/div>\n<\/div><\/div>\n\n\n\n<div class=\"wp-block-group\"><div class=\"wp-block-group__inner-container is-layout-flow wp-block-group-is-layout-flow\">\n<h2 class=\"wp-block-heading\" id=\"queofrece\">\u00bfQu\u00e9 te ofrecemos?<\/h2>\n\n\n\n<div class=\"wp-block-columns is-layout-flex wp-container-core-columns-is-layout-9d6595d7 wp-block-columns-is-layout-flex\">\n<div class=\"wp-block-column is-layout-flow wp-block-column-is-layout-flow\"><div class=\"wp-block-image\">\n<figure class=\"aligncenter size-full is-resized\"><img decoding=\"async\" width=\"150\" height=\"150\" src=\"https:\/\/riberasalud.com\/ribera-estetica\/wp-content\/uploads\/2022\/09\/ribera_iconos_Estetica-08.png\" alt=\"resultados\" class=\"wp-image-421\" style=\"width:60px\"\/><\/figure>\n<\/div>\n\n\n<p class=\"has-text-align-center\"><strong><strong>1 sesi\u00f3n<\/strong><\/strong><\/p>\n<\/div>\n\n\n\n<div class=\"wp-block-column is-layout-flow wp-block-column-is-layout-flow\"><div class=\"wp-block-image\">\n<figure class=\"aligncenter size-full is-resized\"><img decoding=\"async\" width=\"150\" height=\"150\" src=\"https:\/\/riberasalud.com\/ribera-estetica\/wp-content\/uploads\/2022\/09\/iconos-blefaroplastia-02.png\" alt=\"valoraci\u00f3n\" class=\"wp-image-438\" style=\"width:60px;height:60px\"\/><\/figure>\n<\/div>\n\n\n<p class=\"has-text-align-center\"><strong>Valoraci\u00f3n est\u00e9tica previa gratuita<\/strong><\/p>\n<\/div>\n\n\n\n<div class=\"wp-block-column is-layout-flow wp-block-column-is-layout-flow\"><div class=\"wp-block-image\">\n<figure class=\"aligncenter size-full is-resized\"><img decoding=\"async\" width=\"150\" height=\"150\" src=\"https:\/\/riberasalud.com\/ribera-estetica\/wp-content\/uploads\/2022\/09\/iconos-hilos.png\" alt=\"cirug\u00eda\" class=\"wp-image-448\" style=\"width:60px;height:60px\"\/><\/figure>\n<\/div>\n\n\n<p class=\"has-text-align-center\"><strong><strong>Tratamiento m\u00ednimamente invasivo<\/strong><\/strong><\/p>\n<\/div>\n\n\n\n<div class=\"wp-block-column is-layout-flow wp-block-column-is-layout-flow\"><div class=\"wp-block-image\">\n<figure class=\"aligncenter size-full is-resized\"><img decoding=\"async\" width=\"150\" height=\"150\" src=\"https:\/\/riberasalud.com\/ribera-estetica\/wp-content\/uploads\/2022\/09\/iconos-blefaroplastia-04.png\" alt=\"reloj\" class=\"wp-image-441\" style=\"width:60px;height:60px\"\/><\/figure>\n<\/div>\n\n\n<p class=\"has-text-align-center\"><strong><strong>Solo necesitas 1 hora<\/strong><\/strong><\/p>\n<\/div>\n\n\n\n<div class=\"wp-block-column is-layout-flow wp-block-column-is-layout-flow\"><div class=\"wp-block-image\">\n<figure class=\"aligncenter size-full is-resized\"><img decoding=\"async\" width=\"150\" height=\"150\" src=\"https:\/\/riberasalud.com\/ribera-estetica\/wp-content\/uploads\/2022\/09\/iconos-blefaroplastia-05.png\" alt=\"anestesia\" class=\"wp-image-442\" style=\"width:60px;height:60px\"\/><\/figure>\n<\/div>\n\n\n<p class=\"has-text-align-center\"><strong><strong>Sin necesidad de anestesia ni reposo tras el tratamiento<\/strong><\/strong><\/p>\n<\/div>\n<\/div>\n\n\n\n<h2 class=\"wp-block-heading\" id=\"faq\">Preguntas frecuentes<\/h2>\n\n\n\n<div class=\"bloqueacordeon\">\n<div class=\"accordion\" style=\"width:100%\"><span class=\"tituloaccordion\">\u00bfEn qu\u00e9 zonas puedes realizarte el tratamiento de \nredensificaci\u00f3n?\n\n<\/span><span class=\"plus\">+<\/span><\/div>\n<div class=\"panel\" style=\"display:none\">\n  <p>El tratamiento de redensificaci\u00f3n se puede realizar en diversas zonas del rostro para restaurar el volumen perdido y mejorar la apariencia general de la piel. Algunas de las zonas comunes en las que se puede aplicar la redensificaci\u00f3n incluyen:<br><br>\n<strong>P\u00f3mulos:<\/strong> La redensificaci\u00f3n de los p\u00f3mulos ayuda a restaurar la estructura y definici\u00f3n facial, creando un aspecto m\u00e1s juvenil y proporcionado.<br><br>\n<strong>Ment\u00f3n:<\/strong> La redensificaci\u00f3n del ment\u00f3n puede mejorar su forma y proporcionar un contorno facial m\u00e1s equilibrado.<br><br>\n<strong>Mejillas:<\/strong> La redensificaci\u00f3n de las mejillas puede restaurar el volumen y la firmeza, reduciendo la apariencia de l\u00edneas de expresi\u00f3n y arrugas.<br><br>\n<strong>\u00c1rea periocular:<\/strong> La redensificaci\u00f3n en el \u00e1rea periocular puede tratar la p\u00e9rdida de volumen alrededor de los ojos, disminuyendo la apariencia de ojeras y arrugas.<br><br>\n<strong>L\u00edneas de marioneta:<\/strong> Las l\u00edneas de marioneta, que se extienden desde las comisuras de los labios hacia abajo, tambi\u00e9n pueden ser tratadas con redensificaci\u00f3n para suavizar su apariencia y mejorar la definici\u00f3n del contorno facial.<br>\nEstas son solo algunas de las zonas donde se puede aplicar la redensificaci\u00f3n facial. Sin embargo, es importante destacar que cada persona es \u00fanica y puede tener necesidades y \u00e1reas de preocupaci\u00f3n espec\u00edficas. En Ribera Est\u00e9tica, nuestros especialistas evaluar\u00e1n tu rostro y discutir\u00e1n contigo las \u00e1reas que deseas tratar para crear un plan de tratamiento personalizado.\n\n<\/p>\n<\/div>\n\n<div class=\"accordion\" style=\"width:100%\"><span class=\"tituloaccordion\">\u00bfCu\u00e1nto tiempo duran los efectos de la redensificaci\u00f3n?\n\n<\/span><span class=\"plus\">+<\/span><\/div>\n<div class=\"panel\" style=\"display:none\">\n  <p>La duraci\u00f3n de los efectos de la redensificaci\u00f3n facial puede variar seg\u00fan diversos factores, como el tipo de producto utilizado, el metabolismo de cada persona y los cuidados posteriores. <strong>En general, los efectos de la redensificaci\u00f3n con \u00e1cido hialur\u00f3nico pueden durar entre 6 meses y 2 a\u00f1os, dependiendo de cada caso.<\/strong><br><br>\nEs importante tener en cuenta que el \u00e1cido hialur\u00f3nico es un componente natural de la piel que se descompone gradualmente con el tiempo. A medida que el \u00e1cido hialur\u00f3nico se va disipando, los efectos de la redensificaci\u00f3n facial pueden ir disminuyendo. <br>\nPara mantener los resultados a largo plazo, es posible que se requieran sesiones de seguimiento y mantenimiento. Estas sesiones se planificar\u00e1n en consulta con nuestros especialistas en medicina est\u00e9tica, quienes evaluar\u00e1n tu caso individual y te proporcionar\u00e1n recomendaciones espec\u00edficas.<br><br>\nAdem\u00e1s, es fundamental cuidar adecuadamente la piel despu\u00e9s del tratamiento, siguiendo las indicaciones de nuestros profesionales. Esto incluye proteger la piel del sol, mantener una rutina de cuidado de la piel adecuada y evitar factores que puedan acelerar la degradaci\u00f3n del \u00e1cido hialur\u00f3nico, como el consumo excesivo de alcohol y el tabaquismo.<br><br>\nRecuerda que cada persona es \u00fanica y los resultados pueden variar. Nuestros especialistas en Ribera Est\u00e9tica estar\u00e1n encantados de ofrecerte m\u00e1s informaci\u00f3n sobre la duraci\u00f3n de los efectos de la redensificaci\u00f3n facial en tu caso espec\u00edfico durante una consulta personalizada.\n\n\n\n<\/p>\n<\/div>\n\n<div class=\"accordion\" style=\"width:100%\"><span class=\"tituloaccordion\">\u00bfCu\u00e1ntas sesiones son necesarias para el tratamiento de redensificaci\u00f3n?\n\n\n<\/span><span class=\"plus\">+<\/span><\/div>\n<div class=\"panel\" style=\"display:none\">\n  <p>El n\u00famero de sesiones necesarias para el tratamiento de redensificaci\u00f3n facial puede variar seg\u00fan diversos factores, como las necesidades individuales de cada paciente, el grado de p\u00e9rdida de volumen y las expectativas est\u00e9ticas. En general, se recomienda realizar una serie de sesiones para obtener resultados \u00f3ptimos.<br><br>\n<strong>En algunos casos, una sola sesi\u00f3n puede ser suficiente para lograr los resultados deseados<\/strong>. Sin embargo, en la mayor\u00eda de los casos, se recomienda un enfoque gradual con varias sesiones espaciadas en el tiempo para lograr una redensificaci\u00f3n facial m\u00e1s completa y natural.<br><br>\nDurante una consulta inicial, nuestros especialistas en Ribera Est\u00e9tica evaluar\u00e1n tu caso y discutir\u00e1n contigo las \u00e1reas que deseas tratar, as\u00ed como tus expectativas. Bas\u00e1ndose en esta evaluaci\u00f3n, te recomendar\u00e1n el n\u00famero adecuado de sesiones necesarias para obtener los resultados deseados.\n\n\n\n\n\n<\/p>\n<\/div>\n\n<div class=\"accordion\" style=\"width:100%\"><span class=\"tituloaccordion\">\u00bfQu\u00e9 edad es la adecuada para realizarse el tratamiento de redensificaci\u00f3n?\n\n<\/span><span class=\"plus\">+<\/span><\/div>\n<div class=\"panel\" style=\"display:none\">\n  <p>La edad adecuada para realizarse el tratamiento de redensificaci\u00f3n facial puede variar seg\u00fan las necesidades y caracter\u00edsticas individuales de cada persona. <strong>En general, no existe una edad espec\u00edfica para este tipo de tratamiento, ya que el envejecimiento facial afecta a cada persona de manera diferente. <\/strong><br><br>\nEl proceso de envejecimiento y la p\u00e9rdida de volumen facial pueden comenzar a manifestarse a partir de los 30 a\u00f1os, aunque esto puede variar seg\u00fan factores gen\u00e9ticos, estilo de vida y cuidado de la piel. Algunas personas pueden optar por la redensificaci\u00f3n facial en etapas tempranas como una medida preventiva para mantener un aspecto juvenil y retrasar los signos visibles del envejecimiento.<br><br>\nPor otro lado, algunas personas pueden buscar la redensificaci\u00f3n facial en etapas m\u00e1s avanzadas, cuando los signos de envejecimiento y la p\u00e9rdida de volumen son m\u00e1s evidentes. En estos casos, el tratamiento puede ayudar a restaurar el volumen y mejorar la apariencia general de la piel.\n\n\n\n\n\n<\/p>\n<\/div>\n\n<div class=\"accordion\" style=\"width:100%\"><span class=\"tituloaccordion\">\u00bfConseguimos resultados visibles desde la primera sesi\u00f3n?\n\n<\/span><span class=\"plus\">+<\/span><\/div>\n<div class=\"panel\" style=\"display:none\">\n  <p><strong>S\u00ed, es posible obtener resultados visibles desde la primera sesi\u00f3n de redensificaci\u00f3n facial<\/strong>. Sin embargo, es importante tener en cuenta que la magnitud de los resultados puede variar seg\u00fan cada persona y su condici\u00f3n espec\u00edfica de la piel.<br><br>\n<strong>Despu\u00e9s de una sesi\u00f3n de redensificaci\u00f3n facial, es com\u00fan experimentar una mejora inmediata en la apariencia de la piel.<\/strong> El \u00e1cido hialur\u00f3nico y los hilos de monofilamento ayudan a restaurar el volumen perdido y a suavizar las arrugas y l\u00edneas de expresi\u00f3n, lo que puede resultar en un aspecto m\u00e1s rejuvenecido y revitalizado.<br><br>\n<strong>Adem\u00e1s de los resultados inmediatos, el tratamiento de redensificaci\u00f3n tambi\u00e9n puede proporcionar beneficios a largo plazo.<\/strong> El \u00e1cido hialur\u00f3nico estimula la producci\u00f3n de col\u00e1geno, lo que contribuye a la mejora continua de la calidad de la piel y a la prolongaci\u00f3n de los resultados obtenidos.\n\n\n\n\n<\/p>\n<\/div>\n\n\n\n<\/div>\n\n<script>\nvar acc = document.getElementsByClassName(\"accordion\");\nvar i;\n\nfor (i = 0; i < acc.length; i++) {\n  acc[i].addEventListener(\"click\", function() {\n    var panel = this.nextElementSibling;\n    if (panel.style.display === \"block\") {document.getElementsByClassName('active')[0].getElementsByClassName('plus')[0].innerHTML=\"+\" ;}\n    this.classList.toggle(\"active\");\n\n    if (panel.style.display === \"block\") {\n      panel.style.display = \"none\";\n\n    } else {\n      panel.style.display = \"block\";\ndocument.getElementsByClassName('active')[0].getElementsByClassName('plus')[0].innerHTML=\"-\" ;\n    }\n  });\n}\n<\/script>\n\n\n\n<h2 class=\"wp-block-heading\" id=\"otros\">Otros tratamientos que pueden interesarte<\/h2>\n\n\n\n<div class=\"wp-block-group gruponomargin\"><div class=\"wp-block-group__inner-container is-layout-flow wp-block-group-is-layout-flow\">\n<div class=\"wp-block-columns columnanomargin is-layout-flex wp-container-core-columns-is-layout-9d6595d7 wp-block-columns-is-layout-flex\">\n<div class=\"wp-block-column first is-layout-flow wp-block-column-is-layout-flow\"><\/div>\n\n\n\n<div class=\"wp-block-column first is-layout-flow wp-block-column-is-layout-flow\">\n<figure class=\"wp-block-image size-full fotomodulo\"><img decoding=\"async\" width=\"800\" height=\"533\" src=\"https:\/\/riberasalud.com\/ribera-estetica\/wp-content\/uploads\/2022\/09\/man-taking-good-care-of-his-face-at-home.jpg\" alt=\"\" class=\"wp-image-616\" srcset=\"https:\/\/riberasalud.com\/ribera-estetica\/wp-content\/uploads\/2022\/09\/man-taking-good-care-of-his-face-at-home.jpg 800w, https:\/\/riberasalud.com\/ribera-estetica\/wp-content\/uploads\/2022\/09\/man-taking-good-care-of-his-face-at-home-300x200.jpg 300w, https:\/\/riberasalud.com\/ribera-estetica\/wp-content\/uploads\/2022\/09\/man-taking-good-care-of-his-face-at-home-768x512.jpg 768w\" sizes=\"(max-width: 800px) 100vw, 800px\" \/><\/figure>\n\n\n\n<div class=\"wp-block-group grupomodulo\"><div class=\"wp-block-group__inner-container is-layout-flow wp-block-group-is-layout-flow\">\n<h3 class=\"wp-block-heading\">Bioestimulaci\u00f3n capilar<\/h3>\n\n\n\n<p class=\"sabermas\"><a href=\"https:\/\/riberasalud.com\/ribera-estetica\/bioestimulacion-capilar\/\" data-type=\"page\" data-id=\"80\">Saber m\u00e1s<\/a><\/p>\n<\/div><\/div>\n<\/div>\n\n\n\n<div class=\"wp-block-column is-layout-flow wp-block-column-is-layout-flow\">\n<figure class=\"wp-block-image size-full fotomodulo\"><img decoding=\"async\" width=\"800\" height=\"533\" src=\"https:\/\/riberasalud.com\/ribera-estetica\/wp-content\/uploads\/2022\/09\/close-up-doctor-checking-smiley-woman.jpg\" alt=\"\" class=\"wp-image-691\" srcset=\"https:\/\/riberasalud.com\/ribera-estetica\/wp-content\/uploads\/2022\/09\/close-up-doctor-checking-smiley-woman.jpg 800w, https:\/\/riberasalud.com\/ribera-estetica\/wp-content\/uploads\/2022\/09\/close-up-doctor-checking-smiley-woman-300x200.jpg 300w, https:\/\/riberasalud.com\/ribera-estetica\/wp-content\/uploads\/2022\/09\/close-up-doctor-checking-smiley-woman-768x512.jpg 768w\" sizes=\"(max-width: 800px) 100vw, 800px\" \/><\/figure>\n\n\n\n<div class=\"wp-block-group grupomodulo\"><div class=\"wp-block-group__inner-container is-layout-flow wp-block-group-is-layout-flow\">\n<h3 class=\"wp-block-heading\">Rellenos faciales<\/h3>\n\n\n\n<p class=\"sabermas\"><a href=\"https:\/\/riberasalud.com\/ribera-estetica\/relleno-facial\/\" data-type=\"page\" data-id=\"100\">Saber m\u00e1s<\/a><\/p>\n<\/div><\/div>\n<\/div>\n\n\n\n<div class=\"wp-block-column is-layout-flow wp-block-column-is-layout-flow\"><\/div>\n<\/div>\n<\/div><\/div>\n<\/div><\/div>\n","protected":false},"excerpt":{"rendered":"<p>Redensificaci\u00f3n Recupera la firmeza y elasticidad de tu piel \u00bfSientes que tu piel ha perdido volumen y firmeza con el paso deltiempo?La redensificaci\u00f3n facial es la soluci\u00f3n perfecta para restaurar lavitalidad y la juventud de tu rostro Descubre nuestras&nbsp;promociones y solicita tu diagn\u00f3stico gratuito Ver m\u00e1s Asesoramiento y seguimiento durante todo un a\u00f1o Primera consulta &#8230; <a title=\"Redensificaci\u00f3n\" class=\"read-more\" href=\"https:\/\/riberasalud.com\/ribera-estetica\/redensificacion\/\" aria-label=\"Leer m\u00e1s sobre Redensificaci\u00f3n\">Leer m\u00e1s<\/a><\/p>\n","protected":false},"author":4,"featured_media":0,"parent":0,"menu_order":0,"comment_status":"closed","ping_status":"closed","template":"","meta":{"_mi_skip_tracking":false,"_glsr_average":0,"_glsr_ranking":0,"_glsr_reviews":0,"footnotes":""},"class_list":["post-6463","page","type-page","status-publish"],"yoast_head":"<!-- This site is optimized with the Yoast SEO plugin v27.4 - https:\/\/yoast.com\/product\/yoast-seo-wordpress\/ -->\n<title>Redensificaci\u00f3n - Ribera Est\u00e9tica<\/title>\n<meta name=\"description\" content=\"Utilizamos el \u00e1cido hialur\u00f3nico, un compuesto naturalmente presente en nuestra piel, para lograr una redensificaci\u00f3n facial\" \/>\n<meta name=\"robots\" content=\"index, follow, max-snippet:-1, max-image-preview:large, max-video-preview:-1\" \/>\n<link rel=\"canonical\" href=\"https:\/\/riberasalud.com\/ribera-estetica\/redensificacion\/\" \/>\n<meta property=\"og:locale\" content=\"es_ES\" \/>\n<meta property=\"og:type\" content=\"article\" \/>\n<meta property=\"og:title\" content=\"Redensificaci\u00f3n - Ribera Est\u00e9tica\" \/>\n<meta property=\"og:description\" content=\"Utilizamos el \u00e1cido hialur\u00f3nico, un compuesto naturalmente presente en nuestra piel, para lograr una redensificaci\u00f3n facial\" \/>\n<meta property=\"og:url\" content=\"https:\/\/riberasalud.com\/ribera-estetica\/redensificacion\/\" \/>\n<meta property=\"og:site_name\" content=\"Ribera Est\u00e9tica\" \/>\n<meta property=\"article:modified_time\" content=\"2025-09-08T14:24:37+00:00\" \/>\n<meta property=\"og:image\" content=\"https:\/\/riberasalud.com\/ribera-estetica\/wp-content\/uploads\/2022\/09\/ribera_iconos_Estetica_Mesa-de-trabajo-1.png\" \/>\n\t<meta property=\"og:image:width\" content=\"150\" \/>\n\t<meta property=\"og:image:height\" content=\"150\" \/>\n\t<meta property=\"og:image:type\" content=\"image\/png\" \/>\n<meta name=\"twitter:card\" content=\"summary_large_image\" \/>\n<meta name=\"twitter:label1\" content=\"Tiempo de lectura\" \/>\n\t<meta name=\"twitter:data1\" content=\"22 minutos\" \/>\n<script type=\"application\/ld+json\" class=\"yoast-schema-graph\">{\"@context\":\"https:\\\/\\\/schema.org\",\"@graph\":[{\"@type\":\"WebPage\",\"@id\":\"https:\\\/\\\/riberasalud.com\\\/ribera-estetica\\\/redensificacion\\\/\",\"url\":\"https:\\\/\\\/riberasalud.com\\\/ribera-estetica\\\/redensificacion\\\/\",\"name\":\"Redensificaci\u00f3n - Ribera Est\u00e9tica\",\"isPartOf\":{\"@id\":\"https:\\\/\\\/riberasalud.com\\\/ribera-estetica\\\/#website\"},\"primaryImageOfPage\":{\"@id\":\"https:\\\/\\\/riberasalud.com\\\/ribera-estetica\\\/redensificacion\\\/#primaryimage\"},\"image\":{\"@id\":\"https:\\\/\\\/riberasalud.com\\\/ribera-estetica\\\/redensificacion\\\/#primaryimage\"},\"thumbnailUrl\":\"https:\\\/\\\/riberasalud.com\\\/ribera-estetica\\\/wp-content\\\/uploads\\\/2022\\\/09\\\/ribera_iconos_Estetica_Mesa-de-trabajo-1.png\",\"datePublished\":\"2023-06-14T10:13:51+00:00\",\"dateModified\":\"2025-09-08T14:24:37+00:00\",\"description\":\"Utilizamos el \u00e1cido hialur\u00f3nico, un compuesto naturalmente presente en nuestra piel, para lograr una redensificaci\u00f3n facial\",\"breadcrumb\":{\"@id\":\"https:\\\/\\\/riberasalud.com\\\/ribera-estetica\\\/redensificacion\\\/#breadcrumb\"},\"inLanguage\":\"es\",\"potentialAction\":[{\"@type\":\"ReadAction\",\"target\":[\"https:\\\/\\\/riberasalud.com\\\/ribera-estetica\\\/redensificacion\\\/\"]}]},{\"@type\":\"ImageObject\",\"inLanguage\":\"es\",\"@id\":\"https:\\\/\\\/riberasalud.com\\\/ribera-estetica\\\/redensificacion\\\/#primaryimage\",\"url\":\"https:\\\/\\\/riberasalud.com\\\/ribera-estetica\\\/wp-content\\\/uploads\\\/2022\\\/09\\\/ribera_iconos_Estetica_Mesa-de-trabajo-1.png\",\"contentUrl\":\"https:\\\/\\\/riberasalud.com\\\/ribera-estetica\\\/wp-content\\\/uploads\\\/2022\\\/09\\\/ribera_iconos_Estetica_Mesa-de-trabajo-1.png\",\"width\":150,\"height\":150,\"caption\":\"ribera iconos Estetica Mesa de trabajo 1\"},{\"@type\":\"BreadcrumbList\",\"@id\":\"https:\\\/\\\/riberasalud.com\\\/ribera-estetica\\\/redensificacion\\\/#breadcrumb\",\"itemListElement\":[{\"@type\":\"ListItem\",\"position\":1,\"name\":\"Inicio\",\"item\":\"https:\\\/\\\/riberasalud.com\\\/ribera-estetica\\\/\"},{\"@type\":\"ListItem\",\"position\":2,\"name\":\"Redensificaci\u00f3n\"}]},{\"@type\":\"WebSite\",\"@id\":\"https:\\\/\\\/riberasalud.com\\\/ribera-estetica\\\/#website\",\"url\":\"https:\\\/\\\/riberasalud.com\\\/ribera-estetica\\\/\",\"name\":\"Ribera Est\u00e9tica\",\"description\":\"\",\"publisher\":{\"@id\":\"https:\\\/\\\/riberasalud.com\\\/ribera-estetica\\\/#organization\"},\"potentialAction\":[{\"@type\":\"SearchAction\",\"target\":{\"@type\":\"EntryPoint\",\"urlTemplate\":\"https:\\\/\\\/riberasalud.com\\\/ribera-estetica\\\/?s={search_term_string}\"},\"query-input\":{\"@type\":\"PropertyValueSpecification\",\"valueRequired\":true,\"valueName\":\"search_term_string\"}}],\"inLanguage\":\"es\"},{\"@type\":\"Organization\",\"@id\":\"https:\\\/\\\/riberasalud.com\\\/ribera-estetica\\\/#organization\",\"name\":\"Ribera Est\u00e9tica\",\"url\":\"https:\\\/\\\/riberasalud.com\\\/ribera-estetica\\\/\",\"logo\":{\"@type\":\"ImageObject\",\"inLanguage\":\"es\",\"@id\":\"https:\\\/\\\/riberasalud.com\\\/ribera-estetica\\\/#\\\/schema\\\/logo\\\/image\\\/\",\"url\":\"https:\\\/\\\/riberasalud.com\\\/ribera-estetica\\\/wp-content\\\/uploads\\\/2022\\\/07\\\/cropped-cropped-cropped-Logo-Red-Estetica.png\",\"contentUrl\":\"https:\\\/\\\/riberasalud.com\\\/ribera-estetica\\\/wp-content\\\/uploads\\\/2022\\\/07\\\/cropped-cropped-cropped-Logo-Red-Estetica.png\",\"width\":8872,\"height\":1976,\"caption\":\"Ribera Est\u00e9tica\"},\"image\":{\"@id\":\"https:\\\/\\\/riberasalud.com\\\/ribera-estetica\\\/#\\\/schema\\\/logo\\\/image\\\/\"}}]}<\/script>\n<!-- \/ Yoast SEO plugin. -->","yoast_head_json":{"title":"Redensificaci\u00f3n - Ribera Est\u00e9tica","description":"Utilizamos el \u00e1cido hialur\u00f3nico, un compuesto naturalmente presente en nuestra piel, para lograr una redensificaci\u00f3n facial","robots":{"index":"index","follow":"follow","max-snippet":"max-snippet:-1","max-image-preview":"max-image-preview:large","max-video-preview":"max-video-preview:-1"},"canonical":"https:\/\/riberasalud.com\/ribera-estetica\/redensificacion\/","og_locale":"es_ES","og_type":"article","og_title":"Redensificaci\u00f3n - Ribera Est\u00e9tica","og_description":"Utilizamos el \u00e1cido hialur\u00f3nico, un compuesto naturalmente presente en nuestra piel, para lograr una redensificaci\u00f3n facial","og_url":"https:\/\/riberasalud.com\/ribera-estetica\/redensificacion\/","og_site_name":"Ribera Est\u00e9tica","article_modified_time":"2025-09-08T14:24:37+00:00","og_image":[{"width":150,"height":150,"url":"https:\/\/riberasalud.com\/ribera-estetica\/wp-content\/uploads\/2022\/09\/ribera_iconos_Estetica_Mesa-de-trabajo-1.png","type":"image\/png"}],"twitter_card":"summary_large_image","twitter_misc":{"Tiempo de lectura":"22 minutos"},"schema":{"@context":"https:\/\/schema.org","@graph":[{"@type":"WebPage","@id":"https:\/\/riberasalud.com\/ribera-estetica\/redensificacion\/","url":"https:\/\/riberasalud.com\/ribera-estetica\/redensificacion\/","name":"Redensificaci\u00f3n - Ribera Est\u00e9tica","isPartOf":{"@id":"https:\/\/riberasalud.com\/ribera-estetica\/#website"},"primaryImageOfPage":{"@id":"https:\/\/riberasalud.com\/ribera-estetica\/redensificacion\/#primaryimage"},"image":{"@id":"https:\/\/riberasalud.com\/ribera-estetica\/redensificacion\/#primaryimage"},"thumbnailUrl":"https:\/\/riberasalud.com\/ribera-estetica\/wp-content\/uploads\/2022\/09\/ribera_iconos_Estetica_Mesa-de-trabajo-1.png","datePublished":"2023-06-14T10:13:51+00:00","dateModified":"2025-09-08T14:24:37+00:00","description":"Utilizamos el \u00e1cido hialur\u00f3nico, un compuesto naturalmente presente en nuestra piel, para lograr una redensificaci\u00f3n facial","breadcrumb":{"@id":"https:\/\/riberasalud.com\/ribera-estetica\/redensificacion\/#breadcrumb"},"inLanguage":"es","potentialAction":[{"@type":"ReadAction","target":["https:\/\/riberasalud.com\/ribera-estetica\/redensificacion\/"]}]},{"@type":"ImageObject","inLanguage":"es","@id":"https:\/\/riberasalud.com\/ribera-estetica\/redensificacion\/#primaryimage","url":"https:\/\/riberasalud.com\/ribera-estetica\/wp-content\/uploads\/2022\/09\/ribera_iconos_Estetica_Mesa-de-trabajo-1.png","contentUrl":"https:\/\/riberasalud.com\/ribera-estetica\/wp-content\/uploads\/2022\/09\/ribera_iconos_Estetica_Mesa-de-trabajo-1.png","width":150,"height":150,"caption":"ribera iconos Estetica Mesa de trabajo 1"},{"@type":"BreadcrumbList","@id":"https:\/\/riberasalud.com\/ribera-estetica\/redensificacion\/#breadcrumb","itemListElement":[{"@type":"ListItem","position":1,"name":"Inicio","item":"https:\/\/riberasalud.com\/ribera-estetica\/"},{"@type":"ListItem","position":2,"name":"Redensificaci\u00f3n"}]},{"@type":"WebSite","@id":"https:\/\/riberasalud.com\/ribera-estetica\/#website","url":"https:\/\/riberasalud.com\/ribera-estetica\/","name":"Ribera Est\u00e9tica","description":"","publisher":{"@id":"https:\/\/riberasalud.com\/ribera-estetica\/#organization"},"potentialAction":[{"@type":"SearchAction","target":{"@type":"EntryPoint","urlTemplate":"https:\/\/riberasalud.com\/ribera-estetica\/?s={search_term_string}"},"query-input":{"@type":"PropertyValueSpecification","valueRequired":true,"valueName":"search_term_string"}}],"inLanguage":"es"},{"@type":"Organization","@id":"https:\/\/riberasalud.com\/ribera-estetica\/#organization","name":"Ribera Est\u00e9tica","url":"https:\/\/riberasalud.com\/ribera-estetica\/","logo":{"@type":"ImageObject","inLanguage":"es","@id":"https:\/\/riberasalud.com\/ribera-estetica\/#\/schema\/logo\/image\/","url":"https:\/\/riberasalud.com\/ribera-estetica\/wp-content\/uploads\/2022\/07\/cropped-cropped-cropped-Logo-Red-Estetica.png","contentUrl":"https:\/\/riberasalud.com\/ribera-estetica\/wp-content\/uploads\/2022\/07\/cropped-cropped-cropped-Logo-Red-Estetica.png","width":8872,"height":1976,"caption":"Ribera Est\u00e9tica"},"image":{"@id":"https:\/\/riberasalud.com\/ribera-estetica\/#\/schema\/logo\/image\/"}}]}},"_links":{"self":[{"href":"https:\/\/riberasalud.com\/ribera-estetica\/wp-json\/wp\/v2\/pages\/6463","targetHints":{"allow":["GET"]}}],"collection":[{"href":"https:\/\/riberasalud.com\/ribera-estetica\/wp-json\/wp\/v2\/pages"}],"about":[{"href":"https:\/\/riberasalud.com\/ribera-estetica\/wp-json\/wp\/v2\/types\/page"}],"author":[{"embeddable":true,"href":"https:\/\/riberasalud.com\/ribera-estetica\/wp-json\/wp\/v2\/users\/4"}],"replies":[{"embeddable":true,"href":"https:\/\/riberasalud.com\/ribera-estetica\/wp-json\/wp\/v2\/comments?post=6463"}],"version-history":[{"count":20,"href":"https:\/\/riberasalud.com\/ribera-estetica\/wp-json\/wp\/v2\/pages\/6463\/revisions"}],"predecessor-version":[{"id":9730,"href":"https:\/\/riberasalud.com\/ribera-estetica\/wp-json\/wp\/v2\/pages\/6463\/revisions\/9730"}],"wp:attachment":[{"href":"https:\/\/riberasalud.com\/ribera-estetica\/wp-json\/wp\/v2\/media?parent=6463"}],"curies":[{"name":"wp","href":"https:\/\/api.w.org\/{rel}","templated":true}]}}