{"id":19,"date":"2022-07-28T07:58:19","date_gmt":"2022-07-28T07:58:19","guid":{"rendered":"https:\/\/riberasalud.com\/ribera-esteticaaux\/?page_id=19"},"modified":"2022-07-28T12:49:39","modified_gmt":"2022-07-28T12:49:39","slug":"entradas","status":"publish","type":"page","link":"https:\/\/riberasalud.com\/ribera-estetica\/entradas\/","title":{"rendered":"Entradas"},"content":{"rendered":"\n<div class=\"wp-block-group hasbackgroundnaranja sliderblog sliderlinea\"><div class=\"wp-block-group__inner-container is-layout-flow wp-block-group-is-layout-flow\">\n<p>TODAS LAS ENTRADAS<\/p>\n\n\n\n<h1 class=\"wp-block-heading\">Blog de Ribera Est\u00e9tica<\/h1>\n<\/div><\/div>\n\n\n\n<div class=\"wp-block-group\"><div class=\"wp-block-group__inner-container is-layout-flow wp-block-group-is-layout-flow\"><ul class=\"wp-block-latest-posts__list is-grid columns-3 has-dates todaslista wp-block-latest-posts\"><li><a class=\"wp-block-latest-posts__post-title\" href=\"https:\/\/riberasalud.com\/ribera-estetica\/blog\/hiperhidrosis-o-sudoracion-excesiva-que-es-causas-y-tratamientos-disponibles\/\">Hiperhidrosis o sudoraci\u00f3n excesiva: qu\u00e9 es, causas y tratamientos disponibles<\/a><time datetime=\"2026-04-21T11:43:50+00:00\" class=\"wp-block-latest-posts__post-date\">21 de abril de 2026<\/time><div class=\"wp-block-latest-posts__post-excerpt\">Hay situaciones cotidianas que muchas personas evitan sin decirlo en voz alta: dar la mano por miedo a que est\u00e9 &#8230; <a title=\"Hiperhidrosis o sudoraci\u00f3n excesiva: qu\u00e9 es, causas y tratamientos disponibles\" class=\"read-more\" href=\"https:\/\/riberasalud.com\/ribera-estetica\/blog\/hiperhidrosis-o-sudoracion-excesiva-que-es-causas-y-tratamientos-disponibles\/\" aria-label=\"Leer m\u00e1s sobre Hiperhidrosis o sudoraci\u00f3n excesiva: qu\u00e9 es, causas y tratamientos disponibles\">Leer m\u00e1s<\/a><\/div><\/li>\n<li><a class=\"wp-block-latest-posts__post-title\" href=\"https:\/\/riberasalud.com\/ribera-estetica\/blog\/polinucleotidos-en-el-contorno-de-ojos-alternativa-regenerativa-para-ojeras-finas-y-piel-fragil\/\">Polinucle\u00f3tidos en el contorno de ojos: alternativa regenerativa para ojeras finas y piel fr\u00e1gil\u00a0<\/a><time datetime=\"2026-04-07T12:39:01+00:00\" class=\"wp-block-latest-posts__post-date\">7 de abril de 2026<\/time><div class=\"wp-block-latest-posts__post-excerpt\">El contorno de ojos es una de las zonas m\u00e1s delicadas del rostro y, a menudo, la primera en reflejar &#8230; <a title=\"Polinucle\u00f3tidos en el contorno de ojos: alternativa regenerativa para ojeras finas y piel fr\u00e1gil\u00a0\" class=\"read-more\" href=\"https:\/\/riberasalud.com\/ribera-estetica\/blog\/polinucleotidos-en-el-contorno-de-ojos-alternativa-regenerativa-para-ojeras-finas-y-piel-fragil\/\" aria-label=\"Leer m\u00e1s sobre Polinucle\u00f3tidos en el contorno de ojos: alternativa regenerativa para ojeras finas y piel fr\u00e1gil\u00a0\">Leer m\u00e1s<\/a><\/div><\/li>\n<li><a class=\"wp-block-latest-posts__post-title\" href=\"https:\/\/riberasalud.com\/ribera-estetica\/blog\/prejuvenecimiento-como-prevenir-arrugas-y-flacidez-desde-los-30-40-con-tratamientos-personalizados\/\">Prejuvenecimiento: c\u00f3mo prevenir arrugas y flacidez desde los 30-40 con tratamientos personalizados<\/a><time datetime=\"2026-03-24T14:25:21+00:00\" class=\"wp-block-latest-posts__post-date\">24 de marzo de 2026<\/time><div class=\"wp-block-latest-posts__post-excerpt\">En los \u00faltimos a\u00f1os, el concepto de prejuvenecimiento ha ganado protagonismo dentro de la medicina est\u00e9tica. Lejos de tratar \u00fanicamente &#8230; <a title=\"Prejuvenecimiento: c\u00f3mo prevenir arrugas y flacidez desde los 30-40 con tratamientos personalizados\" class=\"read-more\" href=\"https:\/\/riberasalud.com\/ribera-estetica\/blog\/prejuvenecimiento-como-prevenir-arrugas-y-flacidez-desde-los-30-40-con-tratamientos-personalizados\/\" aria-label=\"Leer m\u00e1s sobre Prejuvenecimiento: c\u00f3mo prevenir arrugas y flacidez desde los 30-40 con tratamientos personalizados\">Leer m\u00e1s<\/a><\/div><\/li>\n<li><a class=\"wp-block-latest-posts__post-title\" href=\"https:\/\/riberasalud.com\/ribera-estetica\/blog\/exosomas-capilares-como-ayudan-a-frenar-la-caida-del-cabello-y-mejorar-la-densidad\/\">Exosomas capilares: c\u00f3mo ayudan a frenar la ca\u00edda del cabello y mejorar la densidad<\/a><time datetime=\"2026-03-10T11:38:07+00:00\" class=\"wp-block-latest-posts__post-date\">10 de marzo de 2026<\/time><div class=\"wp-block-latest-posts__post-excerpt\">En los \u00faltimos a\u00f1os, la medicina est\u00e9tica capilar ha evolucionado de forma notable gracias a la incorporaci\u00f3n de terapias regenerativas &#8230; <a title=\"Exosomas capilares: c\u00f3mo ayudan a frenar la ca\u00edda del cabello y mejorar la densidad\" class=\"read-more\" href=\"https:\/\/riberasalud.com\/ribera-estetica\/blog\/exosomas-capilares-como-ayudan-a-frenar-la-caida-del-cabello-y-mejorar-la-densidad\/\" aria-label=\"Leer m\u00e1s sobre Exosomas capilares: c\u00f3mo ayudan a frenar la ca\u00edda del cabello y mejorar la densidad\">Leer m\u00e1s<\/a><\/div><\/li>\n<li><a class=\"wp-block-latest-posts__post-title\" href=\"https:\/\/riberasalud.com\/ribera-estetica\/blog\/polinucleotidos-en-medicina-estetica-que-son-para-que-sirven-y-cuando-se-recomiendan\/\">Polinucle\u00f3tidos en medicina est\u00e9tica: qu\u00e9 son, para qu\u00e9 sirven y cu\u00e1ndo se recomiendan<\/a><time datetime=\"2026-02-24T08:55:06+00:00\" class=\"wp-block-latest-posts__post-date\">24 de febrero de 2026<\/time><div class=\"wp-block-latest-posts__post-excerpt\">En los \u00faltimos a\u00f1os, la medicina est\u00e9tica ha evolucionado hacia tratamientos cada vez m\u00e1s biocompatibles y regenerativos, orientados no solo &#8230; <a title=\"Polinucle\u00f3tidos en medicina est\u00e9tica: qu\u00e9 son, para qu\u00e9 sirven y cu\u00e1ndo se recomiendan\" class=\"read-more\" href=\"https:\/\/riberasalud.com\/ribera-estetica\/blog\/polinucleotidos-en-medicina-estetica-que-son-para-que-sirven-y-cuando-se-recomiendan\/\" aria-label=\"Leer m\u00e1s sobre Polinucle\u00f3tidos en medicina est\u00e9tica: qu\u00e9 son, para qu\u00e9 sirven y cu\u00e1ndo se recomiendan\">Leer m\u00e1s<\/a><\/div><\/li>\n<li><a class=\"wp-block-latest-posts__post-title\" href=\"https:\/\/riberasalud.com\/ribera-estetica\/blog\/tendencias-en-medicina-estetica-para-2026\/\">Tendencias en medicina est\u00e9tica para 2026: los tratamientos que marcar\u00e1n el a\u00f1o<\/a><time datetime=\"2026-02-10T15:32:20+00:00\" class=\"wp-block-latest-posts__post-date\">10 de febrero de 2026<\/time><div class=\"wp-block-latest-posts__post-excerpt\">El inicio de 2026 llega con una medicina est\u00e9tica m\u00e1s avanzada, precisa y personalizada que nunca. Tras varios a\u00f1os de &#8230; <a title=\"Tendencias en medicina est\u00e9tica para 2026: los tratamientos que marcar\u00e1n el a\u00f1o\" class=\"read-more\" href=\"https:\/\/riberasalud.com\/ribera-estetica\/blog\/tendencias-en-medicina-estetica-para-2026\/\" aria-label=\"Leer m\u00e1s sobre Tendencias en medicina est\u00e9tica para 2026: los tratamientos que marcar\u00e1n el a\u00f1o\">Leer m\u00e1s<\/a><\/div><\/li>\n<li><a class=\"wp-block-latest-posts__post-title\" href=\"https:\/\/riberasalud.com\/ribera-estetica\/blog\/como-preparar-tu-piel-despues-de-las-fiestas-rutina-post-navidad\/\">C\u00f3mo preparar tu piel despu\u00e9s de las fiestas: rutina post Navidad<\/a><time datetime=\"2026-01-27T15:55:18+00:00\" class=\"wp-block-latest-posts__post-date\">27 de enero de 2026<\/time><div class=\"wp-block-latest-posts__post-excerpt\">Las celebraciones navide\u00f1as suelen venir acompa\u00f1adas de cambios en nuestros h\u00e1bitos diarios: trasnochar m\u00e1s de lo habitual, consumir alimentos m\u00e1s &#8230; <a title=\"C\u00f3mo preparar tu piel despu\u00e9s de las fiestas: rutina post Navidad\" class=\"read-more\" href=\"https:\/\/riberasalud.com\/ribera-estetica\/blog\/como-preparar-tu-piel-despues-de-las-fiestas-rutina-post-navidad\/\" aria-label=\"Leer m\u00e1s sobre C\u00f3mo preparar tu piel despu\u00e9s de las fiestas: rutina post Navidad\">Leer m\u00e1s<\/a><\/div><\/li>\n<li><a class=\"wp-block-latest-posts__post-title\" href=\"https:\/\/riberasalud.com\/ribera-estetica\/blog\/tratamiento-flash-facial-en-que-consiste-y-que-tipos-existen\/\">Tratamiento flash facial: en qu\u00e9 consiste y qu\u00e9 tipos existen<\/a><time datetime=\"2026-01-13T11:43:55+00:00\" class=\"wp-block-latest-posts__post-date\">13 de enero de 2026<\/time><div class=\"wp-block-latest-posts__post-excerpt\">La Navidad es sin\u00f3nimo de reencuentros, celebraciones y agendas repletas de eventos sociales y familiares. En estas fechas, todos buscamos &#8230; <a title=\"Tratamiento flash facial: en qu\u00e9 consiste y qu\u00e9 tipos existen\" class=\"read-more\" href=\"https:\/\/riberasalud.com\/ribera-estetica\/blog\/tratamiento-flash-facial-en-que-consiste-y-que-tipos-existen\/\" aria-label=\"Leer m\u00e1s sobre Tratamiento flash facial: en qu\u00e9 consiste y qu\u00e9 tipos existen\">Leer m\u00e1s<\/a><\/div><\/li>\n<li><a class=\"wp-block-latest-posts__post-title\" href=\"https:\/\/riberasalud.com\/ribera-estetica\/blog\/como-preparar-la-piel-para-ir-radiante-a-una-fiesta\/\">C\u00f3mo preparar la piel para ir radiante a una fiesta<\/a><time datetime=\"2025-12-30T08:55:19+00:00\" class=\"wp-block-latest-posts__post-date\">30 de diciembre de 2025<\/time><div class=\"wp-block-latest-posts__post-excerpt\">Llega la Navidad, las fiestas, las reuniones especiales con familia y amigos, ese momento m\u00e1gico del a\u00f1o lleno de celebraciones, &#8230; <a title=\"C\u00f3mo preparar la piel para ir radiante a una fiesta\" class=\"read-more\" href=\"https:\/\/riberasalud.com\/ribera-estetica\/blog\/como-preparar-la-piel-para-ir-radiante-a-una-fiesta\/\" aria-label=\"Leer m\u00e1s sobre C\u00f3mo preparar la piel para ir radiante a una fiesta\">Leer m\u00e1s<\/a><\/div><\/li>\n<li><a class=\"wp-block-latest-posts__post-title\" href=\"https:\/\/riberasalud.com\/ribera-estetica\/blog\/peeling-quimico-o-laser-co2-cual-es-la-mejor-opcion-para-tu-piel\/\">Peeling qu\u00edmico o l\u00e1ser CO2: \u00bfCu\u00e1l es la mejor opci\u00f3n para tu piel?<\/a><time datetime=\"2025-12-16T16:33:48+00:00\" class=\"wp-block-latest-posts__post-date\">16 de diciembre de 2025<\/time><div class=\"wp-block-latest-posts__post-excerpt\">Con diciembre ha llegado el fr\u00edo, el viento y la sequedad del ambiente. Estos factores afectan directamente a nuestra piel, &#8230; <a title=\"Peeling qu\u00edmico o l\u00e1ser CO2: \u00bfCu\u00e1l es la mejor opci\u00f3n para tu piel?\" class=\"read-more\" href=\"https:\/\/riberasalud.com\/ribera-estetica\/blog\/peeling-quimico-o-laser-co2-cual-es-la-mejor-opcion-para-tu-piel\/\" aria-label=\"Leer m\u00e1s sobre Peeling qu\u00edmico o l\u00e1ser CO2: \u00bfCu\u00e1l es la mejor opci\u00f3n para tu piel?\">Leer m\u00e1s<\/a><\/div><\/li>\n<li><a class=\"wp-block-latest-posts__post-title\" href=\"https:\/\/riberasalud.com\/ribera-estetica\/blog\/caida-del-cabello-en-otono-causas-y-soluciones-reales\/\">Ca\u00edda del cabello en oto\u00f1o: causas y soluciones reales<\/a><time datetime=\"2025-12-02T15:13:44+00:00\" class=\"wp-block-latest-posts__post-date\">2 de diciembre de 2025<\/time><div class=\"wp-block-latest-posts__post-excerpt\">La ca\u00edda del cabello en oto\u00f1o es uno de los motivos de consulta m\u00e1s frecuentes en est\u00e9tica capilar. Muchas personas &#8230; <a title=\"Ca\u00edda del cabello en oto\u00f1o: causas y soluciones reales\" class=\"read-more\" href=\"https:\/\/riberasalud.com\/ribera-estetica\/blog\/caida-del-cabello-en-otono-causas-y-soluciones-reales\/\" aria-label=\"Leer m\u00e1s sobre Ca\u00edda del cabello en oto\u00f1o: causas y soluciones reales\">Leer m\u00e1s<\/a><\/div><\/li>\n<li><a class=\"wp-block-latest-posts__post-title\" href=\"https:\/\/riberasalud.com\/ribera-estetica\/blog\/que-es-hydrafacial-y-para-que-sirve\/\">Qu\u00e9 es Hydrafacial y para qu\u00e9 sirve<\/a><time datetime=\"2025-11-18T16:49:48+00:00\" class=\"wp-block-latest-posts__post-date\">18 de noviembre de 2025<\/time><div class=\"wp-block-latest-posts__post-excerpt\">Si buscas un tratamiento facial que limpie, hidrate y rejuvenezca tu piel en una sola sesi\u00f3n, el Hydrafacial es una &#8230; <a title=\"Qu\u00e9 es Hydrafacial y para qu\u00e9 sirve\" class=\"read-more\" href=\"https:\/\/riberasalud.com\/ribera-estetica\/blog\/que-es-hydrafacial-y-para-que-sirve\/\" aria-label=\"Leer m\u00e1s sobre Qu\u00e9 es Hydrafacial y para qu\u00e9 sirve\">Leer m\u00e1s<\/a><\/div><\/li>\n<li><a class=\"wp-block-latest-posts__post-title\" href=\"https:\/\/riberasalud.com\/ribera-estetica\/blog\/los-mejores-tratamientos-faciales-para-otono-guia-completa\/\">Los mejores tratamientos faciales para oto\u00f1o: gu\u00eda completa<\/a><time datetime=\"2025-11-04T13:22:48+00:00\" class=\"wp-block-latest-posts__post-date\">4 de noviembre de 2025<\/time><div class=\"wp-block-latest-posts__post-excerpt\">Con la llegada del oto\u00f1o, nuestra piel atraviesa una etapa de adaptaci\u00f3n. Tras el verano, \u00e9poca en la que la &#8230; <a title=\"Los mejores tratamientos faciales para oto\u00f1o: gu\u00eda completa\" class=\"read-more\" href=\"https:\/\/riberasalud.com\/ribera-estetica\/blog\/los-mejores-tratamientos-faciales-para-otono-guia-completa\/\" aria-label=\"Leer m\u00e1s sobre Los mejores tratamientos faciales para oto\u00f1o: gu\u00eda completa\">Leer m\u00e1s<\/a><\/div><\/li>\n<li><a class=\"wp-block-latest-posts__post-title\" href=\"https:\/\/riberasalud.com\/ribera-estetica\/blog\/tratamientos-sin-cirugia-para-combatir-la-flacidez-facial-tras-el-verano\/\">Tratamientos sin cirug\u00eda para combatir la flacidez facial tras el verano<\/a><time datetime=\"2025-10-21T08:20:51+00:00\" class=\"wp-block-latest-posts__post-date\">21 de octubre de 2025<\/time><div class=\"wp-block-latest-posts__post-excerpt\">El verano, que ahora mismo vemos ya muy lejano, es una estaci\u00f3n que disfrutamos al m\u00e1ximo, pero tambi\u00e9n es la &#8230; <a title=\"Tratamientos sin cirug\u00eda para combatir la flacidez facial tras el verano\" class=\"read-more\" href=\"https:\/\/riberasalud.com\/ribera-estetica\/blog\/tratamientos-sin-cirugia-para-combatir-la-flacidez-facial-tras-el-verano\/\" aria-label=\"Leer m\u00e1s sobre Tratamientos sin cirug\u00eda para combatir la flacidez facial tras el verano\">Leer m\u00e1s<\/a><\/div><\/li>\n<li><a class=\"wp-block-latest-posts__post-title\" href=\"https:\/\/riberasalud.com\/ribera-estetica\/blog\/polinucleotidos-y-exosomas-lo-ultimo-en-regeneracion-facial-tras-el-verano\/\">Polinucle\u00f3tidos y exosomas: lo \u00faltimo en regeneraci\u00f3n facial tras el verano<\/a><time datetime=\"2025-10-07T08:39:22+00:00\" class=\"wp-block-latest-posts__post-date\">7 de octubre de 2025<\/time><div class=\"wp-block-latest-posts__post-excerpt\">El verano es sin\u00f3nimo de sol, playa y descanso, pero tambi\u00e9n de exposici\u00f3n a factores que afectan a la piel: &#8230; <a title=\"Polinucle\u00f3tidos y exosomas: lo \u00faltimo en regeneraci\u00f3n facial tras el verano\" class=\"read-more\" href=\"https:\/\/riberasalud.com\/ribera-estetica\/blog\/polinucleotidos-y-exosomas-lo-ultimo-en-regeneracion-facial-tras-el-verano\/\" aria-label=\"Leer m\u00e1s sobre Polinucle\u00f3tidos y exosomas: lo \u00faltimo en regeneraci\u00f3n facial tras el verano\">Leer m\u00e1s<\/a><\/div><\/li>\n<li><a class=\"wp-block-latest-posts__post-title\" href=\"https:\/\/riberasalud.com\/ribera-estetica\/blog\/melasma-post-verano-causas-prevencion-y-tratamientos-efectivos\/\">Melasma post verano: causas, prevenci\u00f3n y tratamientos efectivos<\/a><time datetime=\"2025-09-24T07:44:49+00:00\" class=\"wp-block-latest-posts__post-date\">24 de septiembre de 2025<\/time><div class=\"wp-block-latest-posts__post-excerpt\">El final del verano suele traer consigo un recuerdo poco deseado en la piel: el melasma, una hiperpigmentaci\u00f3n que aparece &#8230; <a title=\"Melasma post verano: causas, prevenci\u00f3n y tratamientos efectivos\" class=\"read-more\" href=\"https:\/\/riberasalud.com\/ribera-estetica\/blog\/melasma-post-verano-causas-prevencion-y-tratamientos-efectivos\/\" aria-label=\"Leer m\u00e1s sobre Melasma post verano: causas, prevenci\u00f3n y tratamientos efectivos\">Leer m\u00e1s<\/a><\/div><\/li>\n<li><a class=\"wp-block-latest-posts__post-title\" href=\"https:\/\/riberasalud.com\/ribera-estetica\/blog\/como-recuperar-la-piel-tras-el-verano-tratamientos-medicos-vs-cosmeticos\/\">C\u00f3mo recuperar la piel tras el verano: tratamientos m\u00e9dicos vs. cosm\u00e9ticos<\/a><time datetime=\"2025-09-09T11:14:34+00:00\" class=\"wp-block-latest-posts__post-date\">9 de septiembre de 2025<\/time><div class=\"wp-block-latest-posts__post-excerpt\">El verano es sin\u00f3nimo de sol, playa, piscina y actividades al aire libre. Sin embargo, nuestra piel suele pagar el &#8230; <a title=\"C\u00f3mo recuperar la piel tras el verano: tratamientos m\u00e9dicos vs. cosm\u00e9ticos\" class=\"read-more\" href=\"https:\/\/riberasalud.com\/ribera-estetica\/blog\/como-recuperar-la-piel-tras-el-verano-tratamientos-medicos-vs-cosmeticos\/\" aria-label=\"Leer m\u00e1s sobre C\u00f3mo recuperar la piel tras el verano: tratamientos m\u00e9dicos vs. cosm\u00e9ticos\">Leer m\u00e1s<\/a><\/div><\/li>\n<li><a class=\"wp-block-latest-posts__post-title\" href=\"https:\/\/riberasalud.com\/ribera-estetica\/blog\/luz-pulsada-intensa-ipl-prepara-tu-piel-para-el-verano-sin-manchas-ni-rojeces\/\">Luz Pulsada Intensa (IPL): Prepara tu piel para el verano sin manchas ni rojeces<\/a><time datetime=\"2025-08-12T09:54:43+00:00\" class=\"wp-block-latest-posts__post-date\">12 de agosto de 2025<\/time><div class=\"wp-block-latest-posts__post-excerpt\">Con la llegada del buen tiempo, todas queremos lucir una piel radiante, uniforme y libre de imperfecciones. Sin embargo, el &#8230; <a title=\"Luz Pulsada Intensa (IPL): Prepara tu piel para el verano sin manchas ni rojeces\" class=\"read-more\" href=\"https:\/\/riberasalud.com\/ribera-estetica\/blog\/luz-pulsada-intensa-ipl-prepara-tu-piel-para-el-verano-sin-manchas-ni-rojeces\/\" aria-label=\"Leer m\u00e1s sobre Luz Pulsada Intensa (IPL): Prepara tu piel para el verano sin manchas ni rojeces\">Leer m\u00e1s<\/a><\/div><\/li>\n<li><a class=\"wp-block-latest-posts__post-title\" href=\"https:\/\/riberasalud.com\/ribera-estetica\/blog\/inductores-de-colageno-vs-acido-hialuronico\/\">Inductores de col\u00e1geno vs \u00e1cido hialur\u00f3nico<\/a><time datetime=\"2025-07-22T13:05:35+00:00\" class=\"wp-block-latest-posts__post-date\">22 de julio de 2025<\/time><div class=\"wp-block-latest-posts__post-excerpt\">En el mundo de la est\u00e9tica facial, los tratamientos para combatir el envejecimiento cut\u00e1neo no dejan de evolucionar. Sin embargo, &#8230; <a title=\"Inductores de col\u00e1geno vs \u00e1cido hialur\u00f3nico\" class=\"read-more\" href=\"https:\/\/riberasalud.com\/ribera-estetica\/blog\/inductores-de-colageno-vs-acido-hialuronico\/\" aria-label=\"Leer m\u00e1s sobre Inductores de col\u00e1geno vs \u00e1cido hialur\u00f3nico\">Leer m\u00e1s<\/a><\/div><\/li>\n<li><a class=\"wp-block-latest-posts__post-title\" href=\"https:\/\/riberasalud.com\/ribera-estetica\/blog\/neuromoduladores-preventivos-como-retrasar-las-arrugas-antes-de-que-aparezcan\/\">Neuromoduladores preventivos: c\u00f3mo retrasar las arrugas antes de que aparezcan<\/a><time datetime=\"2025-07-08T11:44:03+00:00\" class=\"wp-block-latest-posts__post-date\">8 de julio de 2025<\/time><div class=\"wp-block-latest-posts__post-excerpt\">En el mundo de la est\u00e9tica, cada vez son m\u00e1s las personas que buscan no solo corregir los signos del &#8230; <a title=\"Neuromoduladores preventivos: c\u00f3mo retrasar las arrugas antes de que aparezcan\" class=\"read-more\" href=\"https:\/\/riberasalud.com\/ribera-estetica\/blog\/neuromoduladores-preventivos-como-retrasar-las-arrugas-antes-de-que-aparezcan\/\" aria-label=\"Leer m\u00e1s sobre Neuromoduladores preventivos: c\u00f3mo retrasar las arrugas antes de que aparezcan\">Leer m\u00e1s<\/a><\/div><\/li>\n<li><a class=\"wp-block-latest-posts__post-title\" href=\"https:\/\/riberasalud.com\/ribera-estetica\/blog\/exosomas-faciales-el-futuro-del-rejuvenecimiento-celular-en-medicina-estetica\/\">Exosomas faciales: el futuro del rejuvenecimiento celular en medicina est\u00e9tica<\/a><time datetime=\"2025-06-24T12:48:52+00:00\" class=\"wp-block-latest-posts__post-date\">24 de junio de 2025<\/time><div class=\"wp-block-latest-posts__post-excerpt\">En el mundo de la medicina est\u00e9tica, la b\u00fasqueda de tratamientos eficaces, seguros y con resultados naturales no se detiene. &#8230; <a title=\"Exosomas faciales: el futuro del rejuvenecimiento celular en medicina est\u00e9tica\" class=\"read-more\" href=\"https:\/\/riberasalud.com\/ribera-estetica\/blog\/exosomas-faciales-el-futuro-del-rejuvenecimiento-celular-en-medicina-estetica\/\" aria-label=\"Leer m\u00e1s sobre Exosomas faciales: el futuro del rejuvenecimiento celular en medicina est\u00e9tica\">Leer m\u00e1s<\/a><\/div><\/li>\n<li><a class=\"wp-block-latest-posts__post-title\" href=\"https:\/\/riberasalud.com\/ribera-estetica\/blog\/que-es-el-ipl-facial-para-que-sirve-y-resultados-obtenidos\/\">Qu\u00e9 es el IPL facial, para qu\u00e9 sirve y resultados obtenidos<\/a><time datetime=\"2025-06-10T11:51:36+00:00\" class=\"wp-block-latest-posts__post-date\">10 de junio de 2025<\/time><div class=\"wp-block-latest-posts__post-excerpt\">El cuidado facial ha avanzado a pasos agigantados en los \u00faltimos a\u00f1os, y uno de los tratamientos m\u00e1s innovadores y &#8230; <a title=\"Qu\u00e9 es el IPL facial, para qu\u00e9 sirve y resultados obtenidos\" class=\"read-more\" href=\"https:\/\/riberasalud.com\/ribera-estetica\/blog\/que-es-el-ipl-facial-para-que-sirve-y-resultados-obtenidos\/\" aria-label=\"Leer m\u00e1s sobre Qu\u00e9 es el IPL facial, para qu\u00e9 sirve y resultados obtenidos\">Leer m\u00e1s<\/a><\/div><\/li>\n<li><a class=\"wp-block-latest-posts__post-title\" href=\"https:\/\/riberasalud.com\/ribera-estetica\/blog\/resurfacing-rejuvenecimiento-facial-con-laser-co2\/\">Resurfacing: Rejuvenecimiento facial con l\u00e1ser CO2<\/a><time datetime=\"2025-05-27T10:57:34+00:00\" class=\"wp-block-latest-posts__post-date\">27 de mayo de 2025<\/time><div class=\"wp-block-latest-posts__post-excerpt\">Verse bien es m\u00e1s que una cuesti\u00f3n de est\u00e9tica: es una manera de fortalecer nuestra autoestima, proyectar seguridad y mejorar &#8230; <a title=\"Resurfacing: Rejuvenecimiento facial con l\u00e1ser CO2\" class=\"read-more\" href=\"https:\/\/riberasalud.com\/ribera-estetica\/blog\/resurfacing-rejuvenecimiento-facial-con-laser-co2\/\" aria-label=\"Leer m\u00e1s sobre Resurfacing: Rejuvenecimiento facial con l\u00e1ser CO2\">Leer m\u00e1s<\/a><\/div><\/li>\n<li><a class=\"wp-block-latest-posts__post-title\" href=\"https:\/\/riberasalud.com\/ribera-estetica\/blog\/tipos-de-inductores-de-colageno\/\">Tipos de inductores de col\u00e1geno<\/a><time datetime=\"2025-05-13T10:45:20+00:00\" class=\"wp-block-latest-posts__post-date\">13 de mayo de 2025<\/time><div class=\"wp-block-latest-posts__post-excerpt\">La producci\u00f3n de col\u00e1geno en nuestra piel disminuye de forma natural con el paso del tiempo, lo que provoca la &#8230; <a title=\"Tipos de inductores de col\u00e1geno\" class=\"read-more\" href=\"https:\/\/riberasalud.com\/ribera-estetica\/blog\/tipos-de-inductores-de-colageno\/\" aria-label=\"Leer m\u00e1s sobre Tipos de inductores de col\u00e1geno\">Leer m\u00e1s<\/a><\/div><\/li>\n<li><a class=\"wp-block-latest-posts__post-title\" href=\"https:\/\/riberasalud.com\/ribera-estetica\/blog\/tratamiento-capilar-con-exosomas\/\">Tratamiento capilar con exosomas<\/a><time datetime=\"2025-04-29T11:02:22+00:00\" class=\"wp-block-latest-posts__post-date\">29 de abril de 2025<\/time><div class=\"wp-block-latest-posts__post-excerpt\">Los avances de la Ciencia benefician tambi\u00e9n al \u00e1mbito de la est\u00e9tica. En este sentido, en la entrada al blog &#8230; <a title=\"Tratamiento capilar con exosomas\" class=\"read-more\" href=\"https:\/\/riberasalud.com\/ribera-estetica\/blog\/tratamiento-capilar-con-exosomas\/\" aria-label=\"Leer m\u00e1s sobre Tratamiento capilar con exosomas\">Leer m\u00e1s<\/a><\/div><\/li>\n<li><a class=\"wp-block-latest-posts__post-title\" href=\"https:\/\/riberasalud.com\/ribera-estetica\/blog\/que-es-el-laser-co2-y-para-que-sirve\/\">\u00bfQu\u00e9 es el l\u00e1ser CO2 y para qu\u00e9 sirve?<\/a><time datetime=\"2025-04-08T13:28:58+00:00\" class=\"wp-block-latest-posts__post-date\">8 de abril de 2025<\/time><div class=\"wp-block-latest-posts__post-excerpt\">El l\u00e1ser CO2 es una de las tecnolog\u00edas m\u00e1s avanzadas en el campo de la medicina est\u00e9tica. Su eficacia y &#8230; <a title=\"\u00bfQu\u00e9 es el l\u00e1ser CO2 y para qu\u00e9 sirve?\" class=\"read-more\" href=\"https:\/\/riberasalud.com\/ribera-estetica\/blog\/que-es-el-laser-co2-y-para-que-sirve\/\" aria-label=\"Leer m\u00e1s sobre \u00bfQu\u00e9 es el l\u00e1ser CO2 y para qu\u00e9 sirve?\">Leer m\u00e1s<\/a><\/div><\/li>\n<li><a class=\"wp-block-latest-posts__post-title\" href=\"https:\/\/riberasalud.com\/ribera-estetica\/blog\/que-es-el-ipl-y-para-que-sirve\/\">\u00bfQu\u00e9 es el IPL y para qu\u00e9 sirve?<\/a><time datetime=\"2025-03-25T12:48:37+00:00\" class=\"wp-block-latest-posts__post-date\">25 de marzo de 2025<\/time><div class=\"wp-block-latest-posts__post-excerpt\">La Luz Pulsada Intensa, m\u00e1s conocida como IPL, es una tecnolog\u00eda innovadora que ha revolucionado el mundo de la est\u00e9tica. &#8230; <a title=\"\u00bfQu\u00e9 es el IPL y para qu\u00e9 sirve?\" class=\"read-more\" href=\"https:\/\/riberasalud.com\/ribera-estetica\/blog\/que-es-el-ipl-y-para-que-sirve\/\" aria-label=\"Leer m\u00e1s sobre \u00bfQu\u00e9 es el IPL y para qu\u00e9 sirve?\">Leer m\u00e1s<\/a><\/div><\/li>\n<li><a class=\"wp-block-latest-posts__post-title\" href=\"https:\/\/riberasalud.com\/ribera-estetica\/blog\/diferencias-entre-inductores-de-colageno-y-skinboosters\/\">Diferencias entre inductores de col\u00e1geno y skinboosters<\/a><time datetime=\"2025-03-11T10:25:00+00:00\" class=\"wp-block-latest-posts__post-date\">11 de marzo de 2025<\/time><div class=\"wp-block-latest-posts__post-excerpt\">En el mundo de la est\u00e9tica, los tratamientos para mejorar la calidad de la piel est\u00e1n en constante evoluci\u00f3n. Dos &#8230; <a title=\"Diferencias entre inductores de col\u00e1geno y skinboosters\" class=\"read-more\" href=\"https:\/\/riberasalud.com\/ribera-estetica\/blog\/diferencias-entre-inductores-de-colageno-y-skinboosters\/\" aria-label=\"Leer m\u00e1s sobre Diferencias entre inductores de col\u00e1geno y skinboosters\">Leer m\u00e1s<\/a><\/div><\/li>\n<li><a class=\"wp-block-latest-posts__post-title\" href=\"https:\/\/riberasalud.com\/ribera-estetica\/blog\/que-son-los-exosomas-y-para-que-sirven-en-la-medicina-estetica\/\">Qu\u00e9 son los exosomas y para qu\u00e9 sirven en la medicina est\u00e9tica<\/a><time datetime=\"2025-02-25T12:28:24+00:00\" class=\"wp-block-latest-posts__post-date\">25 de febrero de 2025<\/time><div class=\"wp-block-latest-posts__post-excerpt\">En el mundo de la est\u00e9tica, la Ciencia avanza a pasos agigantados, y uno de los \u00faltimos descubrimientos que est\u00e1 &#8230; <a title=\"Qu\u00e9 son los exosomas y para qu\u00e9 sirven en la medicina est\u00e9tica\" class=\"read-more\" href=\"https:\/\/riberasalud.com\/ribera-estetica\/blog\/que-son-los-exosomas-y-para-que-sirven-en-la-medicina-estetica\/\" aria-label=\"Leer m\u00e1s sobre Qu\u00e9 son los exosomas y para qu\u00e9 sirven en la medicina est\u00e9tica\">Leer m\u00e1s<\/a><\/div><\/li>\n<li><a class=\"wp-block-latest-posts__post-title\" href=\"https:\/\/riberasalud.com\/ribera-estetica\/blog\/bioestimuladores-de-colageno-que-son-y-como-funcionan\/\">Bioestimuladores de col\u00e1geno: qu\u00e9 son y c\u00f3mo funcionan<\/a><time datetime=\"2025-02-11T08:53:07+00:00\" class=\"wp-block-latest-posts__post-date\">11 de febrero de 2025<\/time><div class=\"wp-block-latest-posts__post-excerpt\">El paso del tiempo deja huella en nuestra piel, siendo la p\u00e9rdida de elasticidad, firmeza y la aparici\u00f3n de arrugas &#8230; <a title=\"Bioestimuladores de col\u00e1geno: qu\u00e9 son y c\u00f3mo funcionan\" class=\"read-more\" href=\"https:\/\/riberasalud.com\/ribera-estetica\/blog\/bioestimuladores-de-colageno-que-son-y-como-funcionan\/\" aria-label=\"Leer m\u00e1s sobre Bioestimuladores de col\u00e1geno: qu\u00e9 son y c\u00f3mo funcionan\">Leer m\u00e1s<\/a><\/div><\/li>\n<li><a class=\"wp-block-latest-posts__post-title\" href=\"https:\/\/riberasalud.com\/ribera-estetica\/blog\/que-es-la-armonizacion-facial\/\">\u00bfQu\u00e9 es la armonizaci\u00f3n facial?<\/a><time datetime=\"2025-01-28T14:53:19+00:00\" class=\"wp-block-latest-posts__post-date\">28 de enero de 2025<\/time><div class=\"wp-block-latest-posts__post-excerpt\">La armonizaci\u00f3n facial se ha convertido en una de las tendencias m\u00e1s populares dentro del mundo de la est\u00e9tica, ya &#8230; <a title=\"\u00bfQu\u00e9 es la armonizaci\u00f3n facial?\" class=\"read-more\" href=\"https:\/\/riberasalud.com\/ribera-estetica\/blog\/que-es-la-armonizacion-facial\/\" aria-label=\"Leer m\u00e1s sobre \u00bfQu\u00e9 es la armonizaci\u00f3n facial?\">Leer m\u00e1s<\/a><\/div><\/li>\n<li><a class=\"wp-block-latest-posts__post-title\" href=\"https:\/\/riberasalud.com\/ribera-estetica\/blog\/cuantas-sesiones-de-mesoterapia-capilar-son-necesarias\/\">\u00bfCu\u00e1ntas sesiones de mesoterapia capilar son necesarias?<\/a><time datetime=\"2025-01-14T12:28:11+00:00\" class=\"wp-block-latest-posts__post-date\">14 de enero de 2025<\/time><div class=\"wp-block-latest-posts__post-excerpt\">La mesoterapia capilar es un tratamiento no invasivo que est\u00e1 ganando popularidad entre quienes buscan combatir la ca\u00edda del cabello, &#8230; <a title=\"\u00bfCu\u00e1ntas sesiones de mesoterapia capilar son necesarias?\" class=\"read-more\" href=\"https:\/\/riberasalud.com\/ribera-estetica\/blog\/cuantas-sesiones-de-mesoterapia-capilar-son-necesarias\/\" aria-label=\"Leer m\u00e1s sobre \u00bfCu\u00e1ntas sesiones de mesoterapia capilar son necesarias?\">Leer m\u00e1s<\/a><\/div><\/li>\n<li><a class=\"wp-block-latest-posts__post-title\" href=\"https:\/\/riberasalud.com\/ribera-estetica\/blog\/tendencias-de-tratamientos-de-medicina-estetica-en-2025\/\">Tendencias de tratamientos de medicina est\u00e9tica en 2025<\/a><time datetime=\"2025-01-07T10:57:15+00:00\" class=\"wp-block-latest-posts__post-date\">7 de enero de 2025<\/time><div class=\"wp-block-latest-posts__post-excerpt\">En los \u00faltimos a\u00f1os, la medicina est\u00e9tica ha evolucionado de manera significativa, pasando de enfocarse \u00fanicamente en mejorar la apariencia &#8230; <a title=\"Tendencias de tratamientos de medicina est\u00e9tica en 2025\" class=\"read-more\" href=\"https:\/\/riberasalud.com\/ribera-estetica\/blog\/tendencias-de-tratamientos-de-medicina-estetica-en-2025\/\" aria-label=\"Leer m\u00e1s sobre Tendencias de tratamientos de medicina est\u00e9tica en 2025\">Leer m\u00e1s<\/a><\/div><\/li>\n<li><a class=\"wp-block-latest-posts__post-title\" href=\"https:\/\/riberasalud.com\/ribera-estetica\/blog\/tratamientos-de-belleza-para-esta-navidad-luce-radiante-en-las-fiestas\/\">Tratamientos de belleza para esta Navidad: luce radiante en las fiestas<\/a><time datetime=\"2024-12-17T12:20:32+00:00\" class=\"wp-block-latest-posts__post-date\">17 de diciembre de 2024<\/time><div class=\"wp-block-latest-posts__post-excerpt\">La Navidad est\u00e1 a la vuelta de la esquina, y con ella llegan cenas, reuniones y celebraciones donde queremos lucir &#8230; <a title=\"Tratamientos de belleza para esta Navidad: luce radiante en las fiestas\" class=\"read-more\" href=\"https:\/\/riberasalud.com\/ribera-estetica\/blog\/tratamientos-de-belleza-para-esta-navidad-luce-radiante-en-las-fiestas\/\" aria-label=\"Leer m\u00e1s sobre Tratamientos de belleza para esta Navidad: luce radiante en las fiestas\">Leer m\u00e1s<\/a><\/div><\/li>\n<li><a class=\"wp-block-latest-posts__post-title\" href=\"https:\/\/riberasalud.com\/ribera-estetica\/blog\/es-efectiva-la-mesoterapia-capilar-todo-lo-que-necesitas-saber\/\">\u00bfEs efectiva la mesoterapia capilar? Todo lo que necesitas saber<\/a><time datetime=\"2024-12-03T09:37:04+00:00\" class=\"wp-block-latest-posts__post-date\">3 de diciembre de 2024<\/time><div class=\"wp-block-latest-posts__post-excerpt\">La ca\u00edda del cabello es una preocupaci\u00f3n com\u00fan para hombres y mujeres en todo el mundo. Aunque existen m\u00faltiples tratamientos &#8230; <a title=\"\u00bfEs efectiva la mesoterapia capilar? Todo lo que necesitas saber\" class=\"read-more\" href=\"https:\/\/riberasalud.com\/ribera-estetica\/blog\/es-efectiva-la-mesoterapia-capilar-todo-lo-que-necesitas-saber\/\" aria-label=\"Leer m\u00e1s sobre \u00bfEs efectiva la mesoterapia capilar? Todo lo que necesitas saber\">Leer m\u00e1s<\/a><\/div><\/li>\n<li><a class=\"wp-block-latest-posts__post-title\" href=\"https:\/\/riberasalud.com\/ribera-estetica\/blog\/temporada-de-peeling-el-momento-perfecto-para-renovar-tu-piel\/\">Temporada de peeling: el momento perfecto para renovar tu piel<\/a><time datetime=\"2024-11-19T11:44:35+00:00\" class=\"wp-block-latest-posts__post-date\">19 de noviembre de 2024<\/time><div class=\"wp-block-latest-posts__post-excerpt\">Si te apasiona el cuidado de la piel, conoces seguro los peelings faciales y sus asombrosos beneficios para lograr una &#8230; <a title=\"Temporada de peeling: el momento perfecto para renovar tu piel\" class=\"read-more\" href=\"https:\/\/riberasalud.com\/ribera-estetica\/blog\/temporada-de-peeling-el-momento-perfecto-para-renovar-tu-piel\/\" aria-label=\"Leer m\u00e1s sobre Temporada de peeling: el momento perfecto para renovar tu piel\">Leer m\u00e1s<\/a><\/div><\/li>\n<li><a class=\"wp-block-latest-posts__post-title\" href=\"https:\/\/riberasalud.com\/ribera-estetica\/blog\/todo-lo-que-debes-saber-sobre-el-revolucionario-laser-de-diodo-leaseir\/\">Todo lo que debes saber sobre el revolucionario l\u00e1ser de Diodo Leaseir<\/a><time datetime=\"2024-11-05T08:32:26+00:00\" class=\"wp-block-latest-posts__post-date\">5 de noviembre de 2024<\/time><div class=\"wp-block-latest-posts__post-excerpt\">La depilaci\u00f3n permanente ha revolucionado el campo de la est\u00e9tica y la belleza, permitiendo una alternativa duradera a la depilaci\u00f3n &#8230; <a title=\"Todo lo que debes saber sobre el revolucionario l\u00e1ser de Diodo Leaseir\" class=\"read-more\" href=\"https:\/\/riberasalud.com\/ribera-estetica\/blog\/todo-lo-que-debes-saber-sobre-el-revolucionario-laser-de-diodo-leaseir\/\" aria-label=\"Leer m\u00e1s sobre Todo lo que debes saber sobre el revolucionario l\u00e1ser de Diodo Leaseir\">Leer m\u00e1s<\/a><\/div><\/li>\n<li><a class=\"wp-block-latest-posts__post-title\" href=\"https:\/\/riberasalud.com\/ribera-estetica\/blog\/como-elegir-el-tipo-de-relleno-facial\/\">C\u00f3mo elegir el tipo de relleno facial<\/a><time datetime=\"2024-10-22T08:20:23+00:00\" class=\"wp-block-latest-posts__post-date\">22 de octubre de 2024<\/time><div class=\"wp-block-latest-posts__post-excerpt\">En los \u00faltimos a\u00f1os, los rellenos d\u00e9rmicos se han convertido en uno de los tratamientos est\u00e9ticos m\u00e1s populares para mejorar &#8230; <a title=\"C\u00f3mo elegir el tipo de relleno facial\" class=\"read-more\" href=\"https:\/\/riberasalud.com\/ribera-estetica\/blog\/como-elegir-el-tipo-de-relleno-facial\/\" aria-label=\"Leer m\u00e1s sobre C\u00f3mo elegir el tipo de relleno facial\">Leer m\u00e1s<\/a><\/div><\/li>\n<li><a class=\"wp-block-latest-posts__post-title\" href=\"https:\/\/riberasalud.com\/ribera-estetica\/blog\/neuromoduladores\/\">Neuromoduladores<\/a><time datetime=\"2024-10-07T14:10:00+00:00\" class=\"wp-block-latest-posts__post-date\">7 de octubre de 2024<\/time><div class=\"wp-block-latest-posts__post-excerpt\">En el mundo de la est\u00e9tica, los neuromoduladores se han convertido en un tratamiento esencial para quienes buscan una soluci\u00f3n &#8230; <a title=\"Neuromoduladores\" class=\"read-more\" href=\"https:\/\/riberasalud.com\/ribera-estetica\/blog\/neuromoduladores\/\" aria-label=\"Leer m\u00e1s sobre Neuromoduladores\">Leer m\u00e1s<\/a><\/div><\/li>\n<li><a class=\"wp-block-latest-posts__post-title\" href=\"https:\/\/riberasalud.com\/ribera-estetica\/blog\/cuidado-de-la-piel-tratamientos-faciales-esenciales-despues-del-verano\/\">Cuidado de la piel: Tratamientos faciales esenciales despu\u00e9s del verano<\/a><time datetime=\"2024-09-24T07:47:26+00:00\" class=\"wp-block-latest-posts__post-date\">24 de septiembre de 2024<\/time><div class=\"wp-block-latest-posts__post-excerpt\">El verano y el descanso en la playa, la monta\u00f1a o el campo es un regalo para el alma, pero &#8230; <a title=\"Cuidado de la piel: Tratamientos faciales esenciales despu\u00e9s del verano\" class=\"read-more\" href=\"https:\/\/riberasalud.com\/ribera-estetica\/blog\/cuidado-de-la-piel-tratamientos-faciales-esenciales-despues-del-verano\/\" aria-label=\"Leer m\u00e1s sobre Cuidado de la piel: Tratamientos faciales esenciales despu\u00e9s del verano\">Leer m\u00e1s<\/a><\/div><\/li>\n<li><a class=\"wp-block-latest-posts__post-title\" href=\"https:\/\/riberasalud.com\/ribera-estetica\/blog\/peeling-facial-la-clave-para-revitalizar-tu-piel-despues-del-verano\/\">Peeling facial: La clave para revitalizar tu piel despu\u00e9s del verano<\/a><time datetime=\"2024-09-17T09:28:32+00:00\" class=\"wp-block-latest-posts__post-date\">17 de septiembre de 2024<\/time><div class=\"wp-block-latest-posts__post-excerpt\">El verano es una \u00e9poca perfecta para disfrutar del sol y la playa. Pero tambi\u00e9n puede dejar huella en nuestra &#8230; <a title=\"Peeling facial: La clave para revitalizar tu piel despu\u00e9s del verano\" class=\"read-more\" href=\"https:\/\/riberasalud.com\/ribera-estetica\/blog\/peeling-facial-la-clave-para-revitalizar-tu-piel-despues-del-verano\/\" aria-label=\"Leer m\u00e1s sobre Peeling facial: La clave para revitalizar tu piel despu\u00e9s del verano\">Leer m\u00e1s<\/a><\/div><\/li>\n<li><a class=\"wp-block-latest-posts__post-title\" href=\"https:\/\/riberasalud.com\/ribera-estetica\/blog\/beneficios-del-masaje-linfatico-en-verano-el-mejor-aliado-contra-la-retencion-de-liquidos\/\">Beneficios del masaje linf\u00e1tico en verano: el mejor aliado contra la retenci\u00f3n de l\u00edquidos<\/a><time datetime=\"2024-08-12T09:17:22+00:00\" class=\"wp-block-latest-posts__post-date\">12 de agosto de 2024<\/time><div class=\"wp-block-latest-posts__post-excerpt\">El verano es la estaci\u00f3n favorita del a\u00f1o para muchos. Hace calor, tenemos vacaciones, quedamos m\u00e1s con familia y amigos, &#8230; <a title=\"Beneficios del masaje linf\u00e1tico en verano: el mejor aliado contra la retenci\u00f3n de l\u00edquidos\" class=\"read-more\" href=\"https:\/\/riberasalud.com\/ribera-estetica\/blog\/beneficios-del-masaje-linfatico-en-verano-el-mejor-aliado-contra-la-retencion-de-liquidos\/\" aria-label=\"Leer m\u00e1s sobre Beneficios del masaje linf\u00e1tico en verano: el mejor aliado contra la retenci\u00f3n de l\u00edquidos\">Leer m\u00e1s<\/a><\/div><\/li>\n<li><a class=\"wp-block-latest-posts__post-title\" href=\"https:\/\/riberasalud.com\/ribera-estetica\/blog\/rinomodelacion-con-acido-hialuronico-remodelacion-de-nariz-sin-cirugia\/\">Rinomodelaci\u00f3n con \u00e1cido hialur\u00f3nico: remodelaci\u00f3n de nariz sin cirug\u00eda<\/a><time datetime=\"2024-07-30T09:56:18+00:00\" class=\"wp-block-latest-posts__post-date\">30 de julio de 2024<\/time><div class=\"wp-block-latest-posts__post-excerpt\">La rinomodelaci\u00f3n con \u00e1cido hialur\u00f3nico es una t\u00e9cnica revolucionaria en el campo de la est\u00e9tica, que permite remodelar la nariz &#8230; <a title=\"Rinomodelaci\u00f3n con \u00e1cido hialur\u00f3nico: remodelaci\u00f3n de nariz sin cirug\u00eda\" class=\"read-more\" href=\"https:\/\/riberasalud.com\/ribera-estetica\/blog\/rinomodelacion-con-acido-hialuronico-remodelacion-de-nariz-sin-cirugia\/\" aria-label=\"Leer m\u00e1s sobre Rinomodelaci\u00f3n con \u00e1cido hialur\u00f3nico: remodelaci\u00f3n de nariz sin cirug\u00eda\">Leer m\u00e1s<\/a><\/div><\/li>\n<li><a class=\"wp-block-latest-posts__post-title\" href=\"https:\/\/riberasalud.com\/ribera-estetica\/blog\/trasforma-tu-piel-con-los-beneficios-de-la-mesoterapia\/\">Trasforma tu piel con los beneficios de la mesoterapia<\/a><time datetime=\"2024-07-15T12:01:52+00:00\" class=\"wp-block-latest-posts__post-date\">15 de julio de 2024<\/time><div class=\"wp-block-latest-posts__post-excerpt\">La mesoterapia corporal es un tratamiento est\u00e9tico no invasivo que se ha ganado una gran popularidad en los \u00faltimos a\u00f1os &#8230; <a title=\"Trasforma tu piel con los beneficios de la mesoterapia\" class=\"read-more\" href=\"https:\/\/riberasalud.com\/ribera-estetica\/blog\/trasforma-tu-piel-con-los-beneficios-de-la-mesoterapia\/\" aria-label=\"Leer m\u00e1s sobre Trasforma tu piel con los beneficios de la mesoterapia\">Leer m\u00e1s<\/a><\/div><\/li>\n<li><a class=\"wp-block-latest-posts__post-title\" href=\"https:\/\/riberasalud.com\/ribera-estetica\/blog\/rutinas-y-tratamientos-para-preparar-la-piel-para-el-verano\/\">Rutinas y tratamientos para preparar la piel para el verano<\/a><time datetime=\"2024-07-02T09:43:05+00:00\" class=\"wp-block-latest-posts__post-date\">2 de julio de 2024<\/time><div class=\"wp-block-latest-posts__post-excerpt\">El verano ya ha empezado y, con \u00e9l, llega la necesidad de preparar nuestra piel para los rayos de sol &#8230; <a title=\"Rutinas y tratamientos para preparar la piel para el verano\" class=\"read-more\" href=\"https:\/\/riberasalud.com\/ribera-estetica\/blog\/rutinas-y-tratamientos-para-preparar-la-piel-para-el-verano\/\" aria-label=\"Leer m\u00e1s sobre Rutinas y tratamientos para preparar la piel para el verano\">Leer m\u00e1s<\/a><\/div><\/li>\n<li><a class=\"wp-block-latest-posts__post-title\" href=\"https:\/\/riberasalud.com\/ribera-estetica\/blog\/transforma-tu-piel-como-funcionan-los-inductores-de-colageno-facial\/\">Transforma tu piel: C\u00f3mo funcionan los inductores de col\u00e1geno facial<\/a><time datetime=\"2024-06-18T10:07:39+00:00\" class=\"wp-block-latest-posts__post-date\">18 de junio de 2024<\/time><div class=\"wp-block-latest-posts__post-excerpt\">El col\u00e1geno est\u00e1 considera casi como una prote\u00edna m\u00e1gica en el tratamiento de la piel, porque es responsable de su &#8230; <a title=\"Transforma tu piel: C\u00f3mo funcionan los inductores de col\u00e1geno facial\" class=\"read-more\" href=\"https:\/\/riberasalud.com\/ribera-estetica\/blog\/transforma-tu-piel-como-funcionan-los-inductores-de-colageno-facial\/\" aria-label=\"Leer m\u00e1s sobre Transforma tu piel: C\u00f3mo funcionan los inductores de col\u00e1geno facial\">Leer m\u00e1s<\/a><\/div><\/li>\n<li><a class=\"wp-block-latest-posts__post-title\" href=\"https:\/\/riberasalud.com\/ribera-estetica\/blog\/tratamientos-efectivos-para-quitar-la-celulitis\/\">Tratamientos efectivos para quitar la celulitis<\/a><time datetime=\"2024-06-04T13:47:23+00:00\" class=\"wp-block-latest-posts__post-date\">4 de junio de 2024<\/time><div class=\"wp-block-latest-posts__post-excerpt\">La celulitis es una preocupaci\u00f3n est\u00e9tica com\u00fan que afecta a muchas personas, especialmente a mujeres. En esta entrada al blog &#8230; <a title=\"Tratamientos efectivos para quitar la celulitis\" class=\"read-more\" href=\"https:\/\/riberasalud.com\/ribera-estetica\/blog\/tratamientos-efectivos-para-quitar-la-celulitis\/\" aria-label=\"Leer m\u00e1s sobre Tratamientos efectivos para quitar la celulitis\">Leer m\u00e1s<\/a><\/div><\/li>\n<li><a class=\"wp-block-latest-posts__post-title\" href=\"https:\/\/riberasalud.com\/ribera-estetica\/blog\/acido-hialuronico-para-lineas-de-marioneta\/\">\u00c1cido hialur\u00f3nico para l\u00edneas de marioneta<\/a><time datetime=\"2024-05-21T12:13:57+00:00\" class=\"wp-block-latest-posts__post-date\">21 de mayo de 2024<\/time><div class=\"wp-block-latest-posts__post-excerpt\">Las l\u00edneas de marioneta son esas arrugas que aparecen alrededor de la boca, que pueden hacer que nuestro rostro parezca &#8230; <a title=\"\u00c1cido hialur\u00f3nico para l\u00edneas de marioneta\" class=\"read-more\" href=\"https:\/\/riberasalud.com\/ribera-estetica\/blog\/acido-hialuronico-para-lineas-de-marioneta\/\" aria-label=\"Leer m\u00e1s sobre \u00c1cido hialur\u00f3nico para l\u00edneas de marioneta\">Leer m\u00e1s<\/a><\/div><\/li>\n<li><a class=\"wp-block-latest-posts__post-title\" href=\"https:\/\/riberasalud.com\/ribera-estetica\/blog\/para-que-sirve-la-maderoterapia-beneficios-de-este-tratamiento-corporal\/\">Para qu\u00e9 sirve la maderoterapia: beneficios de este tratamiento corporal<\/a><time datetime=\"2024-05-07T10:04:43+00:00\" class=\"wp-block-latest-posts__post-date\">7 de mayo de 2024<\/time><div class=\"wp-block-latest-posts__post-excerpt\">En el mundo de la est\u00e9tica y el bienestar, la maderoterapia se ha convertido en un tratamiento corporal revolucionario, que &#8230; <a title=\"Para qu\u00e9 sirve la maderoterapia: beneficios de este tratamiento corporal\" class=\"read-more\" href=\"https:\/\/riberasalud.com\/ribera-estetica\/blog\/para-que-sirve-la-maderoterapia-beneficios-de-este-tratamiento-corporal\/\" aria-label=\"Leer m\u00e1s sobre Para qu\u00e9 sirve la maderoterapia: beneficios de este tratamiento corporal\">Leer m\u00e1s<\/a><\/div><\/li>\n<li><a class=\"wp-block-latest-posts__post-title\" href=\"https:\/\/riberasalud.com\/ribera-estetica\/blog\/cuanto-dura-el-acido-hialuronico-en-los-labios\/\">Cu\u00e1nto dura el \u00e1cido hialur\u00f3nico en los labios<\/a><time datetime=\"2024-04-16T08:51:00+00:00\" class=\"wp-block-latest-posts__post-date\">16 de abril de 2024<\/time><div class=\"wp-block-latest-posts__post-excerpt\">Lo hemos comentado en otras entradas al blog de Ribera Est\u00e9tica, la divisi\u00f3n est\u00e9tica del grupo sanitario Ribera: el \u00e1cido &#8230; <a title=\"Cu\u00e1nto dura el \u00e1cido hialur\u00f3nico en los labios\" class=\"read-more\" href=\"https:\/\/riberasalud.com\/ribera-estetica\/blog\/cuanto-dura-el-acido-hialuronico-en-los-labios\/\" aria-label=\"Leer m\u00e1s sobre Cu\u00e1nto dura el \u00e1cido hialur\u00f3nico en los labios\">Leer m\u00e1s<\/a><\/div><\/li>\n<li><a class=\"wp-block-latest-posts__post-title\" href=\"https:\/\/riberasalud.com\/ribera-estetica\/blog\/microneedling-facial-que-es-y-para-que-sirve\/\">Microneedling facial: Qu\u00e9 es y para qu\u00e9 sirve<\/a><time datetime=\"2024-04-02T09:28:44+00:00\" class=\"wp-block-latest-posts__post-date\">2 de abril de 2024<\/time><div class=\"wp-block-latest-posts__post-excerpt\">En el mundo de la est\u00e9tica facial, los especialistas como los de Ribera Est\u00e9tica siempre buscan soluciones innovadoras que permitan &#8230; <a title=\"Microneedling facial: Qu\u00e9 es y para qu\u00e9 sirve\" class=\"read-more\" href=\"https:\/\/riberasalud.com\/ribera-estetica\/blog\/microneedling-facial-que-es-y-para-que-sirve\/\" aria-label=\"Leer m\u00e1s sobre Microneedling facial: Qu\u00e9 es y para qu\u00e9 sirve\">Leer m\u00e1s<\/a><\/div><\/li>\n<li><a class=\"wp-block-latest-posts__post-title\" href=\"https:\/\/riberasalud.com\/ribera-estetica\/blog\/los-mejores-tratamientos-para-el-ovalo-facial-descolgado\/\">Los mejores tratamientos para el \u00f3valo facial descolgado<\/a><time datetime=\"2024-03-19T08:30:00+00:00\" class=\"wp-block-latest-posts__post-date\">19 de marzo de 2024<\/time><div class=\"wp-block-latest-posts__post-excerpt\">El \u00f3valo facial es una de las zonas m\u00e1s vulnerables a la flacidez y p\u00e9rdida de firmeza con el paso &#8230; <a title=\"Los mejores tratamientos para el \u00f3valo facial descolgado\" class=\"read-more\" href=\"https:\/\/riberasalud.com\/ribera-estetica\/blog\/los-mejores-tratamientos-para-el-ovalo-facial-descolgado\/\" aria-label=\"Leer m\u00e1s sobre Los mejores tratamientos para el \u00f3valo facial descolgado\">Leer m\u00e1s<\/a><\/div><\/li>\n<li><a class=\"wp-block-latest-posts__post-title\" href=\"https:\/\/riberasalud.com\/ribera-estetica\/blog\/renueva-tu-rostro-todo-lo-que-debes-saber-sobre-redensificacion-facial\/\">Renueva tu rostro: Todo lo que debes saber sobre redensificaci\u00f3n facial<\/a><time datetime=\"2024-03-05T12:15:48+00:00\" class=\"wp-block-latest-posts__post-date\">5 de marzo de 2024<\/time><div class=\"wp-block-latest-posts__post-excerpt\">El paso del tiempo pasa factura sobre nuestra piel. Y en especial, la piel del rostro suele ser la m\u00e1s &#8230; <a title=\"Renueva tu rostro: Todo lo que debes saber sobre redensificaci\u00f3n facial\" class=\"read-more\" href=\"https:\/\/riberasalud.com\/ribera-estetica\/blog\/renueva-tu-rostro-todo-lo-que-debes-saber-sobre-redensificacion-facial\/\" aria-label=\"Leer m\u00e1s sobre Renueva tu rostro: Todo lo que debes saber sobre redensificaci\u00f3n facial\">Leer m\u00e1s<\/a><\/div><\/li>\n<li><a class=\"wp-block-latest-posts__post-title\" href=\"https:\/\/riberasalud.com\/ribera-estetica\/blog\/tratamientos-faciales-con-acido-hialuronico\/\">Tratamientos faciales con \u00e1cido hialur\u00f3nico<\/a><time datetime=\"2024-02-20T13:25:10+00:00\" class=\"wp-block-latest-posts__post-date\">20 de febrero de 2024<\/time><div class=\"wp-block-latest-posts__post-excerpt\">En la entrada al blog de Ribera Est\u00e9tica de hoy vamos a hablar sobre el incre\u00edble mundo del \u00e1cido hialur\u00f3nico &#8230; <a title=\"Tratamientos faciales con \u00e1cido hialur\u00f3nico\" class=\"read-more\" href=\"https:\/\/riberasalud.com\/ribera-estetica\/blog\/tratamientos-faciales-con-acido-hialuronico\/\" aria-label=\"Leer m\u00e1s sobre Tratamientos faciales con \u00e1cido hialur\u00f3nico\">Leer m\u00e1s<\/a><\/div><\/li>\n<li><a class=\"wp-block-latest-posts__post-title\" href=\"https:\/\/riberasalud.com\/ribera-estetica\/blog\/para-que-sirve-el-acido-hialuronico\/\">Para qu\u00e9 sirve el \u00e1cido hialur\u00f3nico<\/a><time datetime=\"2024-02-06T12:23:59+00:00\" class=\"wp-block-latest-posts__post-date\">6 de febrero de 2024<\/time><div class=\"wp-block-latest-posts__post-excerpt\">Sin duda, el \u00e1cido hialur\u00f3nico ha revolucionado la forma en que cuidamos y rejuvenecemos la piel en los tratamientos de &#8230; <a title=\"Para qu\u00e9 sirve el \u00e1cido hialur\u00f3nico\" class=\"read-more\" href=\"https:\/\/riberasalud.com\/ribera-estetica\/blog\/para-que-sirve-el-acido-hialuronico\/\" aria-label=\"Leer m\u00e1s sobre Para qu\u00e9 sirve el \u00e1cido hialur\u00f3nico\">Leer m\u00e1s<\/a><\/div><\/li>\n<li><a class=\"wp-block-latest-posts__post-title\" href=\"https:\/\/riberasalud.com\/ribera-estetica\/blog\/como-saber-si-tengo-alopecia\/\">C\u00f3mo saber si tengo alopecia<\/a><time datetime=\"2024-01-23T11:35:37+00:00\" class=\"wp-block-latest-posts__post-date\">23 de enero de 2024<\/time><div class=\"wp-block-latest-posts__post-excerpt\">La salud capilar es un factor importante que afecta a nuestra est\u00e9tica personal. A menudo, la p\u00e9rdida de cabello puede &#8230; <a title=\"C\u00f3mo saber si tengo alopecia\" class=\"read-more\" href=\"https:\/\/riberasalud.com\/ribera-estetica\/blog\/como-saber-si-tengo-alopecia\/\" aria-label=\"Leer m\u00e1s sobre C\u00f3mo saber si tengo alopecia\">Leer m\u00e1s<\/a><\/div><\/li>\n<li><a class=\"wp-block-latest-posts__post-title\" href=\"https:\/\/riberasalud.com\/ribera-estetica\/blog\/combate-las-consecuencias-en-la-piel-causadas-por-los-excesos-navidenos\/\">Combate las consecuencias en la piel causadas por los excesos navide\u00f1os\u00a0<\/a><time datetime=\"2024-01-09T13:18:21+00:00\" class=\"wp-block-latest-posts__post-date\">9 de enero de 2024<\/time><div class=\"wp-block-latest-posts__post-excerpt\">Las festividades navide\u00f1as suelen ir acompa\u00f1adas de indulgencias gastron\u00f3micas y momentos de celebraci\u00f3n que, aunque llenos de alegr\u00eda, pueden dejar &#8230; <a title=\"Combate las consecuencias en la piel causadas por los excesos navide\u00f1os\u00a0\" class=\"read-more\" href=\"https:\/\/riberasalud.com\/ribera-estetica\/blog\/combate-las-consecuencias-en-la-piel-causadas-por-los-excesos-navidenos\/\" aria-label=\"Leer m\u00e1s sobre Combate las consecuencias en la piel causadas por los excesos navide\u00f1os\u00a0\">Leer m\u00e1s<\/a><\/div><\/li>\n<li><a class=\"wp-block-latest-posts__post-title\" href=\"https:\/\/riberasalud.com\/ribera-estetica\/blog\/como-quitar-grasa-abdominal\/\">C\u00f3mo quitar grasa abdominal<\/a><time datetime=\"2023-12-19T10:01:38+00:00\" class=\"wp-block-latest-posts__post-date\">19 de diciembre de 2023<\/time><div class=\"wp-block-latest-posts__post-excerpt\">La acumulaci\u00f3n de grasa en la zona abdominal puede convertirse en un problema que dificulta mantener un peso adecuado a &#8230; <a title=\"C\u00f3mo quitar grasa abdominal\" class=\"read-more\" href=\"https:\/\/riberasalud.com\/ribera-estetica\/blog\/como-quitar-grasa-abdominal\/\" aria-label=\"Leer m\u00e1s sobre C\u00f3mo quitar grasa abdominal\">Leer m\u00e1s<\/a><\/div><\/li>\n<li><a class=\"wp-block-latest-posts__post-title\" href=\"https:\/\/riberasalud.com\/ribera-estetica\/blog\/los-mejores-tratamientos-faciales-para-lucir-una-piel-radiante-en-navidad\/\">Los mejores tratamientos faciales para lucir una piel radiante en Navidad<\/a><time datetime=\"2023-12-05T11:08:51+00:00\" class=\"wp-block-latest-posts__post-date\">5 de diciembre de 2023<\/time><div class=\"wp-block-latest-posts__post-excerpt\">La Navidad est\u00e1 a la vuelta de la esquina y \u00bfqui\u00e9n no quiere celebrar estas fiestas con una piel resplandeciente &#8230; <a title=\"Los mejores tratamientos faciales para lucir una piel radiante en Navidad\" class=\"read-more\" href=\"https:\/\/riberasalud.com\/ribera-estetica\/blog\/los-mejores-tratamientos-faciales-para-lucir-una-piel-radiante-en-navidad\/\" aria-label=\"Leer m\u00e1s sobre Los mejores tratamientos faciales para lucir una piel radiante en Navidad\">Leer m\u00e1s<\/a><\/div><\/li>\n<li><a class=\"wp-block-latest-posts__post-title\" href=\"https:\/\/riberasalud.com\/ribera-estetica\/blog\/beneficios-de-los-neuromoduladores-tratamiento-para-las-arrugas-de-expresion\/\">Beneficios de los neuromoduladores (tratamiento para las arrugas de expresi\u00f3n)<\/a><time datetime=\"2023-11-28T11:06:45+00:00\" class=\"wp-block-latest-posts__post-date\">28 de noviembre de 2023<\/time><div class=\"wp-block-latest-posts__post-excerpt\">En el mundo de la medicina est\u00e9tica el BTX, actualmente denominado como neuromoduladores, se ha convertido en imprescindible para tratamientos &#8230; <a title=\"Beneficios de los neuromoduladores (tratamiento para las arrugas de expresi\u00f3n)\" class=\"read-more\" href=\"https:\/\/riberasalud.com\/ribera-estetica\/blog\/beneficios-de-los-neuromoduladores-tratamiento-para-las-arrugas-de-expresion\/\" aria-label=\"Leer m\u00e1s sobre Beneficios de los neuromoduladores (tratamiento para las arrugas de expresi\u00f3n)\">Leer m\u00e1s<\/a><\/div><\/li>\n<li><a class=\"wp-block-latest-posts__post-title\" href=\"https:\/\/riberasalud.com\/ribera-estetica\/blog\/que-hacer-para-eliminar-las-arrugas-de-la-cara\/\">Qu\u00e9 hacer para eliminar las arrugas de la cara<\/a><time datetime=\"2023-11-14T15:26:35+00:00\" class=\"wp-block-latest-posts__post-date\">14 de noviembre de 2023<\/time><div class=\"wp-block-latest-posts__post-excerpt\">El tiempo pasa y la piel no solo lo sabe. Lo sufre. Adem\u00e1s, al factor tiempo hay que a\u00f1adir otros &#8230; <a title=\"Qu\u00e9 hacer para eliminar las arrugas de la cara\" class=\"read-more\" href=\"https:\/\/riberasalud.com\/ribera-estetica\/blog\/que-hacer-para-eliminar-las-arrugas-de-la-cara\/\" aria-label=\"Leer m\u00e1s sobre Qu\u00e9 hacer para eliminar las arrugas de la cara\">Leer m\u00e1s<\/a><\/div><\/li>\n<li><a class=\"wp-block-latest-posts__post-title\" href=\"https:\/\/riberasalud.com\/ribera-estetica\/blog\/como-dormir-despues-de-un-injerto-capilar\/\">C\u00f3mo dormir despu\u00e9s de un injerto capilar<\/a><time datetime=\"2023-10-31T10:59:59+00:00\" class=\"wp-block-latest-posts__post-date\">31 de octubre de 2023<\/time><div class=\"wp-block-latest-posts__post-excerpt\">La preocupaci\u00f3n por la salud y el aspecto del cuero cabelludo ha aumentado considerablemente en los \u00faltimos a\u00f1os. En parte, &#8230; <a title=\"C\u00f3mo dormir despu\u00e9s de un injerto capilar\" class=\"read-more\" href=\"https:\/\/riberasalud.com\/ribera-estetica\/blog\/como-dormir-despues-de-un-injerto-capilar\/\" aria-label=\"Leer m\u00e1s sobre C\u00f3mo dormir despu\u00e9s de un injerto capilar\">Leer m\u00e1s<\/a><\/div><\/li>\n<li><a class=\"wp-block-latest-posts__post-title\" href=\"https:\/\/riberasalud.com\/ribera-estetica\/blog\/como-eliminar-arrugas-en-el-entorno-de-la-boca\/\">C\u00f3mo eliminar arrugas en el entorno de la boca<\/a><time datetime=\"2023-10-10T14:08:16+00:00\" class=\"wp-block-latest-posts__post-date\">10 de octubre de 2023<\/time><div class=\"wp-block-latest-posts__post-excerpt\">El paso del tiempo trae consigo cambios inevitables en nuestra piel, provocados por la propia naturaleza humana y tambi\u00e9n por &#8230; <a title=\"C\u00f3mo eliminar arrugas en el entorno de la boca\" class=\"read-more\" href=\"https:\/\/riberasalud.com\/ribera-estetica\/blog\/como-eliminar-arrugas-en-el-entorno-de-la-boca\/\" aria-label=\"Leer m\u00e1s sobre C\u00f3mo eliminar arrugas en el entorno de la boca\">Leer m\u00e1s<\/a><\/div><\/li>\n<li><a class=\"wp-block-latest-posts__post-title\" href=\"https:\/\/riberasalud.com\/ribera-estetica\/blog\/como-quitar-la-arruga-del-entrecejo\/\">C\u00f3mo quitar la arruga del entrecejo<\/a><time datetime=\"2023-10-03T12:37:52+00:00\" class=\"wp-block-latest-posts__post-date\">3 de octubre de 2023<\/time><div class=\"wp-block-latest-posts__post-excerpt\">Las arrugas del entrecejo no quieren decir que tengas mal genio o est\u00e9s todo el d\u00eda preocupada. Pero es cierto &#8230; <a title=\"C\u00f3mo quitar la arruga del entrecejo\" class=\"read-more\" href=\"https:\/\/riberasalud.com\/ribera-estetica\/blog\/como-quitar-la-arruga-del-entrecejo\/\" aria-label=\"Leer m\u00e1s sobre C\u00f3mo quitar la arruga del entrecejo\">Leer m\u00e1s<\/a><\/div><\/li>\n<li><a class=\"wp-block-latest-posts__post-title\" href=\"https:\/\/riberasalud.com\/ribera-estetica\/blog\/que-es-la-mesoterapia-capilar\/\">Qu\u00e9 es la mesoterapia capilar<\/a><time datetime=\"2023-09-19T13:17:32+00:00\" class=\"wp-block-latest-posts__post-date\">19 de septiembre de 2023<\/time><div class=\"wp-block-latest-posts__post-excerpt\">En la b\u00fasqueda de soluciones para mantener la salud y belleza de nuestro pelo, la mesoterapia capilar se ha convertido &#8230; <a title=\"Qu\u00e9 es la mesoterapia capilar\" class=\"read-more\" href=\"https:\/\/riberasalud.com\/ribera-estetica\/blog\/que-es-la-mesoterapia-capilar\/\" aria-label=\"Leer m\u00e1s sobre Qu\u00e9 es la mesoterapia capilar\">Leer m\u00e1s<\/a><\/div><\/li>\n<li><a class=\"wp-block-latest-posts__post-title\" href=\"https:\/\/riberasalud.com\/ribera-estetica\/blog\/cuidados-despues-de-los-neuromoduladores-en-cara\/\">Cuidados despu\u00e9s de los neuromoduladores en cara<\/a><time datetime=\"2023-09-12T11:19:14+00:00\" class=\"wp-block-latest-posts__post-date\">12 de septiembre de 2023<\/time><div class=\"wp-block-latest-posts__post-excerpt\">La b\u00fasqueda de la belleza y la \u201cjuventud eterna\u201d es una preocupaci\u00f3n constante en una parte importante de la sociedad &#8230; <a title=\"Cuidados despu\u00e9s de los neuromoduladores en cara\" class=\"read-more\" href=\"https:\/\/riberasalud.com\/ribera-estetica\/blog\/cuidados-despues-de-los-neuromoduladores-en-cara\/\" aria-label=\"Leer m\u00e1s sobre Cuidados despu\u00e9s de los neuromoduladores en cara\">Leer m\u00e1s<\/a><\/div><\/li>\n<li><a class=\"wp-block-latest-posts__post-title\" href=\"https:\/\/riberasalud.com\/ribera-estetica\/blog\/como-quitar-las-lineas-de-expresion-en-los-ojos\/\">C\u00f3mo quitar las l\u00edneas de expresi\u00f3n en los ojos<\/a><time datetime=\"2023-07-25T11:35:50+00:00\" class=\"wp-block-latest-posts__post-date\">25 de julio de 2023<\/time><div class=\"wp-block-latest-posts__post-excerpt\">Las l\u00edneas de expresi\u00f3n y las arrugas alrededor de los ojos son las primeras marcas de la edad que pueden &#8230; <a title=\"C\u00f3mo quitar las l\u00edneas de expresi\u00f3n en los ojos\" class=\"read-more\" href=\"https:\/\/riberasalud.com\/ribera-estetica\/blog\/como-quitar-las-lineas-de-expresion-en-los-ojos\/\" aria-label=\"Leer m\u00e1s sobre C\u00f3mo quitar las l\u00edneas de expresi\u00f3n en los ojos\">Leer m\u00e1s<\/a><\/div><\/li>\n<li><a class=\"wp-block-latest-posts__post-title\" href=\"https:\/\/riberasalud.com\/ribera-estetica\/blog\/como-realizar-un-lavado-de-cabeza-tras-un-injerto-capilar\/\">C\u00f3mo realizar un lavado de cabeza tras un injerto capilar<\/a><time datetime=\"2023-07-11T12:30:21+00:00\" class=\"wp-block-latest-posts__post-date\">11 de julio de 2023<\/time><div class=\"wp-block-latest-posts__post-excerpt\">El lavado de cabeza despu\u00e9s de un injerto capilar es un paso crucial en el proceso de recuperaci\u00f3n y cuidado &#8230; <a title=\"C\u00f3mo realizar un lavado de cabeza tras un injerto capilar\" class=\"read-more\" href=\"https:\/\/riberasalud.com\/ribera-estetica\/blog\/como-realizar-un-lavado-de-cabeza-tras-un-injerto-capilar\/\" aria-label=\"Leer m\u00e1s sobre C\u00f3mo realizar un lavado de cabeza tras un injerto capilar\">Leer m\u00e1s<\/a><\/div><\/li>\n<li><a class=\"wp-block-latest-posts__post-title\" href=\"https:\/\/riberasalud.com\/ribera-estetica\/blog\/descubre-como-eliminar-la-retencion-de-liquidos\/\">Descubre c\u00f3mo eliminar la retenci\u00f3n de l\u00edquidos<\/a><time datetime=\"2023-06-27T12:14:53+00:00\" class=\"wp-block-latest-posts__post-date\">27 de junio de 2023<\/time><div class=\"wp-block-latest-posts__post-excerpt\">La retenci\u00f3n de l\u00edquidos se produce cuando hay una acumulaci\u00f3n excesiva de l\u00edquidos en el cuerpo, especialmente en los tejidos &#8230; <a title=\"Descubre c\u00f3mo eliminar la retenci\u00f3n de l\u00edquidos\" class=\"read-more\" href=\"https:\/\/riberasalud.com\/ribera-estetica\/blog\/descubre-como-eliminar-la-retencion-de-liquidos\/\" aria-label=\"Leer m\u00e1s sobre Descubre c\u00f3mo eliminar la retenci\u00f3n de l\u00edquidos\">Leer m\u00e1s<\/a><\/div><\/li>\n<li><a class=\"wp-block-latest-posts__post-title\" href=\"https:\/\/riberasalud.com\/ribera-estetica\/blog\/como-mantener-los-labios-hidratados\/\">C\u00f3mo mantener los labios hidratados<\/a><time datetime=\"2023-06-07T09:58:30+00:00\" class=\"wp-block-latest-posts__post-date\">7 de junio de 2023<\/time><div class=\"wp-block-latest-posts__post-excerpt\">Llega el calor del verano y a veces olvidamos que los labios son muy sensibles a los cambios de temperatura, &#8230; <a title=\"C\u00f3mo mantener los labios hidratados\" class=\"read-more\" href=\"https:\/\/riberasalud.com\/ribera-estetica\/blog\/como-mantener-los-labios-hidratados\/\" aria-label=\"Leer m\u00e1s sobre C\u00f3mo mantener los labios hidratados\">Leer m\u00e1s<\/a><\/div><\/li>\n<li><a class=\"wp-block-latest-posts__post-title\" href=\"https:\/\/riberasalud.com\/ribera-estetica\/blog\/alopecia-androgenica-en-mujeres-jovenes-descubre-los-tratamientos-disponibles\/\">Alopecia androg\u00e9nica en mujeres j\u00f3venes: Descubre los tratamientos disponibles<\/a><time datetime=\"2023-05-23T14:17:55+00:00\" class=\"wp-block-latest-posts__post-date\">23 de mayo de 2023<\/time><div class=\"wp-block-latest-posts__post-excerpt\">La alopecia androg\u00e9nica en mujeres j\u00f3venes se caracteriza por la p\u00e9rdida de cabello excesiva y es la forma m\u00e1s com\u00fan &#8230; <a title=\"Alopecia androg\u00e9nica en mujeres j\u00f3venes: Descubre los tratamientos disponibles\" class=\"read-more\" href=\"https:\/\/riberasalud.com\/ribera-estetica\/blog\/alopecia-androgenica-en-mujeres-jovenes-descubre-los-tratamientos-disponibles\/\" aria-label=\"Leer m\u00e1s sobre Alopecia androg\u00e9nica en mujeres j\u00f3venes: Descubre los tratamientos disponibles\">Leer m\u00e1s<\/a><\/div><\/li>\n<li><a class=\"wp-block-latest-posts__post-title\" href=\"https:\/\/riberasalud.com\/ribera-estetica\/blog\/descubre-los-tratamientos-mas-efectivos-para-eliminar-las-arrugas-de-la-frente-y-las-lineas-de-expresion\/\">Descubre los tratamientos m\u00e1s efectivos para eliminar las arrugas de la frente y las l\u00edneas de expresi\u00f3n<\/a><time datetime=\"2023-05-09T11:05:05+00:00\" class=\"wp-block-latest-posts__post-date\">9 de mayo de 2023<\/time><div class=\"wp-block-latest-posts__post-excerpt\">El tiempo no pasa en balde para las conocidas como l\u00edneas de expresi\u00f3n, que incluyen las arrugas de la frente. &#8230; <a title=\"Descubre los tratamientos m\u00e1s efectivos para eliminar las arrugas de la frente y las l\u00edneas de expresi\u00f3n\" class=\"read-more\" href=\"https:\/\/riberasalud.com\/ribera-estetica\/blog\/descubre-los-tratamientos-mas-efectivos-para-eliminar-las-arrugas-de-la-frente-y-las-lineas-de-expresion\/\" aria-label=\"Leer m\u00e1s sobre Descubre los tratamientos m\u00e1s efectivos para eliminar las arrugas de la frente y las l\u00edneas de expresi\u00f3n\">Leer m\u00e1s<\/a><\/div><\/li>\n<li><a class=\"wp-block-latest-posts__post-title\" href=\"https:\/\/riberasalud.com\/ribera-estetica\/blog\/tipos-de-injerto-capilar-cual-es-el-adecuado-para-tu-tipo-de-cabello\/\">Tipos de injerto capilar: cu\u00e1l es el adecuado para tu tipo de cabello<\/a><time datetime=\"2023-04-25T09:45:25+00:00\" class=\"wp-block-latest-posts__post-date\">25 de abril de 2023<\/time><div class=\"wp-block-latest-posts__post-excerpt\">La p\u00e9rdida o ausencia de cabello en zonas donde hab\u00eda pelo, tambi\u00e9n conocido como alopecia, es una afecci\u00f3n que afecta &#8230; <a title=\"Tipos de injerto capilar: cu\u00e1l es el adecuado para tu tipo de cabello\" class=\"read-more\" href=\"https:\/\/riberasalud.com\/ribera-estetica\/blog\/tipos-de-injerto-capilar-cual-es-el-adecuado-para-tu-tipo-de-cabello\/\" aria-label=\"Leer m\u00e1s sobre Tipos de injerto capilar: cu\u00e1l es el adecuado para tu tipo de cabello\">Leer m\u00e1s<\/a><\/div><\/li>\n<li><a class=\"wp-block-latest-posts__post-title\" href=\"https:\/\/riberasalud.com\/ribera-estetica\/blog\/como-eliminar-las-arrugas-en-el-entrecejo\/\">C\u00f3mo eliminar las arrugas en el entrecejo<\/a><time datetime=\"2023-04-11T12:52:57+00:00\" class=\"wp-block-latest-posts__post-date\">11 de abril de 2023<\/time><div class=\"wp-block-latest-posts__post-excerpt\">Una persona muy expresiva transmite energ\u00eda y vitalidad en cada gesto, es transparente y su cara suele ser el reflejo &#8230; <a title=\"C\u00f3mo eliminar las arrugas en el entrecejo\" class=\"read-more\" href=\"https:\/\/riberasalud.com\/ribera-estetica\/blog\/como-eliminar-las-arrugas-en-el-entrecejo\/\" aria-label=\"Leer m\u00e1s sobre C\u00f3mo eliminar las arrugas en el entrecejo\">Leer m\u00e1s<\/a><\/div><\/li>\n<li><a class=\"wp-block-latest-posts__post-title\" href=\"https:\/\/riberasalud.com\/ribera-estetica\/blog\/como-quitar-las-ojeras-de-forma-rapida\/\">C\u00f3mo quitar las ojeras de forma r\u00e1pida<\/a><time datetime=\"2023-03-29T07:39:37+00:00\" class=\"wp-block-latest-posts__post-date\">29 de marzo de 2023<\/time><div class=\"wp-block-latest-posts__post-excerpt\">Las ojeras son el efecto visible de la falta de ox\u00edgeno o hidrataci\u00f3n suficiente de los vasos sangu\u00edneos debajo de &#8230; <a title=\"C\u00f3mo quitar las ojeras de forma r\u00e1pida\" class=\"read-more\" href=\"https:\/\/riberasalud.com\/ribera-estetica\/blog\/como-quitar-las-ojeras-de-forma-rapida\/\" aria-label=\"Leer m\u00e1s sobre C\u00f3mo quitar las ojeras de forma r\u00e1pida\">Leer m\u00e1s<\/a><\/div><\/li>\n<li><a class=\"wp-block-latest-posts__post-title\" href=\"https:\/\/riberasalud.com\/ribera-estetica\/blog\/me-puedo-poner-crema-despues-de-los-neuromoduladores-o-eliminador-de-arrugas\/\">\u00bfMe puedo poner crema despu\u00e9s de los neuromoduladores o eliminador de arrugas?<\/a><time datetime=\"2023-03-07T14:46:23+00:00\" class=\"wp-block-latest-posts__post-date\">7 de marzo de 2023<\/time><div class=\"wp-block-latest-posts__post-excerpt\">En la entrada a nuestro blog vamos a hablar hoy de los cuidados que necesita la piel despu\u00e9s de un &#8230; <a title=\"\u00bfMe puedo poner crema despu\u00e9s de los neuromoduladores o eliminador de arrugas?\" class=\"read-more\" href=\"https:\/\/riberasalud.com\/ribera-estetica\/blog\/me-puedo-poner-crema-despues-de-los-neuromoduladores-o-eliminador-de-arrugas\/\" aria-label=\"Leer m\u00e1s sobre \u00bfMe puedo poner crema despu\u00e9s de los neuromoduladores o eliminador de arrugas?\">Leer m\u00e1s<\/a><\/div><\/li>\n<li><a class=\"wp-block-latest-posts__post-title\" href=\"https:\/\/riberasalud.com\/ribera-estetica\/blog\/arrugas-de-expresion-que-son-y-como-eliminar-el-codigo-de-barras-o-las-patas-de-gallo\/\">Arrugas de expresi\u00f3n: qu\u00e9 son y c\u00f3mo eliminar el \u201cc\u00f3digo de barras\u201d\u00a0o las patas de gallo<\/a><time datetime=\"2023-01-31T16:40:27+00:00\" class=\"wp-block-latest-posts__post-date\">31 de enero de 2023<\/time><div class=\"wp-block-latest-posts__post-excerpt\">Cada persona es \u00fanica en sus rasgos, pero tambi\u00e9n en sus expresiones, que suelen encajar con su personalidad. Y todo &#8230; <a title=\"Arrugas de expresi\u00f3n: qu\u00e9 son y c\u00f3mo eliminar el \u201cc\u00f3digo de barras\u201d\u00a0o las patas de gallo\" class=\"read-more\" href=\"https:\/\/riberasalud.com\/ribera-estetica\/blog\/arrugas-de-expresion-que-son-y-como-eliminar-el-codigo-de-barras-o-las-patas-de-gallo\/\" aria-label=\"Leer m\u00e1s sobre Arrugas de expresi\u00f3n: qu\u00e9 son y c\u00f3mo eliminar el \u201cc\u00f3digo de barras\u201d\u00a0o las patas de gallo\">Leer m\u00e1s<\/a><\/div><\/li>\n<li><a class=\"wp-block-latest-posts__post-title\" href=\"https:\/\/riberasalud.com\/ribera-estetica\/blog\/obesidad-cuando-me-planteo-una-cirugia\/\">Obesidad. \u00bfCu\u00e1ndo me planteo una cirug\u00eda?<\/a><time datetime=\"2022-12-20T13:09:42+00:00\" class=\"wp-block-latest-posts__post-date\">20 de diciembre de 2022<\/time><div class=\"wp-block-latest-posts__post-excerpt\">La obesidad es una enfermedad cr\u00f3nica, pero que tiene soluci\u00f3n. Es verdad que afecta a la est\u00e9tica, por cuanto condiciona &#8230; <a title=\"Obesidad. \u00bfCu\u00e1ndo me planteo una cirug\u00eda?\" class=\"read-more\" href=\"https:\/\/riberasalud.com\/ribera-estetica\/blog\/obesidad-cuando-me-planteo-una-cirugia\/\" aria-label=\"Leer m\u00e1s sobre Obesidad. \u00bfCu\u00e1ndo me planteo una cirug\u00eda?\">Leer m\u00e1s<\/a><\/div><\/li>\n<li><a class=\"wp-block-latest-posts__post-title\" href=\"https:\/\/riberasalud.com\/ribera-estetica\/blog\/mesoterapia-facial-o-como-hidratar-y-nutrir-tu-cara-frente-al-envejecimiento\/\">Mesoterapia facial o c\u00f3mo hidratar y nutrir tu cara frente al envejecimiento<\/a><time datetime=\"2022-11-29T15:11:08+00:00\" class=\"wp-block-latest-posts__post-date\">29 de noviembre de 2022<\/time><div class=\"wp-block-latest-posts__post-excerpt\">Dicen que la arruga es bella. Y seguramente as\u00ed es, en el caso de las personas con edad de tener &#8230; <a title=\"Mesoterapia facial o c\u00f3mo hidratar y nutrir tu cara frente al envejecimiento\" class=\"read-more\" href=\"https:\/\/riberasalud.com\/ribera-estetica\/blog\/mesoterapia-facial-o-como-hidratar-y-nutrir-tu-cara-frente-al-envejecimiento\/\" aria-label=\"Leer m\u00e1s sobre Mesoterapia facial o c\u00f3mo hidratar y nutrir tu cara frente al envejecimiento\">Leer m\u00e1s<\/a><\/div><\/li>\n<li><a class=\"wp-block-latest-posts__post-title\" href=\"https:\/\/riberasalud.com\/ribera-estetica\/blog\/eliminar-el-vello-de-la-cara-adios-a-bigote-entrecejo-y-otros-pelos\/\">Eliminar el vello de la cara: adi\u00f3s a bigote, entrecejo y otros pelos<\/a><time datetime=\"2022-10-18T11:50:14+00:00\" class=\"wp-block-latest-posts__post-date\">18 de octubre de 2022<\/time><div class=\"wp-block-latest-posts__post-excerpt\">Si tienes bigote o la pelusa encima del labio superior genera una sombra que no te gusta nada, si el &#8230; <a title=\"Eliminar el vello de la cara: adi\u00f3s a bigote, entrecejo y otros pelos\" class=\"read-more\" href=\"https:\/\/riberasalud.com\/ribera-estetica\/blog\/eliminar-el-vello-de-la-cara-adios-a-bigote-entrecejo-y-otros-pelos\/\" aria-label=\"Leer m\u00e1s sobre Eliminar el vello de la cara: adi\u00f3s a bigote, entrecejo y otros pelos\">Leer m\u00e1s<\/a><\/div><\/li>\n<li><a class=\"wp-block-latest-posts__post-title\" href=\"https:\/\/riberasalud.com\/ribera-estetica\/blog\/si-tienes-poco-pecho-o-son-asimetricos-conoce-las-cirugias-de-aumento\/\">Si tienes poco pecho o son asim\u00e9tricos, conoce las cirug\u00edas de aumento<\/a><time datetime=\"2022-09-28T14:49:04+00:00\" class=\"wp-block-latest-posts__post-date\">28 de septiembre de 2022<\/time><div class=\"wp-block-latest-posts__post-excerpt\">Adem\u00e1s de solucionar problemas de salud, el objetivo de las cirug\u00edas est\u00e9ticas es ayudar a los pacientes a sentirse bien &#8230; <a title=\"Si tienes poco pecho o son asim\u00e9tricos, conoce las cirug\u00edas de aumento\" class=\"read-more\" href=\"https:\/\/riberasalud.com\/ribera-estetica\/blog\/si-tienes-poco-pecho-o-son-asimetricos-conoce-las-cirugias-de-aumento\/\" aria-label=\"Leer m\u00e1s sobre Si tienes poco pecho o son asim\u00e9tricos, conoce las cirug\u00edas de aumento\">Leer m\u00e1s<\/a><\/div><\/li>\n<li><a class=\"wp-block-latest-posts__post-title\" href=\"https:\/\/riberasalud.com\/ribera-estetica\/blog\/consejos-antes-de-la-depilacion-laser\/\">Consejos antes de la depilaci\u00f3n l\u00e1ser<\/a><time datetime=\"2022-07-12T11:22:39+00:00\" class=\"wp-block-latest-posts__post-date\">12 de julio de 2022<\/time><div class=\"wp-block-latest-posts__post-excerpt\">Si eres de las personas a las que no gusta el vello, seguramente tambi\u00e9n eres fan de la depilaci\u00f3n l\u00e1ser. &#8230; <a title=\"Consejos antes de la depilaci\u00f3n l\u00e1ser\" class=\"read-more\" href=\"https:\/\/riberasalud.com\/ribera-estetica\/blog\/consejos-antes-de-la-depilacion-laser\/\" aria-label=\"Leer m\u00e1s sobre Consejos antes de la depilaci\u00f3n l\u00e1ser\">Leer m\u00e1s<\/a><\/div><\/li>\n<li><a class=\"wp-block-latest-posts__post-title\" href=\"https:\/\/riberasalud.com\/ribera-estetica\/blog\/disimular-cicatrices-y-relleno-de-volumen-como-lo-hago\/\">Disimular cicatrices y relleno de volumen. \u00bfC\u00f3mo lo hago?<\/a><time datetime=\"2022-07-05T11:42:35+00:00\" class=\"wp-block-latest-posts__post-date\">5 de julio de 2022<\/time><div class=\"wp-block-latest-posts__post-excerpt\">Son muchas las t\u00e9cnicas de Medicina est\u00e9tica que nos ayudan a corregir peque\u00f1os desajustes f\u00edsicos y combatir los signos m\u00e1s &#8230; <a title=\"Disimular cicatrices y relleno de volumen. \u00bfC\u00f3mo lo hago?\" class=\"read-more\" href=\"https:\/\/riberasalud.com\/ribera-estetica\/blog\/disimular-cicatrices-y-relleno-de-volumen-como-lo-hago\/\" aria-label=\"Leer m\u00e1s sobre Disimular cicatrices y relleno de volumen. \u00bfC\u00f3mo lo hago?\">Leer m\u00e1s<\/a><\/div><\/li>\n<li><a class=\"wp-block-latest-posts__post-title\" href=\"https:\/\/riberasalud.com\/ribera-estetica\/blog\/como-quitar-el-exceso-de-piel-y-grasa-del-abdomen\/\">C\u00f3mo quitar el exceso de piel y grasa del abdomen<\/a><time datetime=\"2022-06-21T13:56:52+00:00\" class=\"wp-block-latest-posts__post-date\">21 de junio de 2022<\/time><div class=\"wp-block-latest-posts__post-excerpt\">Uno o varios embarazos y cambios importantes en el peso y la masa corporal son las principales causas de la &#8230; <a title=\"C\u00f3mo quitar el exceso de piel y grasa del abdomen\" class=\"read-more\" href=\"https:\/\/riberasalud.com\/ribera-estetica\/blog\/como-quitar-el-exceso-de-piel-y-grasa-del-abdomen\/\" aria-label=\"Leer m\u00e1s sobre C\u00f3mo quitar el exceso de piel y grasa del abdomen\">Leer m\u00e1s<\/a><\/div><\/li>\n<li><a class=\"wp-block-latest-posts__post-title\" href=\"https:\/\/riberasalud.com\/ribera-estetica\/blog\/mastopexia-subir-el-pecho-con-y-sin-protesis\/\">Mastopexia: subir el pecho con y sin pr\u00f3tesis<\/a><time datetime=\"2022-06-07T11:17:39+00:00\" class=\"wp-block-latest-posts__post-date\">7 de junio de 2022<\/time><div class=\"wp-block-latest-posts__post-excerpt\">Recuperar el tama\u00f1o, forma y posici\u00f3n del pecho de la primera juventud es un deseo recurrente en muchas mujeres. El &#8230; <a title=\"Mastopexia: subir el pecho con y sin pr\u00f3tesis\" class=\"read-more\" href=\"https:\/\/riberasalud.com\/ribera-estetica\/blog\/mastopexia-subir-el-pecho-con-y-sin-protesis\/\" aria-label=\"Leer m\u00e1s sobre Mastopexia: subir el pecho con y sin pr\u00f3tesis\">Leer m\u00e1s<\/a><\/div><\/li>\n<li><a class=\"wp-block-latest-posts__post-title\" href=\"https:\/\/riberasalud.com\/ribera-estetica\/blog\/piel-lisa-efecto-lifting-que-son-los-neuromoduladores-eliminacion-arrugas\/\">Piel lisa, efecto lifting. Qu\u00e9 son los neuromoduladores: eliminaci\u00f3n de arrugas.<\/a><time datetime=\"2022-05-17T13:38:05+00:00\" class=\"wp-block-latest-posts__post-date\">17 de mayo de 2022<\/time><div class=\"wp-block-latest-posts__post-excerpt\">Peque\u00f1as arrugas de expresi\u00f3n en la frente, la parte superior de la nariz o la comisura de la boca. Hay &#8230; <a title=\"Piel lisa, efecto lifting. Qu\u00e9 son los neuromoduladores: eliminaci\u00f3n de arrugas.\" class=\"read-more\" href=\"https:\/\/riberasalud.com\/ribera-estetica\/blog\/piel-lisa-efecto-lifting-que-son-los-neuromoduladores-eliminacion-arrugas\/\" aria-label=\"Leer m\u00e1s sobre Piel lisa, efecto lifting. Qu\u00e9 son los neuromoduladores: eliminaci\u00f3n de arrugas.\">Leer m\u00e1s<\/a><\/div><\/li>\n<li><a class=\"wp-block-latest-posts__post-title\" href=\"https:\/\/riberasalud.com\/ribera-estetica\/blog\/a-que-edad-empezar-con-el-laser-en-la-adolescencia\/\">A qu\u00e9 edad empezar con el l\u00e1ser en la adolescencia<\/a><time datetime=\"2022-04-21T14:42:16+00:00\" class=\"wp-block-latest-posts__post-date\">21 de abril de 2022<\/time><div class=\"wp-block-latest-posts__post-excerpt\">O te encantan los pelos de tu cuerpo o no los quieres ver ni en pintura, incluso en la adolescencia. &#8230; <a title=\"A qu\u00e9 edad empezar con el l\u00e1ser en la adolescencia\" class=\"read-more\" href=\"https:\/\/riberasalud.com\/ribera-estetica\/blog\/a-que-edad-empezar-con-el-laser-en-la-adolescencia\/\" aria-label=\"Leer m\u00e1s sobre A qu\u00e9 edad empezar con el l\u00e1ser en la adolescencia\">Leer m\u00e1s<\/a><\/div><\/li>\n<li><a class=\"wp-block-latest-posts__post-title\" href=\"https:\/\/riberasalud.com\/ribera-estetica\/blog\/eliminar-grasa-corporal-sin-cirugia-la-radiofrecuencia\/\">Eliminar grasa corporal sin cirug\u00eda: La radiofrecuencia<\/a><time datetime=\"2022-03-31T11:26:49+00:00\" class=\"wp-block-latest-posts__post-date\">31 de marzo de 2022<\/time><div class=\"wp-block-latest-posts__post-excerpt\">Aunque el tiempo no acompa\u00f1a en las \u00faltimas semanas, la primavera ha despertado en muchos las ganas de verano. Ba\u00f1adores, &#8230; <a title=\"Eliminar grasa corporal sin cirug\u00eda: La radiofrecuencia\" class=\"read-more\" href=\"https:\/\/riberasalud.com\/ribera-estetica\/blog\/eliminar-grasa-corporal-sin-cirugia-la-radiofrecuencia\/\" aria-label=\"Leer m\u00e1s sobre Eliminar grasa corporal sin cirug\u00eda: La radiofrecuencia\">Leer m\u00e1s<\/a><\/div><\/li>\n<li><a class=\"wp-block-latest-posts__post-title\" href=\"https:\/\/riberasalud.com\/ribera-estetica\/blog\/pelo-negro-y-piel-blanca-el-mejor-perfil-para-la-depilacion-laser\/\">Pelo negro y piel blanca, el mejor perfil para la depilaci\u00f3n l\u00e1ser<\/a><time datetime=\"2022-03-02T09:53:37+00:00\" class=\"wp-block-latest-posts__post-date\">2 de marzo de 2022<\/time><div class=\"wp-block-latest-posts__post-excerpt\">A quienes m\u00e1s se les ve el vello, aquellos\/as en quienes m\u00e1s destaca la presencia de pelo no deseado en &#8230; <a title=\"Pelo negro y piel blanca, el mejor perfil para la depilaci\u00f3n l\u00e1ser\" class=\"read-more\" href=\"https:\/\/riberasalud.com\/ribera-estetica\/blog\/pelo-negro-y-piel-blanca-el-mejor-perfil-para-la-depilacion-laser\/\" aria-label=\"Leer m\u00e1s sobre Pelo negro y piel blanca, el mejor perfil para la depilaci\u00f3n l\u00e1ser\">Leer m\u00e1s<\/a><\/div><\/li>\n<li><a class=\"wp-block-latest-posts__post-title\" href=\"https:\/\/riberasalud.com\/ribera-estetica\/blog\/contra-la-celulitis-dieta-sana-ejercicio-y-anticelulitico-reductor\/\">Contra la celulitis: dieta sana, ejercicio y anticelul\u00edtico reductor<\/a><time datetime=\"2022-02-15T14:54:37+00:00\" class=\"wp-block-latest-posts__post-date\">15 de febrero de 2022<\/time><div class=\"wp-block-latest-posts__post-excerpt\">Celulitis, piel de naranja\u2026 no hace falta superar el peso recomendado para que se produzca esta alteraci\u00f3n del tejido celular &#8230; <a title=\"Contra la celulitis: dieta sana, ejercicio y anticelul\u00edtico reductor\" class=\"read-more\" href=\"https:\/\/riberasalud.com\/ribera-estetica\/blog\/contra-la-celulitis-dieta-sana-ejercicio-y-anticelulitico-reductor\/\" aria-label=\"Leer m\u00e1s sobre Contra la celulitis: dieta sana, ejercicio y anticelul\u00edtico reductor\">Leer m\u00e1s<\/a><\/div><\/li>\n<li><a class=\"wp-block-latest-posts__post-title\" href=\"https:\/\/riberasalud.com\/ribera-estetica\/blog\/el-secreto-de-un-cutis-joven-a-los-50-relleno-facial-con-acido-hialuronico\/\">El secreto de un cutis joven a los 50: relleno facial con \u00e1cido hialur\u00f3nico<\/a><time datetime=\"2022-02-01T11:01:44+00:00\" class=\"wp-block-latest-posts__post-date\">1 de febrero de 2022<\/time><div class=\"wp-block-latest-posts__post-excerpt\">Dicen que los 50 son los nuevos 30. Y sin duda, ese es el esp\u00edritu de una gran parte de &#8230; <a title=\"El secreto de un cutis joven a los 50: relleno facial con \u00e1cido hialur\u00f3nico\" class=\"read-more\" href=\"https:\/\/riberasalud.com\/ribera-estetica\/blog\/el-secreto-de-un-cutis-joven-a-los-50-relleno-facial-con-acido-hialuronico\/\" aria-label=\"Leer m\u00e1s sobre El secreto de un cutis joven a los 50: relleno facial con \u00e1cido hialur\u00f3nico\">Leer m\u00e1s<\/a><\/div><\/li>\n<li><a class=\"wp-block-latest-posts__post-title\" href=\"https:\/\/riberasalud.com\/ribera-estetica\/blog\/piel-mas-tersa-adios-a-la-flacidez-que-son-los-hilos-tensores\/\">Piel m\u00e1s tersa, adi\u00f3s a la flacidez. \u00bfQu\u00e9 son los hilos tensores?<\/a><time datetime=\"2022-01-24T10:49:39+00:00\" class=\"wp-block-latest-posts__post-date\">24 de enero de 2022<\/time><div class=\"wp-block-latest-posts__post-excerpt\">Con el paso de los a\u00f1os, la piel pierde tersura, aparecen arrugas m\u00e1s marcadas, no solo de expresi\u00f3n y te &#8230; <a title=\"Piel m\u00e1s tersa, adi\u00f3s a la flacidez. \u00bfQu\u00e9 son los hilos tensores?\" class=\"read-more\" href=\"https:\/\/riberasalud.com\/ribera-estetica\/blog\/piel-mas-tersa-adios-a-la-flacidez-que-son-los-hilos-tensores\/\" aria-label=\"Leer m\u00e1s sobre Piel m\u00e1s tersa, adi\u00f3s a la flacidez. \u00bfQu\u00e9 son los hilos tensores?\">Leer m\u00e1s<\/a><\/div><\/li>\n<\/ul><\/div><\/div>\n","protected":false},"excerpt":{"rendered":"<p>TODAS LAS ENTRADAS Blog de Ribera Est\u00e9tica<\/p>\n","protected":false},"author":1,"featured_media":0,"parent":0,"menu_order":0,"comment_status":"closed","ping_status":"closed","template":"","meta":{"_mi_skip_tracking":false,"_glsr_average":0,"_glsr_ranking":0,"_glsr_reviews":0,"footnotes":""},"class_list":["post-19","page","type-page","status-publish"],"yoast_head":"<!-- This site is optimized with the Yoast SEO plugin v27.4 - https:\/\/yoast.com\/product\/yoast-seo-wordpress\/ -->\n<title>Entradas - Ribera Est\u00e9tica<\/title>\n<meta name=\"description\" content=\"TODAS LAS ENTRADAS  Blog de Ribera Est\u00e9tica\" \/>\n<meta name=\"robots\" content=\"index, follow, max-snippet:-1, max-image-preview:large, max-video-preview:-1\" \/>\n<link rel=\"canonical\" href=\"https:\/\/riberasalud.com\/ribera-estetica\/entradas\/\" \/>\n<meta property=\"og:locale\" content=\"es_ES\" \/>\n<meta property=\"og:type\" content=\"article\" \/>\n<meta property=\"og:title\" content=\"Entradas - Ribera Est\u00e9tica\" \/>\n<meta property=\"og:description\" content=\"TODAS LAS ENTRADAS  Blog de Ribera Est\u00e9tica\" \/>\n<meta property=\"og:url\" content=\"https:\/\/riberasalud.com\/ribera-estetica\/entradas\/\" \/>\n<meta property=\"og:site_name\" content=\"Ribera Est\u00e9tica\" \/>\n<meta property=\"article:modified_time\" content=\"2022-07-28T12:49:39+00:00\" \/>\n<meta name=\"twitter:card\" content=\"summary_large_image\" \/>\n<script type=\"application\/ld+json\" class=\"yoast-schema-graph\">{\"@context\":\"https:\\\/\\\/schema.org\",\"@graph\":[{\"@type\":\"WebPage\",\"@id\":\"https:\\\/\\\/riberasalud.com\\\/ribera-estetica\\\/entradas\\\/\",\"url\":\"https:\\\/\\\/riberasalud.com\\\/ribera-estetica\\\/entradas\\\/\",\"name\":\"Entradas - Ribera Est\u00e9tica\",\"isPartOf\":{\"@id\":\"https:\\\/\\\/riberasalud.com\\\/ribera-estetica\\\/#website\"},\"datePublished\":\"2022-07-28T07:58:19+00:00\",\"dateModified\":\"2022-07-28T12:49:39+00:00\",\"description\":\"TODAS LAS ENTRADAS Blog de Ribera Est\u00e9tica\",\"breadcrumb\":{\"@id\":\"https:\\\/\\\/riberasalud.com\\\/ribera-estetica\\\/entradas\\\/#breadcrumb\"},\"inLanguage\":\"es\",\"potentialAction\":[{\"@type\":\"ReadAction\",\"target\":[\"https:\\\/\\\/riberasalud.com\\\/ribera-estetica\\\/entradas\\\/\"]}]},{\"@type\":\"BreadcrumbList\",\"@id\":\"https:\\\/\\\/riberasalud.com\\\/ribera-estetica\\\/entradas\\\/#breadcrumb\",\"itemListElement\":[{\"@type\":\"ListItem\",\"position\":1,\"name\":\"Inicio\",\"item\":\"https:\\\/\\\/riberasalud.com\\\/ribera-estetica\\\/\"},{\"@type\":\"ListItem\",\"position\":2,\"name\":\"Entradas\"}]},{\"@type\":\"WebSite\",\"@id\":\"https:\\\/\\\/riberasalud.com\\\/ribera-estetica\\\/#website\",\"url\":\"https:\\\/\\\/riberasalud.com\\\/ribera-estetica\\\/\",\"name\":\"Ribera Est\u00e9tica\",\"description\":\"\",\"publisher\":{\"@id\":\"https:\\\/\\\/riberasalud.com\\\/ribera-estetica\\\/#organization\"},\"potentialAction\":[{\"@type\":\"SearchAction\",\"target\":{\"@type\":\"EntryPoint\",\"urlTemplate\":\"https:\\\/\\\/riberasalud.com\\\/ribera-estetica\\\/?s={search_term_string}\"},\"query-input\":{\"@type\":\"PropertyValueSpecification\",\"valueRequired\":true,\"valueName\":\"search_term_string\"}}],\"inLanguage\":\"es\"},{\"@type\":\"Organization\",\"@id\":\"https:\\\/\\\/riberasalud.com\\\/ribera-estetica\\\/#organization\",\"name\":\"Ribera Est\u00e9tica\",\"url\":\"https:\\\/\\\/riberasalud.com\\\/ribera-estetica\\\/\",\"logo\":{\"@type\":\"ImageObject\",\"inLanguage\":\"es\",\"@id\":\"https:\\\/\\\/riberasalud.com\\\/ribera-estetica\\\/#\\\/schema\\\/logo\\\/image\\\/\",\"url\":\"https:\\\/\\\/riberasalud.com\\\/ribera-estetica\\\/wp-content\\\/uploads\\\/2022\\\/07\\\/cropped-cropped-cropped-Logo-Red-Estetica.png\",\"contentUrl\":\"https:\\\/\\\/riberasalud.com\\\/ribera-estetica\\\/wp-content\\\/uploads\\\/2022\\\/07\\\/cropped-cropped-cropped-Logo-Red-Estetica.png\",\"width\":8872,\"height\":1976,\"caption\":\"Ribera Est\u00e9tica\"},\"image\":{\"@id\":\"https:\\\/\\\/riberasalud.com\\\/ribera-estetica\\\/#\\\/schema\\\/logo\\\/image\\\/\"}}]}<\/script>\n<!-- \/ Yoast SEO plugin. -->","yoast_head_json":{"title":"Entradas - Ribera Est\u00e9tica","description":"TODAS LAS ENTRADAS  Blog de Ribera Est\u00e9tica","robots":{"index":"index","follow":"follow","max-snippet":"max-snippet:-1","max-image-preview":"max-image-preview:large","max-video-preview":"max-video-preview:-1"},"canonical":"https:\/\/riberasalud.com\/ribera-estetica\/entradas\/","og_locale":"es_ES","og_type":"article","og_title":"Entradas - Ribera Est\u00e9tica","og_description":"TODAS LAS ENTRADAS  Blog de Ribera Est\u00e9tica","og_url":"https:\/\/riberasalud.com\/ribera-estetica\/entradas\/","og_site_name":"Ribera Est\u00e9tica","article_modified_time":"2022-07-28T12:49:39+00:00","twitter_card":"summary_large_image","schema":{"@context":"https:\/\/schema.org","@graph":[{"@type":"WebPage","@id":"https:\/\/riberasalud.com\/ribera-estetica\/entradas\/","url":"https:\/\/riberasalud.com\/ribera-estetica\/entradas\/","name":"Entradas - Ribera Est\u00e9tica","isPartOf":{"@id":"https:\/\/riberasalud.com\/ribera-estetica\/#website"},"datePublished":"2022-07-28T07:58:19+00:00","dateModified":"2022-07-28T12:49:39+00:00","description":"TODAS LAS ENTRADAS Blog de Ribera Est\u00e9tica","breadcrumb":{"@id":"https:\/\/riberasalud.com\/ribera-estetica\/entradas\/#breadcrumb"},"inLanguage":"es","potentialAction":[{"@type":"ReadAction","target":["https:\/\/riberasalud.com\/ribera-estetica\/entradas\/"]}]},{"@type":"BreadcrumbList","@id":"https:\/\/riberasalud.com\/ribera-estetica\/entradas\/#breadcrumb","itemListElement":[{"@type":"ListItem","position":1,"name":"Inicio","item":"https:\/\/riberasalud.com\/ribera-estetica\/"},{"@type":"ListItem","position":2,"name":"Entradas"}]},{"@type":"WebSite","@id":"https:\/\/riberasalud.com\/ribera-estetica\/#website","url":"https:\/\/riberasalud.com\/ribera-estetica\/","name":"Ribera Est\u00e9tica","description":"","publisher":{"@id":"https:\/\/riberasalud.com\/ribera-estetica\/#organization"},"potentialAction":[{"@type":"SearchAction","target":{"@type":"EntryPoint","urlTemplate":"https:\/\/riberasalud.com\/ribera-estetica\/?s={search_term_string}"},"query-input":{"@type":"PropertyValueSpecification","valueRequired":true,"valueName":"search_term_string"}}],"inLanguage":"es"},{"@type":"Organization","@id":"https:\/\/riberasalud.com\/ribera-estetica\/#organization","name":"Ribera Est\u00e9tica","url":"https:\/\/riberasalud.com\/ribera-estetica\/","logo":{"@type":"ImageObject","inLanguage":"es","@id":"https:\/\/riberasalud.com\/ribera-estetica\/#\/schema\/logo\/image\/","url":"https:\/\/riberasalud.com\/ribera-estetica\/wp-content\/uploads\/2022\/07\/cropped-cropped-cropped-Logo-Red-Estetica.png","contentUrl":"https:\/\/riberasalud.com\/ribera-estetica\/wp-content\/uploads\/2022\/07\/cropped-cropped-cropped-Logo-Red-Estetica.png","width":8872,"height":1976,"caption":"Ribera Est\u00e9tica"},"image":{"@id":"https:\/\/riberasalud.com\/ribera-estetica\/#\/schema\/logo\/image\/"}}]}},"_links":{"self":[{"href":"https:\/\/riberasalud.com\/ribera-estetica\/wp-json\/wp\/v2\/pages\/19","targetHints":{"allow":["GET"]}}],"collection":[{"href":"https:\/\/riberasalud.com\/ribera-estetica\/wp-json\/wp\/v2\/pages"}],"about":[{"href":"https:\/\/riberasalud.com\/ribera-estetica\/wp-json\/wp\/v2\/types\/page"}],"author":[{"embeddable":true,"href":"https:\/\/riberasalud.com\/ribera-estetica\/wp-json\/wp\/v2\/users\/1"}],"replies":[{"embeddable":true,"href":"https:\/\/riberasalud.com\/ribera-estetica\/wp-json\/wp\/v2\/comments?post=19"}],"version-history":[{"count":2,"href":"https:\/\/riberasalud.com\/ribera-estetica\/wp-json\/wp\/v2\/pages\/19\/revisions"}],"predecessor-version":[{"id":67,"href":"https:\/\/riberasalud.com\/ribera-estetica\/wp-json\/wp\/v2\/pages\/19\/revisions\/67"}],"wp:attachment":[{"href":"https:\/\/riberasalud.com\/ribera-estetica\/wp-json\/wp\/v2\/media?parent=19"}],"curies":[{"name":"wp","href":"https:\/\/api.w.org\/{rel}","templated":true}]}}