{"id":3160,"date":"2022-07-01T06:38:41","date_gmt":"2022-07-01T06:38:41","guid":{"rendered":"https:\/\/riberasalud.com\/ribera-dentaux\/?page_id=3160"},"modified":"2026-02-03T16:00:29","modified_gmt":"2026-02-03T16:00:29","slug":"ortodoncia","status":"publish","type":"page","link":"https:\/\/riberasalud.com\/ribera-dent\/ortodoncia\/","title":{"rendered":"Ortodoncia"},"content":{"rendered":"\n<div class=\"wp-block-group sliderortodoncia sliderdesktop\"><div class=\"wp-block-group__inner-container is-layout-flow wp-block-group-is-layout-flow\">\n<div class=\"wp-block-columns index10 is-layout-flex wp-container-core-columns-is-layout-9d6595d7 wp-block-columns-is-layout-flex\">\n<div class=\"wp-block-column is-vertically-aligned-center is-layout-flow wp-block-column-is-layout-flow\">\n<h1 class=\"wp-block-heading nomargin\">Ortodoncia<\/h1>\n\n\n\n<p class=\"nomargin\"><strong>Mejora la funcionalidad y la est\u00e9tica de tu sonrisa<\/strong><\/p>\n\n\n\n<p class=\"gruponomargin\">Con los distintos tratamientos de ortodoncia mejorar\u00e1s la oclusi\u00f3n, la alineaci\u00f3n de tus dientes, as\u00ed como la funcionalidad y la est\u00e9tica de tu sonrisa.<\/p>\n<\/div>\n\n\n\n<div class=\"wp-block-column columnaformulario onlydesktop is-layout-flow wp-block-column-is-layout-flow\">\n<div class=\"wpcf7 no-js\" id=\"wpcf7-f5383-o1\" lang=\"es-ES\" dir=\"ltr\" data-wpcf7-id=\"5383\">\n<div class=\"screen-reader-response\"><p role=\"status\" aria-live=\"polite\" aria-atomic=\"true\"><\/p> <ul><\/ul><\/div>\n<form action=\"\/ribera-dent\/wp-json\/wp\/v2\/pages\/3160#wpcf7-f5383-o1\" method=\"post\" class=\"wpcf7-form init\" aria-label=\"Formulario de contacto\" novalidate=\"novalidate\" data-status=\"init\">\n<fieldset class=\"hidden-fields-container\"><input type=\"hidden\" name=\"_wpcf7\" value=\"5383\" \/><input type=\"hidden\" name=\"_wpcf7_version\" value=\"6.1.5\" \/><input type=\"hidden\" name=\"_wpcf7_locale\" value=\"es_ES\" \/><input type=\"hidden\" name=\"_wpcf7_unit_tag\" value=\"wpcf7-f5383-o1\" \/><input type=\"hidden\" name=\"_wpcf7_container_post\" value=\"0\" \/><input type=\"hidden\" name=\"_wpcf7_posted_data_hash\" value=\"\" \/><input type=\"hidden\" name=\"_wpcf7_recaptcha_response\" value=\"\" \/>\n<\/fieldset>\n<h3 class=\"wp-block-heading has-text-align-center\">Pide tu cita GRATUITA\n<\/h3>\n<p class=\"has-text-align-center\">Te informamos sin compromiso\n<\/p>\n<p><span class=\"wpcf7-form-control-wrap\" data-name=\"nombre\"><input size=\"40\" maxlength=\"400\" class=\"wpcf7-form-control wpcf7-text wpcf7-validates-as-required\" aria-required=\"true\" aria-invalid=\"false\" placeholder=\"Nombre\" value=\"\" type=\"text\" name=\"nombre\" \/><\/span>\n<\/p>\n<p><span class=\"wpcf7-form-control-wrap\" data-name=\"email\"><input size=\"40\" maxlength=\"400\" class=\"wpcf7-form-control wpcf7-email wpcf7-validates-as-required wpcf7-text wpcf7-validates-as-email\" aria-required=\"true\" aria-invalid=\"false\" placeholder=\"Email\" value=\"\" type=\"email\" name=\"email\" \/><\/span>\n<\/p>\n<p><span class=\"wpcf7-form-control-wrap\" data-name=\"telefono\"><input size=\"40\" maxlength=\"400\" class=\"wpcf7-form-control wpcf7-tel wpcf7-validates-as-required wpcf7-text wpcf7-validates-as-tel\" aria-required=\"true\" aria-invalid=\"false\" placeholder=\"Tel\u00e9fono\" value=\"\" type=\"tel\" name=\"telefono\" \/><\/span>\n<\/p>\n<p><span class=\"wpcf7-form-control-wrap\" data-name=\"centro\"><select class=\"wpcf7-form-control wpcf7-select wpcf7-validates-as-required\" aria-required=\"true\" aria-invalid=\"false\" name=\"centro\"><option value=\"\">Centro<\/option><option value=\"Cl\u00ednica Polusa\">Cl\u00ednica Polusa<\/option><option value=\"Cl\u00ednica Povisa\">Cl\u00ednica Povisa<\/option><option value=\"Cl\u00ednica Ribera Ciudad Quesada\">Cl\u00ednica Ribera Ciudad Quesada<\/option><option value=\"Cl\u00ednica Ribera Dent Cartagena\">Cl\u00ednica Ribera Dent Cartagena<\/option><option value=\"Cl\u00ednica Ribera Dent A Coru\u00f1a\">Cl\u00ednica Ribera Dent A Coru\u00f1a<\/option><\/select><\/span>\n<\/p>\n<p><span class=\"wpcf7-form-control-wrap\" data-name=\"acceptance-704\"><span class=\"wpcf7-form-control wpcf7-acceptance\"><span class=\"wpcf7-list-item\"><label><input type=\"checkbox\" name=\"acceptance-704\" value=\"1\" aria-invalid=\"false\" \/><span class=\"wpcf7-list-item-label\">He le\u00eddo y acepto la <a href=\"https:\/\/www.riberasalud.com\/politica-de-privacidad\/\" target=\"_blank\">Pol\u00edtica de Privacidad<\/a><\/span><\/label><\/span><\/span><\/span>\n<\/p>\n<p><span class=\"wpcf7-form-control-wrap\" data-name=\"acceptance-704\"><span class=\"wpcf7-form-control wpcf7-acceptance optional\"><span class=\"wpcf7-list-item\"><label><input type=\"checkbox\" name=\"acceptance-704\" value=\"1\" aria-invalid=\"false\" \/><span class=\"wpcf7-list-item-label\">Acepto el env\u00edo de comunicaciones por RIBERA SALUD, S.A.U., con la finalidad de conocer las \u00faltimas novedades sobre salud.<\/span><\/label><\/span><\/span><\/span>\n<\/p>\n<p><input class=\"wpcf7-form-control wpcf7-submit has-spinner\" type=\"submit\" value=\"Enviar\" \/>\n<\/p><div class=\"wpcf7-response-output\" aria-hidden=\"true\"><\/div>\n<\/form>\n<\/div>\n\n<\/div>\n<\/div>\n<\/div><\/div>\n\n\n\n<svg id=\"svg-filter\">\n<filter id=\"cherry-icecream\" x=\"-10%\" y=\"-10%\" width=\"120%\" height=\"120%\" filterUnits=\"objectBoundingBox\" primitiveUnits=\"userSpaceOnUse\" color-interpolation-filters=\"sRGB\">\n\t<feColorMatrix type=\"matrix\" values=\"1 0 0 0 0\n1 0 0 0 0\n1 0 0 0 0\n0 0 0 1 0\" in=\"SourceGraphic\" result=\"colormatrix\"><\/feColorMatrix>\n\t<feComponentTransfer in=\"colormatrix\" result=\"componentTransfer\">\n    \t\t<feFuncR type=\"table\" tableValues=\"0.84 0.76\"><\/feFuncR>\n\t\t<feFuncG type=\"table\" tableValues=\"0.06 0.04\"><\/feFuncG>\n\t\t<feFuncB type=\"table\" tableValues=\"0.16 0.15\"><\/feFuncB>\n\t\t<feFuncA type=\"table\" tableValues=\"0 0.3\"><\/feFuncA>\n  \t<\/feComponentTransfer>\n\t<feBlend mode=\"normal\" in=\"componentTransfer\" in2=\"SourceGraphic\" result=\"blend\"><\/feBlend>\n<\/filter>\n<filter id=\"white-icecream\" x=\"-10%\" y=\"-10%\" width=\"120%\" height=\"120%\" filterUnits=\"objectBoundingBox\" primitiveUnits=\"userSpaceOnUse\" color-interpolation-filters=\"sRGB\">\n\t<feColorMatrix type=\"matrix\" values=\"1 0 0 0 0\n1 0 0 0 0\n1 0 0 0 0\n0 0 0 1 0\" in=\"SourceGraphic\" result=\"colormatrix\"><\/feColorMatrix>\n\t<feComponentTransfer in=\"colormatrix\" result=\"componentTransfer\">\n    \t\t<feFuncR type=\"table\" tableValues=\"0.94 1\"><\/feFuncR>\n\t\t<feFuncG type=\"table\" tableValues=\"0.94 1\"><\/feFuncG>\n\t\t<feFuncB type=\"table\" tableValues=\"0.94 1\"><\/feFuncB>\n\t\t<feFuncA type=\"table\" tableValues=\"0 0.5\"><\/feFuncA>\n  \t<\/feComponentTransfer>\n\t<feBlend mode=\"normal\" in=\"componentTransfer\" in2=\"SourceGraphic\" result=\"blend\"><\/feBlend>\n<\/filter>\n<\/svg>\n\n\n\n<div class=\"wp-block-group iconosresumen hasbackgroundmio\"><div class=\"wp-block-group__inner-container is-layout-flow wp-block-group-is-layout-flow\">\n<div class=\"wp-block-columns is-layout-flex wp-container-core-columns-is-layout-9d6595d7 wp-block-columns-is-layout-flex\">\n<div class=\"wp-block-column is-layout-flow wp-block-column-is-layout-flow\">\n<figure class=\"wp-block-image size-full\"><img decoding=\"async\" width=\"61\" height=\"61\" src=\"https:\/\/riberasalud.com\/ribera-dent\/wp-content\/uploads\/2022\/06\/Odontopediatria8-1.png\" alt=\"\" class=\"wp-image-3083\"\/><\/figure>\n\n\n\n<p>Atenci\u00f3n telef\u00f3nica de urgencias<\/p>\n<\/div>\n\n\n\n<div class=\"wp-block-column is-layout-flow wp-block-column-is-layout-flow\">\n<figure class=\"wp-block-image size-full\"><img decoding=\"async\" width=\"61\" height=\"60\" src=\"https:\/\/riberasalud.com\/ribera-dent\/wp-content\/uploads\/2022\/06\/Odontopediatria9.png\" alt=\"\" class=\"wp-image-3079\"\/><\/figure>\n\n\n\n<p>Primera visita de valoraci\u00f3n odontol\u00f3gica gratuita<\/p>\n<\/div>\n\n\n\n<div class=\"wp-block-column is-layout-flow wp-block-column-is-layout-flow\">\n<figure class=\"wp-block-image size-full\"><img decoding=\"async\" width=\"61\" height=\"61\" src=\"https:\/\/riberasalud.com\/ribera-dent\/wp-content\/uploads\/2022\/06\/Odontopediatria2.png\" alt=\"\" class=\"wp-image-3072\"\/><\/figure>\n\n\n\n<p>Garant\u00eda de calidad de los hospitales Ribera<\/p>\n<\/div>\n\n\n\n<div class=\"wp-block-column is-layout-flow wp-block-column-is-layout-flow\">\n<figure class=\"wp-block-image size-full\"><img decoding=\"async\" width=\"60\" height=\"60\" src=\"https:\/\/riberasalud.com\/ribera-dent\/wp-content\/uploads\/2022\/06\/Mesa-de-trabajo-1.png\" alt=\"\" class=\"wp-image-3070\"\/><\/figure>\n\n\n\n<p>Financiaci\u00f3n a medida<\/p>\n<\/div>\n\n\n\n<div class=\"wp-block-column is-layout-flow wp-block-column-is-layout-flow\">\n<figure class=\"wp-block-image size-full\"><img decoding=\"async\" width=\"61\" height=\"61\" src=\"https:\/\/riberasalud.com\/ribera-dent\/wp-content\/uploads\/2022\/06\/Odontopediatria3.png\" alt=\"\" class=\"wp-image-3073\"\/><\/figure>\n\n\n\n<p>Estudio y tratamiento personalizado<\/p>\n<\/div>\n<\/div>\n<\/div><\/div>\n\n\n\n<div class=\"wp-block-group anclas\"><div class=\"wp-block-group__inner-container is-layout-flow wp-block-group-is-layout-flow\">\n<div class=\"wp-block-columns is-layout-flex wp-container-core-columns-is-layout-9d6595d7 wp-block-columns-is-layout-flex\">\n<div class=\"wp-block-column is-layout-flow wp-block-column-is-layout-flow\">\n<p><a href=\"#que\">\u00bfQu\u00e9 debes saber?<\/a><\/p>\n<\/div>\n\n\n\n<div class=\"wp-block-column is-layout-flow wp-block-column-is-layout-flow\">\n<p><a href=\"#como\">\u00bfC\u00f3mo se realiza?<\/a><\/p>\n<\/div>\n\n\n\n<div class=\"wp-block-column is-layout-flow wp-block-column-is-layout-flow\">\n<p><a href=\"#queofrece\">\u00bfQu\u00e9 te ofrecemos?<\/a><\/p>\n<\/div>\n\n\n\n<div class=\"wp-block-column is-layout-flow wp-block-column-is-layout-flow\">\n<p><a href=\"#faq\">Preguntas frecuentes<\/a><\/p>\n<\/div>\n\n\n\n<div class=\"wp-block-column is-layout-flow wp-block-column-is-layout-flow\">\n<p><a href=\"#otros\">Tratamientos relacionados<\/a><\/p>\n<\/div>\n<\/div>\n<\/div><\/div>\n\n\n\n<div class=\"wp-block-group modulopreguntas\"><div class=\"wp-block-group__inner-container is-layout-flow wp-block-group-is-layout-flow\">\n<h2 class=\"wp-block-heading\" id=\"que\">\u00bfQu\u00e9 debes saber?<\/h2>\n\n\n\n<div class=\"wp-block-columns columnanomargin is-layout-flex wp-container-core-columns-is-layout-9d6595d7 wp-block-columns-is-layout-flex\">\n<div class=\"wp-block-column is-layout-flow wp-block-column-is-layout-flow\" style=\"flex-basis:30%\">\n<p class=\"t1 titulos\">\u00bfQu\u00e9 es una ortodoncia?<\/p>\n<\/div>\n\n\n\n<div class=\"wp-block-column p1columna is-layout-flow wp-block-column-is-layout-flow\">\n<p class=\"p1 parrafos\">La ortodoncia es una especialidad dental que estudia, previene y corrige la alineaci\u00f3n de los dientes y la oclusi\u00f3n para restablecer el equilibrio funcional de la boca y mejorar la est\u00e9tica dental.<br><\/p>\n<\/div>\n<\/div>\n\n\n\n<div class=\"wp-block-columns columnanomargin is-layout-flex wp-container-core-columns-is-layout-9d6595d7 wp-block-columns-is-layout-flex\">\n<div class=\"wp-block-column is-layout-flow wp-block-column-is-layout-flow\" style=\"flex-basis:30%\">\n<p class=\"t2 titulos\">\u00bfPara qu\u00e9 tipo de paciente se recomienda?<\/p>\n<\/div>\n\n\n\n<div class=\"wp-block-column p2columna is-layout-flow wp-block-column-is-layout-flow\">\n<p class=\"p2 parrafos\">Es un tratamiento no invasivo que se recomienda a todos aquellos&nbsp; pacientes que quieran corregir la alineaci\u00f3n de sus dientes o que sufren problemas de mordida que le impiden masticar correctamente.<br>Aunque se suele pensar que la ortodoncia solo se emplea para corregir problemas est\u00e9ticos como api\u00f1amientos, dientes torcidos o no alineados, lo cierto es que hay much\u00edsimas m\u00e1s razones.<br>Una mala alineaci\u00f3n de los dientes puede producir problemas al masticar alimentos, el deterioro de los dientes por una mordida incorrecta, dolor en la mand\u00edbula e incluso caries y enc\u00edas da\u00f1adas.<\/p>\n<\/div>\n<\/div>\n\n\n\n<div class=\"wp-block-columns columnanomargin is-layout-flex wp-container-core-columns-is-layout-9d6595d7 wp-block-columns-is-layout-flex\">\n<div class=\"wp-block-column is-layout-flow wp-block-column-is-layout-flow\" style=\"flex-basis:30%\">\n<p class=\"t3 titulos\">Tipos de ortodoncia<\/p>\n<\/div>\n\n\n\n<div class=\"wp-block-column p3columna is-layout-flow wp-block-column-is-layout-flow\">\n<p class=\"p3 parrafos\">En <strong>Ribera Dent <\/strong>contamos con los distintos tipos de ortodoncia que existen para que puedas escoger la que mejor se adapte a tus necesidades, siempre bajo el diagn\u00f3stico preciso por parte de nuestros ortodoncistas.<br>Nuestros especialistas en ortodoncia valorar\u00e1n de manera personalizada tu caso concreto para que puedas escoger el tratamiento de ortodoncia que mejor se adapte a ti:<br><strong>Ortodoncia invisible con Invisalign<\/strong>: Es la ortodoncia m\u00e1s demandada por lo c\u00f3modo y est\u00e9tico que resulta para el paciente en su d\u00eda a d\u00eda. Son f\u00e9rulas transparentes apenas perceptibles por los dem\u00e1s, que se pueden quitar y poner en cualquier momento del d\u00eda para comer o realizar la higiene bucal de forma m\u00e1s c\u00f3moda.<br><strong>Brackets fijos<\/strong>: Los brackets met\u00e1licos o convencionales son los m\u00e1s conocidos en ortodoncia, que junto con las gomas y arcos realizan el movimiento preciso para corregir las piezas dentales.<\/p>\n\n\n\n<p class=\"p3 parrafos\"><br><\/p>\n<\/div>\n<\/div>\n\n\n\n<div class=\"wp-block-columns columnanomargin is-layout-flex wp-container-core-columns-is-layout-9d6595d7 wp-block-columns-is-layout-flex\">\n<div class=\"wp-block-column is-layout-flow wp-block-column-is-layout-flow\" style=\"flex-basis:30%\">\n<p class=\"t4 titulos\">\u00bfC\u00f3mo ser\u00e1 el proceso de ortodoncia en <strong>Ribera Dent<\/strong>?<\/p>\n<\/div>\n\n\n\n<div class=\"wp-block-column p4columna is-layout-flow wp-block-column-is-layout-flow\">\n<p class=\"p4 parrafos\">Nuestros especialistas en ortodoncia te acompa\u00f1ar\u00e1n y asesorar\u00e1n durante todo el tratamiento, resolviendo las dudas que tengas en cualquier momento.<br>El primer paso ser\u00e1 una consulta de diagn\u00f3stico y valoraci\u00f3n personalizada para tu caso concreto en el que seg\u00fan tus necesidades te explicaremos los diferentes tipos de ortodoncia que tienes a tu disposici\u00f3n.<br>Tras el estudio previo, la planificaci\u00f3n del tratamiento y la colocaci\u00f3n de la ortodoncia, realizaremos un seguimiento con revisiones pautadas para los ajustes o recambios que sean necesarios.<br>Al finalizar tu tratamiento y con la funcionalidad y est\u00e9tica ya corregida, retiraremos la ortodoncia y te acompa\u00f1aremos en revisiones posteriores de mantenimiento.<br><\/p>\n\n\n\n<p class=\"p4 parrafos\"><br><\/p>\n<\/div>\n<\/div>\n\n\n\n<div class=\"wp-block-columns columnanomargin is-layout-flex wp-container-core-columns-is-layout-9d6595d7 wp-block-columns-is-layout-flex\">\n<div class=\"wp-block-column is-layout-flow wp-block-column-is-layout-flow\" style=\"flex-basis:30%\">\n<p class=\"t5 titulos\">\u00bfQu\u00e9 conseguir\u00e1s con la ortodoncia?<\/p>\n<\/div>\n\n\n\n<div class=\"wp-block-column p4columna is-layout-flow wp-block-column-is-layout-flow\">\n<p class=\"p5 parrafos\">Los diferentes tratamientos de ortodoncia te permitir\u00e1n corregir cualquier anomal\u00eda de posici\u00f3n, relaci\u00f3n y funcionalidad de los dientes y sus respectivos maxilares. Al finalizar el tratamiento conseguir\u00e1s una buena oclusi\u00f3n y una correcta alineaci\u00f3n de tus dientes, mejorando la funcionalidad y la est\u00e9tica de tu sonrisa.<br><\/p>\n<\/div>\n<\/div>\n\n\n\n<div class=\"wp-block-columns columnanomargin is-layout-flex wp-container-core-columns-is-layout-9d6595d7 wp-block-columns-is-layout-flex\">\n<div class=\"wp-block-column is-layout-flow wp-block-column-is-layout-flow\" style=\"flex-basis:30%\">\n<p class=\"t6 titulos\">\u00bfPor qu\u00e9 elegir una ortodoncia responsable en <strong>Ribera Dent<\/strong>?<\/p>\n<\/div>\n\n\n\n<div class=\"wp-block-column p4columna is-layout-flow wp-block-column-is-layout-flow\">\n<p class=\"p6 parrafos\"><strong>Por seguridad<\/strong>, disminuir\u00e1s al m\u00ednimo el desgaste dental, la aparici\u00f3n de caries, as\u00ed como la p\u00e9rdida de dientes.<br><strong>Por est\u00e9tica<\/strong>, conseguir\u00e1s una sonrisa bonita, mejorar\u00e1s la est\u00e9tica, la armon\u00eda facial y la autoestima.<br><strong>Por salud<\/strong>, corregir\u00e1s mordidas incorrectas gracias a la alineaci\u00f3n de tus dientes y evitar\u00e1s presiones excesivas en la articulaci\u00f3n mandibular.<\/p>\n\n\n\n<p class=\"p6 parrafos\"><br><\/p>\n\n\n\n<p class=\"p4 parrafos\"><br><\/p>\n<\/div>\n<\/div>\n<\/div><\/div>\n\n\n\n<div class=\"wp-block-group modulocomo fondogris\"><div class=\"wp-block-group__inner-container is-layout-flow wp-block-group-is-layout-flow\">\n<h2 class=\"wp-block-heading\" id=\"como\">\u00bfC\u00f3mo se realiza?<\/h2>\n\n\n\n<h2 class=\"wp-block-heading\" id=\"como\">El paso a paso con Invisalign<\/h2>\n\n\n\n<div class=\"wp-block-group gruponomargin grupomodulosmobile\"><div class=\"wp-block-group__inner-container is-layout-flow wp-block-group-is-layout-flow\">\n<div class=\"wp-block-columns columnanomargin is-layout-flex wp-container-core-columns-is-layout-9d6595d7 wp-block-columns-is-layout-flex\">\n<div class=\"wp-block-column first is-layout-flow wp-block-column-is-layout-flow\">\n<figure class=\"wp-block-image size-full fotomodulo\"><img decoding=\"async\" width=\"400\" height=\"214\" src=\"https:\/\/riberasalud.com\/ribera-dent\/wp-content\/uploads\/2022\/08\/Nuevo-proyecto11.png\" alt=\"\" class=\"wp-image-4120\" srcset=\"https:\/\/riberasalud.com\/ribera-dent\/wp-content\/uploads\/2022\/08\/Nuevo-proyecto11.png 400w, https:\/\/riberasalud.com\/ribera-dent\/wp-content\/uploads\/2022\/08\/Nuevo-proyecto11-300x161.png 300w\" sizes=\"(max-width: 400px) 100vw, 400px\" \/><\/figure>\n\n\n\n<div class=\"wp-block-group grupomodulo\"><div class=\"wp-block-group__inner-container is-layout-flow wp-block-group-is-layout-flow\">\n<h3 class=\"wp-block-heading\">Estudio previo<\/h3>\n\n\n\n<p>En la primera consulta realizaremos un diagn\u00f3stico y valoraci\u00f3n personalizada para tu caso concreto en el que estudiaremos el estado actual de tus dientes y lo que conseguir\u00e1s tras tu tratamiento de ortodoncia.<br>Si te decantas por la comodidad y est\u00e9tica de la ortodoncia invisible, el primer paso ser\u00e1 realizar un estudio de tu boca con tecnolog\u00eda 3D para planificar todos los movimientos dentarios y ver c\u00f3mo ser\u00e1 la evoluci\u00f3n con cada uno de los alineadores para recuperar la funcionalidad y la est\u00e9tica de tu sonrisa.<\/p>\n<\/div><\/div>\n<\/div>\n\n\n\n<div class=\"wp-block-column first is-layout-flow wp-block-column-is-layout-flow\">\n<figure class=\"wp-block-image size-full fotomodulo\"><img decoding=\"async\" width=\"400\" height=\"214\" src=\"https:\/\/riberasalud.com\/ribera-dent\/wp-content\/uploads\/2022\/08\/Nuevo-proyecto12.png\" alt=\"\" class=\"wp-image-4123\" srcset=\"https:\/\/riberasalud.com\/ribera-dent\/wp-content\/uploads\/2022\/08\/Nuevo-proyecto12.png 400w, https:\/\/riberasalud.com\/ribera-dent\/wp-content\/uploads\/2022\/08\/Nuevo-proyecto12-300x161.png 300w\" sizes=\"(max-width: 400px) 100vw, 400px\" \/><\/figure>\n\n\n\n<div class=\"wp-block-group grupomodulo\"><div class=\"wp-block-group__inner-container is-layout-flow wp-block-group-is-layout-flow\">\n<h3 class=\"wp-block-heading\">Colocaci\u00f3n de la ortodoncia invisible Invisalign<\/h3>\n\n\n\n<p>Una vez hayamos recibido en la cl\u00ednica los alineadores, tu ortodoncista colocar\u00e1 en tus dientes unos peque\u00f1os ataches de composite del mismo color que tu dentadura y te explicar\u00e1 de forma clara y sencilla c\u00f3mo debes colocarte las f\u00e9rulas transparentes de manera correcta.<\/p>\n\n\n\n<p>El ortodoncista tambi\u00e9n te indicar\u00e1 como debes limpiar las f\u00e9rulas y resolver\u00e1 todas las dudas que tengas. En general, ver\u00e1s que es un tratamiento muy c\u00f3modo que no condicionar\u00e1 tu vida diaria.<\/p>\n<\/div><\/div>\n<\/div>\n\n\n\n<div class=\"wp-block-column is-layout-flow wp-block-column-is-layout-flow\">\n<figure class=\"wp-block-image size-full fotomodulo\"><img decoding=\"async\" width=\"400\" height=\"214\" src=\"https:\/\/riberasalud.com\/ribera-dent\/wp-content\/uploads\/2022\/05\/6.png\" alt=\"\" class=\"wp-image-28\" srcset=\"https:\/\/riberasalud.com\/ribera-dent\/wp-content\/uploads\/2022\/05\/6.png 400w, https:\/\/riberasalud.com\/ribera-dent\/wp-content\/uploads\/2022\/05\/6-300x161.png 300w\" sizes=\"(max-width: 400px) 100vw, 400px\" \/><\/figure>\n\n\n\n<div class=\"wp-block-group grupomodulo\"><div class=\"wp-block-group__inner-container is-layout-flow wp-block-group-is-layout-flow\">\n<h3 class=\"wp-block-heading\">Revisiones peri\u00f3dicas y mantenimiento<\/h3>\n\n\n\n<p>Cada mes y medio o dos meses deber\u00e1s acudir a nuestra cl\u00ednica para analizar los resultados y entregarte tus nuevos alineadores que deber\u00e1s ir sustituyendo en casa cada 15 d\u00edas.<br>Una vez hayamos finalizado el tratamiento de ortodoncia y conseguido los resultados deseados, deberemos colocar un peque\u00f1o aparato de retenci\u00f3n para garantizar que, sobre todo los primeros meses, los dientes no vuelvan a su posici\u00f3n original.<\/p>\n<\/div><\/div>\n<\/div>\n<\/div>\n<\/div><\/div>\n\n\n\n<h2 class=\"wp-block-heading\" id=\"como\">El paso a paso con Brackets<\/h2>\n\n\n\n<div class=\"wp-block-group gruponomargin grupomodulosmobile\"><div class=\"wp-block-group__inner-container is-layout-flow wp-block-group-is-layout-flow\">\n<div class=\"wp-block-columns columnanomargin is-layout-flex wp-container-core-columns-is-layout-9d6595d7 wp-block-columns-is-layout-flex\">\n<div class=\"wp-block-column first is-layout-flow wp-block-column-is-layout-flow\">\n<figure class=\"wp-block-image size-full fotomodulo\"><img decoding=\"async\" width=\"800\" height=\"532\" src=\"https:\/\/riberasalud.com\/ribera-dent\/wp-content\/uploads\/2022\/08\/estudioprevio2.jpg\" alt=\"\" class=\"wp-image-4125\" srcset=\"https:\/\/riberasalud.com\/ribera-dent\/wp-content\/uploads\/2022\/08\/estudioprevio2.jpg 800w, https:\/\/riberasalud.com\/ribera-dent\/wp-content\/uploads\/2022\/08\/estudioprevio2-300x200.jpg 300w, https:\/\/riberasalud.com\/ribera-dent\/wp-content\/uploads\/2022\/08\/estudioprevio2-768x511.jpg 768w\" sizes=\"(max-width: 800px) 100vw, 800px\" \/><\/figure>\n\n\n\n<div class=\"wp-block-group grupomodulo\"><div class=\"wp-block-group__inner-container is-layout-flow wp-block-group-is-layout-flow\">\n<h3 class=\"wp-block-heading\">Estudio previo<\/h3>\n\n\n\n<p>En la primera consulta realizaremos una valoraci\u00f3n personalizada en la que estudiaremos el estado actual de tus dientes y lo que conseguir\u00e1s tras tu tratamiento de ortodoncia. El ortodoncista realizar\u00e1 diferentes pasos y se apoyar\u00e1 en radiograf\u00edas, fotograf\u00edas extraorales e intraorales para planificar el tratamiento de ortodoncia de manera adecuada.<\/p>\n<\/div><\/div>\n<\/div>\n\n\n\n<div class=\"wp-block-column first is-layout-flow wp-block-column-is-layout-flow\">\n<figure class=\"wp-block-image size-full fotomodulo\"><img decoding=\"async\" width=\"800\" height=\"533\" src=\"https:\/\/riberasalud.com\/ribera-dent\/wp-content\/uploads\/2022\/07\/preparacion.jpg\" alt=\"\" class=\"wp-image-3325\" srcset=\"https:\/\/riberasalud.com\/ribera-dent\/wp-content\/uploads\/2022\/07\/preparacion.jpg 800w, https:\/\/riberasalud.com\/ribera-dent\/wp-content\/uploads\/2022\/07\/preparacion-300x200.jpg 300w, https:\/\/riberasalud.com\/ribera-dent\/wp-content\/uploads\/2022\/07\/preparacion-768x512.jpg 768w\" sizes=\"(max-width: 800px) 100vw, 800px\" \/><\/figure>\n\n\n\n<div class=\"wp-block-group grupomodulo\"><div class=\"wp-block-group__inner-container is-layout-flow wp-block-group-is-layout-flow\">\n<h3 class=\"wp-block-heading\">Colocaci\u00f3n de los brackets y revisiones<\/h3>\n\n\n\n<p>Una vez explicado y realizado el estudio de ortodoncia, y tras una limpieza dental, se proceder\u00e1 a la colocaci\u00f3n de los brackets. Tu ortodoncista colocar\u00e1 los brackets, los arcos y las gomas el\u00e1sticas en tu dentadura para ir consiguiendo el resultado deseado. Mensualmente analizaremos juntos los resultados obtenidos y ajustaremos en caso necesario la ortodoncia.<\/p>\n<\/div><\/div>\n<\/div>\n\n\n\n<div class=\"wp-block-column is-layout-flow wp-block-column-is-layout-flow\">\n<figure class=\"wp-block-image size-full fotomodulo\"><img decoding=\"async\" width=\"800\" height=\"532\" src=\"https:\/\/riberasalud.com\/ribera-dent\/wp-content\/uploads\/2022\/08\/retiradadeortodoncia.jpg\" alt=\"\" class=\"wp-image-4127\" srcset=\"https:\/\/riberasalud.com\/ribera-dent\/wp-content\/uploads\/2022\/08\/retiradadeortodoncia.jpg 800w, https:\/\/riberasalud.com\/ribera-dent\/wp-content\/uploads\/2022\/08\/retiradadeortodoncia-300x200.jpg 300w, https:\/\/riberasalud.com\/ribera-dent\/wp-content\/uploads\/2022\/08\/retiradadeortodoncia-768x511.jpg 768w\" sizes=\"(max-width: 800px) 100vw, 800px\" \/><\/figure>\n\n\n\n<div class=\"wp-block-group grupomodulo\"><div class=\"wp-block-group__inner-container is-layout-flow wp-block-group-is-layout-flow\">\n<h3 class=\"wp-block-heading\">Retirada de la ortodoncia y mantenimiento<\/h3>\n\n\n\n<p>Una vez hayamos conseguido el resultado deseado, retiraremos los brackets y te realizaremos una peque\u00f1a limpieza para eliminar los posibles restos de composite. Por \u00faltimo, y tras finalizar el tratamiento de ortodoncia, deberemos colocar un retenedor para garantizar que, sobre todo los primeros meses, los dientes no vuelvan a su posici\u00f3n original.<\/p>\n<\/div><\/div>\n<\/div>\n<\/div>\n<\/div><\/div>\n<\/div><\/div>\n\n\n\n<div class=\"wp-block-group\"><div class=\"wp-block-group__inner-container is-layout-flow wp-block-group-is-layout-flow\">\n<h2 class=\"wp-block-heading\" id=\"queofrece\">\u00bfQu\u00e9 te ofrecemos?<\/h2>\n\n\n\n<div class=\"wp-block-columns is-layout-flex wp-container-core-columns-is-layout-9d6595d7 wp-block-columns-is-layout-flex\">\n<div class=\"wp-block-column is-layout-flow wp-block-column-is-layout-flow\"><div class=\"wp-block-image\">\n<figure class=\"aligncenter size-full is-resized\"><img decoding=\"async\" width=\"150\" height=\"150\" src=\"https:\/\/riberasalud.com\/ribera-dent\/wp-content\/uploads\/2022\/07\/ortodoncia_Mesa-de-trabajo-1.png\" alt=\"\" class=\"wp-image-3280\" style=\"width:60px;height:60px\"\/><\/figure>\n<\/div>\n\n\n<p class=\"has-text-align-center\">Valoraci\u00f3n odontol\u00f3gica gratuita<\/p>\n<\/div>\n\n\n\n<div class=\"wp-block-column is-layout-flow wp-block-column-is-layout-flow\"><div class=\"wp-block-image\">\n<figure class=\"aligncenter size-full is-resized\"><img decoding=\"async\" width=\"150\" height=\"150\" src=\"https:\/\/riberasalud.com\/ribera-dent\/wp-content\/uploads\/2022\/07\/ortodoncia-02.png\" alt=\"\" class=\"wp-image-3276\" style=\"width:60px;height:60px\"\/><\/figure>\n<\/div>\n\n\n<p class=\"has-text-align-center\">Ortodoncia invisible con Invisalign<\/p>\n<\/div>\n\n\n\n<div class=\"wp-block-column is-layout-flow wp-block-column-is-layout-flow\"><div class=\"wp-block-image\">\n<figure class=\"aligncenter size-full is-resized\"><img decoding=\"async\" width=\"150\" height=\"150\" src=\"https:\/\/riberasalud.com\/ribera-dent\/wp-content\/uploads\/2022\/07\/ortodoncia-03.png\" alt=\"\" class=\"wp-image-3277\" style=\"width:60px;height:60px\"\/><\/figure>\n<\/div>\n\n\n<p class=\"has-text-align-center\">Facilidades de financiaci\u00f3n<\/p>\n<\/div>\n\n\n\n<div class=\"wp-block-column is-layout-flow wp-block-column-is-layout-flow\"><div class=\"wp-block-image\">\n<figure class=\"aligncenter size-full is-resized\"><img decoding=\"async\" width=\"150\" height=\"150\" src=\"https:\/\/riberasalud.com\/ribera-dent\/wp-content\/uploads\/2022\/07\/ortodoncia-04.png\" alt=\"\" class=\"wp-image-3278\" style=\"width:60px;height:60px\"\/><\/figure>\n<\/div>\n\n\n<p class=\"has-text-align-center\">Mantenimiento y revisiones incluidas<\/p>\n<\/div>\n\n\n\n<div class=\"wp-block-column is-layout-flow wp-block-column-is-layout-flow\"><div class=\"wp-block-image\">\n<figure class=\"aligncenter size-full is-resized\"><img decoding=\"async\" width=\"150\" height=\"150\" src=\"https:\/\/riberasalud.com\/ribera-dent\/wp-content\/uploads\/2022\/07\/ortodoncia-05.png\" alt=\"\" class=\"wp-image-3279\" style=\"width:60px;height:60px\"\/><\/figure>\n<\/div>\n\n\n<p class=\"has-text-align-center\">Materiales de alta calidad<\/p>\n<\/div>\n<\/div>\n\n\n\n<h2 class=\"wp-block-heading\" id=\"faq\">Preguntas frecuentes<\/h2>\n\n\n\n<div class=\"bloqueacordeon\">\n<div class=\"accordion\" style=\"width:100%\"><span class=\"tituloaccordion\">\u00bfEs un procedimiento doloroso?<\/span><span class=\"plus\">+<\/span><\/div>\n<div class=\"panel\" style=\"display:none\">\n  <p>Aunque ninguno de los dos tratamientos con ortodoncia es doloroso, s\u00ed que suelen producirse peque\u00f1as molestias durante el movimiento de los dientes y posibles rozaduras durante el per\u00edodo de adaptaci\u00f3n.\nPara minimizarlos tu ortodoncista te guiar\u00e1 en todo momento y aconsejar\u00e1 peque\u00f1os h\u00e1bitos de higiene y cuidado diarios.\n<\/p>\n<\/div>\n\n<div class=\"accordion\" style=\"width:100%\"><span class=\"tituloaccordion\">\u00bfCu\u00e1nto tiempo dura el tratamiento con ortodoncia?\n<\/span><span class=\"plus\">+<\/span><\/div>\n<div class=\"panel\" style=\"display:none\">\n  <p>En la primera visita te indicaremos la duraci\u00f3n estimada del tratamiento y el resultado que vas a obtener. En l\u00edneas generales, los tratamientos de ortodoncia con brackets convencionales suelen durar entre 18 y 36 meses y los realizados con alineadores transparentes puede reducirse a un per\u00edodo entre los 6 y 18 meses.\n<\/p>\n<\/div>\n\n\n<div class=\"accordion\" style=\"width:100%\"><span class=\"tituloaccordion\">\u00bfDa\u00f1ar\u00e1 mi esmalte?\n<\/span><span class=\"plus\">+<\/span><\/div>\n<div class=\"panel\" style=\"display:none\">\n  <p>En ning\u00fan caso. El material que se utiliza para la colocaci\u00f3n de la ortodoncia es totalmente respetuoso con tu dentadura y se retirar\u00e1 al finalizar con una limpieza bucal.\n<\/p>\n<\/div>\n\n<div class=\"accordion\" style=\"width:100%\"><span class=\"tituloaccordion\">\u00bfAl terminar el tratamiento de ortodoncia llevar\u00e9 retenedor?\n\n<\/span><span class=\"plus\">+<\/span><\/div>\n<div class=\"panel\" style=\"display:none\">\n  <p>Al finalizar el tratamiento de ortodoncia siempre se debe colocar retenedor. El ortodoncista determinar\u00e1 si ser\u00e1 fijo, removible o ambos. El objetivo de este retenedor es mantener los resultados conseguidos para que los dientes no vuelvan a su posici\u00f3n anterior. As\u00ed, los dientes se mantendr\u00e1n estables y perfectos en la posici\u00f3n adquirida tras tu tratamiento de ortodoncia.\n\n<\/p>\n<\/div>\n\n\n\n\n\n\n<\/div>\n\n<script>\nvar acc = document.getElementsByClassName(\"accordion\");\nvar i;\n\nfor (i = 0; i < acc.length; i++) {\n  acc[i].addEventListener(\"click\", function() {\n    var panel = this.nextElementSibling;\n    if (panel.style.display === \"block\") {document.getElementsByClassName('active')[0].getElementsByClassName('plus')[0].innerHTML=\"+\" ;}\n    this.classList.toggle(\"active\");\n\n    if (panel.style.display === \"block\") {\n      panel.style.display = \"none\";\n\n    } else {\n      panel.style.display = \"block\";\ndocument.getElementsByClassName('active')[0].getElementsByClassName('plus')[0].innerHTML=\"-\" ;\n    }\n  });\n}\n<\/script>\n\n\n\n<h2 class=\"wp-block-heading\" id=\"otros\">Otros tratamientos que pueden interesarte<\/h2>\n\n\n\n<div class=\"wp-block-group gruponomargin\"><div class=\"wp-block-group__inner-container is-layout-flow wp-block-group-is-layout-flow\">\n<div class=\"wp-block-columns columnanomargin is-layout-flex wp-container-core-columns-is-layout-9d6595d7 wp-block-columns-is-layout-flex\">\n<div class=\"wp-block-column first is-layout-flow wp-block-column-is-layout-flow\"><\/div>\n\n\n\n<div class=\"wp-block-column first is-layout-flow wp-block-column-is-layout-flow\">\n<figure class=\"wp-block-image size-full fotomodulo\"><img decoding=\"async\" width=\"800\" height=\"533\" src=\"https:\/\/riberasalud.com\/ribera-dent\/wp-content\/uploads\/2022\/07\/Cirugia_oral_maxilofacial.jpg\" alt=\"\" class=\"wp-image-3145\" srcset=\"https:\/\/riberasalud.com\/ribera-dent\/wp-content\/uploads\/2022\/07\/Cirugia_oral_maxilofacial.jpg 800w, https:\/\/riberasalud.com\/ribera-dent\/wp-content\/uploads\/2022\/07\/Cirugia_oral_maxilofacial-300x200.jpg 300w, https:\/\/riberasalud.com\/ribera-dent\/wp-content\/uploads\/2022\/07\/Cirugia_oral_maxilofacial-768x512.jpg 768w\" sizes=\"(max-width: 800px) 100vw, 800px\" \/><\/figure>\n\n\n\n<div class=\"wp-block-group grupomodulo\"><div class=\"wp-block-group__inner-container is-layout-flow wp-block-group-is-layout-flow\">\n<h3 class=\"wp-block-heading\">Blanqueamiento<\/h3>\n\n\n\n<p class=\"sabermas\"><a href=\"https:\/\/riberasalud.com\/ribera-dent\/blanqueamiento\/\" data-type=\"page\" data-id=\"3165\">Saber m\u00e1s<\/a><\/p>\n<\/div><\/div>\n<\/div>\n\n\n\n<div class=\"wp-block-column is-layout-flow wp-block-column-is-layout-flow\">\n<figure class=\"wp-block-image size-full fotomodulo\"><img decoding=\"async\" width=\"800\" height=\"533\" src=\"https:\/\/riberasalud.com\/ribera-dent\/wp-content\/uploads\/2022\/07\/woman-patient-at-dentist.jpg\" alt=\"\" class=\"wp-image-3146\" srcset=\"https:\/\/riberasalud.com\/ribera-dent\/wp-content\/uploads\/2022\/07\/woman-patient-at-dentist.jpg 800w, https:\/\/riberasalud.com\/ribera-dent\/wp-content\/uploads\/2022\/07\/woman-patient-at-dentist-300x200.jpg 300w, https:\/\/riberasalud.com\/ribera-dent\/wp-content\/uploads\/2022\/07\/woman-patient-at-dentist-768x512.jpg 768w\" sizes=\"(max-width: 800px) 100vw, 800px\" \/><\/figure>\n\n\n\n<div class=\"wp-block-group grupomodulo\"><div class=\"wp-block-group__inner-container is-layout-flow wp-block-group-is-layout-flow\">\n<h3 class=\"wp-block-heading\">Est\u00e9tica dental<\/h3>\n\n\n\n<p class=\"sabermas\"><a href=\"https:\/\/riberasalud.com\/ribera-dent\/carillas\/\" data-type=\"page\" data-id=\"3162\">Saber m\u00e1s<\/a><\/p>\n<\/div><\/div>\n<\/div>\n\n\n\n<div class=\"wp-block-column is-layout-flow wp-block-column-is-layout-flow\"><\/div>\n<\/div>\n<\/div><\/div>\n<\/div><\/div>\n","protected":false},"excerpt":{"rendered":"<p>Ortodoncia Mejora la funcionalidad y la est\u00e9tica de tu sonrisa Con los distintos tratamientos de ortodoncia mejorar\u00e1s la oclusi\u00f3n, la alineaci\u00f3n de tus dientes, as\u00ed como la funcionalidad y la est\u00e9tica de tu sonrisa. Atenci\u00f3n telef\u00f3nica de urgencias Primera visita de valoraci\u00f3n odontol\u00f3gica gratuita Garant\u00eda de calidad de los hospitales Ribera Financiaci\u00f3n a medida Estudio &#8230; <a title=\"Ortodoncia\" class=\"read-more\" href=\"https:\/\/riberasalud.com\/ribera-dent\/ortodoncia\/\" aria-label=\"Leer m\u00e1s sobre Ortodoncia\">Leer m\u00e1s<\/a><\/p>\n","protected":false},"author":1,"featured_media":0,"parent":0,"menu_order":0,"comment_status":"closed","ping_status":"closed","template":"","meta":{"_uag_custom_page_level_css":"","_mi_skip_tracking":false,"_glsr_average":0,"_glsr_ranking":0,"_glsr_reviews":0,"footnotes":""},"class_list":["post-3160","page","type-page","status-publish"],"yoast_head":"<!-- This site is optimized with the Yoast SEO plugin v27.4 - https:\/\/yoast.com\/product\/yoast-seo-wordpress\/ -->\n<title>\u25b7 Cl\u00ednica dental de ortodoncia correctiva - Ribera Dent<\/title>\n<meta name=\"description\" content=\"\u27a4 Especialistas en ortodoncia: invisible y brackets \u2705 Dise\u00f1o de sonrisas \u2705 Consigue una sonrisa perfecta \u2705 \u00a1Vis\u00edtanos!\" \/>\n<meta name=\"robots\" content=\"index, follow, max-snippet:-1, max-image-preview:large, max-video-preview:-1\" \/>\n<link rel=\"canonical\" href=\"https:\/\/riberasalud.com\/ribera-dent\/ortodoncia\/\" \/>\n<meta property=\"og:locale\" content=\"es_ES\" \/>\n<meta property=\"og:type\" content=\"article\" \/>\n<meta property=\"og:title\" content=\"\u25b7 Cl\u00ednica dental de ortodoncia correctiva - Ribera Dent\" \/>\n<meta property=\"og:description\" content=\"\u27a4 Especialistas en ortodoncia: invisible y brackets \u2705 Dise\u00f1o de sonrisas \u2705 Consigue una sonrisa perfecta \u2705 \u00a1Vis\u00edtanos!\" \/>\n<meta property=\"og:url\" content=\"https:\/\/riberasalud.com\/ribera-dent\/ortodoncia\/\" \/>\n<meta property=\"og:site_name\" content=\"Ribera Dent\" \/>\n<meta property=\"article:modified_time\" content=\"2026-02-03T16:00:29+00:00\" \/>\n<meta property=\"og:image\" content=\"https:\/\/riberasalud.com\/ribera-dent\/wp-content\/uploads\/2022\/06\/Odontopediatria8-1.png\" \/>\n\t<meta property=\"og:image:width\" content=\"61\" \/>\n\t<meta property=\"og:image:height\" content=\"61\" \/>\n\t<meta property=\"og:image:type\" content=\"image\/png\" \/>\n<meta name=\"twitter:card\" content=\"summary_large_image\" \/>\n<meta name=\"twitter:label1\" content=\"Tiempo de lectura\" \/>\n\t<meta name=\"twitter:data1\" content=\"10 minutos\" \/>\n<script type=\"application\/ld+json\" class=\"yoast-schema-graph\">{\"@context\":\"https:\\\/\\\/schema.org\",\"@graph\":[{\"@type\":\"WebPage\",\"@id\":\"https:\\\/\\\/riberasalud.com\\\/ribera-dent\\\/ortodoncia\\\/\",\"url\":\"https:\\\/\\\/riberasalud.com\\\/ribera-dent\\\/ortodoncia\\\/\",\"name\":\"\u25b7 Cl\u00ednica dental de ortodoncia correctiva - Ribera Dent\",\"isPartOf\":{\"@id\":\"https:\\\/\\\/riberasalud.com\\\/ribera-dent\\\/#website\"},\"primaryImageOfPage\":{\"@id\":\"https:\\\/\\\/riberasalud.com\\\/ribera-dent\\\/ortodoncia\\\/#primaryimage\"},\"image\":{\"@id\":\"https:\\\/\\\/riberasalud.com\\\/ribera-dent\\\/ortodoncia\\\/#primaryimage\"},\"thumbnailUrl\":\"https:\\\/\\\/riberasalud.com\\\/ribera-dent\\\/wp-content\\\/uploads\\\/2022\\\/06\\\/Odontopediatria8-1.png\",\"datePublished\":\"2022-07-01T06:38:41+00:00\",\"dateModified\":\"2026-02-03T16:00:29+00:00\",\"description\":\"\u27a4 Especialistas en ortodoncia: invisible y brackets \u2705 Dise\u00f1o de sonrisas \u2705 Consigue una sonrisa perfecta \u2705 \u00a1Vis\u00edtanos!\",\"breadcrumb\":{\"@id\":\"https:\\\/\\\/riberasalud.com\\\/ribera-dent\\\/ortodoncia\\\/#breadcrumb\"},\"inLanguage\":\"es\",\"potentialAction\":[{\"@type\":\"ReadAction\",\"target\":[\"https:\\\/\\\/riberasalud.com\\\/ribera-dent\\\/ortodoncia\\\/\"]}]},{\"@type\":\"ImageObject\",\"inLanguage\":\"es\",\"@id\":\"https:\\\/\\\/riberasalud.com\\\/ribera-dent\\\/ortodoncia\\\/#primaryimage\",\"url\":\"https:\\\/\\\/riberasalud.com\\\/ribera-dent\\\/wp-content\\\/uploads\\\/2022\\\/06\\\/Odontopediatria8-1.png\",\"contentUrl\":\"https:\\\/\\\/riberasalud.com\\\/ribera-dent\\\/wp-content\\\/uploads\\\/2022\\\/06\\\/Odontopediatria8-1.png\",\"width\":61,\"height\":61,\"caption\":\"Odontopediatria8 1\"},{\"@type\":\"BreadcrumbList\",\"@id\":\"https:\\\/\\\/riberasalud.com\\\/ribera-dent\\\/ortodoncia\\\/#breadcrumb\",\"itemListElement\":[{\"@type\":\"ListItem\",\"position\":1,\"name\":\"Portada\",\"item\":\"https:\\\/\\\/riberasalud.com\\\/ribera-dent\\\/\"},{\"@type\":\"ListItem\",\"position\":2,\"name\":\"Ortodoncia\"}]},{\"@type\":\"WebSite\",\"@id\":\"https:\\\/\\\/riberasalud.com\\\/ribera-dent\\\/#website\",\"url\":\"https:\\\/\\\/riberasalud.com\\\/ribera-dent\\\/\",\"name\":\"Ribera Dent\",\"description\":\"\",\"publisher\":{\"@id\":\"https:\\\/\\\/riberasalud.com\\\/ribera-dent\\\/#organization\"},\"potentialAction\":[{\"@type\":\"SearchAction\",\"target\":{\"@type\":\"EntryPoint\",\"urlTemplate\":\"https:\\\/\\\/riberasalud.com\\\/ribera-dent\\\/?s={search_term_string}\"},\"query-input\":{\"@type\":\"PropertyValueSpecification\",\"valueRequired\":true,\"valueName\":\"search_term_string\"}}],\"inLanguage\":\"es\"},{\"@type\":\"Organization\",\"@id\":\"https:\\\/\\\/riberasalud.com\\\/ribera-dent\\\/#organization\",\"name\":\"Ribera Dent\",\"url\":\"https:\\\/\\\/riberasalud.com\\\/ribera-dent\\\/\",\"logo\":{\"@type\":\"ImageObject\",\"inLanguage\":\"es\",\"@id\":\"https:\\\/\\\/riberasalud.com\\\/ribera-dent\\\/#\\\/schema\\\/logo\\\/image\\\/\",\"url\":\"https:\\\/\\\/riberasalud.com\\\/ribera-dent\\\/wp-content\\\/uploads\\\/2022\\\/07\\\/cropped-Logo-Red-Dent-01.png\",\"contentUrl\":\"https:\\\/\\\/riberasalud.com\\\/ribera-dent\\\/wp-content\\\/uploads\\\/2022\\\/07\\\/cropped-Logo-Red-Dent-01.png\",\"width\":251,\"height\":67,\"caption\":\"Ribera Dent\"},\"image\":{\"@id\":\"https:\\\/\\\/riberasalud.com\\\/ribera-dent\\\/#\\\/schema\\\/logo\\\/image\\\/\"}}]}<\/script>\n<!-- \/ Yoast SEO plugin. -->","yoast_head_json":{"title":"\u25b7 Cl\u00ednica dental de ortodoncia correctiva - Ribera Dent","description":"\u27a4 Especialistas en ortodoncia: invisible y brackets \u2705 Dise\u00f1o de sonrisas \u2705 Consigue una sonrisa perfecta \u2705 \u00a1Vis\u00edtanos!","robots":{"index":"index","follow":"follow","max-snippet":"max-snippet:-1","max-image-preview":"max-image-preview:large","max-video-preview":"max-video-preview:-1"},"canonical":"https:\/\/riberasalud.com\/ribera-dent\/ortodoncia\/","og_locale":"es_ES","og_type":"article","og_title":"\u25b7 Cl\u00ednica dental de ortodoncia correctiva - Ribera Dent","og_description":"\u27a4 Especialistas en ortodoncia: invisible y brackets \u2705 Dise\u00f1o de sonrisas \u2705 Consigue una sonrisa perfecta \u2705 \u00a1Vis\u00edtanos!","og_url":"https:\/\/riberasalud.com\/ribera-dent\/ortodoncia\/","og_site_name":"Ribera Dent","article_modified_time":"2026-02-03T16:00:29+00:00","og_image":[{"width":61,"height":61,"url":"https:\/\/riberasalud.com\/ribera-dent\/wp-content\/uploads\/2022\/06\/Odontopediatria8-1.png","type":"image\/png"}],"twitter_card":"summary_large_image","twitter_misc":{"Tiempo de lectura":"10 minutos"},"schema":{"@context":"https:\/\/schema.org","@graph":[{"@type":"WebPage","@id":"https:\/\/riberasalud.com\/ribera-dent\/ortodoncia\/","url":"https:\/\/riberasalud.com\/ribera-dent\/ortodoncia\/","name":"\u25b7 Cl\u00ednica dental de ortodoncia correctiva - Ribera Dent","isPartOf":{"@id":"https:\/\/riberasalud.com\/ribera-dent\/#website"},"primaryImageOfPage":{"@id":"https:\/\/riberasalud.com\/ribera-dent\/ortodoncia\/#primaryimage"},"image":{"@id":"https:\/\/riberasalud.com\/ribera-dent\/ortodoncia\/#primaryimage"},"thumbnailUrl":"https:\/\/riberasalud.com\/ribera-dent\/wp-content\/uploads\/2022\/06\/Odontopediatria8-1.png","datePublished":"2022-07-01T06:38:41+00:00","dateModified":"2026-02-03T16:00:29+00:00","description":"\u27a4 Especialistas en ortodoncia: invisible y brackets \u2705 Dise\u00f1o de sonrisas \u2705 Consigue una sonrisa perfecta \u2705 \u00a1Vis\u00edtanos!","breadcrumb":{"@id":"https:\/\/riberasalud.com\/ribera-dent\/ortodoncia\/#breadcrumb"},"inLanguage":"es","potentialAction":[{"@type":"ReadAction","target":["https:\/\/riberasalud.com\/ribera-dent\/ortodoncia\/"]}]},{"@type":"ImageObject","inLanguage":"es","@id":"https:\/\/riberasalud.com\/ribera-dent\/ortodoncia\/#primaryimage","url":"https:\/\/riberasalud.com\/ribera-dent\/wp-content\/uploads\/2022\/06\/Odontopediatria8-1.png","contentUrl":"https:\/\/riberasalud.com\/ribera-dent\/wp-content\/uploads\/2022\/06\/Odontopediatria8-1.png","width":61,"height":61,"caption":"Odontopediatria8 1"},{"@type":"BreadcrumbList","@id":"https:\/\/riberasalud.com\/ribera-dent\/ortodoncia\/#breadcrumb","itemListElement":[{"@type":"ListItem","position":1,"name":"Portada","item":"https:\/\/riberasalud.com\/ribera-dent\/"},{"@type":"ListItem","position":2,"name":"Ortodoncia"}]},{"@type":"WebSite","@id":"https:\/\/riberasalud.com\/ribera-dent\/#website","url":"https:\/\/riberasalud.com\/ribera-dent\/","name":"Ribera Dent","description":"","publisher":{"@id":"https:\/\/riberasalud.com\/ribera-dent\/#organization"},"potentialAction":[{"@type":"SearchAction","target":{"@type":"EntryPoint","urlTemplate":"https:\/\/riberasalud.com\/ribera-dent\/?s={search_term_string}"},"query-input":{"@type":"PropertyValueSpecification","valueRequired":true,"valueName":"search_term_string"}}],"inLanguage":"es"},{"@type":"Organization","@id":"https:\/\/riberasalud.com\/ribera-dent\/#organization","name":"Ribera Dent","url":"https:\/\/riberasalud.com\/ribera-dent\/","logo":{"@type":"ImageObject","inLanguage":"es","@id":"https:\/\/riberasalud.com\/ribera-dent\/#\/schema\/logo\/image\/","url":"https:\/\/riberasalud.com\/ribera-dent\/wp-content\/uploads\/2022\/07\/cropped-Logo-Red-Dent-01.png","contentUrl":"https:\/\/riberasalud.com\/ribera-dent\/wp-content\/uploads\/2022\/07\/cropped-Logo-Red-Dent-01.png","width":251,"height":67,"caption":"Ribera Dent"},"image":{"@id":"https:\/\/riberasalud.com\/ribera-dent\/#\/schema\/logo\/image\/"}}]}},"uagb_featured_image_src":{"full":false,"thumbnail":false,"medium":false,"medium_large":false,"large":false,"1536x1536":false,"2048x2048":false,"mailchimp":false},"uagb_author_info":{"display_name":"jorge@quois.com","author_link":"https:\/\/riberasalud.com\/ribera-dent\/blog\/author\/jorgequois-com\/"},"uagb_comment_info":0,"uagb_excerpt":"Ortodoncia Mejora la funcionalidad y la est\u00e9tica de tu sonrisa Con los distintos tratamientos de ortodoncia mejorar\u00e1s la oclusi\u00f3n, la alineaci\u00f3n de tus dientes, as\u00ed como la funcionalidad y la est\u00e9tica de tu sonrisa. Atenci\u00f3n telef\u00f3nica de urgencias Primera visita de valoraci\u00f3n odontol\u00f3gica gratuita Garant\u00eda de calidad de los hospitales Ribera Financiaci\u00f3n a medida Estudio&hellip;","_links":{"self":[{"href":"https:\/\/riberasalud.com\/ribera-dent\/wp-json\/wp\/v2\/pages\/3160","targetHints":{"allow":["GET"]}}],"collection":[{"href":"https:\/\/riberasalud.com\/ribera-dent\/wp-json\/wp\/v2\/pages"}],"about":[{"href":"https:\/\/riberasalud.com\/ribera-dent\/wp-json\/wp\/v2\/types\/page"}],"author":[{"embeddable":true,"href":"https:\/\/riberasalud.com\/ribera-dent\/wp-json\/wp\/v2\/users\/1"}],"replies":[{"embeddable":true,"href":"https:\/\/riberasalud.com\/ribera-dent\/wp-json\/wp\/v2\/comments?post=3160"}],"version-history":[{"count":54,"href":"https:\/\/riberasalud.com\/ribera-dent\/wp-json\/wp\/v2\/pages\/3160\/revisions"}],"predecessor-version":[{"id":6402,"href":"https:\/\/riberasalud.com\/ribera-dent\/wp-json\/wp\/v2\/pages\/3160\/revisions\/6402"}],"wp:attachment":[{"href":"https:\/\/riberasalud.com\/ribera-dent\/wp-json\/wp\/v2\/media?parent=3160"}],"curies":[{"name":"wp","href":"https:\/\/api.w.org\/{rel}","templated":true}]}}