{"id":11284,"date":"2024-07-08T09:32:56","date_gmt":"2024-07-08T09:32:56","guid":{"rendered":"https:\/\/www.riberasalud.com\/povisa\/?page_id=11284"},"modified":"2024-07-09T10:41:59","modified_gmt":"2024-07-09T10:41:59","slug":"coro-ribera-povisa","status":"publish","type":"page","link":"https:\/\/riberasalud.com\/povisa\/coro-ribera-povisa\/","title":{"rendered":"Coro Ribera Povisa"},"content":{"rendered":"\n<div class=\"wp-block-cover\" style=\"min-height:300px;aspect-ratio:unset;\"><span aria-hidden=\"true\" class=\"wp-block-cover__background has-background-dim\" style=\"background-color:#cb5f4e\"><\/span><img loading=\"lazy\" decoding=\"async\" width=\"1920\" height=\"430\" class=\"wp-block-cover__image-background wp-image-11308\" alt=\"\" src=\"https:\/\/www.riberasalud.com\/povisa\/wp-content\/uploads\/2024\/07\/Coro1_Mesa-de-trabajo-1.jpg\" data-object-fit=\"cover\" srcset=\"https:\/\/riberasalud.com\/povisa\/wp-content\/uploads\/2024\/07\/Coro1_Mesa-de-trabajo-1.jpg 1920w, https:\/\/riberasalud.com\/povisa\/wp-content\/uploads\/2024\/07\/Coro1_Mesa-de-trabajo-1-300x67.jpg 300w, https:\/\/riberasalud.com\/povisa\/wp-content\/uploads\/2024\/07\/Coro1_Mesa-de-trabajo-1-1024x229.jpg 1024w, https:\/\/riberasalud.com\/povisa\/wp-content\/uploads\/2024\/07\/Coro1_Mesa-de-trabajo-1-768x172.jpg 768w, https:\/\/riberasalud.com\/povisa\/wp-content\/uploads\/2024\/07\/Coro1_Mesa-de-trabajo-1-1536x344.jpg 1536w\" sizes=\"auto, (max-width: 1920px) 100vw, 1920px\" \/><div class=\"wp-block-cover__inner-container is-layout-constrained wp-block-cover-is-layout-constrained\">\n<p class=\"has-text-align-center has-large-font-size\"><strong>\u00a1\u00danete al Coro Ribera Povisa!<br><\/strong>La m\u00fasica tiene el poder de unir, inspirar y sanar<\/p>\n<\/div><\/div>\n\n\n\n<div class=\"wp-block-group\"><div class=\"wp-block-group__inner-container is-layout-flow wp-block-group-is-layout-flow\">\n<h2 class=\"wp-block-heading\">\u00bfQu\u00e9 es el Coro de Ribera Povisa?<\/h2>\n\n\n\n<p>Un grupo de amantes de la m\u00fasica y del canto que ser\u00e1n liderados por Pablo P\u00e9rez, que ser\u00e1 el director.<\/p>\n\n\n\n<h2 class=\"wp-block-heading\">\u00bfQui\u00e9n puede participar en este coro?<\/h2>\n\n\n\n<p><strong>Todo profesional y paciente que ame la m\u00fasica<\/strong>. Solo necesita tener algo de disponibilidad para poder realizar las audiciones en septiembre y los ensayos que se realizar\u00e1n a \u00faltima hora de la tarde en la escuela CEPOVISA.<\/p>\n\n\n\n<figure class=\"wp-block-gallery has-nested-images columns-default is-cropped ocultarambos wp-block-gallery-1 is-layout-flex wp-block-gallery-is-layout-flex\">\n<figure data-wp-context=\"{&quot;imageId&quot;:&quot;69ef6bd5c3d56&quot;}\" data-wp-interactive=\"core\/image\" data-wp-key=\"69ef6bd5c3d56\" class=\"wp-block-image size-large has-lightbox wp-lightbox-container\"><img loading=\"lazy\" decoding=\"async\" width=\"1024\" height=\"576\" data-wp-class--hide=\"state.isContentHidden\" data-wp-class--show=\"state.isContentVisible\" data-wp-init=\"callbacks.setButtonStyles\" data-wp-on--click=\"actions.showLightbox\" data-wp-on--load=\"callbacks.setButtonStyles\" data-wp-on-window--resize=\"callbacks.setButtonStyles\" data-id=\"10291\" src=\"https:\/\/riberasalud.com\/povisa\/wp-content\/uploads\/2023\/12\/Fotografia-Acelerador-1-1024x576.jpg\" alt=\"\" class=\"wp-image-10291\" srcset=\"https:\/\/riberasalud.com\/povisa\/wp-content\/uploads\/2023\/12\/Fotografia-Acelerador-1-1024x576.jpg 1024w, https:\/\/riberasalud.com\/povisa\/wp-content\/uploads\/2023\/12\/Fotografia-Acelerador-1-300x169.jpg 300w, https:\/\/riberasalud.com\/povisa\/wp-content\/uploads\/2023\/12\/Fotografia-Acelerador-1-768x432.jpg 768w, https:\/\/riberasalud.com\/povisa\/wp-content\/uploads\/2023\/12\/Fotografia-Acelerador-1-1536x865.jpg 1536w, https:\/\/riberasalud.com\/povisa\/wp-content\/uploads\/2023\/12\/Fotografia-Acelerador-1-2048x1153.jpg 2048w\" sizes=\"auto, (max-width: 1024px) 100vw, 1024px\" \/><button\n\t\t\tclass=\"lightbox-trigger\"\n\t\t\ttype=\"button\"\n\t\t\taria-haspopup=\"dialog\"\n\t\t\taria-label=\"Agrandar\"\n\t\t\tdata-wp-init=\"callbacks.initTriggerButton\"\n\t\t\tdata-wp-on--click=\"actions.showLightbox\"\n\t\t\tdata-wp-style--right=\"state.imageButtonRight\"\n\t\t\tdata-wp-style--top=\"state.imageButtonTop\"\n\t\t>\n\t\t\t<svg xmlns=\"http:\/\/www.w3.org\/2000\/svg\" width=\"12\" height=\"12\" fill=\"none\" viewBox=\"0 0 12 12\">\n\t\t\t\t<path fill=\"#fff\" d=\"M2 0a2 2 0 0 0-2 2v2h1.5V2a.5.5 0 0 1 .5-.5h2V0H2Zm2 10.5H2a.5.5 0 0 1-.5-.5V8H0v2a2 2 0 0 0 2 2h2v-1.5ZM8 12v-1.5h2a.5.5 0 0 0 .5-.5V8H12v2a2 2 0 0 1-2 2H8Zm2-12a2 2 0 0 1 2 2v2h-1.5V2a.5.5 0 0 0-.5-.5H8V0h2Z\" \/>\n\t\t\t<\/svg>\n\t\t<\/button><\/figure>\n\n\n\n<figure data-wp-context=\"{&quot;imageId&quot;:&quot;69ef6bd5c4334&quot;}\" data-wp-interactive=\"core\/image\" data-wp-key=\"69ef6bd5c4334\" class=\"wp-block-image size-large has-lightbox wp-lightbox-container\"><img loading=\"lazy\" decoding=\"async\" width=\"1024\" height=\"576\" data-wp-class--hide=\"state.isContentHidden\" data-wp-class--show=\"state.isContentVisible\" data-wp-init=\"callbacks.setButtonStyles\" data-wp-on--click=\"actions.showLightbox\" data-wp-on--load=\"callbacks.setButtonStyles\" data-wp-on-window--resize=\"callbacks.setButtonStyles\" data-id=\"10292\" src=\"https:\/\/riberasalud.com\/povisa\/wp-content\/uploads\/2023\/12\/nuevas-consultas-1-1024x576.jpg\" alt=\"\" class=\"wp-image-10292\" srcset=\"https:\/\/riberasalud.com\/povisa\/wp-content\/uploads\/2023\/12\/nuevas-consultas-1-1024x576.jpg 1024w, https:\/\/riberasalud.com\/povisa\/wp-content\/uploads\/2023\/12\/nuevas-consultas-1-300x169.jpg 300w, https:\/\/riberasalud.com\/povisa\/wp-content\/uploads\/2023\/12\/nuevas-consultas-1-768x432.jpg 768w, https:\/\/riberasalud.com\/povisa\/wp-content\/uploads\/2023\/12\/nuevas-consultas-1-1536x864.jpg 1536w, https:\/\/riberasalud.com\/povisa\/wp-content\/uploads\/2023\/12\/nuevas-consultas-1.jpg 2016w\" sizes=\"auto, (max-width: 1024px) 100vw, 1024px\" \/><button\n\t\t\tclass=\"lightbox-trigger\"\n\t\t\ttype=\"button\"\n\t\t\taria-haspopup=\"dialog\"\n\t\t\taria-label=\"Agrandar\"\n\t\t\tdata-wp-init=\"callbacks.initTriggerButton\"\n\t\t\tdata-wp-on--click=\"actions.showLightbox\"\n\t\t\tdata-wp-style--right=\"state.imageButtonRight\"\n\t\t\tdata-wp-style--top=\"state.imageButtonTop\"\n\t\t>\n\t\t\t<svg xmlns=\"http:\/\/www.w3.org\/2000\/svg\" width=\"12\" height=\"12\" fill=\"none\" viewBox=\"0 0 12 12\">\n\t\t\t\t<path fill=\"#fff\" d=\"M2 0a2 2 0 0 0-2 2v2h1.5V2a.5.5 0 0 1 .5-.5h2V0H2Zm2 10.5H2a.5.5 0 0 1-.5-.5V8H0v2a2 2 0 0 0 2 2h2v-1.5ZM8 12v-1.5h2a.5.5 0 0 0 .5-.5V8H12v2a2 2 0 0 1-2 2H8Zm2-12a2 2 0 0 1 2 2v2h-1.5V2a.5.5 0 0 0-.5-.5H8V0h2Z\" \/>\n\t\t\t<\/svg>\n\t\t<\/button><\/figure>\n\n\n\n<figure data-wp-context=\"{&quot;imageId&quot;:&quot;69ef6bd5c4785&quot;}\" data-wp-interactive=\"core\/image\" data-wp-key=\"69ef6bd5c4785\" class=\"wp-block-image size-large has-lightbox wp-lightbox-container\"><img loading=\"lazy\" decoding=\"async\" width=\"1024\" height=\"684\" data-wp-class--hide=\"state.isContentHidden\" data-wp-class--show=\"state.isContentVisible\" data-wp-init=\"callbacks.setButtonStyles\" data-wp-on--click=\"actions.showLightbox\" data-wp-on--load=\"callbacks.setButtonStyles\" data-wp-on-window--resize=\"callbacks.setButtonStyles\" data-id=\"10290\" src=\"https:\/\/riberasalud.com\/povisa\/wp-content\/uploads\/2023\/12\/Pet-Tac-1024x684.jpg\" alt=\"\" class=\"wp-image-10290\" srcset=\"https:\/\/riberasalud.com\/povisa\/wp-content\/uploads\/2023\/12\/Pet-Tac-1024x684.jpg 1024w, https:\/\/riberasalud.com\/povisa\/wp-content\/uploads\/2023\/12\/Pet-Tac-300x200.jpg 300w, https:\/\/riberasalud.com\/povisa\/wp-content\/uploads\/2023\/12\/Pet-Tac-768x513.jpg 768w, https:\/\/riberasalud.com\/povisa\/wp-content\/uploads\/2023\/12\/Pet-Tac-1536x1026.jpg 1536w, https:\/\/riberasalud.com\/povisa\/wp-content\/uploads\/2023\/12\/Pet-Tac.jpg 1919w\" sizes=\"auto, (max-width: 1024px) 100vw, 1024px\" \/><button\n\t\t\tclass=\"lightbox-trigger\"\n\t\t\ttype=\"button\"\n\t\t\taria-haspopup=\"dialog\"\n\t\t\taria-label=\"Agrandar\"\n\t\t\tdata-wp-init=\"callbacks.initTriggerButton\"\n\t\t\tdata-wp-on--click=\"actions.showLightbox\"\n\t\t\tdata-wp-style--right=\"state.imageButtonRight\"\n\t\t\tdata-wp-style--top=\"state.imageButtonTop\"\n\t\t>\n\t\t\t<svg xmlns=\"http:\/\/www.w3.org\/2000\/svg\" width=\"12\" height=\"12\" fill=\"none\" viewBox=\"0 0 12 12\">\n\t\t\t\t<path fill=\"#fff\" d=\"M2 0a2 2 0 0 0-2 2v2h1.5V2a.5.5 0 0 1 .5-.5h2V0H2Zm2 10.5H2a.5.5 0 0 1-.5-.5V8H0v2a2 2 0 0 0 2 2h2v-1.5ZM8 12v-1.5h2a.5.5 0 0 0 .5-.5V8H12v2a2 2 0 0 1-2 2H8Zm2-12a2 2 0 0 1 2 2v2h-1.5V2a.5.5 0 0 0-.5-.5H8V0h2Z\" \/>\n\t\t\t<\/svg>\n\t\t<\/button><\/figure>\n<\/figure>\n<\/div><\/div>\n\n\n\n<div class=\"wp-block-group hasbackgroundmio\"><div class=\"wp-block-group__inner-container is-layout-flow wp-block-group-is-layout-flow\">\n<h2 class=\"wp-block-heading\">Beneficios de pertenecer al coro<\/h2>\n\n\n\n<div class=\"wp-block-columns is-layout-flex wp-container-core-columns-is-layout-9d6595d7 wp-block-columns-is-layout-flex\">\n<div class=\"wp-block-column is-layout-flow wp-block-column-is-layout-flow\">\n<div class=\"wp-block-columns is-not-stacked-on-mobile is-layout-flex wp-container-core-columns-is-layout-9d6595d7 wp-block-columns-is-layout-flex\">\n<div class=\"wp-block-column is-layout-flow wp-block-column-is-layout-flow\">\n<h3 class=\"wp-block-heading\">Individuales<\/h3>\n\n\n\n<p>\u2192 Mejora del estado de \u00e1nimo<br>\u2192 Calma emocional<br>\u2192 Se liberan endorfinas: felicidad<br>\u2192 Se reducen los niveles de estr\u00e9s<br>\u2192 Mejora de la salud respiratoria y postural<br>\u2192 Estimulaci\u00f3n cognitiva y prevenci\u00f3n del envejecimiento cerebral<br>\u2192 Aprendizaje musical y conocimiento te\u00f3rico<br>\u2192 Lectura de partituras<br>\u2192 O\u00eddo arm\u00f3nico<br>\u2192 Mejora de la t\u00e9cnica vocal: entonaci\u00f3n, respiraci\u00f3n y proyecci\u00f3n de la voz<br>\u2192 Mejora de la capacidad de escucha y coordinaci\u00f3n<\/p>\n<\/div>\n<\/div>\n<\/div>\n\n\n\n<div class=\"wp-block-column is-layout-flow wp-block-column-is-layout-flow\">\n<div class=\"wp-block-columns is-not-stacked-on-mobile is-layout-flex wp-container-core-columns-is-layout-9d6595d7 wp-block-columns-is-layout-flex\">\n<div class=\"wp-block-column is-layout-flow wp-block-column-is-layout-flow\">\n<h3 class=\"wp-block-heading\">Colectivos<\/h3>\n\n\n\n<p>\u2192 Desarrollo de habilidades vocales y t\u00e9cnicas de Canto<br>\u2192 Aprendizaje musical y conocimiento te\u00f3rico<br>\u2192 Mejora de la audici\u00f3n y la percepci\u00f3n musical<br>\u2192 Creaci\u00f3n de amistades y conexiones significativas<br>\u2192 Desarrollo de habilidades sociales y de comunicaci\u00f3n<\/p>\n<\/div>\n<\/div>\n<\/div>\n<\/div>\n\n\n\n<h3 class=\"wp-block-heading\">Y como no\u2026 \u00a1habr\u00e1 \u201cafterrehearsal\u201d!<\/h3>\n<\/div><\/div>\n\n\n\n<div class=\"wp-block-group top-margin-consejo\"><div class=\"wp-block-group__inner-container is-layout-flow wp-block-group-is-layout-flow\">\n<h2 class=\"wp-block-heading\">\u00a1Inscr\u00edbete o comenta tus dudas!<\/h2>\n\n\n\n\n<div class=\"wpcf7 no-js\" id=\"wpcf7-f11298-o1\" lang=\"es-ES\" dir=\"ltr\" data-wpcf7-id=\"11298\">\n<div class=\"screen-reader-response\"><p role=\"status\" aria-live=\"polite\" aria-atomic=\"true\"><\/p> <ul><\/ul><\/div>\n<form action=\"\/povisa\/wp-json\/wp\/v2\/pages\/11284#wpcf7-f11298-o1\" method=\"post\" class=\"wpcf7-form init\" aria-label=\"Formulario de contacto\" novalidate=\"novalidate\" data-status=\"init\">\n<fieldset class=\"hidden-fields-container\"><input type=\"hidden\" name=\"_wpcf7\" value=\"11298\" \/><input type=\"hidden\" name=\"_wpcf7_version\" value=\"6.1.5\" \/><input type=\"hidden\" name=\"_wpcf7_locale\" value=\"es_ES\" \/><input type=\"hidden\" name=\"_wpcf7_unit_tag\" value=\"wpcf7-f11298-o1\" \/><input type=\"hidden\" name=\"_wpcf7_container_post\" value=\"0\" \/><input type=\"hidden\" name=\"_wpcf7_posted_data_hash\" value=\"\" \/><input type=\"hidden\" name=\"_wpcf7cf_hidden_group_fields\" value=\"[]\" \/><input type=\"hidden\" name=\"_wpcf7cf_hidden_groups\" value=\"[]\" \/><input type=\"hidden\" name=\"_wpcf7cf_visible_groups\" value=\"[]\" \/><input type=\"hidden\" name=\"_wpcf7cf_repeaters\" value=\"[]\" \/><input type=\"hidden\" name=\"_wpcf7cf_steps\" value=\"{}\" \/><input type=\"hidden\" name=\"_wpcf7cf_options\" value=\"{&quot;form_id&quot;:11298,&quot;conditions&quot;:[],&quot;settings&quot;:{&quot;animation&quot;:&quot;yes&quot;,&quot;animation_intime&quot;:200,&quot;animation_outtime&quot;:200,&quot;conditions_ui&quot;:&quot;normal&quot;,&quot;notice_dismissed&quot;:false}}\" \/><input type=\"hidden\" name=\"_wpcf7_recaptcha_response\" value=\"\" \/>\n<\/fieldset>\n<p><label> Nombre<br \/>\n<span class=\"wpcf7-form-control-wrap\" data-name=\"nombre\"><input size=\"40\" maxlength=\"400\" class=\"wpcf7-form-control wpcf7-text wpcf7-validates-as-required\" aria-required=\"true\" aria-invalid=\"false\" placeholder=\"Nombre\" value=\"\" type=\"text\" name=\"nombre\" \/><\/span> <\/label>\n<\/p>\n<p><label> Apellidos<br \/>\n<span class=\"wpcf7-form-control-wrap\" data-name=\"apellidos\"><input size=\"40\" maxlength=\"400\" class=\"wpcf7-form-control wpcf7-text wpcf7-validates-as-required\" aria-required=\"true\" aria-invalid=\"false\" placeholder=\"Apellidos\" value=\"\" type=\"text\" name=\"apellidos\" \/><\/span> <\/label>\n<\/p>\n<p><label> Correo Electr\u00f3nico<br \/>\n<span class=\"wpcf7-form-control-wrap\" data-name=\"email\"><input size=\"40\" maxlength=\"400\" class=\"wpcf7-form-control wpcf7-email wpcf7-validates-as-required wpcf7-text wpcf7-validates-as-email\" aria-required=\"true\" aria-invalid=\"false\" placeholder=\"Email\" value=\"\" type=\"email\" name=\"email\" \/><\/span> <\/label>\n<\/p>\n<p><label> Tel\u00e9fono<br \/>\n<span class=\"wpcf7-form-control-wrap\" data-name=\"tel-997\"><input size=\"40\" maxlength=\"400\" class=\"wpcf7-form-control wpcf7-tel wpcf7-validates-as-required wpcf7-text wpcf7-validates-as-tel\" aria-required=\"true\" aria-invalid=\"false\" placeholder=\"Tel\u00e9fono\" value=\"\" type=\"tel\" name=\"tel-997\" \/><\/span> <\/label>\n<\/p>\n<p><label> \u00bfEres...?<br \/>\n<span class=\"wpcf7-form-control-wrap\" data-name=\"profesional\"><select class=\"wpcf7-form-control wpcf7-select wpcf7-validates-as-required\" aria-required=\"true\" aria-invalid=\"false\" name=\"profesional\"><option value=\"Paciente\">Paciente<\/option><option value=\"Profesional\">Profesional<\/option><\/select><\/span> <\/label>\n<\/p>\n<p class=\"checks\"><span class=\"wpcf7-form-control-wrap\" data-name=\"acceptance-861\"><span class=\"wpcf7-form-control wpcf7-acceptance\"><span class=\"wpcf7-list-item\"><label><input type=\"checkbox\" name=\"acceptance-861\" value=\"1\" aria-invalid=\"false\" \/><span class=\"wpcf7-list-item-label\">He le\u00eddo y acepto la <a target=\"_blank\" href=\"https:\/\/riberasalud.com\/povisa\/politica-privacidad\">Pol\u00edtica de Privacidad<\/a><\/span><\/label><\/span><\/span><\/span>\n<\/p>\n<p class=\"checks\"><span class=\"wpcf7-form-control-wrap\" data-name=\"acceptance-65\"><span class=\"wpcf7-form-control wpcf7-acceptance optional\"><span class=\"wpcf7-list-item\"><label><input type=\"checkbox\" name=\"acceptance-65\" value=\"1\" aria-invalid=\"false\" \/><span class=\"wpcf7-list-item-label\">Acepto el env\u00edo de comunicaciones por RIBERA SALUD, S.A.U, con la finalidad de conocer las \u00faltimas novedades sobre salud<\/span><\/label><\/span><\/span><\/span>\n<\/p>\n<p><input class=\"wpcf7-form-control wpcf7-submit has-spinner\" type=\"submit\" value=\"Enviar\" \/>\n<\/p><input type='hidden' class='wpcf7-pum' value='{\"closepopup\":false,\"closedelay\":0,\"openpopup\":false,\"openpopup_id\":0}' \/><div class=\"wpcf7-response-output\" aria-hidden=\"true\"><\/div>\n<\/form>\n<\/div>\n\n\n\n\n<div style=\"height:30px\" aria-hidden=\"true\" class=\"wp-block-spacer\"><\/div>\n<\/div><\/div>\n","protected":false},"excerpt":{"rendered":"<p>\u00bfQu\u00e9 es el Coro de Ribera Povisa? Un grupo de amantes de la m\u00fasica y del canto que ser\u00e1n liderados por Pablo P\u00e9rez, que ser\u00e1 el director. \u00bfQui\u00e9n puede participar en este coro? Todo profesional y paciente que ame la m\u00fasica. Solo necesita tener algo de disponibilidad para poder realizar las audiciones en septiembre y &#8230; <a title=\"Coro Ribera Povisa\" class=\"read-more\" href=\"https:\/\/riberasalud.com\/povisa\/coro-ribera-povisa\/\" aria-label=\"Leer m\u00e1s sobre Coro Ribera Povisa\">Leer m\u00e1s<\/a><\/p>\n","protected":false},"author":3,"featured_media":0,"parent":0,"menu_order":0,"comment_status":"closed","ping_status":"closed","template":"","meta":{"_coblocks_attr":"","_coblocks_dimensions":"","_coblocks_responsive_height":"","_coblocks_accordion_ie_support":"","_monsterinsights_skip_tracking":false,"_monsterinsights_sitenote_active":false,"_monsterinsights_sitenote_note":"","_monsterinsights_sitenote_category":0,"footnotes":""},"class_list":["post-11284","page","type-page","status-publish"],"yoast_head":"<!-- This site is optimized with the Yoast SEO plugin v27.4 - https:\/\/yoast.com\/product\/yoast-seo-wordpress\/ -->\n<title>\u25b7 Coro Ribera Povisa | Hospital Ribera Povisa<\/title>\n<meta name=\"description\" content=\"lll\u1405 Un grupo de amantes de la m\u00fasica y del canto que ser\u00e1n liderados por Pablo P\u00e9rez, que ser\u00e1 el director \u2705\" \/>\n<meta name=\"robots\" content=\"index, follow, max-snippet:-1, max-image-preview:large, max-video-preview:-1\" \/>\n<link rel=\"canonical\" href=\"https:\/\/riberasalud.com\/povisa\/coro-ribera-povisa\/\" \/>\n<meta property=\"og:locale\" content=\"es_ES\" \/>\n<meta property=\"og:type\" content=\"article\" \/>\n<meta property=\"og:title\" content=\"\u25b7 Coro Ribera Povisa | Hospital Ribera Povisa\" \/>\n<meta property=\"og:description\" content=\"lll\u1405 Un grupo de amantes de la m\u00fasica y del canto que ser\u00e1n liderados por Pablo P\u00e9rez, que ser\u00e1 el director \u2705\" \/>\n<meta property=\"og:url\" content=\"https:\/\/riberasalud.com\/povisa\/coro-ribera-povisa\/\" \/>\n<meta property=\"og:site_name\" content=\"Hospital Ribera Povisa\" \/>\n<meta property=\"article:modified_time\" content=\"2024-07-09T10:41:59+00:00\" \/>\n<meta property=\"og:image\" content=\"https:\/\/www.riberasalud.com\/povisa\/wp-content\/uploads\/2024\/07\/Coro1_Mesa-de-trabajo-1.jpg\" \/>\n<meta name=\"twitter:card\" content=\"summary_large_image\" \/>\n<script type=\"application\/ld+json\" class=\"yoast-schema-graph\">{\"@context\":\"https:\\\/\\\/schema.org\",\"@graph\":[{\"@type\":\"WebPage\",\"@id\":\"https:\\\/\\\/riberasalud.com\\\/povisa\\\/coro-ribera-povisa\\\/\",\"url\":\"https:\\\/\\\/riberasalud.com\\\/povisa\\\/coro-ribera-povisa\\\/\",\"name\":\"\u25b7 Coro Ribera Povisa | Hospital Ribera Povisa\",\"isPartOf\":{\"@id\":\"https:\\\/\\\/riberasalud.com\\\/povisa\\\/#website\"},\"primaryImageOfPage\":{\"@id\":\"https:\\\/\\\/riberasalud.com\\\/povisa\\\/coro-ribera-povisa\\\/#primaryimage\"},\"image\":{\"@id\":\"https:\\\/\\\/riberasalud.com\\\/povisa\\\/coro-ribera-povisa\\\/#primaryimage\"},\"thumbnailUrl\":\"https:\\\/\\\/www.riberasalud.com\\\/povisa\\\/wp-content\\\/uploads\\\/2024\\\/07\\\/Coro1_Mesa-de-trabajo-1.jpg\",\"datePublished\":\"2024-07-08T09:32:56+00:00\",\"dateModified\":\"2024-07-09T10:41:59+00:00\",\"description\":\"lll\u1405 Un grupo de amantes de la m\u00fasica y del canto que ser\u00e1n liderados por Pablo P\u00e9rez, que ser\u00e1 el director \u2705\",\"inLanguage\":\"es\",\"potentialAction\":[{\"@type\":\"ReadAction\",\"target\":[\"https:\\\/\\\/riberasalud.com\\\/povisa\\\/coro-ribera-povisa\\\/\"]}]},{\"@type\":\"ImageObject\",\"inLanguage\":\"es\",\"@id\":\"https:\\\/\\\/riberasalud.com\\\/povisa\\\/coro-ribera-povisa\\\/#primaryimage\",\"url\":\"https:\\\/\\\/www.riberasalud.com\\\/povisa\\\/wp-content\\\/uploads\\\/2024\\\/07\\\/Coro1_Mesa-de-trabajo-1.jpg\",\"contentUrl\":\"https:\\\/\\\/www.riberasalud.com\\\/povisa\\\/wp-content\\\/uploads\\\/2024\\\/07\\\/Coro1_Mesa-de-trabajo-1.jpg\"},{\"@type\":\"WebSite\",\"@id\":\"https:\\\/\\\/riberasalud.com\\\/povisa\\\/#website\",\"url\":\"https:\\\/\\\/riberasalud.com\\\/povisa\\\/\",\"name\":\"Hospital Ribera Povisa\",\"description\":\"\",\"publisher\":{\"@id\":\"https:\\\/\\\/riberasalud.com\\\/povisa\\\/#organization\"},\"potentialAction\":[{\"@type\":\"SearchAction\",\"target\":{\"@type\":\"EntryPoint\",\"urlTemplate\":\"https:\\\/\\\/riberasalud.com\\\/povisa\\\/?s={search_term_string}\"},\"query-input\":{\"@type\":\"PropertyValueSpecification\",\"valueRequired\":true,\"valueName\":\"search_term_string\"}}],\"inLanguage\":\"es\"},{\"@type\":\"Organization\",\"@id\":\"https:\\\/\\\/riberasalud.com\\\/povisa\\\/#organization\",\"name\":\"Hospital Ribera Povisa\",\"url\":\"https:\\\/\\\/riberasalud.com\\\/povisa\\\/\",\"logo\":{\"@type\":\"ImageObject\",\"inLanguage\":\"es\",\"@id\":\"https:\\\/\\\/riberasalud.com\\\/povisa\\\/#\\\/schema\\\/logo\\\/image\\\/\",\"url\":\"https:\\\/\\\/riberasalud.com\\\/povisa\\\/wp-content\\\/uploads\\\/2024\\\/01\\\/cropped-Logo-Red-Povisa.png\",\"contentUrl\":\"https:\\\/\\\/riberasalud.com\\\/povisa\\\/wp-content\\\/uploads\\\/2024\\\/01\\\/cropped-Logo-Red-Povisa.png\",\"width\":1929,\"height\":489,\"caption\":\"Hospital Ribera Povisa\"},\"image\":{\"@id\":\"https:\\\/\\\/riberasalud.com\\\/povisa\\\/#\\\/schema\\\/logo\\\/image\\\/\"}}]}<\/script>\n<!-- \/ Yoast SEO plugin. -->","yoast_head_json":{"title":"\u25b7 Coro Ribera Povisa | Hospital Ribera Povisa","description":"lll\u1405 Un grupo de amantes de la m\u00fasica y del canto que ser\u00e1n liderados por Pablo P\u00e9rez, que ser\u00e1 el director \u2705","robots":{"index":"index","follow":"follow","max-snippet":"max-snippet:-1","max-image-preview":"max-image-preview:large","max-video-preview":"max-video-preview:-1"},"canonical":"https:\/\/riberasalud.com\/povisa\/coro-ribera-povisa\/","og_locale":"es_ES","og_type":"article","og_title":"\u25b7 Coro Ribera Povisa | Hospital Ribera Povisa","og_description":"lll\u1405 Un grupo de amantes de la m\u00fasica y del canto que ser\u00e1n liderados por Pablo P\u00e9rez, que ser\u00e1 el director \u2705","og_url":"https:\/\/riberasalud.com\/povisa\/coro-ribera-povisa\/","og_site_name":"Hospital Ribera Povisa","article_modified_time":"2024-07-09T10:41:59+00:00","og_image":[{"url":"https:\/\/www.riberasalud.com\/povisa\/wp-content\/uploads\/2024\/07\/Coro1_Mesa-de-trabajo-1.jpg","type":"","width":"","height":""}],"twitter_card":"summary_large_image","schema":{"@context":"https:\/\/schema.org","@graph":[{"@type":"WebPage","@id":"https:\/\/riberasalud.com\/povisa\/coro-ribera-povisa\/","url":"https:\/\/riberasalud.com\/povisa\/coro-ribera-povisa\/","name":"\u25b7 Coro Ribera Povisa | Hospital Ribera Povisa","isPartOf":{"@id":"https:\/\/riberasalud.com\/povisa\/#website"},"primaryImageOfPage":{"@id":"https:\/\/riberasalud.com\/povisa\/coro-ribera-povisa\/#primaryimage"},"image":{"@id":"https:\/\/riberasalud.com\/povisa\/coro-ribera-povisa\/#primaryimage"},"thumbnailUrl":"https:\/\/www.riberasalud.com\/povisa\/wp-content\/uploads\/2024\/07\/Coro1_Mesa-de-trabajo-1.jpg","datePublished":"2024-07-08T09:32:56+00:00","dateModified":"2024-07-09T10:41:59+00:00","description":"lll\u1405 Un grupo de amantes de la m\u00fasica y del canto que ser\u00e1n liderados por Pablo P\u00e9rez, que ser\u00e1 el director \u2705","inLanguage":"es","potentialAction":[{"@type":"ReadAction","target":["https:\/\/riberasalud.com\/povisa\/coro-ribera-povisa\/"]}]},{"@type":"ImageObject","inLanguage":"es","@id":"https:\/\/riberasalud.com\/povisa\/coro-ribera-povisa\/#primaryimage","url":"https:\/\/www.riberasalud.com\/povisa\/wp-content\/uploads\/2024\/07\/Coro1_Mesa-de-trabajo-1.jpg","contentUrl":"https:\/\/www.riberasalud.com\/povisa\/wp-content\/uploads\/2024\/07\/Coro1_Mesa-de-trabajo-1.jpg"},{"@type":"WebSite","@id":"https:\/\/riberasalud.com\/povisa\/#website","url":"https:\/\/riberasalud.com\/povisa\/","name":"Hospital Ribera Povisa","description":"","publisher":{"@id":"https:\/\/riberasalud.com\/povisa\/#organization"},"potentialAction":[{"@type":"SearchAction","target":{"@type":"EntryPoint","urlTemplate":"https:\/\/riberasalud.com\/povisa\/?s={search_term_string}"},"query-input":{"@type":"PropertyValueSpecification","valueRequired":true,"valueName":"search_term_string"}}],"inLanguage":"es"},{"@type":"Organization","@id":"https:\/\/riberasalud.com\/povisa\/#organization","name":"Hospital Ribera Povisa","url":"https:\/\/riberasalud.com\/povisa\/","logo":{"@type":"ImageObject","inLanguage":"es","@id":"https:\/\/riberasalud.com\/povisa\/#\/schema\/logo\/image\/","url":"https:\/\/riberasalud.com\/povisa\/wp-content\/uploads\/2024\/01\/cropped-Logo-Red-Povisa.png","contentUrl":"https:\/\/riberasalud.com\/povisa\/wp-content\/uploads\/2024\/01\/cropped-Logo-Red-Povisa.png","width":1929,"height":489,"caption":"Hospital Ribera Povisa"},"image":{"@id":"https:\/\/riberasalud.com\/povisa\/#\/schema\/logo\/image\/"}}]}},"_links":{"self":[{"href":"https:\/\/riberasalud.com\/povisa\/wp-json\/wp\/v2\/pages\/11284","targetHints":{"allow":["GET"]}}],"collection":[{"href":"https:\/\/riberasalud.com\/povisa\/wp-json\/wp\/v2\/pages"}],"about":[{"href":"https:\/\/riberasalud.com\/povisa\/wp-json\/wp\/v2\/types\/page"}],"author":[{"embeddable":true,"href":"https:\/\/riberasalud.com\/povisa\/wp-json\/wp\/v2\/users\/3"}],"replies":[{"embeddable":true,"href":"https:\/\/riberasalud.com\/povisa\/wp-json\/wp\/v2\/comments?post=11284"}],"version-history":[{"count":14,"href":"https:\/\/riberasalud.com\/povisa\/wp-json\/wp\/v2\/pages\/11284\/revisions"}],"predecessor-version":[{"id":11311,"href":"https:\/\/riberasalud.com\/povisa\/wp-json\/wp\/v2\/pages\/11284\/revisions\/11311"}],"wp:attachment":[{"href":"https:\/\/riberasalud.com\/povisa\/wp-json\/wp\/v2\/media?parent=11284"}],"curies":[{"name":"wp","href":"https:\/\/api.w.org\/{rel}","templated":true}]}}