{"id":10170,"date":"2023-12-12T08:14:37","date_gmt":"2023-12-12T08:14:37","guid":{"rendered":"https:\/\/riberasalud.com\/povisaaux\/?page_id=10170"},"modified":"2026-03-23T07:49:43","modified_gmt":"2026-03-23T07:49:43","slug":"dermatologia","status":"publish","type":"page","link":"https:\/\/riberasalud.com\/povisa\/dermatologia\/","title":{"rendered":"Dermatolog\u00eda"},"content":{"rendered":"\n<div class=\"wp-block-cover fondowhite\"><img loading=\"lazy\" decoding=\"async\" width=\"1024\" height=\"347\" class=\"wp-block-cover__image-background wp-image-15085 size-large\" alt=\"dermatolog\u00eda\" src=\"https:\/\/www.riberasalud.com\/povisa\/wp-content\/uploads\/2025\/10\/doctora-diagnosticando-un-melanoma-en-el-cuerpo-de-una-paciente-1-1024x347.jpg\" data-object-fit=\"cover\" srcset=\"https:\/\/riberasalud.com\/povisa\/wp-content\/uploads\/2025\/10\/doctora-diagnosticando-un-melanoma-en-el-cuerpo-de-una-paciente-1-1024x347.jpg 1024w, https:\/\/riberasalud.com\/povisa\/wp-content\/uploads\/2025\/10\/doctora-diagnosticando-un-melanoma-en-el-cuerpo-de-una-paciente-1-300x102.jpg 300w, https:\/\/riberasalud.com\/povisa\/wp-content\/uploads\/2025\/10\/doctora-diagnosticando-un-melanoma-en-el-cuerpo-de-una-paciente-1-768x260.jpg 768w, https:\/\/riberasalud.com\/povisa\/wp-content\/uploads\/2025\/10\/doctora-diagnosticando-un-melanoma-en-el-cuerpo-de-una-paciente-1-1536x520.jpg 1536w, https:\/\/riberasalud.com\/povisa\/wp-content\/uploads\/2025\/10\/doctora-diagnosticando-un-melanoma-en-el-cuerpo-de-una-paciente-1.jpg 1920w\" sizes=\"auto, (max-width: 1024px) 100vw, 1024px\" \/><span aria-hidden=\"true\" class=\"wp-block-cover__background has-contrast-background-color has-background-dim\"><\/span><div class=\"wp-block-cover__inner-container is-layout-flow wp-block-cover-is-layout-flow\">\n<div class=\"wp-block-group\"><div class=\"wp-block-group__inner-container is-layout-flow wp-block-group-is-layout-flow\">\n<p class=\"has-base-3-color has-text-color has-link-color wp-elements-fbf5c0a8917cc0e3d51220656c9c4ea4\">HOSPITAL RIBERA POVISA<\/p>\n\n\n\n<h1 class=\"wp-block-heading has-base-3-color has-text-color\"><strong>Dermatolog\u00eda<\/strong><\/h1>\n\n\n\n<p class=\"whitetext abrir-pop-up2 has-base-3-color has-text-color\" style=\"font-size:21px\"><a href=\"#\">Pide cita ahora \u2192<\/a><\/p>\n<\/div><\/div>\n<\/div><\/div>\n\n\n\n<div style=\"height:13px\" aria-hidden=\"true\" class=\"wp-block-spacer\"><\/div>\n\n\n\n<div id=\"cartera\" class=\"wp-block-group\"><div class=\"wp-block-group__inner-container is-layout-flow wp-block-group-is-layout-flow\">\n<div class=\"wp-block-columns is-layout-flex wp-container-core-columns-is-layout-9d6595d7 wp-block-columns-is-layout-flex\">\n<div class=\"wp-block-column is-layout-flow wp-block-column-is-layout-flow\">\n<h2 class=\"wp-block-heading\">\u00ab<strong>Los profesionales del servicio de Dermatolog\u00eda se encargan del cuidado de nuestra piel, as\u00ed como de la prevenci\u00f3n y tratamiento de enfermedades cut\u00e1neas<\/strong>\u00bb<\/h2>\n<\/div>\n\n\n\n<div class=\"wp-block-column is-layout-flow wp-block-column-is-layout-flow\">\n<p>En Ribera Povisa, nuestro equipo formado por dermat\u00f3logos, auxiliares y enfermeras se ocupan del cuidado integral de nuestra piel. Partiendo siempre de una atenci\u00f3n personalizada y cercana, donde el paciente es valorado de forma integral, se realiza completa historia cl\u00ednica y una exhaustiva exploraci\u00f3n f\u00edsica. Adem\u00e1s complementan el abordaje con las pruebas diagn\u00f3sticas necesarias, como anal\u00edticas sangu\u00edneas, cultivos para microorganismos, pruebas de imagen o realizaci\u00f3n de biopsia cut\u00e1neas y su estudio anatomopatol\u00f3gico correspondiente.<\/p>\n\n\n\n<p>Una vez diagnosticada la patolog\u00eda cut\u00e1nea, se encargan de su tratamiento m\u00e9dico, quir\u00fargico u otras opciones terap\u00e9uticas como la crioterapia, electrocirug\u00eda o fototerapia. De esta forma se abordan todo tipo de enfermedades dermatol\u00f3gicas, desde las m\u00e1s frecuentes como acn\u00e9, diferentes tipos de alopecias, dermatitis at\u00f3pica, psoriasis, infecciones cut\u00e1neas o el abordaje preventivo de nevus (lunares); el manejo de cuadros m\u00e1s infrecuentes y complejos como las enfermedades autoinmunes y ampollas, hasta el diagn\u00f3stico y tratamiento de tumores benignos, lesiones precancerosas o tumores malignos cut\u00e1neos.<\/p>\n<\/div>\n<\/div>\n<\/div><\/div>\n\n\n\n<div class=\"wp-block-group onlydesktop mt-0\"><div class=\"wp-block-group__inner-container is-layout-flow wp-block-group-is-layout-flow\">\n<h2 class=\"wp-block-heading has-text-align-center\">Patolog\u00edas<\/h2>\n\n\n\n<div style=\"height:17px\" aria-hidden=\"true\" class=\"wp-block-spacer\"><\/div>\n\n\n\n<div class=\"wp-block-columns columnanomargin contenedor-altura is-layout-flex wp-container-core-columns-is-layout-9d6595d7 wp-block-columns-is-layout-flex\">\n<div class=\"wp-block-column is-layout-flow wp-block-column-is-layout-flow\">\n<figure class=\"wp-block-image size-full fotomodulo\"><img loading=\"lazy\" decoding=\"async\" width=\"722\" height=\"480\" src=\"https:\/\/riberasalud.com\/povisa\/wp-content\/uploads\/2023\/12\/alopecia2.jpg\" alt=\"\" class=\"wp-image-10187\" srcset=\"https:\/\/riberasalud.com\/povisa\/wp-content\/uploads\/2023\/12\/alopecia2.jpg 722w, https:\/\/riberasalud.com\/povisa\/wp-content\/uploads\/2023\/12\/alopecia2-300x199.jpg 300w\" sizes=\"auto, (max-width: 722px) 100vw, 722px\" \/><\/figure>\n\n\n\n<div class=\"wp-block-group grupomodulo\"><div class=\"wp-block-group__inner-container is-layout-flow wp-block-group-is-layout-flow\">\n<h3 class=\"wp-block-heading\"><strong><strong><strong>Alopecia<\/strong><\/strong><\/strong><\/h3>\n\n\n\n<p>Las afectaciones del cuero cabelludo son muy variables, muchas de ellas comunes al resto del cuerpo. Los problemas del pelo y en concreto su menor densidad o ausencia son un motivo de preocupaci\u00f3n habitual en nuestras consultas. En los \u00faltimos a\u00f1os se usan tratamientos y t\u00e9cnicas nuevas que pueden en muchos casos ayudarnos a frenar o incluso recuperar parte del pelo perdido.<\/p>\n\n\n\n<p class=\"has-text-align-left\"><a href=\"https:\/\/www.riberasalud.com\/povisa\/alopecias\/\">Saber m\u00e1s \u2192<\/a><\/p>\n<\/div><\/div>\n<\/div>\n\n\n\n<div class=\"wp-block-column is-layout-flow wp-block-column-is-layout-flow\">\n<figure class=\"wp-block-image size-full fotomodulo\"><img loading=\"lazy\" decoding=\"async\" width=\"800\" height=\"534\" src=\"https:\/\/riberasalud.com\/povisa\/wp-content\/uploads\/2023\/12\/acne2.jpg\" alt=\"\" class=\"wp-image-10188\" srcset=\"https:\/\/riberasalud.com\/povisa\/wp-content\/uploads\/2023\/12\/acne2.jpg 800w, https:\/\/riberasalud.com\/povisa\/wp-content\/uploads\/2023\/12\/acne2-300x200.jpg 300w, https:\/\/riberasalud.com\/povisa\/wp-content\/uploads\/2023\/12\/acne2-768x513.jpg 768w\" sizes=\"auto, (max-width: 800px) 100vw, 800px\" \/><\/figure>\n\n\n\n<div class=\"wp-block-group grupomodulo\"><div class=\"wp-block-group__inner-container is-layout-flow wp-block-group-is-layout-flow\">\n<h3 class=\"wp-block-heading\"><strong><strong><strong>Acn\u00e9<\/strong><\/strong><\/strong><\/h3>\n\n\n\n<p>El acn\u00e9 es una enfermedad inflamatoria de la unidad piloseb\u00e1cea, m\u00e1s prevalente durante la adolescencia, pero que tambi\u00e9n puede aparecer en la edad adulta siendo en este \u00faltimo caso m\u00e1s frecuente en mujeres que en varones. Sus causas son debidas a m\u00faltiples factores y es importante un diagn\u00f3stico correcto y tratamiento precoz adecuado a la gravedad y tipo de lesiones que presente cada paciente. De este modo se pueden evitar los s\u00edntomas asociados al brote agudo as\u00ed como prevenir secuelas como cicatrices que supongan una repercusi\u00f3n est\u00e9tica a largo plazo.<\/p>\n<\/div><\/div>\n<\/div>\n\n\n\n<div class=\"wp-block-column is-layout-flow wp-block-column-is-layout-flow\">\n<figure class=\"wp-block-image size-full fotomodulo\"><img loading=\"lazy\" decoding=\"async\" width=\"800\" height=\"534\" src=\"https:\/\/riberasalud.com\/povisa\/wp-content\/uploads\/2023\/12\/psoriasis.jpg\" alt=\"\" class=\"wp-image-10180\" srcset=\"https:\/\/riberasalud.com\/povisa\/wp-content\/uploads\/2023\/12\/psoriasis.jpg 800w, https:\/\/riberasalud.com\/povisa\/wp-content\/uploads\/2023\/12\/psoriasis-300x200.jpg 300w, https:\/\/riberasalud.com\/povisa\/wp-content\/uploads\/2023\/12\/psoriasis-768x513.jpg 768w\" sizes=\"auto, (max-width: 800px) 100vw, 800px\" \/><\/figure>\n\n\n\n<div class=\"wp-block-group grupomodulo\"><div class=\"wp-block-group__inner-container is-layout-flow wp-block-group-is-layout-flow\">\n<h3 class=\"wp-block-heading\"><strong><strong><strong>Psoriasis<\/strong><\/strong><\/strong><\/h3>\n\n\n\n<p>La Psoriasis es una de las enfermedades de piel m\u00e1s frecuentes que afecta al 2.3% de la poblaci\u00f3n. Se caracteriza por la aparici\u00f3n de lesiones en codos, rodillas y cuero cabelludo. Hasta en el 10% de los casos puede afectar a las articulaciones causando inflamaci\u00f3n y dolor. Adem\u00e1s es factor de riesgo para obesidad, diabetes mellitus II, hipertensi\u00f3n y enfermedades cardiovasculares. Por todo ello es muy importante el diagn\u00f3stico temprano, ya que actualmente contamos con muchas alternativas terap\u00e9uticas para lograr tener bajo control la enfermedad: desde la aplicaci\u00f3n de medidas t\u00f3picas, orales, f\u00edsicas (fototerapia) a los \u00faltimos f\u00e1rmacos biol\u00f3gicos.<\/p>\n<\/div><\/div>\n<\/div>\n<\/div>\n\n\n\n<div class=\"wp-block-columns columnanomargin contenedor-altura is-layout-flex wp-container-core-columns-is-layout-9d6595d7 wp-block-columns-is-layout-flex\">\n<div class=\"wp-block-column is-layout-flow wp-block-column-is-layout-flow\">\n<figure class=\"wp-block-image size-full fotomodulo\"><img loading=\"lazy\" decoding=\"async\" width=\"842\" height=\"562\" src=\"https:\/\/riberasalud.com\/povisa\/wp-content\/uploads\/2023\/12\/vitiligo.jpg\" alt=\"\" class=\"wp-image-10190\" srcset=\"https:\/\/riberasalud.com\/povisa\/wp-content\/uploads\/2023\/12\/vitiligo.jpg 842w, https:\/\/riberasalud.com\/povisa\/wp-content\/uploads\/2023\/12\/vitiligo-300x200.jpg 300w, https:\/\/riberasalud.com\/povisa\/wp-content\/uploads\/2023\/12\/vitiligo-768x513.jpg 768w\" sizes=\"auto, (max-width: 842px) 100vw, 842px\" \/><\/figure>\n\n\n\n<div class=\"wp-block-group grupomodulo\"><div class=\"wp-block-group__inner-container is-layout-flow wp-block-group-is-layout-flow\">\n<h3 class=\"wp-block-heading\"><strong><strong><strong>Enfermedades autoinmunes<\/strong><\/strong><\/strong><\/h3>\n\n\n\n<p>Las enfermedades autoinmunes se deben a que nuestro propio sistema inmune ataca a c\u00e9lulas sanas de nuestro organismo, entre ellas las de la piel. Las manifestaciones cut\u00e1neas son variadas y a veces pueden ser el primer s\u00edntoma que nos haga sospechar en una enfermedad sist\u00e9mica. Entre las m\u00e1s frecuentes se hayan el vit\u00edligo donde aparecen manchas blancas en diferentes zonas del organismo. Otras enfermedades autoinmunes con posible afectaci\u00f3n cut\u00e1nea, ser\u00edan la celiaqu\u00eda, la esclerodermia, la dermatomiositis o las enfermedades ampollosas como el p\u00e9nfigo o penfigoide. Los dermat\u00f3logos coordinados con otros especialistas intentaremos reducir la actividad autoinmune con f\u00e1rmacos inmunosupresores o inmunomoduladores.<\/p>\n<\/div><\/div>\n<\/div>\n\n\n\n<div class=\"wp-block-column is-layout-flow wp-block-column-is-layout-flow\">\n<figure class=\"wp-block-image size-full fotomodulo\"><img loading=\"lazy\" decoding=\"async\" width=\"800\" height=\"533\" src=\"https:\/\/riberasalud.com\/povisa\/wp-content\/uploads\/2023\/12\/nevus.jpg\" alt=\"\" class=\"wp-image-10182\" srcset=\"https:\/\/riberasalud.com\/povisa\/wp-content\/uploads\/2023\/12\/nevus.jpg 800w, https:\/\/riberasalud.com\/povisa\/wp-content\/uploads\/2023\/12\/nevus-300x200.jpg 300w, https:\/\/riberasalud.com\/povisa\/wp-content\/uploads\/2023\/12\/nevus-768x512.jpg 768w\" sizes=\"auto, (max-width: 800px) 100vw, 800px\" \/><\/figure>\n\n\n\n<div class=\"wp-block-group grupomodulo\"><div class=\"wp-block-group__inner-container is-layout-flow wp-block-group-is-layout-flow\">\n<h3 class=\"wp-block-heading\"><strong><strong><strong>Nevus, lesiones precancerosas y tumores cut\u00e1neos<\/strong><\/strong><\/strong><\/h3>\n\n\n\n<p>Los dermat\u00f3logos realizamos revisiones de lesiones pigmentadas como nevus y l\u00e9ntigos con el fin de diagnosticar cuanto antes lesiones con potencial maligno, ayud\u00e1ndonos para ello de la t\u00e9cnica de la dermatoscopia, que permite una alta precisi\u00f3n diagn\u00f3stica en la detecci\u00f3n de lesiones peligrosas. Tambi\u00e9n nos encargamos del diagn\u00f3stico y tratamiento de tumores cut\u00e1neos como el melanoma, carcinoma espinocelular y carcinoma basocelular entre otros, siendo este \u00faltimo el tipo de c\u00e1ncer m\u00e1s frecuente de todo el organismo en la poblaci\u00f3n general. As\u00ed mismo realizamos diagn\u00f3stico de lesiones precancerosas como las queratosis act\u00ednicas y su eliminaci\u00f3n mediante tratamiento t\u00f3pico o crioterapia.<\/p>\n<\/div><\/div>\n<\/div>\n\n\n\n<div class=\"wp-block-column is-layout-flow wp-block-column-is-layout-flow\">\n<figure class=\"wp-block-image size-full fotomodulo\"><img loading=\"lazy\" decoding=\"async\" width=\"800\" height=\"533\" src=\"https:\/\/riberasalud.com\/povisa\/wp-content\/uploads\/2023\/12\/dermatitisestetica.jpg\" alt=\"\" class=\"wp-image-10179\" srcset=\"https:\/\/riberasalud.com\/povisa\/wp-content\/uploads\/2023\/12\/dermatitisestetica.jpg 800w, https:\/\/riberasalud.com\/povisa\/wp-content\/uploads\/2023\/12\/dermatitisestetica-300x200.jpg 300w, https:\/\/riberasalud.com\/povisa\/wp-content\/uploads\/2023\/12\/dermatitisestetica-768x512.jpg 768w\" sizes=\"auto, (max-width: 800px) 100vw, 800px\" \/><\/figure>\n\n\n\n<div class=\"wp-block-group grupomodulo\"><div class=\"wp-block-group__inner-container is-layout-flow wp-block-group-is-layout-flow\">\n<h3 class=\"wp-block-heading\"><strong><strong><strong>Dermatitis at\u00f3pica<\/strong><\/strong><\/strong><\/h3>\n\n\n\n<p>La dermatitis at\u00f3pica representa una de las enfermedades m\u00e1s frecuentes en las consultas de dermatolog\u00eda. Puede presentarse tanto en ni\u00f1os como de nueva aparici\u00f3n en adultos. Existe una predisposici\u00f3n gen\u00e9tica heredable que predetermina una piel m\u00e1s seca y fr\u00e1gil y adem\u00e1s factores externos que precipitan la aparici\u00f3n de los brotes (estr\u00e9s, infecciones, etc). Los pacientes presentan brotes intermitentes de lesiones que producen un picor muy intenso, con una alteraci\u00f3n importante de la calidad de vida. El tratamiento se basa en hidratantes y diferentes medicaciones t\u00f3picas y orales. Hoy en d\u00eda est\u00e1n apareciendo nuevas terapias biol\u00f3gicas que est\u00e1n cambiando el manejo de nuestros pacientes.<\/p>\n<\/div><\/div>\n<\/div>\n<\/div>\n\n\n\n<div class=\"wp-block-columns columnanomargin contenedor-altura is-layout-flex wp-container-core-columns-is-layout-9d6595d7 wp-block-columns-is-layout-flex\">\n<div class=\"wp-block-column is-layout-flow wp-block-column-is-layout-flow\">\n<figure class=\"wp-block-image size-full fotomodulo\"><img loading=\"lazy\" decoding=\"async\" width=\"800\" height=\"502\" src=\"https:\/\/riberasalud.com\/povisa\/wp-content\/uploads\/2023\/12\/estetica.jpg\" alt=\"\" class=\"wp-image-10189\" srcset=\"https:\/\/riberasalud.com\/povisa\/wp-content\/uploads\/2023\/12\/estetica.jpg 800w, https:\/\/riberasalud.com\/povisa\/wp-content\/uploads\/2023\/12\/estetica-300x188.jpg 300w, https:\/\/riberasalud.com\/povisa\/wp-content\/uploads\/2023\/12\/estetica-768x482.jpg 768w\" sizes=\"auto, (max-width: 800px) 100vw, 800px\" \/><\/figure>\n\n\n\n<div class=\"wp-block-group grupomodulo\"><div class=\"wp-block-group__inner-container is-layout-flow wp-block-group-is-layout-flow\">\n<h3 class=\"wp-block-heading\"><strong><strong><strong>Dermatolog\u00eda Est\u00e9tica<\/strong><\/strong><\/strong><\/h3>\n\n\n\n<p>En las \u00faltimas d\u00e9cadas se ha producido un aumento del cuidado de la imagen corporal y facial por parte de la poblaci\u00f3n general, por lo que m\u00e1s pacientes acuden a nuestras consultas buscando la eliminaci\u00f3n o atenuaci\u00f3n de lesiones cut\u00e1neas o alteraciones asociadas a la edad. Antes de la eliminaci\u00f3n o tratamiento de cualquier lesi\u00f3n en la piel, un dermat\u00f3logo deber\u00eda diagnosticar dichas lesiones, descartando el posible potencial maligno de las mismas. Gracias a diferentes t\u00e9cnicas como la crioterapia, electrocoagulaci\u00f3n o peque\u00f1as intervenciones quir\u00fargicas podemos lograr una mejor\u00eda del aspecto de nuestros pacientes con un m\u00ednimo riesgo.<\/p>\n<\/div><\/div>\n<\/div>\n\n\n\n<div class=\"wp-block-column is-layout-flow wp-block-column-is-layout-flow\">\n<figure class=\"wp-block-image size-full fotomodulo\"><img loading=\"lazy\" decoding=\"async\" width=\"800\" height=\"533\" src=\"https:\/\/riberasalud.com\/povisa\/wp-content\/uploads\/2023\/12\/dermatitis_pediatrica.jpg\" alt=\"\" class=\"wp-image-10185\" srcset=\"https:\/\/riberasalud.com\/povisa\/wp-content\/uploads\/2023\/12\/dermatitis_pediatrica.jpg 800w, https:\/\/riberasalud.com\/povisa\/wp-content\/uploads\/2023\/12\/dermatitis_pediatrica-300x200.jpg 300w, https:\/\/riberasalud.com\/povisa\/wp-content\/uploads\/2023\/12\/dermatitis_pediatrica-768x512.jpg 768w\" sizes=\"auto, (max-width: 800px) 100vw, 800px\" \/><\/figure>\n\n\n\n<div class=\"wp-block-group grupomodulo\"><div class=\"wp-block-group__inner-container is-layout-flow wp-block-group-is-layout-flow\">\n<h3 class=\"wp-block-heading\"><strong><strong><strong>Dermatolog\u00eda pedi\u00e1trica<\/strong><\/strong><\/strong><\/h3>\n\n\n\n<p>La dermatolog\u00eda pedi\u00e1trica es una rama de la dermatolog\u00eda que se basa en el estudio, diagn\u00f3stico, prevenci\u00f3n y tratamiento de enfermedades que afectan a la piel de los ni\u00f1os. Dado que la piel de los ni\u00f1os es distinta, requiere una atenci\u00f3n y unos tratamientos especializados distintos a los que empleamos en los adultos para curar sus patolog\u00edas cut\u00e1neas. Entre las afecciones m\u00e1s frecuentes en la etapa infantil se encuentran la dermatitis seborreica, at\u00f3pica y la dermatitis del pa\u00f1al. Las infecciones tambi\u00e9n son muy prevalentes como las verrugas, los molluscum contagiosum, el imp\u00e9tigo o la enfermedad mano-pie-boca.<\/p>\n<\/div><\/div>\n<\/div>\n\n\n\n<div class=\"wp-block-column is-layout-flow wp-block-column-is-layout-flow\"><\/div>\n<\/div>\n<\/div><\/div>\n\n\n\n<div class=\"wp-block-group onlymobile mt-0\"><div class=\"wp-block-group__inner-container is-layout-flow wp-block-group-is-layout-flow\">\n<div class=\"wp-block-group grupomodulosmobile mt-0\"><div class=\"wp-block-group__inner-container is-layout-flow wp-block-group-is-layout-flow\">\n<h2 class=\"wp-block-heading has-text-align-center\">Patolog\u00edas<\/h2>\n\n\n\n<div style=\"height:17px\" aria-hidden=\"true\" class=\"wp-block-spacer\"><\/div>\n\n\n\n<div class=\"wp-block-columns columnanomargin contenedor-altura is-layout-flex wp-container-core-columns-is-layout-9d6595d7 wp-block-columns-is-layout-flex\">\n<div class=\"wp-block-column modulo-interno is-layout-flow wp-block-column-is-layout-flow\">\n<figure class=\"wp-block-image size-full fotomodulo\"><img loading=\"lazy\" decoding=\"async\" width=\"722\" height=\"480\" src=\"https:\/\/riberasalud.com\/povisa\/wp-content\/uploads\/2023\/12\/alopecia2.jpg\" alt=\"\" class=\"wp-image-10187\" srcset=\"https:\/\/riberasalud.com\/povisa\/wp-content\/uploads\/2023\/12\/alopecia2.jpg 722w, https:\/\/riberasalud.com\/povisa\/wp-content\/uploads\/2023\/12\/alopecia2-300x199.jpg 300w\" sizes=\"auto, (max-width: 722px) 100vw, 722px\" \/><\/figure>\n\n\n\n<div class=\"wp-block-group grupomodulo\"><div class=\"wp-block-group__inner-container is-layout-flow wp-block-group-is-layout-flow\">\n<h3 class=\"wp-block-heading\"><strong><strong><strong>Alopecia<\/strong><\/strong><\/strong><\/h3>\n\n\n\n<p>Las afectaciones del cuero cabelludo son muy variables, muchas de ellas comunes al resto del cuerpo. Los problemas del pelo y en concreto su menor densidad o ausencia son un motivo de preocupaci\u00f3n habitual en nuestras consultas. En los \u00faltimos a\u00f1os se usan tratamientos y t\u00e9cnicas nuevas que pueden en muchos casos ayudarnos a frenar o incluso recuperar parte del pelo perdido.<\/p>\n\n\n\n<p class=\"has-text-align-left\"><a href=\"https:\/\/riberasalud.com\/povisa\/tricologia\/\" data-type=\"page\" data-id=\"9520\">Saber m\u00e1s \u2192<\/a><\/p>\n<\/div><\/div>\n<\/div>\n\n\n\n<div class=\"wp-block-column first modulo-interno is-layout-flow wp-block-column-is-layout-flow\">\n<figure class=\"wp-block-image size-full fotomodulo\"><img loading=\"lazy\" decoding=\"async\" width=\"800\" height=\"534\" src=\"https:\/\/riberasalud.com\/povisa\/wp-content\/uploads\/2023\/12\/acne2.jpg\" alt=\"\" class=\"wp-image-10188\" srcset=\"https:\/\/riberasalud.com\/povisa\/wp-content\/uploads\/2023\/12\/acne2.jpg 800w, https:\/\/riberasalud.com\/povisa\/wp-content\/uploads\/2023\/12\/acne2-300x200.jpg 300w, https:\/\/riberasalud.com\/povisa\/wp-content\/uploads\/2023\/12\/acne2-768x513.jpg 768w\" sizes=\"auto, (max-width: 800px) 100vw, 800px\" \/><\/figure>\n\n\n\n<div class=\"wp-block-group grupomodulo\"><div class=\"wp-block-group__inner-container is-layout-flow wp-block-group-is-layout-flow\">\n<h3 class=\"wp-block-heading\"><strong><strong><strong>Acn\u00e9<\/strong><\/strong><\/strong><\/h3>\n\n\n\n<p>El acn\u00e9 es una enfermedad inflamatoria de la unidad piloseb\u00e1cea, m\u00e1s prevalente durante la adolescencia, pero que tambi\u00e9n puede aparecer en la edad adulta siendo en este \u00faltimo caso m\u00e1s frecuente en mujeres que en varones. Sus causas son debidas a m\u00faltiples factores y es importante un diagn\u00f3stico correcto y tratamiento precoz adecuado a la gravedad y tipo de lesiones que presente cada paciente. De este modo se pueden evitar los s\u00edntomas asociados al brote agudo as\u00ed como prevenir secuelas como cicatrices que supongan una repercusi\u00f3n est\u00e9tica a largo plazo.<\/p>\n<\/div><\/div>\n<\/div>\n\n\n\n<div class=\"wp-block-column modulo-interno is-layout-flow wp-block-column-is-layout-flow\">\n<figure class=\"wp-block-image size-full fotomodulo\"><img loading=\"lazy\" decoding=\"async\" width=\"800\" height=\"534\" src=\"https:\/\/riberasalud.com\/povisa\/wp-content\/uploads\/2023\/12\/psoriasis.jpg\" alt=\"\" class=\"wp-image-10180\" srcset=\"https:\/\/riberasalud.com\/povisa\/wp-content\/uploads\/2023\/12\/psoriasis.jpg 800w, https:\/\/riberasalud.com\/povisa\/wp-content\/uploads\/2023\/12\/psoriasis-300x200.jpg 300w, https:\/\/riberasalud.com\/povisa\/wp-content\/uploads\/2023\/12\/psoriasis-768x513.jpg 768w\" sizes=\"auto, (max-width: 800px) 100vw, 800px\" \/><\/figure>\n\n\n\n<div class=\"wp-block-group grupomodulo\"><div class=\"wp-block-group__inner-container is-layout-flow wp-block-group-is-layout-flow\">\n<h3 class=\"wp-block-heading\"><strong><strong><strong>Psoriasis<\/strong><\/strong><\/strong><\/h3>\n\n\n\n<p>La Psoriasis es una de las enfermedades de piel m\u00e1s frecuentes que afecta al 2.3% de la poblaci\u00f3n. Se caracteriza por la aparici\u00f3n de lesiones en codos, rodillas y cuero cabelludo. Hasta en el 10% de los casos puede afectar a las articulaciones causando inflamaci\u00f3n y dolor. Adem\u00e1s es factor de riesgo para obesidad, diabetes mellitus II, hipertensi\u00f3n y enfermedades cardiovasculares. Por todo ello es muy importante el diagn\u00f3stico temprano, ya que actualmente contamos con muchas alternativas terap\u00e9uticas para lograr tener bajo control la enfermedad: desde la aplicaci\u00f3n de medidas t\u00f3picas, orales, f\u00edsicas (fototerapia) a los \u00faltimos f\u00e1rmacos biol\u00f3gicos.<\/p>\n<\/div><\/div>\n<\/div>\n\n\n\n<div class=\"wp-block-column first modulo-interno is-layout-flow wp-block-column-is-layout-flow\">\n<figure class=\"wp-block-image size-full fotomodulo\"><img loading=\"lazy\" decoding=\"async\" width=\"842\" height=\"562\" src=\"https:\/\/riberasalud.com\/povisa\/wp-content\/uploads\/2023\/12\/vitiligo.jpg\" alt=\"\" class=\"wp-image-10190\" srcset=\"https:\/\/riberasalud.com\/povisa\/wp-content\/uploads\/2023\/12\/vitiligo.jpg 842w, https:\/\/riberasalud.com\/povisa\/wp-content\/uploads\/2023\/12\/vitiligo-300x200.jpg 300w, https:\/\/riberasalud.com\/povisa\/wp-content\/uploads\/2023\/12\/vitiligo-768x513.jpg 768w\" sizes=\"auto, (max-width: 842px) 100vw, 842px\" \/><\/figure>\n\n\n\n<div class=\"wp-block-group grupomodulo\"><div class=\"wp-block-group__inner-container is-layout-flow wp-block-group-is-layout-flow\">\n<h3 class=\"wp-block-heading\"><strong><strong><strong>Enfermedades autoinmunes<\/strong><\/strong><\/strong><\/h3>\n\n\n\n<p>Las enfermedades autoinmunes se deben a que nuestro propio sistema inmune ataca a c\u00e9lulas sanas de nuestro organismo, entre ellas las de la piel. Las manifestaciones cut\u00e1neas son variadas y a veces pueden ser el primer s\u00edntoma que nos haga sospechar en una enfermedad sist\u00e9mica. Entre las m\u00e1s frecuentes se hayan el vit\u00edligo donde aparecen manchas blancas en diferentes zonas del organismo. Otras enfermedades autoinmunes con posible afectaci\u00f3n cut\u00e1nea, ser\u00edan la celiaqu\u00eda, la esclerodermia, la dermatomiositis o las enfermedades ampollosas como el p\u00e9nfigo o penfigoide. Los dermat\u00f3logos coordinados con otros especialistas intentaremos reducir la actividad autoinmune con f\u00e1rmacos inmunosupresores o inmunomoduladores.<\/p>\n<\/div><\/div>\n<\/div>\n<\/div>\n\n\n\n<div class=\"wp-block-columns columnanomargin contenedor-altura is-layout-flex wp-container-core-columns-is-layout-9d6595d7 wp-block-columns-is-layout-flex\">\n<div class=\"wp-block-column modulo-interno is-layout-flow wp-block-column-is-layout-flow\">\n<figure class=\"wp-block-image size-full fotomodulo\"><img loading=\"lazy\" decoding=\"async\" width=\"800\" height=\"533\" src=\"https:\/\/riberasalud.com\/povisa\/wp-content\/uploads\/2023\/12\/nevus.jpg\" alt=\"\" class=\"wp-image-10182\" srcset=\"https:\/\/riberasalud.com\/povisa\/wp-content\/uploads\/2023\/12\/nevus.jpg 800w, https:\/\/riberasalud.com\/povisa\/wp-content\/uploads\/2023\/12\/nevus-300x200.jpg 300w, https:\/\/riberasalud.com\/povisa\/wp-content\/uploads\/2023\/12\/nevus-768x512.jpg 768w\" sizes=\"auto, (max-width: 800px) 100vw, 800px\" \/><\/figure>\n\n\n\n<div class=\"wp-block-group grupomodulo\"><div class=\"wp-block-group__inner-container is-layout-flow wp-block-group-is-layout-flow\">\n<h3 class=\"wp-block-heading\"><strong><strong><strong>Nevus, lesiones precancerosas y tumores cut\u00e1neos<\/strong><\/strong><\/strong><\/h3>\n\n\n\n<p>Los dermat\u00f3logos realizamos revisiones de lesiones pigmentadas como nevus y l\u00e9ntigos con el fin de diagnosticar cuanto antes lesiones con potencial maligno, ayud\u00e1ndonos para ello de la t\u00e9cnica de la dermatoscopia, que permite una alta precisi\u00f3n diagn\u00f3stica en la detecci\u00f3n de lesiones peligrosas. Tambi\u00e9n nos encargamos del diagn\u00f3stico y tratamiento de tumores cut\u00e1neos como el melanoma, carcinoma espinocelular y carcinoma basocelular entre otros, siendo este \u00faltimo el tipo de c\u00e1ncer m\u00e1s frecuente de todo el organismo en la poblaci\u00f3n general. As\u00ed mismo realizamos diagn\u00f3stico de lesiones precancerosas como las queratosis act\u00ednicas y su eliminaci\u00f3n mediante tratamiento t\u00f3pico o crioterapia.<\/p>\n<\/div><\/div>\n<\/div>\n\n\n\n<div class=\"wp-block-column modulo-interno is-layout-flow wp-block-column-is-layout-flow\">\n<figure class=\"wp-block-image size-full fotomodulo\"><img loading=\"lazy\" decoding=\"async\" width=\"800\" height=\"533\" src=\"https:\/\/riberasalud.com\/povisa\/wp-content\/uploads\/2023\/12\/dermatitisestetica.jpg\" alt=\"\" class=\"wp-image-10179\" srcset=\"https:\/\/riberasalud.com\/povisa\/wp-content\/uploads\/2023\/12\/dermatitisestetica.jpg 800w, https:\/\/riberasalud.com\/povisa\/wp-content\/uploads\/2023\/12\/dermatitisestetica-300x200.jpg 300w, https:\/\/riberasalud.com\/povisa\/wp-content\/uploads\/2023\/12\/dermatitisestetica-768x512.jpg 768w\" sizes=\"auto, (max-width: 800px) 100vw, 800px\" \/><\/figure>\n\n\n\n<div class=\"wp-block-group grupomodulo\"><div class=\"wp-block-group__inner-container is-layout-flow wp-block-group-is-layout-flow\">\n<h3 class=\"wp-block-heading\"><strong><strong><strong>Dermatitis at\u00f3pica<\/strong><\/strong><\/strong><\/h3>\n\n\n\n<p>La dermatitis at\u00f3pica representa una de las enfermedades m\u00e1s frecuentes en las consultas de dermatolog\u00eda. Puede presentarse tanto en ni\u00f1os como de nueva aparici\u00f3n en adultos. Existe una predisposici\u00f3n gen\u00e9tica heredable que predetermina una piel m\u00e1s seca y fr\u00e1gil y adem\u00e1s factores externos que precipitan la aparici\u00f3n de los brotes (estr\u00e9s, infecciones, etc). Los pacientes presentan brotes intermitentes de lesiones que producen un picor muy intenso, con una alteraci\u00f3n importante de la calidad de vida. El tratamiento se basa en hidratantes y diferentes medicaciones t\u00f3picas y orales. Hoy en d\u00eda est\u00e1n apareciendo nuevas terapias biol\u00f3gicas que est\u00e1n cambiando el manejo de nuestros pacientes.<\/p>\n<\/div><\/div>\n<\/div>\n\n\n\n<div class=\"wp-block-column first modulo-interno is-layout-flow wp-block-column-is-layout-flow\">\n<figure class=\"wp-block-image size-full fotomodulo\"><img loading=\"lazy\" decoding=\"async\" width=\"800\" height=\"502\" src=\"https:\/\/riberasalud.com\/povisa\/wp-content\/uploads\/2023\/12\/estetica.jpg\" alt=\"\" class=\"wp-image-10189\" srcset=\"https:\/\/riberasalud.com\/povisa\/wp-content\/uploads\/2023\/12\/estetica.jpg 800w, https:\/\/riberasalud.com\/povisa\/wp-content\/uploads\/2023\/12\/estetica-300x188.jpg 300w, https:\/\/riberasalud.com\/povisa\/wp-content\/uploads\/2023\/12\/estetica-768x482.jpg 768w\" sizes=\"auto, (max-width: 800px) 100vw, 800px\" \/><\/figure>\n\n\n\n<div class=\"wp-block-group grupomodulo\"><div class=\"wp-block-group__inner-container is-layout-flow wp-block-group-is-layout-flow\">\n<h3 class=\"wp-block-heading\"><strong><strong><strong>Dermatolog\u00eda Est\u00e9tica<\/strong><\/strong><\/strong><\/h3>\n\n\n\n<p>En las \u00faltimas d\u00e9cadas se ha producido un aumento del cuidado de la imagen corporal y facial por parte de la poblaci\u00f3n general, por lo que m\u00e1s pacientes acuden a nuestras consultas buscando la eliminaci\u00f3n o atenuaci\u00f3n de lesiones cut\u00e1neas o alteraciones asociadas a la edad. Antes de la eliminaci\u00f3n o tratamiento de cualquier lesi\u00f3n en la piel, un dermat\u00f3logo deber\u00eda diagnosticar dichas lesiones, descartando el posible potencial maligno de las mismas. Gracias a diferentes t\u00e9cnicas como la crioterapia, electrocoagulaci\u00f3n o peque\u00f1as intervenciones quir\u00fargicas podemos lograr una mejor\u00eda del aspecto de nuestros pacientes con un m\u00ednimo riesgo.<\/p>\n<\/div><\/div>\n<\/div>\n\n\n\n<div class=\"wp-block-column modulo-interno is-layout-flow wp-block-column-is-layout-flow\">\n<figure class=\"wp-block-image size-full fotomodulo\"><img loading=\"lazy\" decoding=\"async\" width=\"800\" height=\"533\" src=\"https:\/\/riberasalud.com\/povisa\/wp-content\/uploads\/2023\/12\/dermatitis_pediatrica.jpg\" alt=\"\" class=\"wp-image-10185\" srcset=\"https:\/\/riberasalud.com\/povisa\/wp-content\/uploads\/2023\/12\/dermatitis_pediatrica.jpg 800w, https:\/\/riberasalud.com\/povisa\/wp-content\/uploads\/2023\/12\/dermatitis_pediatrica-300x200.jpg 300w, https:\/\/riberasalud.com\/povisa\/wp-content\/uploads\/2023\/12\/dermatitis_pediatrica-768x512.jpg 768w\" sizes=\"auto, (max-width: 800px) 100vw, 800px\" \/><\/figure>\n\n\n\n<div class=\"wp-block-group grupomodulo\"><div class=\"wp-block-group__inner-container is-layout-flow wp-block-group-is-layout-flow\">\n<h3 class=\"wp-block-heading\"><strong><strong><strong>Dermatolog\u00eda pedi\u00e1trica<\/strong><\/strong><\/strong><\/h3>\n\n\n\n<p>La dermatolog\u00eda pedi\u00e1trica es una rama de la dermatolog\u00eda que se basa en el estudio, diagn\u00f3stico, prevenci\u00f3n y tratamiento de enfermedades que afectan a la piel de los ni\u00f1os. Dado que la piel de los ni\u00f1os es distinta, requiere una atenci\u00f3n y unos tratamientos especializados distintos a los que empleamos en los adultos para curar sus patolog\u00edas cut\u00e1neas. Entre las afecciones m\u00e1s frecuentes en la etapa infantil se encuentran la dermatitis seborreica, at\u00f3pica y la dermatitis del pa\u00f1al. Las infecciones tambi\u00e9n son muy prevalentes como las verrugas, los molluscum contagiosum, el imp\u00e9tigo o la enfermedad mano-pie-boca.<\/p>\n<\/div><\/div>\n<\/div>\n<\/div>\n<\/div><\/div>\n<\/div><\/div>\n\n\n\n<div class=\"wp-block-group equipoasistencialmargin grupozeromarginmedicos hasbackgroundmio mt-0\"><div class=\"wp-block-group__inner-container is-layout-flow wp-block-group-is-layout-flow\">\n<div class=\"wp-block-group\"><div class=\"wp-block-group__inner-container is-layout-flow wp-block-group-is-layout-flow\">\n<div style=\"height:30px\" aria-hidden=\"true\" class=\"wp-block-spacer\"><\/div>\n\n\n\n<h2 class=\"wp-block-heading has-text-align-center\" id=\"que\">Equipo m\u00e9dico<\/h2>\n\n\n\n<div class=\"wp-block-columns equipoasistencial is-layout-flex wp-container-core-columns-is-layout-9d6595d7 wp-block-columns-is-layout-flex\">\n<div class=\"wp-block-column is-layout-flow wp-block-column-is-layout-flow\">\n<div style=\"height:27px\" aria-hidden=\"true\" class=\"wp-block-spacer\"><\/div>\n\n\n\n<figure class=\"wp-block-image size-full\"><img loading=\"lazy\" decoding=\"async\" width=\"150\" height=\"150\" src=\"https:\/\/riberasalud.com\/povisa\/wp-content\/uploads\/2023\/12\/dr-leon150-150x150-1.jpg\" alt=\"\" class=\"wp-image-10444\"\/><\/figure>\n\n\n\n<div style=\"height:10px\" aria-hidden=\"true\" class=\"wp-block-spacer\"><\/div>\n\n\n\n<p class=\"nombre\"><strong><strong>Dr. \u00c1lvaro<\/strong><\/strong> <strong><strong>Le\u00f3n Mateos<\/strong><\/strong><\/p>\n\n\n\n<p class=\"has-text-align-center\">Jefe de servicio<br>Dermatolog\u00eda m\u00e9dica, quir\u00fargica y est\u00e9tica<\/p>\n<\/div>\n\n\n\n<div class=\"wp-block-column is-layout-flow wp-block-column-is-layout-flow\">\n<div style=\"height:27px\" aria-hidden=\"true\" class=\"wp-block-spacer\"><\/div>\n\n\n\n<figure class=\"wp-block-image size-full\"><img loading=\"lazy\" decoding=\"async\" width=\"150\" height=\"150\" src=\"https:\/\/riberasalud.com\/povisa\/wp-content\/uploads\/2024\/08\/ribera_iconos_Estetica-02.png\" alt=\"Profesional m\u00e9dico\" class=\"wp-image-11505\"\/><\/figure>\n\n\n\n<div style=\"height:10px\" aria-hidden=\"true\" class=\"wp-block-spacer\"><\/div>\n\n\n\n<p class=\"nombre\"><strong>Dr. Javier<\/strong> <strong>Alc\u00e1ntara Gonz\u00e1lez<\/strong><\/p>\n\n\n\n<p class=\"has-text-align-center\">Dermatolog\u00eda m\u00e9dica, quir\u00fargica y est\u00e9tica<\/p>\n<\/div>\n<\/div>\n\n\n\n<div style=\"height:40px\" aria-hidden=\"true\" class=\"wp-block-spacer\"><\/div>\n<\/div><\/div>\n<\/div><\/div>\n\n\n\n<div class=\"wp-block-group\"><div class=\"wp-block-group__inner-container is-layout-flow wp-block-group-is-layout-flow\">\n<h2 class=\"wp-block-heading has-text-align-center\">Noticias relacionadas<\/h2>\n\n\n\n<div style=\"height:50px\" aria-hidden=\"true\" class=\"wp-block-spacer\"><\/div>\n\n\n\n<div class=\"gb-grid-wrapper gb-grid-wrapper-9ea9b46a gb-query-loop-wrapper\">\n<div class=\"gb-grid-column gb-grid-column-e5ca27b4 gb-query-loop-item post-11710 post type-post status-publish format-standard has-post-thumbnail hentry category-dermatologia category-povisa-en-medios tag-cadena-ser tag-dermatologia tag-manchas-solares tag-prevencion\"><div class=\"gb-container gb-container-e5ca27b4\">\n<figure class=\"gb-block-image gb-block-image-7ef10794\"><img loading=\"lazy\" decoding=\"async\" width=\"800\" height=\"533\" src=\"https:\/\/riberasalud.com\/povisa\/wp-content\/uploads\/2024\/09\/Dr-Alvaro-Leon-2-1.jpg\" class=\"gb-image-7ef10794\" alt=\"Manchas solares\" srcset=\"https:\/\/riberasalud.com\/povisa\/wp-content\/uploads\/2024\/09\/Dr-Alvaro-Leon-2-1.jpg 800w, https:\/\/riberasalud.com\/povisa\/wp-content\/uploads\/2024\/09\/Dr-Alvaro-Leon-2-1-300x200.jpg 300w, https:\/\/riberasalud.com\/povisa\/wp-content\/uploads\/2024\/09\/Dr-Alvaro-Leon-2-1-768x512.jpg 768w\" sizes=\"auto, (max-width: 800px) 100vw, 800px\" \/><\/figure>\n\n<h2 class=\"gb-headline gb-headline-1be8aeee gb-headline-text\"><a href=\"https:\/\/riberasalud.com\/povisa\/alvaro-leon-jefe-del-servicio-de-dermatologia-del-hospital-ribera-povisa-habla-en-cadena-ser-sobre-la-necesidad-de-revisar-y-controlar-las-manchas-solares\/\">\u00c1lvaro Le\u00f3n, jefe del servicio de dermatolog\u00eda del Hospital Ribera Povisa, habla en Cadena SER sobre la necesidad de revisar y controlar las manchas solares<\/a><\/h2>\n\n<p class=\"gb-headline gb-headline-a3e5c1f5 gb-headline-text\"><time class=\"entry-date published\" datetime=\"2024-09-07T11:51:24+00:00\">7 de septiembre de 2024<\/time><\/p>\n<\/div><\/div>\n\n<div class=\"gb-grid-column gb-grid-column-e5ca27b4 gb-query-loop-item post-11705 post type-post status-publish format-standard has-post-thumbnail hentry category-dermatologia tag-dermatologia tag-manchas tag-verano\"><div class=\"gb-container gb-container-e5ca27b4\">\n<figure class=\"gb-block-image gb-block-image-7ef10794\"><img loading=\"lazy\" decoding=\"async\" width=\"800\" height=\"533\" src=\"https:\/\/riberasalud.com\/povisa\/wp-content\/uploads\/2024\/09\/Dr-Alvaro-Leon-copia.jpg\" class=\"gb-image-7ef10794\" alt=\"\" srcset=\"https:\/\/riberasalud.com\/povisa\/wp-content\/uploads\/2024\/09\/Dr-Alvaro-Leon-copia.jpg 800w, https:\/\/riberasalud.com\/povisa\/wp-content\/uploads\/2024\/09\/Dr-Alvaro-Leon-copia-300x200.jpg 300w, https:\/\/riberasalud.com\/povisa\/wp-content\/uploads\/2024\/09\/Dr-Alvaro-Leon-copia-768x512.jpg 768w\" sizes=\"auto, (max-width: 800px) 100vw, 800px\" \/><\/figure>\n\n<h2 class=\"gb-headline gb-headline-1be8aeee gb-headline-text\"><a href=\"https:\/\/riberasalud.com\/povisa\/el-hospital-ribera-povisa-recomienda-revisiones-de-las-manchas-solares-tras-el-verano\/\">El hospital Ribera Povisa recomienda revisiones de las manchas solares tras el verano<\/a><\/h2>\n\n<p class=\"gb-headline gb-headline-a3e5c1f5 gb-headline-text\"><time class=\"entry-date published\" datetime=\"2024-09-06T07:54:29+00:00\">6 de septiembre de 2024<\/time><\/p>\n<\/div><\/div>\n\n<div class=\"gb-grid-column gb-grid-column-e5ca27b4 gb-query-loop-item post-11328 post type-post status-publish format-standard has-post-thumbnail hentry category-dermatologia tag-callo-solar tag-dermatologia tag-piel tag-sol tag-verano\"><div class=\"gb-container gb-container-e5ca27b4\">\n<figure class=\"gb-block-image gb-block-image-7ef10794\"><img loading=\"lazy\" decoding=\"async\" width=\"800\" height=\"533\" src=\"https:\/\/riberasalud.com\/povisa\/wp-content\/uploads\/2024\/07\/Dr-Alvaro-Leon-1.jpg\" class=\"gb-image-7ef10794\" alt=\"\" srcset=\"https:\/\/riberasalud.com\/povisa\/wp-content\/uploads\/2024\/07\/Dr-Alvaro-Leon-1.jpg 800w, https:\/\/riberasalud.com\/povisa\/wp-content\/uploads\/2024\/07\/Dr-Alvaro-Leon-1-300x200.jpg 300w, https:\/\/riberasalud.com\/povisa\/wp-content\/uploads\/2024\/07\/Dr-Alvaro-Leon-1-768x512.jpg 768w\" sizes=\"auto, (max-width: 800px) 100vw, 800px\" \/><\/figure>\n\n<h2 class=\"gb-headline gb-headline-1be8aeee gb-headline-text\"><a href=\"https:\/\/riberasalud.com\/povisa\/especialista-de-ribera-povisa-recomienda-una-exposicion-progresiva-al-sol-para-adaptar-la-piel\/\">Especialista de Ribera Povisa recomienda una exposici\u00f3n progresiva al sol para adaptar la piel<\/a><\/h2>\n\n<p class=\"gb-headline gb-headline-a3e5c1f5 gb-headline-text\"><time class=\"entry-date published\" datetime=\"2024-07-17T07:31:17+00:00\">17 de julio de 2024<\/time><\/p>\n<\/div><\/div>\n<\/div>\n<\/div><\/div>\n\n\n\n<div class=\"wp-block-group\"><div class=\"wp-block-group__inner-container is-layout-flow wp-block-group-is-layout-flow\">\n<div style=\"height:26px\" aria-hidden=\"true\" class=\"wp-block-spacer\"><\/div>\n\n\n\n<div class=\"wp-block-columns is-layout-flex wp-container-core-columns-is-layout-9d6595d7 wp-block-columns-is-layout-flex\">\n<div class=\"wp-block-column is-layout-flow wp-block-column-is-layout-flow\">\n<figure class=\"wp-block-image size-full fotoredonda\"><img loading=\"lazy\" decoding=\"async\" width=\"700\" height=\"435\" src=\"https:\/\/riberasalud.com\/povisa\/wp-content\/uploads\/2023\/12\/Fototerapia-img.jpg\" alt=\"Fototerapia\" class=\"wp-image-10478\" style=\"object-fit:cover\" srcset=\"https:\/\/riberasalud.com\/povisa\/wp-content\/uploads\/2023\/12\/Fototerapia-img.jpg 700w, https:\/\/riberasalud.com\/povisa\/wp-content\/uploads\/2023\/12\/Fototerapia-img-300x186.jpg 300w\" sizes=\"auto, (max-width: 700px) 100vw, 700px\" \/><\/figure>\n<\/div>\n\n\n\n<div class=\"wp-block-column is-vertically-aligned-top is-layout-flow wp-block-column-is-layout-flow\">\n<div style=\"height:24px\" aria-hidden=\"true\" class=\"wp-block-spacer\"><\/div>\n\n\n\n<h2 class=\"wp-block-heading\" id=\"quees\"><span class=\"ugb-highlight\" style=\"color: #d11728;\"><strong>Fototerapia<\/strong><\/span><\/h2>\n\n\n\n<p>La Fototerapia es un tipo de terapia f\u00edsica que utiliza la capacidad antiinflamatoria de la radiaci\u00f3n ultravioleta (UV) para tratar distintas afecciones cut\u00e1neas tales como psoriasis, dermatitis at\u00f3pica, vit\u00edligo o prurito cuando los tratamientos habituales resultan insuficientes. Seleccionaremos el tipo de luz UV a utilizar de manera individualizada en funci\u00f3n del tipo de patolog\u00eda.<br><br>Desde la cl\u00e1sica UVA, que penetra m\u00e1s profundamente en la piel, hasta la m\u00e1s moderna UVB de banda estrecha que produce un efecto en capas m\u00e1s superficiales, con el objetivo de obtener la respuesta m\u00e1s adecuada a cada caso.<\/p>\n<\/div>\n<\/div>\n<\/div><\/div>\n","protected":false},"excerpt":{"rendered":"<p>\u00abLos profesionales del servicio de Dermatolog\u00eda se encargan del cuidado de nuestra piel, as\u00ed como de la prevenci\u00f3n y tratamiento de enfermedades cut\u00e1neas\u00bb En Ribera Povisa, nuestro equipo formado por dermat\u00f3logos, auxiliares y enfermeras se ocupan del cuidado integral de nuestra piel. Partiendo siempre de una atenci\u00f3n personalizada y cercana, donde el paciente es valorado &#8230; <a title=\"Dermatolog\u00eda\" class=\"read-more\" href=\"https:\/\/riberasalud.com\/povisa\/dermatologia\/\" aria-label=\"Leer m\u00e1s sobre Dermatolog\u00eda\">Leer m\u00e1s<\/a><\/p>\n","protected":false},"author":1,"featured_media":0,"parent":0,"menu_order":0,"comment_status":"closed","ping_status":"closed","template":"","meta":{"_coblocks_attr":"","_coblocks_dimensions":"","_coblocks_responsive_height":"","_coblocks_accordion_ie_support":"","_monsterinsights_skip_tracking":false,"_monsterinsights_sitenote_active":false,"_monsterinsights_sitenote_note":"","_monsterinsights_sitenote_category":0,"footnotes":""},"class_list":["post-10170","page","type-page","status-publish"],"yoast_head":"<!-- This site is optimized with the Yoast SEO plugin v27.4 - https:\/\/yoast.com\/product\/yoast-seo-wordpress\/ -->\n<title>\u25b7 Dermatolog\u00eda | Hospital Ribera Povisa<\/title>\n<meta name=\"description\" content=\"lll\u1405 HOSPITAL RIBERA POVISA Dermatolog\u00eda Pide cita ahora \u2192 &quot;Los profesionales del servicio de Dermatolog\u00eda se encargan del cuidado de nuestra piel, as\u00ed como de \u2705\" \/>\n<meta name=\"robots\" content=\"index, follow, max-snippet:-1, max-image-preview:large, max-video-preview:-1\" \/>\n<link rel=\"canonical\" href=\"https:\/\/riberasalud.com\/povisa\/dermatologia\/\" \/>\n<meta property=\"og:locale\" content=\"es_ES\" \/>\n<meta property=\"og:type\" content=\"article\" \/>\n<meta property=\"og:title\" content=\"\u25b7 Dermatolog\u00eda | Hospital Ribera Povisa\" \/>\n<meta property=\"og:description\" content=\"lll\u1405 HOSPITAL RIBERA POVISA Dermatolog\u00eda Pide cita ahora \u2192 &quot;Los profesionales del servicio de Dermatolog\u00eda se encargan del cuidado de nuestra piel, as\u00ed como de \u2705\" \/>\n<meta property=\"og:url\" content=\"https:\/\/riberasalud.com\/povisa\/dermatologia\/\" \/>\n<meta property=\"og:site_name\" content=\"Hospital Ribera Povisa\" \/>\n<meta property=\"article:modified_time\" content=\"2026-03-23T07:49:43+00:00\" \/>\n<meta property=\"og:image\" content=\"https:\/\/riberasalud.com\/povisa\/wp-content\/uploads\/2025\/10\/doctora-diagnosticando-un-melanoma-en-el-cuerpo-de-una-paciente-1.jpg\" \/>\n\t<meta property=\"og:image:width\" content=\"1920\" \/>\n\t<meta property=\"og:image:height\" content=\"650\" \/>\n\t<meta property=\"og:image:type\" content=\"image\/jpeg\" \/>\n<meta name=\"twitter:card\" content=\"summary_large_image\" \/>\n<meta name=\"twitter:label1\" content=\"Tiempo de lectura\" \/>\n\t<meta name=\"twitter:data1\" content=\"13 minutos\" \/>\n<script type=\"application\/ld+json\" class=\"yoast-schema-graph\">{\"@context\":\"https:\\\/\\\/schema.org\",\"@graph\":[{\"@type\":\"WebPage\",\"@id\":\"https:\\\/\\\/riberasalud.com\\\/povisa\\\/dermatologia\\\/\",\"url\":\"https:\\\/\\\/riberasalud.com\\\/povisa\\\/dermatologia\\\/\",\"name\":\"\u25b7 Dermatolog\u00eda | Hospital Ribera Povisa\",\"isPartOf\":{\"@id\":\"https:\\\/\\\/riberasalud.com\\\/povisa\\\/#website\"},\"primaryImageOfPage\":{\"@id\":\"https:\\\/\\\/riberasalud.com\\\/povisa\\\/dermatologia\\\/#primaryimage\"},\"image\":{\"@id\":\"https:\\\/\\\/riberasalud.com\\\/povisa\\\/dermatologia\\\/#primaryimage\"},\"thumbnailUrl\":\"https:\\\/\\\/www.riberasalud.com\\\/povisa\\\/wp-content\\\/uploads\\\/2025\\\/10\\\/doctora-diagnosticando-un-melanoma-en-el-cuerpo-de-una-paciente-1-1024x347.jpg\",\"datePublished\":\"2023-12-12T08:14:37+00:00\",\"dateModified\":\"2026-03-23T07:49:43+00:00\",\"description\":\"lll\u1405 HOSPITAL RIBERA POVISA Dermatolog\u00eda Pide cita ahora \u2192 \\\"Los profesionales del servicio de Dermatolog\u00eda se encargan del cuidado de nuestra piel, as\u00ed como de \u2705\",\"inLanguage\":\"es\",\"potentialAction\":[{\"@type\":\"ReadAction\",\"target\":[\"https:\\\/\\\/riberasalud.com\\\/povisa\\\/dermatologia\\\/\"]}]},{\"@type\":\"ImageObject\",\"inLanguage\":\"es\",\"@id\":\"https:\\\/\\\/riberasalud.com\\\/povisa\\\/dermatologia\\\/#primaryimage\",\"url\":\"https:\\\/\\\/www.riberasalud.com\\\/povisa\\\/wp-content\\\/uploads\\\/2025\\\/10\\\/doctora-diagnosticando-un-melanoma-en-el-cuerpo-de-una-paciente-1-1024x347.jpg\",\"contentUrl\":\"https:\\\/\\\/www.riberasalud.com\\\/povisa\\\/wp-content\\\/uploads\\\/2025\\\/10\\\/doctora-diagnosticando-un-melanoma-en-el-cuerpo-de-una-paciente-1-1024x347.jpg\"},{\"@type\":\"WebSite\",\"@id\":\"https:\\\/\\\/riberasalud.com\\\/povisa\\\/#website\",\"url\":\"https:\\\/\\\/riberasalud.com\\\/povisa\\\/\",\"name\":\"Hospital Ribera Povisa\",\"description\":\"\",\"publisher\":{\"@id\":\"https:\\\/\\\/riberasalud.com\\\/povisa\\\/#organization\"},\"potentialAction\":[{\"@type\":\"SearchAction\",\"target\":{\"@type\":\"EntryPoint\",\"urlTemplate\":\"https:\\\/\\\/riberasalud.com\\\/povisa\\\/?s={search_term_string}\"},\"query-input\":{\"@type\":\"PropertyValueSpecification\",\"valueRequired\":true,\"valueName\":\"search_term_string\"}}],\"inLanguage\":\"es\"},{\"@type\":\"Organization\",\"@id\":\"https:\\\/\\\/riberasalud.com\\\/povisa\\\/#organization\",\"name\":\"Hospital Ribera Povisa\",\"url\":\"https:\\\/\\\/riberasalud.com\\\/povisa\\\/\",\"logo\":{\"@type\":\"ImageObject\",\"inLanguage\":\"es\",\"@id\":\"https:\\\/\\\/riberasalud.com\\\/povisa\\\/#\\\/schema\\\/logo\\\/image\\\/\",\"url\":\"https:\\\/\\\/riberasalud.com\\\/povisa\\\/wp-content\\\/uploads\\\/2024\\\/01\\\/cropped-Logo-Red-Povisa.png\",\"contentUrl\":\"https:\\\/\\\/riberasalud.com\\\/povisa\\\/wp-content\\\/uploads\\\/2024\\\/01\\\/cropped-Logo-Red-Povisa.png\",\"width\":1929,\"height\":489,\"caption\":\"Hospital Ribera Povisa\"},\"image\":{\"@id\":\"https:\\\/\\\/riberasalud.com\\\/povisa\\\/#\\\/schema\\\/logo\\\/image\\\/\"}}]}<\/script>\n<!-- \/ Yoast SEO plugin. -->","yoast_head_json":{"title":"\u25b7 Dermatolog\u00eda | Hospital Ribera Povisa","description":"lll\u1405 HOSPITAL RIBERA POVISA Dermatolog\u00eda Pide cita ahora \u2192 \"Los profesionales del servicio de Dermatolog\u00eda se encargan del cuidado de nuestra piel, as\u00ed como de \u2705","robots":{"index":"index","follow":"follow","max-snippet":"max-snippet:-1","max-image-preview":"max-image-preview:large","max-video-preview":"max-video-preview:-1"},"canonical":"https:\/\/riberasalud.com\/povisa\/dermatologia\/","og_locale":"es_ES","og_type":"article","og_title":"\u25b7 Dermatolog\u00eda | Hospital Ribera Povisa","og_description":"lll\u1405 HOSPITAL RIBERA POVISA Dermatolog\u00eda Pide cita ahora \u2192 \"Los profesionales del servicio de Dermatolog\u00eda se encargan del cuidado de nuestra piel, as\u00ed como de \u2705","og_url":"https:\/\/riberasalud.com\/povisa\/dermatologia\/","og_site_name":"Hospital Ribera Povisa","article_modified_time":"2026-03-23T07:49:43+00:00","og_image":[{"width":1920,"height":650,"url":"https:\/\/riberasalud.com\/povisa\/wp-content\/uploads\/2025\/10\/doctora-diagnosticando-un-melanoma-en-el-cuerpo-de-una-paciente-1.jpg","type":"image\/jpeg"}],"twitter_card":"summary_large_image","twitter_misc":{"Tiempo de lectura":"13 minutos"},"schema":{"@context":"https:\/\/schema.org","@graph":[{"@type":"WebPage","@id":"https:\/\/riberasalud.com\/povisa\/dermatologia\/","url":"https:\/\/riberasalud.com\/povisa\/dermatologia\/","name":"\u25b7 Dermatolog\u00eda | Hospital Ribera Povisa","isPartOf":{"@id":"https:\/\/riberasalud.com\/povisa\/#website"},"primaryImageOfPage":{"@id":"https:\/\/riberasalud.com\/povisa\/dermatologia\/#primaryimage"},"image":{"@id":"https:\/\/riberasalud.com\/povisa\/dermatologia\/#primaryimage"},"thumbnailUrl":"https:\/\/www.riberasalud.com\/povisa\/wp-content\/uploads\/2025\/10\/doctora-diagnosticando-un-melanoma-en-el-cuerpo-de-una-paciente-1-1024x347.jpg","datePublished":"2023-12-12T08:14:37+00:00","dateModified":"2026-03-23T07:49:43+00:00","description":"lll\u1405 HOSPITAL RIBERA POVISA Dermatolog\u00eda Pide cita ahora \u2192 \"Los profesionales del servicio de Dermatolog\u00eda se encargan del cuidado de nuestra piel, as\u00ed como de \u2705","inLanguage":"es","potentialAction":[{"@type":"ReadAction","target":["https:\/\/riberasalud.com\/povisa\/dermatologia\/"]}]},{"@type":"ImageObject","inLanguage":"es","@id":"https:\/\/riberasalud.com\/povisa\/dermatologia\/#primaryimage","url":"https:\/\/www.riberasalud.com\/povisa\/wp-content\/uploads\/2025\/10\/doctora-diagnosticando-un-melanoma-en-el-cuerpo-de-una-paciente-1-1024x347.jpg","contentUrl":"https:\/\/www.riberasalud.com\/povisa\/wp-content\/uploads\/2025\/10\/doctora-diagnosticando-un-melanoma-en-el-cuerpo-de-una-paciente-1-1024x347.jpg"},{"@type":"WebSite","@id":"https:\/\/riberasalud.com\/povisa\/#website","url":"https:\/\/riberasalud.com\/povisa\/","name":"Hospital Ribera Povisa","description":"","publisher":{"@id":"https:\/\/riberasalud.com\/povisa\/#organization"},"potentialAction":[{"@type":"SearchAction","target":{"@type":"EntryPoint","urlTemplate":"https:\/\/riberasalud.com\/povisa\/?s={search_term_string}"},"query-input":{"@type":"PropertyValueSpecification","valueRequired":true,"valueName":"search_term_string"}}],"inLanguage":"es"},{"@type":"Organization","@id":"https:\/\/riberasalud.com\/povisa\/#organization","name":"Hospital Ribera Povisa","url":"https:\/\/riberasalud.com\/povisa\/","logo":{"@type":"ImageObject","inLanguage":"es","@id":"https:\/\/riberasalud.com\/povisa\/#\/schema\/logo\/image\/","url":"https:\/\/riberasalud.com\/povisa\/wp-content\/uploads\/2024\/01\/cropped-Logo-Red-Povisa.png","contentUrl":"https:\/\/riberasalud.com\/povisa\/wp-content\/uploads\/2024\/01\/cropped-Logo-Red-Povisa.png","width":1929,"height":489,"caption":"Hospital Ribera Povisa"},"image":{"@id":"https:\/\/riberasalud.com\/povisa\/#\/schema\/logo\/image\/"}}]}},"_links":{"self":[{"href":"https:\/\/riberasalud.com\/povisa\/wp-json\/wp\/v2\/pages\/10170","targetHints":{"allow":["GET"]}}],"collection":[{"href":"https:\/\/riberasalud.com\/povisa\/wp-json\/wp\/v2\/pages"}],"about":[{"href":"https:\/\/riberasalud.com\/povisa\/wp-json\/wp\/v2\/types\/page"}],"author":[{"embeddable":true,"href":"https:\/\/riberasalud.com\/povisa\/wp-json\/wp\/v2\/users\/1"}],"replies":[{"embeddable":true,"href":"https:\/\/riberasalud.com\/povisa\/wp-json\/wp\/v2\/comments?post=10170"}],"version-history":[{"count":74,"href":"https:\/\/riberasalud.com\/povisa\/wp-json\/wp\/v2\/pages\/10170\/revisions"}],"predecessor-version":[{"id":16934,"href":"https:\/\/riberasalud.com\/povisa\/wp-json\/wp\/v2\/pages\/10170\/revisions\/16934"}],"wp:attachment":[{"href":"https:\/\/riberasalud.com\/povisa\/wp-json\/wp\/v2\/media?parent=10170"}],"curies":[{"name":"wp","href":"https:\/\/api.w.org\/{rel}","templated":true}]}}