{"version":"1.0","provider_name":"Hospital Ribera Povisa","provider_url":"https:\/\/riberasalud.com\/povisa","author_name":"comunicacion","author_url":"https:\/\/riberasalud.com\/povisa\/author\/comunicacion\/","title":"\u25b7 La jefa de Alergolog\u00eda, Carmen Mog\u00edo, en Faro de Vigo: \"Este a\u00f1o habr\u00e1 m\u00e1s s\u00edntomas no por niveles m\u00e1s altos, sino por una mayor exposici\u00f3n\" | Hospital Ribera Povisa","type":"rich","width":600,"height":338,"html":"<blockquote class=\"wp-embedded-content\" data-secret=\"YqlmDsoi2r\"><a href=\"https:\/\/riberasalud.com\/povisa\/sintomas-alergias-primavera-carmen-mogio\/\">La jefa de Alergolog\u00eda, Carmen Mog\u00edo, en Faro de Vigo: \u00abEste a\u00f1o habr\u00e1 m\u00e1s s\u00edntomas no por niveles m\u00e1s altos, sino por una mayor exposici\u00f3n\u00bb<\/a><\/blockquote><iframe sandbox=\"allow-scripts\" security=\"restricted\" src=\"https:\/\/riberasalud.com\/povisa\/sintomas-alergias-primavera-carmen-mogio\/embed\/#?secret=YqlmDsoi2r\" width=\"600\" height=\"338\" title=\"\u00abLa jefa de Alergolog\u00eda, Carmen Mog\u00edo, en Faro de Vigo: \u00abEste a\u00f1o habr\u00e1 m\u00e1s s\u00edntomas no por niveles m\u00e1s altos, sino por una mayor exposici\u00f3n\u00bb\u00bb \u2014 Hospital Ribera Povisa\" data-secret=\"YqlmDsoi2r\" frameborder=\"0\" marginwidth=\"0\" marginheight=\"0\" scrolling=\"no\" class=\"wp-embedded-content\"><\/iframe><script>\n\/*! This file is auto-generated *\/\n!function(d,l){\"use strict\";l.querySelector&&d.addEventListener&&\"undefined\"!=typeof URL&&(d.wp=d.wp||{},d.wp.receiveEmbedMessage||(d.wp.receiveEmbedMessage=function(e){var t=e.data;if((t||t.secret||t.message||t.value)&&!\/[^a-zA-Z0-9]\/.test(t.secret)){for(var s,r,n,a=l.querySelectorAll('iframe[data-secret=\"'+t.secret+'\"]'),o=l.querySelectorAll('blockquote[data-secret=\"'+t.secret+'\"]'),c=new RegExp(\"^https?:$\",\"i\"),i=0;i<o.length;i++)o[i].style.display=\"none\";for(i=0;i<a.length;i++)s=a[i],e.source===s.contentWindow&&(s.removeAttribute(\"style\"),\"height\"===t.message?(1e3<(r=parseInt(t.value,10))?r=1e3:~~r<200&&(r=200),s.height=r):\"link\"===t.message&&(r=new URL(s.getAttribute(\"src\")),n=new URL(t.value),c.test(n.protocol))&&n.host===r.host&&l.activeElement===s&&(d.top.location.href=t.value))}},d.addEventListener(\"message\",d.wp.receiveEmbedMessage,!1),l.addEventListener(\"DOMContentLoaded\",function(){for(var e,t,s=l.querySelectorAll(\"iframe.wp-embedded-content\"),r=0;r<s.length;r++)(t=(e=s[r]).getAttribute(\"data-secret\"))||(t=Math.random().toString(36).substring(2,12),e.src+=\"#?secret=\"+t,e.setAttribute(\"data-secret\",t)),e.contentWindow.postMessage({message:\"ready\",secret:t},\"*\")},!1)))}(window,document);\n\/\/# sourceURL=https:\/\/riberasalud.com\/povisa\/wp-includes\/js\/wp-embed.min.js\n<\/script>\n","description":"lll\u1405 La alergia primaveral predominante en Galicia es la\u00a0sensibilizaci\u00f3n a las gram\u00edneas, que tiene entre los meses de mayo y junio su periodo m\u00e1s activo, \u2705La alergia primaveral predominante en Galicia es la sensibilizaci\u00f3n a las gram\u00edneas, que tiene entre los meses de mayo y junio su periodo m\u00e1s activo, aunque este puede prolongarse f\u00e1cilmente hasta julio, seg\u00fan la doctora Carmen Mog\u00edo G\u00f3mez, jefa de Alergolog\u00eda del hospital Ribera Povisa de Vigo. Mog\u00edo aborda en Faro de Vigo la incidencia de las alergias con el cambio de estaci\u00f3n y la retirada de las mascarillas.","thumbnail_url":"https:\/\/riberasalud.com\/povisa\/wp-content\/uploads\/2022\/04\/marmenmogiofarodevigoweb-636x1024.jpg"}