{"version":"1.0","provider_name":"Hospital Ribera Povisa","provider_url":"https:\/\/riberasalud.com\/povisa","author_name":"comunicacion","author_url":"https:\/\/riberasalud.com\/povisa\/author\/comunicacion\/","title":"\u25b7 La nueva ola de Covid provoca fiebre de m\u00e1s de 38\u00baC, p\u00e9rdida de olfato y gusto, inflamaci\u00f3n de garganta y dolor de o\u00eddos | Hospital Ribera Povisa","type":"rich","width":600,"height":338,"html":"<blockquote class=\"wp-embedded-content\" data-secret=\"F9rALUVYai\"><a href=\"https:\/\/riberasalud.com\/povisa\/nueva-ola-covid-fiebre-olfato-gusto-garganta\/\">La nueva ola de Covid provoca fiebre de m\u00e1s de 38\u00baC, p\u00e9rdida de olfato y gusto, inflamaci\u00f3n de garganta y dolor de o\u00eddos<\/a><\/blockquote><iframe sandbox=\"allow-scripts\" security=\"restricted\" src=\"https:\/\/riberasalud.com\/povisa\/nueva-ola-covid-fiebre-olfato-gusto-garganta\/embed\/#?secret=F9rALUVYai\" width=\"600\" height=\"338\" title=\"\u00abLa nueva ola de Covid provoca fiebre de m\u00e1s de 38\u00baC, p\u00e9rdida de olfato y gusto, inflamaci\u00f3n de garganta y dolor de o\u00eddos\u00bb \u2014 Hospital Ribera Povisa\" data-secret=\"F9rALUVYai\" frameborder=\"0\" marginwidth=\"0\" marginheight=\"0\" scrolling=\"no\" class=\"wp-embedded-content\"><\/iframe><script>\n\/*! This file is auto-generated *\/\n!function(d,l){\"use strict\";l.querySelector&&d.addEventListener&&\"undefined\"!=typeof URL&&(d.wp=d.wp||{},d.wp.receiveEmbedMessage||(d.wp.receiveEmbedMessage=function(e){var t=e.data;if((t||t.secret||t.message||t.value)&&!\/[^a-zA-Z0-9]\/.test(t.secret)){for(var s,r,n,a=l.querySelectorAll('iframe[data-secret=\"'+t.secret+'\"]'),o=l.querySelectorAll('blockquote[data-secret=\"'+t.secret+'\"]'),c=new RegExp(\"^https?:$\",\"i\"),i=0;i<o.length;i++)o[i].style.display=\"none\";for(i=0;i<a.length;i++)s=a[i],e.source===s.contentWindow&&(s.removeAttribute(\"style\"),\"height\"===t.message?(1e3<(r=parseInt(t.value,10))?r=1e3:~~r<200&&(r=200),s.height=r):\"link\"===t.message&&(r=new URL(s.getAttribute(\"src\")),n=new URL(t.value),c.test(n.protocol))&&n.host===r.host&&l.activeElement===s&&(d.top.location.href=t.value))}},d.addEventListener(\"message\",d.wp.receiveEmbedMessage,!1),l.addEventListener(\"DOMContentLoaded\",function(){for(var e,t,s=l.querySelectorAll(\"iframe.wp-embedded-content\"),r=0;r<s.length;r++)(t=(e=s[r]).getAttribute(\"data-secret\"))||(t=Math.random().toString(36).substring(2,12),e.src+=\"#?secret=\"+t,e.setAttribute(\"data-secret\",t)),e.contentWindow.postMessage({message:\"ready\",secret:t},\"*\")},!1)))}(window,document);\n\/\/# sourceURL=https:\/\/riberasalud.com\/povisa\/wp-includes\/js\/wp-embed.min.js\n<\/script>\n","description":"lll\u1405 \u00b7&nbsp;&nbsp;&nbsp;&nbsp;&nbsp;&nbsp;&nbsp;&nbsp;&nbsp;El grupo sanitario Ribera advierte de la \u201calta capacidad de escape\u201d de esta nueva variante tanto a \u2705El grupo sanitario Ribera advierte de la importante incidencia de esta nueva ola del Covid, que provoca fiebre de m\u00e1s de 38\u00baC los dos o tres primeros d\u00edas, m\u00e1s casos de p\u00e9rdida de olfato y gusto, inflamaci\u00f3n de garganta y dolor de o\u00eddos. El doctor Antonio Valdivia, jefe de Medicina Preventiva del grupo sanitario Ribera en el Hospital de Denia asegura que, en general, los s\u00edntomas son similares a los de muchos cuadros gripales, aunque \u201cen las \u00faltimas semanas estamos volviendo a ver aproximadamente un 10% de pacientes que pierden el olfato y el gusto, con tendencia a presentar mayor inflamaci\u00f3n de garganta y dolor de o\u00eddos\u201d. Por lo dem\u00e1s, a\u00f1ade, \u201cel comportamiento del virus es similar a la sexta ola\u201d. Coincide con \u00e9l el jefe de Medicina Preventiva del Hospital Universitario del Vinalop\u00f3, el doctor Jos\u00e9 Antonio Delgado. \u201cEl cuadro cl\u00ednico es similar a las variantes que han circulado anteriormente, pero con la diferencia de que han disminuido de forma considerable los casos graves de la enfermedad\u201d, asegura."}