{"version":"1.0","provider_name":"Hospital Ribera Povisa","provider_url":"https:\/\/riberasalud.com\/povisa","author_name":"comunicacion","author_url":"https:\/\/riberasalud.com\/povisa\/author\/comunicacion\/","title":"\u25b7 Marga Arnaiz, sobre los tratamientos est\u00e9ticos: \"Hoy en d\u00eda apostamos por la naturalidad, menos es m\u00e1s\" | Hospital Ribera Povisa","type":"rich","width":600,"height":338,"html":"<blockquote class=\"wp-embedded-content\" data-secret=\"fvdAzHrdwg\"><a href=\"https:\/\/riberasalud.com\/povisa\/marga-arnaiz-tratamientos-esteticos-naturalidad\/\">Marga Arnaiz, sobre los tratamientos est\u00e9ticos: \u00abHoy en d\u00eda apostamos por la naturalidad, menos es m\u00e1s\u00bb<\/a><\/blockquote><iframe sandbox=\"allow-scripts\" security=\"restricted\" src=\"https:\/\/riberasalud.com\/povisa\/marga-arnaiz-tratamientos-esteticos-naturalidad\/embed\/#?secret=fvdAzHrdwg\" width=\"600\" height=\"338\" title=\"\u00abMarga Arnaiz, sobre los tratamientos est\u00e9ticos: \u00abHoy en d\u00eda apostamos por la naturalidad, menos es m\u00e1s\u00bb\u00bb \u2014 Hospital Ribera Povisa\" data-secret=\"fvdAzHrdwg\" frameborder=\"0\" marginwidth=\"0\" marginheight=\"0\" scrolling=\"no\" class=\"wp-embedded-content\"><\/iframe><script>\n\/*! This file is auto-generated *\/\n!function(d,l){\"use strict\";l.querySelector&&d.addEventListener&&\"undefined\"!=typeof URL&&(d.wp=d.wp||{},d.wp.receiveEmbedMessage||(d.wp.receiveEmbedMessage=function(e){var t=e.data;if((t||t.secret||t.message||t.value)&&!\/[^a-zA-Z0-9]\/.test(t.secret)){for(var s,r,n,a=l.querySelectorAll('iframe[data-secret=\"'+t.secret+'\"]'),o=l.querySelectorAll('blockquote[data-secret=\"'+t.secret+'\"]'),c=new RegExp(\"^https?:$\",\"i\"),i=0;i<o.length;i++)o[i].style.display=\"none\";for(i=0;i<a.length;i++)s=a[i],e.source===s.contentWindow&&(s.removeAttribute(\"style\"),\"height\"===t.message?(1e3<(r=parseInt(t.value,10))?r=1e3:~~r<200&&(r=200),s.height=r):\"link\"===t.message&&(r=new URL(s.getAttribute(\"src\")),n=new URL(t.value),c.test(n.protocol))&&n.host===r.host&&l.activeElement===s&&(d.top.location.href=t.value))}},d.addEventListener(\"message\",d.wp.receiveEmbedMessage,!1),l.addEventListener(\"DOMContentLoaded\",function(){for(var e,t,s=l.querySelectorAll(\"iframe.wp-embedded-content\"),r=0;r<s.length;r++)(t=(e=s[r]).getAttribute(\"data-secret\"))||(t=Math.random().toString(36).substring(2,12),e.src+=\"#?secret=\"+t,e.setAttribute(\"data-secret\",t)),e.contentWindow.postMessage({message:\"ready\",secret:t},\"*\")},!1)))}(window,document);\n\/\/# sourceURL=https:\/\/riberasalud.com\/povisa\/wp-includes\/js\/wp-embed.min.js\n<\/script>\n","description":"lll\u1405 Marga Arnaiz, cirujana de la Unidad de Medicina Est\u00e9tica de Ribera Povisa, explica en el programa Hoy por hoy de Radio Vigo, las claves de un buen \u2705Marga Arnaiz, cirujana de la Unidad de Medicina Est\u00e9tica de Ribera Povisa, explica en el programa Hoy por hoy de Radio Vigo, las claves de un buen tratamiento est\u00e9tico, en relaci\u00f3n especialmente al b\u00f3tox y al \u00e1cido hialur\u00f3nico. \"Frente a las caras hipertratadas, el objetivo es hacer un tratamiento con el que paciente se vea bien y no haya excesos\". \"No podemos pretender que los pacientes rejuvenezcan 20 a\u00f1os pero, a lo mejor, 10 s\u00ed -a\u00f1ade la cirujana-. Hoy en d\u00eda se tiende tendemos a la naturalidad, explica, \"a clave es lo que siempre se ha dicho en el mundo de la moda, menos es m\u00e1s. es mejor ser prudente en los tratamientos, evitando caras acartonadas y labios excesivamente gruesos\".","thumbnail_url":"https:\/\/riberasalud.com\/povisa\/wp-content\/uploads\/2022\/10\/MargaArnaiz_-1024x682.jpg"}