{"version":"1.0","provider_name":"Hospital Ribera Povisa","provider_url":"https:\/\/riberasalud.com\/povisa","author_name":"comunicacion","author_url":"https:\/\/riberasalud.com\/povisa\/author\/comunicacion\/","title":"\u25b7 Francisco Tard\u00e1guila publica una reflexi\u00f3n sobre la radiolog\u00eda en Faro de Vigo | Hospital Ribera Povisa","type":"rich","width":600,"height":338,"html":"<blockquote class=\"wp-embedded-content\" data-secret=\"sVspj4kPxr\"><a href=\"https:\/\/riberasalud.com\/povisa\/francisco-tardaguila-reflexion-sobre-radiologia\/\">Francisco Tard\u00e1guila publica una reflexi\u00f3n sobre la radiolog\u00eda en Faro de Vigo<\/a><\/blockquote><iframe sandbox=\"allow-scripts\" security=\"restricted\" src=\"https:\/\/riberasalud.com\/povisa\/francisco-tardaguila-reflexion-sobre-radiologia\/embed\/#?secret=sVspj4kPxr\" width=\"600\" height=\"338\" title=\"\u00abFrancisco Tard\u00e1guila publica una reflexi\u00f3n sobre la radiolog\u00eda en Faro de Vigo\u00bb \u2014 Hospital Ribera Povisa\" data-secret=\"sVspj4kPxr\" frameborder=\"0\" marginwidth=\"0\" marginheight=\"0\" scrolling=\"no\" class=\"wp-embedded-content\"><\/iframe><script>\n\/*! This file is auto-generated *\/\n!function(d,l){\"use strict\";l.querySelector&&d.addEventListener&&\"undefined\"!=typeof URL&&(d.wp=d.wp||{},d.wp.receiveEmbedMessage||(d.wp.receiveEmbedMessage=function(e){var t=e.data;if((t||t.secret||t.message||t.value)&&!\/[^a-zA-Z0-9]\/.test(t.secret)){for(var s,r,n,a=l.querySelectorAll('iframe[data-secret=\"'+t.secret+'\"]'),o=l.querySelectorAll('blockquote[data-secret=\"'+t.secret+'\"]'),c=new RegExp(\"^https?:$\",\"i\"),i=0;i<o.length;i++)o[i].style.display=\"none\";for(i=0;i<a.length;i++)s=a[i],e.source===s.contentWindow&&(s.removeAttribute(\"style\"),\"height\"===t.message?(1e3<(r=parseInt(t.value,10))?r=1e3:~~r<200&&(r=200),s.height=r):\"link\"===t.message&&(r=new URL(s.getAttribute(\"src\")),n=new URL(t.value),c.test(n.protocol))&&n.host===r.host&&l.activeElement===s&&(d.top.location.href=t.value))}},d.addEventListener(\"message\",d.wp.receiveEmbedMessage,!1),l.addEventListener(\"DOMContentLoaded\",function(){for(var e,t,s=l.querySelectorAll(\"iframe.wp-embedded-content\"),r=0;r<s.length;r++)(t=(e=s[r]).getAttribute(\"data-secret\"))||(t=Math.random().toString(36).substring(2,12),e.src+=\"#?secret=\"+t,e.setAttribute(\"data-secret\",t)),e.contentWindow.postMessage({message:\"ready\",secret:t},\"*\")},!1)))}(window,document);\n\/\/# sourceURL=https:\/\/riberasalud.com\/povisa\/wp-includes\/js\/wp-embed.min.js\n<\/script>\n","description":"lll\u1405 \"Tal d\u00eda como hoy, pero en 1895, el ingeniero y f\u00edsico alem\u00e1n de la universidad de Wurzburgo, Wilheim Conrad R\u00f6entgen, descubri\u00f3 un nuevo tipo de \u2705Tal d\u00eda como hoy, pero en 1895, el ingeniero y f\u00edsico alem\u00e1n de la universidad de Wurzburgo, Wilheim Conrad R\u00f6entgen, descubri\u00f3 un nuevo tipo de radiaci\u00f3n electromagn\u00e9tica que denomin\u00f3 Rayos X, con la que hizo la primera y m\u00e1s famosa radiograf\u00eda de la historia, una imagen del esqueleto de la mano de su mujer, Bertha","thumbnail_url":"https:\/\/riberasalud.com\/povisa\/wp-content\/uploads\/2022\/11\/Captura-de-pantalla-2022-11-08-a-las-11.10.38.jpg"}