{"id":169,"date":"2021-05-13T07:29:48","date_gmt":"2021-05-13T07:29:48","guid":{"rendered":"https:\/\/riberasalud.com\/polusa\/clinicas-santo-domingo\/?page_id=169"},"modified":"2025-09-29T14:15:11","modified_gmt":"2025-09-29T14:15:11","slug":"psicologia","status":"publish","type":"page","link":"https:\/\/riberasalud.com\/polusa\/clinicas-santo-domingo\/psicologia\/","title":{"rendered":"Psicolog\u00eda"},"content":{"rendered":"<div id=\"gutenslider-ba90b6uk4\" class=\"wp-block-eedee-block-gutenslider content-change alignnone arrow-style-1 arrow-position-sides arrow-mb-none arrows-lg-none arrows-md-none arrows-sm-none dot-style-1 dots-lg-none dots-md-none dots-sm-none dot-position-bottom is-position-center-center mb-none\" style=\"--gutenslider-min-height: 50vh;--gutenslider-arrow-size: 30px;--gutenslider-dot-size: 25px;--gutenslider-arrow-color: #ffffff;--gutenslider-dot-color: #ffffff;--gutenslider-padding-y-mobile: 40px;--gutenslider-padding-x-mobile: 40px;--gutenslider-padding-y-tablet: 40px;--gutenslider-padding-x-tablet: 40px;--gutenslider-padding-y-desktop: 40px;--gutenslider-padding-x-desktop: 40px;--gutenslider-bg-image: url();--gutenslider-min-height-md: 50vh;--gutenslider-min-height-sm: 50vh;--gutenslider-padding-x: 40px;--gutenslider-padding-x-md: 40px;--gutenslider-padding-x-sm: 20px;--gutenslider-padding-y: 40px;--gutenslider-padding-y-md: 40px;--gutenslider-padding-y-sm: 20px;--gutenslider-arrow-size-md: 30px;--gutenslider-arrow-size-sm: 30px;--gutenslider-dot-size-md: 25px;--gutenslider-dot-size-sm: 25px;--gutenslider-arrow-bg-color: transparent;--gutenslider-arrow-hover-color: #eeeeee;--gutenslider-arrow-bg-hover-color: transparent;--gutenslider-arrow-x-offset: 10px;--gutenslider-arrow-x-offset-md: 10px;--gutenslider-arrow-x-offset-sm: 10px;--gutenslider-arrow-y-offset: 0px;--gutenslider-arrow-y-offset-md: 0px;--gutenslider-arrow-y-offset-sm: 0px;--gutenslider-arrow-x-spacing: 0px;--gutenslider-dot-y-offset: 10px;--gutenslider-dot-y-offset-md: 10px;--gutenslider-dot-y-offset-sm: 10px;--gutenslider-margin-x: 0px;--gutenslider-margin-x-md: 0px;--gutenslider-margin-x-sm: 0px;--gutenslider-margin-y: 0px;--gutenslider-margin-y-md: 0px;--gutenslider-margin-y-sm: 0px;\" data-parallax-direction=\"down\" data-parallax-amount=\"1.3\"><div class=\"eedee-swiper-outer\"><div class=\"swiper-container\" data-settings='{\"autoplay\":false,\"speed\":700,\"direction\":\"horizontal\",\"autoHeight\":false,\"loop\":false,\"centeredSlides\":true,\"spaceBetween\":0,\"slidesPerView\":1,\"slidesPerGroup\":1,\"effect\":\"slide\",\"coverflowEffect\":{\"rotate\":30,\"slideShadows\":false,\"depth\":100,\"stretch\":50,\"modifier\":1},\"fadeEffect\":{\"crossFade\":true},\"zoom\":false,\"navigation\":{\"nextEl\":\"#gutenslider-ba90b6uk4 .eedee-gutenslider-next\",\"prevEl\":\"#gutenslider-ba90b6uk4 .eedee-gutenslider-prev\"},\"pagination\":{\"type\":\"bullets\",\"clickable\":true,\"dynamicBullets\":false,\"el\":\"#gutenslider-ba90b6uk4 .eedee-gutenslider-pagination\"},\"pauseOnHover\":true,\"watchSlidesProgress\":true,\"watchSlidesVisibility\":true,\"settingsMd\":{\"autoHeight\":false,\"slidesPerView\":1,\"slidesPerGroup\":1,\"spaceBetween\":0},\"settingsLg\":{\"autoHeight\":false,\"slidesPerView\":1,\"slidesPerGroup\":1,\"spaceBetween\":0}}'><div class=\"swiper-wrapper\">\n<div class=\"swiper-slide wp-block-eedee-block-gutenslide is-position-center-center\" style=\"\"><div class=\"eedee-background-div\"><img loading=\"lazy\" decoding=\"async\" width=\"1921\" height=\"599\" class=\"swiper-lazy wp-image-1291\" src=\"https:\/\/riberasalud.com\/polusa\/clinicas-santo-domingo\/wp-content\/uploads\/2023\/12\/Home_psicologia.jpg\" alt=\"\" style=\"object-fit: cover; object-position: 51% 19%;\" srcset=\"https:\/\/riberasalud.com\/polusa\/clinicas-santo-domingo\/wp-content\/uploads\/2023\/12\/Home_psicologia.jpg 1921w, https:\/\/riberasalud.com\/polusa\/clinicas-santo-domingo\/wp-content\/uploads\/2023\/12\/Home_psicologia-768x239.jpg 768w, https:\/\/riberasalud.com\/polusa\/clinicas-santo-domingo\/wp-content\/uploads\/2023\/12\/Home_psicologia-1536x479.jpg 1536w\" sizes=\"auto, (max-width: 1921px) 100vw, 1921px\" \/><div class=\"eedee-background-div__overlay\" style=\"opacity:1;\"><\/div><\/div><div class=\"slide-content\">\n\n<h1 class=\"wp-block-heading\">Psicolog\u00eda<\/h1>\n\n\n\n<p><em>Reg. Sanitario C-27-000883<\/em><\/p>\n\n<\/div><\/div>\n\n\n<div class=\"wp-block-group\"><div class=\"wp-block-group__inner-container is-layout-flow wp-block-group-is-layout-flow\"><\/div><\/div>\n\n<\/div><\/div><button class=\"eedee-gutenslider-nav eedee-gutenslider-prev\"><svg xmlns=\"http:\/\/www.w3.org\/2000\/svg\" viewBox=\"0 0 24 24\" width=\"24\" height=\"24\"><circle class=\"bg\" cx=\"13\" cy=\"12\" r=\"11\" \/><path fill=\"none\" d=\"M0 0h24v24H0z\"\/><path class=\"arrow\" d=\"M10.828 12l4.95 4.95-1.414 1.414L8 12l6.364-6.364 1.414 1.414z\"\/><\/svg><\/button><button class=\"eedee-gutenslider-nav eedee-gutenslider-next\"><svg xmlns=\"http:\/\/www.w3.org\/2000\/svg\" viewBox=\"0 0 24 24\" width=\"24\" height=\"24\"><circle class=\"bg\" cx=\"11\" cy=\"12\" r=\"11\" \/><path fill=\"none\" d=\"M0 0h24v24H0z\"\/><path class=\"arrow\" d=\"M13.172 12l-4.95-4.95 1.414-1.414L16 12l-6.364 6.364-1.414-1.414z\"\/><\/svg><\/button><div class=\"eedee-gutenslider-pagination\"><\/div><\/div><\/div>\n\n\n<div class=\"wp-block-group\"><div class=\"wp-block-group__inner-container is-layout-flow wp-block-group-is-layout-flow\">\n<div class=\"wp-block-columns alignwide is-layout-flex wp-container-core-columns-is-layout-9d6595d7 wp-block-columns-is-layout-flex\">\n<div class=\"wp-block-column is-layout-flow wp-block-column-is-layout-flow\">\n<div class=\"wp-block-columns is-layout-flex wp-container-core-columns-is-layout-9d6595d7 wp-block-columns-is-layout-flex\">\n<div class=\"wp-block-column is-layout-flow wp-block-column-is-layout-flow\" style=\"flex-basis:33.34%\">\n<div class=\"wp-block-uagb-info-box popmake-846 uagb-infobox__outer-wrap uagb-block-3aac533d\"><div class=\"uagb-infobox__content-wrap uagb-infobox uagb-infobox-has-image uagb-infobox-icon-above-title uagb-infobox-image-valign-top uagb-infobox-enable-border-radius \"><div class=\"uagb-ifb-left-right-wrap\"><div class=\"uagb-ifb-content\"><div class=\"uagb-ifb-image-icon-content uagb-ifb-imgicon-wrap\"><div class=\"uagb-ifb-image\"><div class=\"uagb-ifb-image-content\"><img decoding=\"async\" class=\"uagb-ifb-img-src\" src=\"https:\/\/riberasalud.com\/polusa\/clinicas-santo-domingo\/wp-content\/uploads\/2021\/05\/BELEN-VAZQUEZ-PSICOLOGIA.jpg\" alt=\"belen vazquez\"\/><\/div><\/div><\/div><div class=\"uagb-ifb-title-wrap\"><h3 class=\"uagb-ifb-title\">Bel\u00e9n V\u00e1zquez Rodr\u00edguez<\/h3><\/div><div class=\"uagb-ifb-text-wrap\"><p class=\"uagb-ifb-desc\">Psicolog\u00eda<\/p><\/div><\/div><\/div><\/div><\/div>\n<\/div>\n\n\n\n<div class=\"wp-block-column is-layout-flow wp-block-column-is-layout-flow\" style=\"flex-basis:33.34%\">\n<div class=\"wp-block-uagb-info-box popmake-846 uagb-infobox__outer-wrap uagb-block-0a712b96\"><div class=\"uagb-infobox__content-wrap uagb-infobox uagb-infobox-has-image uagb-infobox-icon-above-title uagb-infobox-image-valign-top uagb-infobox-enable-border-radius \"><div class=\"uagb-ifb-left-right-wrap\"><div class=\"uagb-ifb-content\"><div class=\"uagb-ifb-image-icon-content uagb-ifb-imgicon-wrap\"><div class=\"uagb-ifb-image\"><div class=\"uagb-ifb-image-content\"><img decoding=\"async\" class=\"uagb-ifb-img-src\" src=\"https:\/\/riberasalud.com\/polusa\/clinicas-santo-domingo\/wp-content\/uploads\/2023\/10\/MicrosoftTeams-image-86-1-1.jpg\" alt=\"Lucia Novo Arias\"\/><\/div><\/div><\/div><div class=\"uagb-ifb-title-wrap\"><h3 class=\"uagb-ifb-title\">Mar\u00eda Novo Arias<\/h3><\/div><div class=\"uagb-ifb-text-wrap\"><p class=\"uagb-ifb-desc\">Psicolog\u00eda<\/p><\/div><\/div><\/div><\/div><\/div>\n<\/div>\n\n\n\n<div class=\"wp-block-column is-layout-flow wp-block-column-is-layout-flow\" style=\"flex-basis:33.33%\">\n<div class=\"wp-block-uagb-info-box popmake-846 uagb-infobox__outer-wrap uagb-block-d422d8e5\"><div class=\"uagb-infobox__content-wrap uagb-infobox uagb-infobox-has-image uagb-infobox-icon-above-title uagb-infobox-image-valign-top uagb-infobox-enable-border-radius \"><div class=\"uagb-ifb-left-right-wrap\"><div class=\"uagb-ifb-content\"><div class=\"uagb-ifb-image-icon-content uagb-ifb-imgicon-wrap\"><div class=\"uagb-ifb-image\"><div class=\"uagb-ifb-image-content\"><img decoding=\"async\" class=\"uagb-ifb-img-src\" src=\"https:\/\/riberasalud.com\/polusa\/clinicas-santo-domingo\/wp-content\/uploads\/2021\/05\/LUCIA-FERNANDEZ-PSICOLOGA.jpg\" alt=\"lucia fernandez\"\/><\/div><\/div><\/div><div class=\"uagb-ifb-title-wrap\"><h3 class=\"uagb-ifb-title\">Luc\u00eda Fern\u00e1ndez Riesco<\/h3><\/div><div class=\"uagb-ifb-text-wrap\"><p class=\"uagb-ifb-desc\">Psicolog\u00eda<\/p><\/div><\/div><\/div><\/div><\/div>\n<\/div>\n<\/div>\n\n\n\n<div class=\"wp-block-columns is-layout-flex wp-container-core-columns-is-layout-9d6595d7 wp-block-columns-is-layout-flex\">\n<div class=\"wp-block-column is-layout-flow wp-block-column-is-layout-flow\">\n<div class=\"wp-block-uagb-info-box popmake-846 uagb-infobox__outer-wrap uagb-block-e87c282b\"><div class=\"uagb-infobox__content-wrap uagb-infobox uagb-infobox-has-image uagb-infobox-icon-above-title uagb-infobox-image-valign-top uagb-infobox-enable-border-radius \"><div class=\"uagb-ifb-left-right-wrap\"><div class=\"uagb-ifb-content\"><div class=\"uagb-ifb-image-icon-content uagb-ifb-imgicon-wrap\"><div class=\"uagb-ifb-image\"><div class=\"uagb-ifb-image-content\"><img decoding=\"async\" class=\"uagb-ifb-img-src\" src=\"https:\/\/riberasalud.com\/polusa\/clinicas-santo-domingo\/wp-content\/uploads\/2025\/07\/Cristina-psicologia-CSD1-300x300-2.png\" alt=\"Cristina L\u00f3pez psic\u00f3loga sanitaria\"\/><\/div><\/div><\/div><div class=\"uagb-ifb-title-wrap\"><h3 class=\"uagb-ifb-title\">Cristina L\u00f3pez Mouriz<\/h3><\/div><div class=\"uagb-ifb-text-wrap\"><p class=\"uagb-ifb-desc\">Psicolog\u00eda<\/p><\/div><\/div><\/div><\/div><\/div>\n<\/div>\n\n\n\n<div class=\"wp-block-column is-layout-flow wp-block-column-is-layout-flow\">\n<div class=\"wp-block-uagb-info-box popmake-846 uagb-infobox__outer-wrap uagb-block-316584d7\"><div class=\"uagb-infobox__content-wrap uagb-infobox uagb-infobox-has-image uagb-infobox-icon-above-title uagb-infobox-image-valign-top uagb-infobox-enable-border-radius \"><div class=\"uagb-ifb-left-right-wrap\"><div class=\"uagb-ifb-content\"><div class=\"uagb-ifb-image-icon-content uagb-ifb-imgicon-wrap\"><div class=\"uagb-ifb-image\"><div class=\"uagb-ifb-image-content\"><img decoding=\"async\" class=\"uagb-ifb-img-src\" src=\"https:\/\/riberasalud.com\/polusa\/clinicas-santo-domingo\/wp-content\/uploads\/2025\/07\/LuciaArza1.jpg\" alt=\"Lucia Arza psic\u00f3loga sanitaria\"\/><\/div><\/div><\/div><div class=\"uagb-ifb-title-wrap\"><h3 class=\"uagb-ifb-title\">Luc\u00eda Arza R\u00edo<\/h3><\/div><div class=\"uagb-ifb-text-wrap\"><p class=\"uagb-ifb-desc\">Psicolog\u00eda<\/p><\/div><\/div><\/div><\/div><\/div>\n<\/div>\n\n\n\n<div class=\"wp-block-column is-layout-flow wp-block-column-is-layout-flow\">\n<div class=\"wp-block-uagb-info-box popmake-846 uagb-infobox__outer-wrap uagb-block-a692e0d1\"><div class=\"uagb-infobox__content-wrap uagb-infobox uagb-infobox-has-image uagb-infobox-icon-above-title uagb-infobox-image-valign-top uagb-infobox-enable-border-radius \"><div class=\"uagb-ifb-left-right-wrap\"><div class=\"uagb-ifb-content\"><div class=\"uagb-ifb-image-icon-content uagb-ifb-imgicon-wrap\"><div class=\"uagb-ifb-image\"><div class=\"uagb-ifb-image-content\"><img decoding=\"async\" class=\"uagb-ifb-img-src\" src=\"https:\/\/riberasalud.com\/polusa\/clinicas-santo-domingo\/wp-content\/uploads\/2025\/07\/Steisy-de-la-Torre-Barona.jpg\" alt=\"Steisy de la Torre Barona\"\/><\/div><\/div><\/div><div class=\"uagb-ifb-title-wrap\"><h3 class=\"uagb-ifb-title\">Steisy de la Torre Barona<\/h3><\/div><div class=\"uagb-ifb-text-wrap\"><p class=\"uagb-ifb-desc\">Psicolog\u00eda<\/p><\/div><\/div><\/div><\/div><\/div>\n<\/div>\n<\/div>\n<\/div>\n<\/div>\n\n\n\n<div class=\"wp-block-columns is-layout-flex wp-container-core-columns-is-layout-9d6595d7 wp-block-columns-is-layout-flex\">\n<div class=\"wp-block-column is-layout-flow wp-block-column-is-layout-flow\">\n<p class=\"has-text-align-center\" style=\"font-size:25px\"><span style=\"color: #d11728;\" class=\"ugb-highlight\">Psicolog\u00eda<\/span><\/p>\n\n\n\n<div class=\"wp-block-columns is-layout-flex wp-container-core-columns-is-layout-9d6595d7 wp-block-columns-is-layout-flex\">\n<div class=\"wp-block-column is-layout-flow wp-block-column-is-layout-flow\">\n<h2 class=\"wp-block-heading\" style=\"font-size:18px\"><span style=\"color: #d71028;\" class=\"ugb-highlight\">Belen V\u00e1zquez Rodr\u00edguez<\/span><\/h2>\n\n\n\n<p>Soy psic\u00f3loga sanitaria y me considero una persona afortunada por poder liderar un equipo profesional, comprometido y que te guiar\u00e1 de una forma muy respetuosa. <\/p>\n\n\n\n<p>Desde el 2014 acompa\u00f1o a personas en sus procesos de cambio y para m\u00ed estos a\u00f1os han sido un regalo y un profundo crecimiento profesional y personal. Con empat\u00eda, con respeto y con mucha humanidad concibo el proceso de terapia. <\/p>\n\n\n\n<p>A nivel formativo soy terapeuta familiar y de pareja acreditada por la FEATF, con formaci\u00f3n en psicolog\u00eda perinatal, c\u00edrculo de seguridad parental y disciplina positiva. Soy terapeuta EMDR, con especializaci\u00f3n en trauma, apego y disociaci\u00f3n. Otras herramientas importantes para m\u00ed son el mindfulness, la terapia centrada en la compasi\u00f3n y la terapia sensoriomotriz. Las formaciones, las supervisiones y el trabajo personal son pilares fundamentales en mi forma de entender y sentir la psicoterapia. Trabajo con ni\u00f1os, adolescentes, adultos y parejas, tanto en modalidad presencial como online. <\/p>\n\n\n\n<p>Mis compa\u00f1eras me definen como una persona cercana, optimista y con un don para la calma.<\/p>\n<\/div>\n\n\n\n<div class=\"wp-block-column is-layout-flow wp-block-column-is-layout-flow\">\n<h2 class=\"wp-block-heading\" style=\"font-size:18px\"><span style=\"color: #d71028;\" class=\"ugb-highlight\">Mar\u00eda Novo Arias<\/span><\/h2>\n\n\n\n<p>Soy psic\u00f3loga sanitaria, neurocient\u00edfica y neuropsic\u00f3loga. Aunque tengo experiencia en psicoterapia, actualmente desarrollo mi labor principalmente en el \u00e1mbito de la evaluaci\u00f3n neuropsicol\u00f3gica y en el tratamiento rehabilitador de personas que han sufrido da\u00f1o cerebral. Actualmente coordino la Unidad de Da\u00f1o Cerebral del Hospital Ribera Polusa, lo que me ha permitido enriquecer mi enfoque cl\u00ednico y crecer como profesional. <\/p>\n\n\n\n<p>Vivo mi trabajo siendo plenamente consciente de la enorme responsabilidad que implica acompa\u00f1ar a personas en algunos de los momentos m\u00e1s dif\u00edciles de sus vidas. Para m\u00ed, es un verdadero privilegio poder estar presente en cada uno de sus avances y formar parte activa de su proceso de recuperaci\u00f3n. Por eso, sigo form\u00e1ndome continuamente en nuevas tecnolog\u00edas aplicadas a la neurorrehabilitaci\u00f3n y en t\u00e9cnicas de estimulaci\u00f3n cognitiva global, con el objetivo de ofrecer una atenci\u00f3n cada vez m\u00e1s eficaz, humana y actualizada. <\/p>\n\n\n\n<p>Mis compa\u00f1eras me definen como una persona responsable, dedicada y serena.<\/p>\n<\/div>\n\n\n\n<div class=\"wp-block-column is-layout-flow wp-block-column-is-layout-flow\">\n<h2 class=\"wp-block-heading\" style=\"font-size:18px\"><span style=\"color: #d71028;\" class=\"ugb-highlight\">Luc\u00eda Fern\u00e1ndez Riesco<\/span><\/h2>\n\n\n\n<p>Soy psic\u00f3loga general sanitaria. Mi andadura profesional como psicoterapeuta comenz\u00f3 hace varios a\u00f1os al descubrir el relevante papel de la familia y las din\u00e1micas relacionales entre sus miembros y empezar a formarme en terapia familiar sist\u00e9mica, complement\u00e1ndolo con mis conocimientos en disciplina positiva en la familia y la psicoterapia infanto-juvenil. <\/p>\n\n\n\n<p>Adicionalmente me especialic\u00e9 en procesos de duelo, interes\u00e1ndome especialmente el acompa\u00f1amiento en duelo perinatal, que me llev\u00f3 a un mundo que nunca hab\u00eda explorado, la psicolog\u00eda perinatal, ampliando mi perspectiva y favoreciendo en m\u00ed un enfoque ecosist\u00e9mico e integrador, teniendo en cuenta la particularidad de cada paciente y su contexto, y dando valor al equipo multidisciplinar que me rodea cada d\u00eda. Soy una persona comprometida con la salud mental y con el fortalecimiento de la autonom\u00eda y bienestar de cada paciente, por ello, me mantengo en continua formaci\u00f3n. <\/p>\n\n\n\n<p>Las profesionales con las que comparto mi d\u00eda a d\u00eda me describen como una persona sensible, acogedora y con una luz muy c\u00e1lida.<\/p>\n<\/div>\n<\/div>\n\n\n\n<div class=\"wp-block-columns is-layout-flex wp-container-core-columns-is-layout-9d6595d7 wp-block-columns-is-layout-flex\">\n<div class=\"wp-block-column is-layout-flow wp-block-column-is-layout-flow\">\n<h2 class=\"wp-block-heading\" style=\"font-size:18px\"><span style=\"color: #d71028;\" class=\"ugb-highlight\"><meta charset=\"utf-8\">Cristina L\u00f3pez Mouriz<\/span><\/h2>\n\n\n\n<p><\/p>\n\n\n\n<p><meta charset=\"utf-8\">Soy psic\u00f3loga sanitaria, con a\u00f1os de experiencia en consulta privada. <\/p>\n\n\n\n<p>Trabajo desde un enfoque cognitivo-conductual con una mirada integradora, adapt\u00e1ndome a cada persona y proceso. Estoy en formaci\u00f3n continua, por vocaci\u00f3n y porque creo que siempre se puede aprender algo m\u00e1s. Muchas de mis herramientas me las han reglado las personas a las que he tenido la suerte de escuchar. No prometo f\u00f3rmulas m\u00e1gicas, pero s\u00ed un espacio seguro, humano y honesto para acompa\u00f1arte en el camino de comprender, avanzar y cuidarte.<\/p>\n\n\n\n<p>Sus compa\u00f1eras la definen como una persona resolutiva, con un toque de humor y cercana.<\/p>\n<\/div>\n\n\n\n<div class=\"wp-block-column is-layout-flow wp-block-column-is-layout-flow\">\n<h2 class=\"wp-block-heading\" style=\"font-size:18px\"><span style=\"color: #d71028;\" class=\"ugb-highlight\">Luc\u00eda Arza R\u00edo<\/span><\/h2>\n\n\n\n<p>Soy Luc\u00eda Arza R\u00edo, psic\u00f3loga general sanitaria con una s\u00f3lida formaci\u00f3n acad\u00e9mica orientada a la salud mental. Me gradu\u00e9 en Psicolog\u00eda con menci\u00f3n en Psicolog\u00eda de la Salud e Intervenci\u00f3n en Trastornos Mentales y del Comportamiento. Adem\u00e1s, cuento con un M\u00e1ster en Psicolog\u00eda General Sanitaria y otro en Envejecimiento Saludable y Calidad de Vida.<\/p>\n\n\n\n<p>Trabajo desde un enfoque integrador, combinando la Terapia Cognitivo-Conductual (TCC) y la Terapia de Aceptaci\u00f3n y Compromiso (ACT), ofreciendo atenci\u00f3n psicol\u00f3gica en \u00e1reas como ansiedad y manejo del estr\u00e9s, trastornos del estado de \u00e1nimo, depresi\u00f3n, autoestima y desarrollo personal, dificultades emocionales, procesos de duelo, apoyo psicol\u00f3gico en el envejecimiento y adaptaci\u00f3n a cambios vitales.<\/p>\n\n\n\n<p>M\u00e1s all\u00e1 de la formaci\u00f3n, soy una profesional comprometida con el bienestar de las personas. Eleg\u00ed esta profesi\u00f3n para acompa\u00f1ar a otros desde la escucha atenta, la empat\u00eda y la creencia profunda en la capacidad de cambio.<\/p>\n\n\n\n<p>Sus compa\u00f1eras la definen como una persona implicada, honesta y que con la magia de crear un espacio seguro<\/p>\n<\/div>\n\n\n\n<div class=\"wp-block-column is-layout-flow wp-block-column-is-layout-flow\">\n<h2 class=\"wp-block-heading\" style=\"font-size:18px\"><span style=\"color: #d71028;\" class=\"ugb-highlight\">Steisy de la Torre<\/span><\/h2>\n\n\n\n<p>Mi nombre es Steisy, soy psic\u00f3loga sanitaria con formaci\u00f3n espec\u00edfica en psicolog\u00eda infanto-juvenil, atenci\u00f3n temprana y terapias contextuales. Mi formaci\u00f3n me permite acompa\u00f1ar a adultos, ni\u00f1os y adolescentes, trabajando desde un enfoque integrador, en el que la terapia se adapte a las necesidades individuales de cada persona. <\/p>\n\n\n\n<p>La forma en la que nos relacionamos con nosotros mismos y nuestro entorno, est\u00e1 condicionado por nuestras experiencias de vida, as\u00ed como por el significado que le atribuimos a lo que nos sucede. Por ello, mi objetivo en consulta ser\u00e1 acompa\u00f1arte, de forma que logres un mayor autoconocimiento sobre ti mismo, ofreci\u00e9ndote un espacio seguro, cercano y profesional, en el que poder ser y sentir libre de juicios. <\/p>\n\n\n\n<p>Sus compa\u00f1eras la definen como una persona dulce, din\u00e1mica y sensible.<\/p>\n<\/div>\n<\/div>\n\n\n\n<p>Atenci\u00f3n individualizada de cada caso en funci\u00f3n del contexto y las demandas realizadas por quienes solicitan ayuda psicol\u00f3gica, teniendo en cuenta el abordaje multidisciplinar siempre que se precise.<\/p>\n\n\n\n<p>Principales \u00e1reas de intervenci\u00f3n:<\/p>\n\n\n\n<ul class=\"is-style-default wp-block-list\"><li>Trastornos del estado de \u00e1nimo (trastornos depresivos, trastorno bipolar)<\/li><li>Trastornos de ansiedad (fobia espec\u00edfica, fobia social, crisis de ansiedad, agorafobia, trastorno de ansiedad generalizada)<\/li><li>Trastorno obsesivo-compulsivo y trastornos relacionados (trastorno dism\u00f3rfico-corporal, trastorno de acumulaci\u00f3n, tricotiloman\u00eda)<\/li><li>Trastornos del sue\u00f1o<\/li><li>Abordaje de los trastornos alimentarios (anorexia nerviosa, bulimia nerviosa, trastorno por atrac\u00f3n\u2026) y de la obesidad desde una perspectiva multidisciplinar, colaborando estrechamente con el servicio de Nutrici\u00f3n.<\/li><li>Trastornos del control de los impulsos<\/li><li>Adicciones<\/li><li>Educaci\u00f3n sexual y disfunciones sexuales<\/li><li>Trastornos de s\u00edntomas som\u00e1ticos y trastornos relacionados<\/li><li>Trastornos de inicio en la infancia, ni\u00f1ez y adolescencia (trastornos de conducta, depresi\u00f3n, ansiedad por separaci\u00f3n, ansiedad generalizada, enuresis, encopresis, adicci\u00f3n a las nuevas tecnolog\u00edas\u2026)<\/li><li>Trastornos relacionados con traumas y factores de estr\u00e9s (trastorno de estr\u00e9s postraum\u00e1tico, trastorno de estr\u00e9s agudo, trastornos de adaptaci\u00f3n)<\/li><li>Salud mental perinatal: acompa\u00f1amiento emocional en el proceso de maternidad\/paternidad, desde la fecundaci\u00f3n y concepci\u00f3n, hasta el nacimiento y la crianza <\/li><li>Terapia familiar y de pareja<\/li><\/ul>\n\n\n\n<p><em>*Colaboraci\u00f3n con las principales aseguradoras de salud y con mutuas laborales.<\/em><\/p>\n<\/div>\n<\/div>\n<\/div><\/div>\n","protected":false},"excerpt":{"rendered":"<p>Psicolog\u00eda Belen V\u00e1zquez Rodr\u00edguez Soy psic\u00f3loga sanitaria y me considero una persona afortunada por poder liderar un equipo profesional, comprometido y que te guiar\u00e1 de una forma muy respetuosa. Desde el 2014 acompa\u00f1o a personas en sus procesos de cambio y para m\u00ed estos a\u00f1os han sido un regalo y un profundo crecimiento profesional y &#8230; <a title=\"Psicolog\u00eda\" class=\"read-more\" href=\"https:\/\/riberasalud.com\/polusa\/clinicas-santo-domingo\/psicologia\/\" aria-label=\"M\u00e1s en Psicolog\u00eda\">Leer m\u00e1s<\/a><\/p>\n","protected":false},"author":1,"featured_media":0,"parent":0,"menu_order":0,"comment_status":"closed","ping_status":"closed","template":"","meta":{"_editorskit_title_hidden":false,"_editorskit_reading_time":4,"_coblocks_attr":"","_coblocks_dimensions":"","_coblocks_responsive_height":"","_coblocks_accordion_ie_support":"","_generate-full-width-content":"true","_mi_skip_tracking":false,"footnotes":""},"class_list":["post-169","page","type-page","status-publish"],"featured_image_urls":{"full":"","thumbnail":"","medium":"","medium_large":"","large":"","1536x1536":"","2048x2048":""},"post_excerpt_stackable":"<p>Psicolog\u00eda Reg. Sanitario C-27-000883 Bel\u00e9n V\u00e1zquez Rodr\u00edguezPsicolog\u00eda Mar\u00eda Novo AriasPsicolog\u00eda Luc\u00eda Fern\u00e1ndez RiescoPsicolog\u00eda Cristina L\u00f3pez MourizPsicolog\u00eda Luc\u00eda Arza R\u00edoPsicolog\u00eda Steisy de la Torre BaronaPsicolog\u00eda Psicolog\u00eda Belen V\u00e1zquez Rodr\u00edguez Soy psic\u00f3loga sanitaria y me considero una persona afortunada por poder liderar un equipo profesional, comprometido y que te guiar\u00e1 de una forma muy respetuosa. Desde el 2014 acompa\u00f1o a personas en sus procesos de cambio y para m\u00ed estos a\u00f1os han sido un regalo y un profundo crecimiento profesional y personal. Con empat\u00eda, con respeto y con mucha humanidad concibo el proceso de terapia. A nivel formativo soy terapeuta familiar y&hellip;<\/p>\n","category_list":"","author_info":{"name":"jorge@quois.com","url":"https:\/\/riberasalud.com\/polusa\/clinicas-santo-domingo\/author\/jorgequois-com\/"},"comments_num":"0 comentarios","featured_image_urls_v2":{"full":"","thumbnail":"","medium":"","medium_large":"","large":"","1536x1536":"","2048x2048":""},"post_excerpt_stackable_v2":"<p>Psicolog\u00eda Reg. Sanitario C-27-000883 Bel\u00e9n V\u00e1zquez Rodr\u00edguezPsicolog\u00eda Mar\u00eda Novo AriasPsicolog\u00eda Luc\u00eda Fern\u00e1ndez RiescoPsicolog\u00eda Cristina L\u00f3pez MourizPsicolog\u00eda Luc\u00eda Arza R\u00edoPsicolog\u00eda Steisy de la Torre BaronaPsicolog\u00eda Psicolog\u00eda Belen V\u00e1zquez Rodr\u00edguez Soy psic\u00f3loga sanitaria y me considero una persona afortunada por poder liderar un equipo profesional, comprometido y que te guiar\u00e1 de una forma muy respetuosa. Desde el 2014 acompa\u00f1o a personas en sus procesos de cambio y para m\u00ed estos a\u00f1os han sido un regalo y un profundo crecimiento profesional y personal. Con empat\u00eda, con respeto y con mucha humanidad concibo el proceso de terapia. A nivel formativo soy terapeuta familiar y&hellip;<\/p>\n","category_list_v2":"","author_info_v2":{"name":"jorge@quois.com","url":"https:\/\/riberasalud.com\/polusa\/clinicas-santo-domingo\/author\/jorgequois-com\/"},"comments_num_v2":"0 comentarios","yoast_head":"<!-- This site is optimized with the Yoast SEO plugin v26.9 - https:\/\/yoast.com\/product\/yoast-seo-wordpress\/ -->\n<title>Psicolog\u00eda | Cl\u00ednica Plaza Santo Domingo<\/title>\n<meta name=\"robots\" content=\"index, follow, max-snippet:-1, max-image-preview:large, max-video-preview:-1\" \/>\n<link rel=\"canonical\" href=\"https:\/\/riberasalud.com\/polusa\/clinicas-santo-domingo\/psicologia\/\" \/>\n<meta property=\"og:locale\" content=\"es_ES\" \/>\n<meta property=\"og:type\" content=\"article\" \/>\n<meta property=\"og:title\" content=\"Psicolog\u00eda | Cl\u00ednica Plaza Santo Domingo\" \/>\n<meta property=\"og:description\" content=\"Psicolog\u00eda Belen V\u00e1zquez Rodr\u00edguez Soy psic\u00f3loga sanitaria y me considero una persona afortunada por poder liderar un equipo profesional, comprometido y que te guiar\u00e1 de una forma muy respetuosa. Desde el 2014 acompa\u00f1o a personas en sus procesos de cambio y para m\u00ed estos a\u00f1os han sido un regalo y un profundo crecimiento profesional y ... Leer m\u00e1s\" \/>\n<meta property=\"og:url\" content=\"https:\/\/riberasalud.com\/polusa\/clinicas-santo-domingo\/psicologia\/\" \/>\n<meta property=\"og:site_name\" content=\"Cl\u00ednica Plaza Santo Domingo\" \/>\n<meta property=\"article:modified_time\" content=\"2025-09-29T14:15:11+00:00\" \/>\n<meta property=\"og:image\" content=\"https:\/\/riberasalud.com\/polusa\/clinicas-santo-domingo\/wp-content\/uploads\/2021\/05\/BELEN-VAZQUEZ-PSICOLOGIA.jpg\" \/>\n<meta name=\"twitter:card\" content=\"summary_large_image\" \/>\n<meta name=\"twitter:label1\" content=\"Tiempo de lectura\" \/>\n\t<meta name=\"twitter:data1\" content=\"7 minutos\" \/>\n<script type=\"application\/ld+json\" class=\"yoast-schema-graph\">{\"@context\":\"https:\/\/schema.org\",\"@graph\":[{\"@type\":\"WebPage\",\"@id\":\"https:\/\/riberasalud.com\/polusa\/clinicas-santo-domingo\/psicologia\/\",\"url\":\"https:\/\/riberasalud.com\/polusa\/clinicas-santo-domingo\/psicologia\/\",\"name\":\"Psicolog\u00eda | Cl\u00ednica Plaza Santo Domingo\",\"isPartOf\":{\"@id\":\"https:\/\/riberasalud.com\/polusa\/clinicas-santo-domingo\/#website\"},\"primaryImageOfPage\":{\"@id\":\"https:\/\/riberasalud.com\/polusa\/clinicas-santo-domingo\/psicologia\/#primaryimage\"},\"image\":{\"@id\":\"https:\/\/riberasalud.com\/polusa\/clinicas-santo-domingo\/psicologia\/#primaryimage\"},\"thumbnailUrl\":\"https:\/\/riberasalud.com\/polusa\/clinicas-santo-domingo\/wp-content\/uploads\/2021\/05\/BELEN-VAZQUEZ-PSICOLOGIA.jpg\",\"datePublished\":\"2021-05-13T07:29:48+00:00\",\"dateModified\":\"2025-09-29T14:15:11+00:00\",\"breadcrumb\":{\"@id\":\"https:\/\/riberasalud.com\/polusa\/clinicas-santo-domingo\/psicologia\/#breadcrumb\"},\"inLanguage\":\"es\",\"potentialAction\":[{\"@type\":\"ReadAction\",\"target\":[\"https:\/\/riberasalud.com\/polusa\/clinicas-santo-domingo\/psicologia\/\"]}]},{\"@type\":\"ImageObject\",\"inLanguage\":\"es\",\"@id\":\"https:\/\/riberasalud.com\/polusa\/clinicas-santo-domingo\/psicologia\/#primaryimage\",\"url\":\"https:\/\/riberasalud.com\/polusa\/clinicas-santo-domingo\/wp-content\/uploads\/2021\/05\/BELEN-VAZQUEZ-PSICOLOGIA.jpg\",\"contentUrl\":\"https:\/\/riberasalud.com\/polusa\/clinicas-santo-domingo\/wp-content\/uploads\/2021\/05\/BELEN-VAZQUEZ-PSICOLOGIA.jpg\",\"width\":848,\"height\":849,\"caption\":\"belen vazquez\"},{\"@type\":\"BreadcrumbList\",\"@id\":\"https:\/\/riberasalud.com\/polusa\/clinicas-santo-domingo\/psicologia\/#breadcrumb\",\"itemListElement\":[{\"@type\":\"ListItem\",\"position\":1,\"name\":\"Portada\",\"item\":\"https:\/\/riberasalud.com\/polusa\/clinicas-santo-domingo\/\"},{\"@type\":\"ListItem\",\"position\":2,\"name\":\"Psicolog\u00eda\"}]},{\"@type\":\"WebSite\",\"@id\":\"https:\/\/riberasalud.com\/polusa\/clinicas-santo-domingo\/#website\",\"url\":\"https:\/\/riberasalud.com\/polusa\/clinicas-santo-domingo\/\",\"name\":\"Cl\u00ednica Plaza Santo Domingo\",\"description\":\"\",\"publisher\":{\"@id\":\"https:\/\/riberasalud.com\/polusa\/clinicas-santo-domingo\/#organization\"},\"potentialAction\":[{\"@type\":\"SearchAction\",\"target\":{\"@type\":\"EntryPoint\",\"urlTemplate\":\"https:\/\/riberasalud.com\/polusa\/clinicas-santo-domingo\/?s={search_term_string}\"},\"query-input\":{\"@type\":\"PropertyValueSpecification\",\"valueRequired\":true,\"valueName\":\"search_term_string\"}}],\"inLanguage\":\"es\"},{\"@type\":\"Organization\",\"@id\":\"https:\/\/riberasalud.com\/polusa\/clinicas-santo-domingo\/#organization\",\"name\":\"Cl\u00ednica Plaza Santo Domingo\",\"url\":\"https:\/\/riberasalud.com\/polusa\/clinicas-santo-domingo\/\",\"logo\":{\"@type\":\"ImageObject\",\"inLanguage\":\"es\",\"@id\":\"https:\/\/riberasalud.com\/polusa\/clinicas-santo-domingo\/#\/schema\/logo\/image\/\",\"url\":\"https:\/\/riberasalud.com\/polusa\/clinicas-santo-domingo\/wp-content\/uploads\/2021\/05\/cropped-LogoRibera-Red-ClinicaPolusa-SantoDomingo.png\",\"contentUrl\":\"https:\/\/riberasalud.com\/polusa\/clinicas-santo-domingo\/wp-content\/uploads\/2021\/05\/cropped-LogoRibera-Red-ClinicaPolusa-SantoDomingo.png\",\"width\":2377,\"height\":497,\"caption\":\"Cl\u00ednica Plaza Santo Domingo\"},\"image\":{\"@id\":\"https:\/\/riberasalud.com\/polusa\/clinicas-santo-domingo\/#\/schema\/logo\/image\/\"}}]}<\/script>\n<!-- \/ Yoast SEO plugin. -->","yoast_head_json":{"title":"Psicolog\u00eda | Cl\u00ednica Plaza Santo Domingo","robots":{"index":"index","follow":"follow","max-snippet":"max-snippet:-1","max-image-preview":"max-image-preview:large","max-video-preview":"max-video-preview:-1"},"canonical":"https:\/\/riberasalud.com\/polusa\/clinicas-santo-domingo\/psicologia\/","og_locale":"es_ES","og_type":"article","og_title":"Psicolog\u00eda | Cl\u00ednica Plaza Santo Domingo","og_description":"Psicolog\u00eda Belen V\u00e1zquez Rodr\u00edguez Soy psic\u00f3loga sanitaria y me considero una persona afortunada por poder liderar un equipo profesional, comprometido y que te guiar\u00e1 de una forma muy respetuosa. Desde el 2014 acompa\u00f1o a personas en sus procesos de cambio y para m\u00ed estos a\u00f1os han sido un regalo y un profundo crecimiento profesional y ... Leer m\u00e1s","og_url":"https:\/\/riberasalud.com\/polusa\/clinicas-santo-domingo\/psicologia\/","og_site_name":"Cl\u00ednica Plaza Santo Domingo","article_modified_time":"2025-09-29T14:15:11+00:00","og_image":[{"url":"https:\/\/riberasalud.com\/polusa\/clinicas-santo-domingo\/wp-content\/uploads\/2021\/05\/BELEN-VAZQUEZ-PSICOLOGIA.jpg","type":"","width":"","height":""}],"twitter_card":"summary_large_image","twitter_misc":{"Tiempo de lectura":"7 minutos"},"schema":{"@context":"https:\/\/schema.org","@graph":[{"@type":"WebPage","@id":"https:\/\/riberasalud.com\/polusa\/clinicas-santo-domingo\/psicologia\/","url":"https:\/\/riberasalud.com\/polusa\/clinicas-santo-domingo\/psicologia\/","name":"Psicolog\u00eda | Cl\u00ednica Plaza Santo Domingo","isPartOf":{"@id":"https:\/\/riberasalud.com\/polusa\/clinicas-santo-domingo\/#website"},"primaryImageOfPage":{"@id":"https:\/\/riberasalud.com\/polusa\/clinicas-santo-domingo\/psicologia\/#primaryimage"},"image":{"@id":"https:\/\/riberasalud.com\/polusa\/clinicas-santo-domingo\/psicologia\/#primaryimage"},"thumbnailUrl":"https:\/\/riberasalud.com\/polusa\/clinicas-santo-domingo\/wp-content\/uploads\/2021\/05\/BELEN-VAZQUEZ-PSICOLOGIA.jpg","datePublished":"2021-05-13T07:29:48+00:00","dateModified":"2025-09-29T14:15:11+00:00","breadcrumb":{"@id":"https:\/\/riberasalud.com\/polusa\/clinicas-santo-domingo\/psicologia\/#breadcrumb"},"inLanguage":"es","potentialAction":[{"@type":"ReadAction","target":["https:\/\/riberasalud.com\/polusa\/clinicas-santo-domingo\/psicologia\/"]}]},{"@type":"ImageObject","inLanguage":"es","@id":"https:\/\/riberasalud.com\/polusa\/clinicas-santo-domingo\/psicologia\/#primaryimage","url":"https:\/\/riberasalud.com\/polusa\/clinicas-santo-domingo\/wp-content\/uploads\/2021\/05\/BELEN-VAZQUEZ-PSICOLOGIA.jpg","contentUrl":"https:\/\/riberasalud.com\/polusa\/clinicas-santo-domingo\/wp-content\/uploads\/2021\/05\/BELEN-VAZQUEZ-PSICOLOGIA.jpg","width":848,"height":849,"caption":"belen vazquez"},{"@type":"BreadcrumbList","@id":"https:\/\/riberasalud.com\/polusa\/clinicas-santo-domingo\/psicologia\/#breadcrumb","itemListElement":[{"@type":"ListItem","position":1,"name":"Portada","item":"https:\/\/riberasalud.com\/polusa\/clinicas-santo-domingo\/"},{"@type":"ListItem","position":2,"name":"Psicolog\u00eda"}]},{"@type":"WebSite","@id":"https:\/\/riberasalud.com\/polusa\/clinicas-santo-domingo\/#website","url":"https:\/\/riberasalud.com\/polusa\/clinicas-santo-domingo\/","name":"Cl\u00ednica Plaza Santo Domingo","description":"","publisher":{"@id":"https:\/\/riberasalud.com\/polusa\/clinicas-santo-domingo\/#organization"},"potentialAction":[{"@type":"SearchAction","target":{"@type":"EntryPoint","urlTemplate":"https:\/\/riberasalud.com\/polusa\/clinicas-santo-domingo\/?s={search_term_string}"},"query-input":{"@type":"PropertyValueSpecification","valueRequired":true,"valueName":"search_term_string"}}],"inLanguage":"es"},{"@type":"Organization","@id":"https:\/\/riberasalud.com\/polusa\/clinicas-santo-domingo\/#organization","name":"Cl\u00ednica Plaza Santo Domingo","url":"https:\/\/riberasalud.com\/polusa\/clinicas-santo-domingo\/","logo":{"@type":"ImageObject","inLanguage":"es","@id":"https:\/\/riberasalud.com\/polusa\/clinicas-santo-domingo\/#\/schema\/logo\/image\/","url":"https:\/\/riberasalud.com\/polusa\/clinicas-santo-domingo\/wp-content\/uploads\/2021\/05\/cropped-LogoRibera-Red-ClinicaPolusa-SantoDomingo.png","contentUrl":"https:\/\/riberasalud.com\/polusa\/clinicas-santo-domingo\/wp-content\/uploads\/2021\/05\/cropped-LogoRibera-Red-ClinicaPolusa-SantoDomingo.png","width":2377,"height":497,"caption":"Cl\u00ednica Plaza Santo Domingo"},"image":{"@id":"https:\/\/riberasalud.com\/polusa\/clinicas-santo-domingo\/#\/schema\/logo\/image\/"}}]}},"uagb_featured_image_src":{"full":false,"thumbnail":false,"medium":false,"medium_large":false,"large":false,"1536x1536":false,"2048x2048":false},"uagb_author_info":{"display_name":"jorge@quois.com","author_link":"https:\/\/riberasalud.com\/polusa\/clinicas-santo-domingo\/author\/jorgequois-com\/"},"uagb_comment_info":0,"uagb_excerpt":"Psicolog\u00eda Belen V\u00e1zquez Rodr\u00edguez Soy psic\u00f3loga sanitaria y me considero una persona afortunada por poder liderar un equipo profesional, comprometido y que te guiar\u00e1 de una forma muy respetuosa. Desde el 2014 acompa\u00f1o a personas en sus procesos de cambio y para m\u00ed estos a\u00f1os han sido un regalo y un profundo crecimiento profesional y&hellip;","_links":{"self":[{"href":"https:\/\/riberasalud.com\/polusa\/clinicas-santo-domingo\/wp-json\/wp\/v2\/pages\/169","targetHints":{"allow":["GET"]}}],"collection":[{"href":"https:\/\/riberasalud.com\/polusa\/clinicas-santo-domingo\/wp-json\/wp\/v2\/pages"}],"about":[{"href":"https:\/\/riberasalud.com\/polusa\/clinicas-santo-domingo\/wp-json\/wp\/v2\/types\/page"}],"author":[{"embeddable":true,"href":"https:\/\/riberasalud.com\/polusa\/clinicas-santo-domingo\/wp-json\/wp\/v2\/users\/1"}],"replies":[{"embeddable":true,"href":"https:\/\/riberasalud.com\/polusa\/clinicas-santo-domingo\/wp-json\/wp\/v2\/comments?post=169"}],"version-history":[{"count":26,"href":"https:\/\/riberasalud.com\/polusa\/clinicas-santo-domingo\/wp-json\/wp\/v2\/pages\/169\/revisions"}],"predecessor-version":[{"id":1560,"href":"https:\/\/riberasalud.com\/polusa\/clinicas-santo-domingo\/wp-json\/wp\/v2\/pages\/169\/revisions\/1560"}],"wp:attachment":[{"href":"https:\/\/riberasalud.com\/polusa\/clinicas-santo-domingo\/wp-json\/wp\/v2\/media?parent=169"}],"curies":[{"name":"wp","href":"https:\/\/api.w.org\/{rel}","templated":true}]}}