{"id":3,"date":"2024-01-18T16:07:21","date_gmt":"2024-01-18T15:07:21","guid":{"rendered":"https:\/\/www.riberasalud.com\/congreso-ribera-povisa\/?page_id=3"},"modified":"2024-02-23T16:30:24","modified_gmt":"2024-02-23T15:30:24","slug":"politica-privacidad","status":"publish","type":"page","link":"https:\/\/riberasalud.com\/jornada-de-cuidados\/politica-privacidad\/","title":{"rendered":"Pol\u00edtica de privacidad"},"content":{"rendered":"\n<div style=\"height:11px\" aria-hidden=\"true\" class=\"wp-block-spacer\"><\/div>\n\n\n\n<h1 class=\"wp-block-heading has-text-color has-link-color wp-elements-662417ded062b1d04b703e9f5aebf742\" style=\"color:#706f6f\"><strong>Pol\u00edtica de privacidad<\/strong><\/h1>\n\n\n\n<p class=\"has-text-color has-link-color wp-elements-d0e51d95d44b2604a6da0546d9f78429\" style=\"color:#706f6f\">Es compromiso de Grupo Ribera Salud el respeto a la privacidad de los usuarios y la protecci\u00f3n y seguridad de sus datos personales. Es por ello por lo que, de acuerdo con la normativa vigente en materia de protecci\u00f3n de datos (Reglamento (UE) 2016\/679 del Parlamento y del Consejo de 27 de abril de 2016, Ley Org\u00e1nica 3\/2018, de 5 de diciembre, de Protecci\u00f3n de Datos Personales y garant\u00eda de los derechos digitales), Grupo Ribera Salud informa en la presente pol\u00edtica de protecci\u00f3n de datos sobre c\u00f3mo recaba y trata los datos de car\u00e1cter personal de los usuarios y pacientes en la p\u00e1gina web <a href=\"https:\/\/riberasalud.com\/povisa\/\"><mark style=\"background-color:rgba(0, 0, 0, 0);color:#d71029\" class=\"has-inline-color\">https:\/\/riberasalud.com\/povisa\/<\/mark><\/a>&nbsp;. (en adelante, referenciado como \u201cSitio web\u201d).<\/p>\n\n\n\n<p class=\"has-text-color has-link-color wp-elements-ce4a156650897d0a3650c6e0abef44d3\" style=\"color:#706f6f;font-size:28px\"><strong>1. Identificaci\u00f3n del responsable del tratamiento\u00a0<\/strong><\/p>\n\n\n\n<p class=\"has-text-color has-link-color wp-elements-48bdefdf0fe80fe64ce97512ce38edf0\" style=\"color:#706f6f\">El Responsable del Tratamiento de los datos personales es Hospital Povisa S.A., (en adelante, \u201cHospital Ribera Povisa\u201d) con CIF A-36.606.788 y domicilio social C\/ Salamanca, 5, 36211 Vigo, Pontevedra (Espa\u00f1a).<\/p>\n\n\n\n<p class=\"has-text-color has-link-color wp-elements-dd32ae96d0f2f379dcb1627c6edc78cc\" style=\"color:#706f6f\">El tel\u00e9fono de contacto es +34 986 41 31 44 y la direcci\u00f3n de correo electr\u00f3nico info@povisa.es.<\/p>\n\n\n\n<p class=\"has-text-color has-link-color wp-elements-f8aa17aa2e92ae29242b22b37863ec1d\" style=\"color:#706f6f\">Para cualquier cuesti\u00f3n relacionada con la presente pol\u00edtica de privacidad, el usuario podr\u00e1 ponerse en contacto con el delegado de protecci\u00f3n de datos del Hospital Povisa, S.A. enviando un email a&nbsp;<a href=\"mailto:dpd@povisa.net\"><mark style=\"background-color:rgba(0, 0, 0, 0);color:#d71029\" class=\"has-inline-color\">dpd@povisa.net<\/mark><\/a>.&nbsp;<\/p>\n\n\n\n<p class=\"has-text-color has-link-color wp-elements-7041e2c98b29b9099fb0fda8c67cd635\" style=\"color:#706f6f\">Sin perjuicio de lo anterior, respecto al tratamiento relativo a la gesti\u00f3n del env\u00edo de newsletters, el responsable del tratamiento es RIBERA SALUD, S.A., con CIF A-03681186 y domicilio social en Avenida Cortes Valencianas, n\u00famero 58, Edificio Sorolla Center, 46015 Valencia (Espa\u00f1a).&nbsp;<\/p>\n\n\n\n<p class=\"has-text-color has-link-color wp-elements-e82ecc4dd0839564aaca8cc323c1c6ec\" style=\"color:#706f6f;font-size:28px\"><strong>2. Informaci\u00f3n sobre las finalidades del tratamiento<\/strong><\/p>\n\n\n\n<p class=\"has-text-color has-link-color wp-elements-b6c2c22813411af891961b447e1f6cbc\" style=\"color:#706f6f\">A trav\u00e9s del Sitio web se llevar\u00e1n a cabo los siguientes tratamientos de datos empleando para cada una de ellas una base legitimadora adecuada, respetando los derechos y libertades de los interesados:<\/p>\n\n\n\n<p class=\"has-text-color has-link-color wp-elements-5e67513c334929c37c76c171b0981052\" style=\"color:#706f6f\"><strong>2.1 Gestionar y atender las solicitudes de contacto.<\/strong><\/p>\n\n\n\n<ul class=\"wp-block-list\">\n<li>Finalidad: contestar las solicitudes de contacto realizadas por el usuario a trav\u00e9s de los medios puestos a disposici\u00f3n en la web (email, tel\u00e9fono y formulario de contacto).<\/li>\n\n\n\n<li>Base legitimadora: ejecuci\u00f3n de la relaci\u00f3n precontractual.<\/li>\n\n\n\n<li>Tipolog\u00eda de los datos tratados: Datos identificativos y datos de contacto.<\/li>\n<\/ul>\n\n\n\n<p class=\"has-text-color has-link-color wp-elements-4ca27bfab1a2245f9927b6e27500c851\" style=\"color:#706f6f\"><strong>2.2 Gestionar y atender las solicitudes de citas de pacientes<\/strong><\/p>\n\n\n\n<ul class=\"wp-block-list\">\n<li>Finalidad: contestar las solicitudes de citas realizadas por los pacientes o usuarios a trav\u00e9s de los medios puestos a disposici\u00f3n en la web (email, tel\u00e9fono y formulario de contacto).<\/li>\n\n\n\n<li>Base legitimadora: ejecuci\u00f3n de la relaci\u00f3n precontractual.<\/li>\n\n\n\n<li>Tipolog\u00eda de los datos tratados: Datos identificativos, datos de contacto y en las la voz de los usuarios en aquellas llamadas en las que se informe sobre su grabaci\u00f3n.<\/li>\n<\/ul>\n\n\n\n<p class=\"has-text-color has-link-color wp-elements-569cd35178f3ba95ec56cf6c203cd037\" style=\"color:#706f6f\"><strong>2.3 Gesti\u00f3n de la asistencia sanitaria al paciente<\/strong><\/p>\n\n\n\n<ul class=\"wp-block-list\">\n<li>Finalidad: La prestaci\u00f3n de los servicios de asistencia sanitaria, diagn\u00f3stico y tratamientos m\u00e9dicos, para la elaboraci\u00f3n y conservaci\u00f3n de la historia cl\u00ednica y social, y la gesti\u00f3n general de los servicios sanitarios y dem\u00e1s actividades organizadas por el centro sanitario.<\/li>\n\n\n\n<li>Base legitimadora: Cumplimiento de una obligaci\u00f3n legal y ejecuci\u00f3n de la relaci\u00f3n contractual.<\/li>\n\n\n\n<li>Tipolog\u00eda de datos tratados: Datos identificativos, datos de caracter\u00edsticas personales, transacciones de bienes y servicios, datos financieros, datos de salud. La recogida de los datos personales se podr\u00e1 llevar a cabo en el centro sanitario o ser\u00e1n facilitados, en su caso, por las compa\u00f1\u00edas aseguradoras, mutuas de accidentes, servicios de prevenci\u00f3n o por las administraciones p\u00fablicas competentes<\/li>\n<\/ul>\n\n\n\n<p class=\"has-text-color has-link-color wp-elements-f6f430734244725d839506a8cd8c6c7c\" style=\"color:#706f6f\"><strong>2.4 Gesti\u00f3n de env\u00edo de encuestas sobre la calidad del servicio<\/strong><\/p>\n\n\n\n<ul class=\"wp-block-list\">\n<li>Finalidad: Llevar a cabo encuestas para poder conocer la valoraci\u00f3n de los pacientes respecto a la calidad del servicio.<\/li>\n\n\n\n<li>Base legitimadora: inter\u00e9s leg\u00edtimo<\/li>\n\n\n\n<li>Tipolog\u00eda de los datos tratados: datos identificativos y de contacto.<\/li>\n<\/ul>\n\n\n\n<p class=\"has-text-color has-link-color wp-elements-646586d6e54a7d7f80332085db41411e\" style=\"color:#706f6f\"><strong>2.5 Gesti\u00f3n de inscripciones en el curso\/jornada\/ conferencia solicitada por el interesado.<\/strong><\/p>\n\n\n\n<ul class=\"wp-block-list\">\n<li>Finalidad: gestionar la inscripci\u00f3n de la jornada, curso o conferencia que haya solicitado el interesado.<\/li>\n\n\n\n<li>Base legitimadora: ejecuci\u00f3n de la relaci\u00f3n precontractual.<\/li>\n\n\n\n<li>Tipolog\u00eda de los datos tratados: Datos identificativos, datos de contacto, datos acad\u00e9micos, datos profesionales y datos financieros.<\/li>\n<\/ul>\n\n\n\n<p class=\"has-text-color has-link-color wp-elements-63613d9f686c53bb1d3852d59e260bb7\" style=\"color:#706f6f\"><strong>2.6 Actividades de docencia, investigaci\u00f3n o estad\u00edstica.<\/strong><\/p>\n\n\n\n<ul class=\"wp-block-list\">\n<li>Finalidad: desarrollar actividades de docencia, investigaci\u00f3n o estad\u00edstica con fines cient\u00edficos o docentes para mejorar la atenci\u00f3n sanitaria, cumpliendo la normativa espec\u00edfica al respecto.<\/li>\n\n\n\n<li>Base legitimadora: inter\u00e9s leg\u00edtimo y consentimiento del interesado.<\/li>\n\n\n\n<li>Tipolog\u00eda de los datos tratados: Datos identificativos, datos de contacto, datos de caracter\u00edsticas personales y datos de salud.<\/li>\n<\/ul>\n\n\n\n<p class=\"has-text-color has-link-color wp-elements-83365050eb77cfc8329e718dc346cdef\" style=\"color:#706f6f\"><strong>2.7 Videovigilancia<\/strong><\/p>\n\n\n\n<ul class=\"wp-block-list\">\n<li>Finalidad: videovigilancia para garantizar la seguridad de personas, bienes e instalaciones.<\/li>\n\n\n\n<li>Base legitimadora: inter\u00e9s leg\u00edtimo y cumplimiento de una obligaci\u00f3n legal aplicable al responsable del tratamiento.<\/li>\n\n\n\n<li>Tipolog\u00eda de los datos tratados: Datos identificativos.<\/li>\n<\/ul>\n\n\n\n<p class=\"has-text-color has-link-color wp-elements-b2af36fe194a03fae8ef2e4176101fc0\" style=\"color:#706f6f\"><strong>2.8 Difusi\u00f3n de im\u00e1genes y material fonogr\u00e1fico de jornadas, eventos y cursos.<\/strong><\/p>\n\n\n\n<p class=\"has-text-color has-link-color wp-elements-fe73c92ea4b0f515828916c62926ed12\" style=\"color:#706f6f\">El presente tratamiento de datos ser\u00e1 efectuado por la entidad RIBERA SALUD, S.A., con CIF A-03681186 y domicilio social en Avenida Cortes Valencianas, n\u00famero 58, Edificio Sorolla Center, 46015 Valencia (Espa\u00f1a).<\/p>\n\n\n\n<ul class=\"wp-block-list\">\n<li>Finalidad: difundir y promocionar las jornadas, cursos y eventos formativos a trav\u00e9s de los sitios web del Grupo Ribera Salud y de sus redes sociales.<\/li>\n\n\n\n<li>Base legitimadora: consentimiento del interesado.<\/li>\n\n\n\n<li>Tipolog\u00eda de los datos tratados: im\u00e1genes personales y\/o material fonogr\u00e1fico.<\/li>\n<\/ul>\n\n\n\n<p class=\"has-text-color has-link-color wp-elements-478f4a9497fbaa31d137becc450358a6\" style=\"color:#706f6f\"><strong>2.9 Gestionar el env\u00edo de comunicaciones comerciales electr\u00f3nicas.<\/strong><\/p>\n\n\n\n<p class=\"has-text-color has-link-color wp-elements-fe73c92ea4b0f515828916c62926ed12\" style=\"color:#706f6f\">El presente tratamiento de datos ser\u00e1 efectuado por la entidad RIBERA SALUD, S.A., con CIF A-03681186 y domicilio social en Avenida Cortes Valencianas, n\u00famero 58, Edificio Sorolla Center, 46015 Valencia (Espa\u00f1a).<\/p>\n\n\n\n<ul class=\"wp-block-list\">\n<li>Finalidad: Gesti\u00f3n de las suscripciones de los usuarios a la newsletter\/bolet\u00edn informativo enviando comunicaciones comerciales electr\u00f3nicas sobre los servicios, actividades y novedades.<\/li>\n\n\n\n<li>Base legitimadora: Consentimiento de los usuarios<\/li>\n\n\n\n<li>Tipolog\u00eda de datos tratados: Nombre, apellidos y correo electr\u00f3nico<\/li>\n<\/ul>\n\n\n\n<p class=\"has-text-color has-link-color wp-elements-20e724d47adcdbf5a940af393bf4ec16\" style=\"color:#706f6f;font-size:28px\"><strong>3. Destinatarios de los datos personales<\/strong><\/p>\n\n\n\n<p class=\"has-text-color has-link-color wp-elements-35ee02c1ebbf9998b37103a9d36c4b3b\" style=\"color:#706f6f\"><strong>3.1. Comunicaci\u00f3n de los datos a terceros.&nbsp;<\/strong><\/p>\n\n\n\n<p class=\"has-text-color has-link-color wp-elements-f3e8b8cede6f320201d0cb16ec7ec47e\" style=\"color:#706f6f\">Salvo obligaci\u00f3n legal no se comunicar\u00e1n los datos personales recabados a trav\u00e9s de la web a terceros.&nbsp;<\/p>\n\n\n\n<p class=\"has-text-color has-link-color wp-elements-7995325e21bcf018c804c84739b002f2\" style=\"color:#706f6f\">Sin perjuicio de lo anterior, por medio del presente informamos que, para la prestaci\u00f3n de servicios de atenci\u00f3n sanitaria, cuando sea estrictamente necesario, los datos podr\u00e1n ser comunicados, de acuerdo con lo dispuesto en la legislaci\u00f3n vigente, a la autoridad sanitaria y dem\u00e1s organismos p\u00fablicos con competencia en la materia, as\u00ed como a las compa\u00f1\u00edas aseguradoras u otras entidades pagadoras cuando el interesado indique que los gastos asistenciales deban ser satisfechos por los mismos.<\/p>\n\n\n\n<p class=\"has-text-color has-link-color wp-elements-cfbe1c1b5dc08684afb41b4c68a5ba4b\" style=\"color:#706f6f\">Asimismo, se comunica a usuarios que en caso de ser clientes de aseguradoras privadas y acudan al Hospital Ribera Povisa, los datos de dicho interesado ser\u00e1n comunicados por parte del Hospital Ribera Povisa a la aseguradora privada a efectos de pago de los servicios, previa suscripci\u00f3n por parte del paciente de un documento en el que el asegurado autoriza al Hospital Ribera Povisa la comunicaci\u00f3n de dicha informaci\u00f3n.&nbsp; &nbsp;<\/p>\n\n\n\n<p class=\"has-text-color has-link-color wp-elements-a312a52cbe3c6c6db5f98490cef495cd\" style=\"color:#706f6f\">Igualmente, para garantizar la existencia de la historia cl\u00ednica \u00fanica por Centro y cumplir con la legalidad vigente y toda vez que Hospital Ribera Povisa es centro concertado, para la prestaci\u00f3n de asistencia sanitaria p\u00fablica, resulta imprescindible que los datos incluidos en la historia cl\u00ednica de los pacientes est\u00e9n accesibles por los facultativos del SERVICIO GALLEGO DE SALUD (SERGAS), garantizando una mayor seguridad y evitando duplicidad de pruebas, administraci\u00f3n de medicamentos y errores derivados de la falta de informaci\u00f3n asistencial.<\/p>\n\n\n\n<p class=\"has-text-color has-link-color wp-elements-e6c179ba1ba061fa2542c5021092befd\" style=\"color:#706f6f\"><strong>3.2. Encargados del tratamiento<\/strong>.<\/p>\n\n\n\n<p class=\"has-text-color has-link-color wp-elements-f916c4580c886bd4f317fff17e9ba0ce\" style=\"color:#706f6f\"> El tratamiento de los datos de los usuarios podr\u00e1 ser realizado por prestadores de servicios id\u00f3neos, contratados por el Hospital Ribera Povisa. Dichos prestadores de servicios \u00fanicamente tratar\u00e1n los datos para las finalidades establecidas por el Hospital Ribera Povisa, entre ellas para la gesti\u00f3n del env\u00edo de las comunicaciones comerciales electr\u00f3nicas.&nbsp;<\/p>\n\n\n\n<p class=\"has-text-color has-link-color wp-elements-35ccc43e853cfc72cbcc8a1020163a04\" style=\"color:#706f6f;font-size:28px\"><strong>4. Transferencias internacionales de datos\u00a0<\/strong><\/p>\n\n\n\n<p class=\"has-text-color has-link-color wp-elements-9ed85c1f92d50b1bb5b3e1e1514f9839\" style=\"color:#706f6f\">El Hospital Ribera Povisa realizar\u00e1 el tratamiento de los datos del usuario integralmente en el territorio de la Uni\u00f3n Europea, por lo que no prev\u00e9 realizar ninguna transferencia internacional de datos<\/p>\n\n\n\n<p class=\"has-text-color has-link-color wp-elements-608c12ce0d75f155bc4fc18d99fc5fe6\" style=\"color:#706f6f;font-size:28px\"><strong>5. Plazo de conservaci\u00f3n<\/strong><\/p>\n\n\n\n<p class=\"has-text-color has-link-color wp-elements-d01117adcb1258ab481763d9c9766dfd\" style=\"color:#706f6f\">El Hospital Ribera Povisa conservar\u00e1 los datos personales de los usuarios durante el tiempo necesario para la realizaci\u00f3n de la finalidad para la cual son tratados o hasta que el interesado solicite la supresi\u00f3n de sus datos personales, y en todo caso, durante el plazo necesario para el cumplimiento de las correspondientes obligaciones legales.&nbsp;<\/p>\n\n\n\n<p class=\"has-text-color has-link-color wp-elements-ff2ab33f66bfa141082d4a0dc179799b\" style=\"color:#706f6f\">Asimismo, respecto al tratamiento relativo al env\u00edo de comunicaciones comerciales electr\u00f3nicas, los datos de los usuarios que hayan consentido la recepci\u00f3n se conservar\u00e1n hasta que el usuario solicite la baja de dicha recepci\u00f3n, siguiendo las instrucciones que encontrar\u00e1 al pie de cada correo electr\u00f3nico.<\/p>\n\n\n\n<p class=\"has-text-color has-link-color wp-elements-625411ab097fdbc4d58a169ed7dca18a\" style=\"color:#706f6f;font-size:28px\"><strong>6. Ejercicio de derechos en materia de protecci\u00f3n de datos<\/strong><\/p>\n\n\n\n<p class=\"has-text-color has-link-color wp-elements-547967daad2330e721d34c9286b6f495\" style=\"color:#706f6f\">En cualquier momento, el usuario podr\u00e1 ejercer sus derechos de acceso, rectificaci\u00f3n, supresi\u00f3n, oposici\u00f3n, limitaci\u00f3n y portabilidad de sus datos, enviando su petici\u00f3n por escrito a la siguiente direcci\u00f3n de correo electr\u00f3nico&nbsp;<a href=\"mailto:dpd@povisa.net\"><mark style=\"background-color:rgba(0, 0, 0, 0);color:#d71029\" class=\"has-inline-color\">dpd@povisa.net<\/mark><\/a>, o por correo postal a la siguiente direcci\u00f3n, C\/ Salamanca, 5, 36211 Vigo, Pontevedra (Espa\u00f1a), bajo el asunto de referencia: \u201cProtecci\u00f3n de Datos\u201d, indicando el derecho\/s que desea ejercitar.&nbsp;<\/p>\n\n\n\n<p class=\"has-text-color has-link-color wp-elements-756b684a9101577487f94cf0e6a3503f\" style=\"color:#706f6f\">Asimismo, se informa al usuario que en caso de considerar que no se ha satisfecho el ejercicio de sus derechos, podr\u00e1 ponerse en contacto con el delegado de protecci\u00f3n de datos del Hospital Ribera Povisa enviando su petici\u00f3n a la direcci\u00f3n de correo electr\u00f3nico&nbsp;<mark style=\"background-color:rgba(0, 0, 0, 0);color:#d71029\" class=\"has-inline-color\"><a href=\"mailto:dpd@povisa.net\">dpd@povisa.net<\/a>&nbsp;<\/mark>o presentar una reclamaci\u00f3n ante la Agencia Espa\u00f1ola de Protecci\u00f3n de Datos. M\u00e1s informaci\u00f3n en&nbsp;<a href=\"http:\/\/www.aepd.es\/\"><mark style=\"background-color:rgba(0, 0, 0, 0);color:#d71029\" class=\"has-inline-color\">www.aepd.es<\/mark><\/a>.<\/p>\n\n\n\n<p class=\"has-text-color has-link-color wp-elements-d11d0f66dded029455c1c4eb9d02ca87\" style=\"color:#706f6f\"><em>\u00daltima actualizaci\u00f3n: febrero 2024<\/em><\/p>\n\n\n\n<div style=\"height:67px\" aria-hidden=\"true\" class=\"wp-block-spacer\"><\/div>\n","protected":false},"excerpt":{"rendered":"<p>Pol\u00edtica de privacidad Es compromiso de Grupo Ribera Salud el respeto a la privacidad de los usuarios y la protecci\u00f3n y seguridad de sus datos personales. Es por ello por lo que, de acuerdo con la normativa vigente en materia de protecci\u00f3n de datos (Reglamento (UE) 2016\/679 del Parlamento y del Consejo de 27 de &#8230;<\/p>\n","protected":false},"author":1,"featured_media":0,"parent":0,"menu_order":0,"comment_status":"closed","ping_status":"closed","template":"","meta":{"footnotes":""},"class_list":["post-3","page","type-page","status-publish","hentry"],"_links":{"self":[{"href":"https:\/\/riberasalud.com\/jornada-de-cuidados\/wp-json\/wp\/v2\/pages\/3","targetHints":{"allow":["GET"]}}],"collection":[{"href":"https:\/\/riberasalud.com\/jornada-de-cuidados\/wp-json\/wp\/v2\/pages"}],"about":[{"href":"https:\/\/riberasalud.com\/jornada-de-cuidados\/wp-json\/wp\/v2\/types\/page"}],"author":[{"embeddable":true,"href":"https:\/\/riberasalud.com\/jornada-de-cuidados\/wp-json\/wp\/v2\/users\/1"}],"replies":[{"embeddable":true,"href":"https:\/\/riberasalud.com\/jornada-de-cuidados\/wp-json\/wp\/v2\/comments?post=3"}],"version-history":[{"count":15,"href":"https:\/\/riberasalud.com\/jornada-de-cuidados\/wp-json\/wp\/v2\/pages\/3\/revisions"}],"predecessor-version":[{"id":4665,"href":"https:\/\/riberasalud.com\/jornada-de-cuidados\/wp-json\/wp\/v2\/pages\/3\/revisions\/4665"}],"wp:attachment":[{"href":"https:\/\/riberasalud.com\/jornada-de-cuidados\/wp-json\/wp\/v2\/media?parent=3"}],"curies":[{"name":"wp","href":"https:\/\/api.w.org\/{rel}","templated":true}]}}