{"version":"1.0","provider_name":"Hospital de Molina","provider_url":"https:\/\/riberasalud.com\/hospital-de-molina","author_name":"hmolina","author_url":"https:\/\/riberasalud.com\/hospital-de-molina\/author\/hmolina\/","title":"Jornada de Gesti\u00f3n de Enfermer\u00eda - Hospital de Molina","type":"rich","width":600,"height":338,"html":"<blockquote class=\"wp-embedded-content\" data-secret=\"KdrDUfqyZI\"><a href=\"https:\/\/riberasalud.com\/hospital-de-molina\/jornada-de-gestion-de-enfermeria\/\">Jornada de Gesti\u00f3n de Enfermer\u00eda<\/a><\/blockquote><iframe sandbox=\"allow-scripts\" security=\"restricted\" src=\"https:\/\/riberasalud.com\/hospital-de-molina\/jornada-de-gestion-de-enfermeria\/embed\/#?secret=KdrDUfqyZI\" width=\"600\" height=\"338\" title=\"\u00abJornada de Gesti\u00f3n de Enfermer\u00eda\u00bb \u2014 Hospital de Molina\" data-secret=\"KdrDUfqyZI\" frameborder=\"0\" marginwidth=\"0\" marginheight=\"0\" scrolling=\"no\" class=\"wp-embedded-content\"><\/iframe><script>\n\/*! This file is auto-generated *\/\n!function(d,l){\"use strict\";l.querySelector&&d.addEventListener&&\"undefined\"!=typeof URL&&(d.wp=d.wp||{},d.wp.receiveEmbedMessage||(d.wp.receiveEmbedMessage=function(e){var t=e.data;if((t||t.secret||t.message||t.value)&&!\/[^a-zA-Z0-9]\/.test(t.secret)){for(var s,r,n,a=l.querySelectorAll('iframe[data-secret=\"'+t.secret+'\"]'),o=l.querySelectorAll('blockquote[data-secret=\"'+t.secret+'\"]'),c=new RegExp(\"^https?:$\",\"i\"),i=0;i<o.length;i++)o[i].style.display=\"none\";for(i=0;i<a.length;i++)s=a[i],e.source===s.contentWindow&&(s.removeAttribute(\"style\"),\"height\"===t.message?(1e3<(r=parseInt(t.value,10))?r=1e3:~~r<200&&(r=200),s.height=r):\"link\"===t.message&&(r=new URL(s.getAttribute(\"src\")),n=new URL(t.value),c.test(n.protocol))&&n.host===r.host&&l.activeElement===s&&(d.top.location.href=t.value))}},d.addEventListener(\"message\",d.wp.receiveEmbedMessage,!1),l.addEventListener(\"DOMContentLoaded\",function(){for(var e,t,s=l.querySelectorAll(\"iframe.wp-embedded-content\"),r=0;r<s.length;r++)(t=(e=s[r]).getAttribute(\"data-secret\"))||(t=Math.random().toString(36).substring(2,12),e.src+=\"#?secret=\"+t,e.setAttribute(\"data-secret\",t)),e.contentWindow.postMessage({message:\"ready\",secret:t},\"*\")},!1)))}(window,document);\n\/\/# sourceURL=https:\/\/riberasalud.com\/hospital-de-molina\/wp-includes\/js\/wp-embed.min.js\n<\/script>\n","description":"24 febrero 2016.- La Uni\u00f3n Murciana de Hospitales y Cl\u00ednicas (UMHC), de la que forma parte el Hospital de Molina, organiza una jornada sobre Gesti\u00f3n de Enfermer\u00eda. El evento, que se celebrar\u00e1 el pr\u00f3ximo 1 de marzo, comenzar\u00e1 con una conferencia inaugural ofrecida por el director de enfermer\u00eda del \u00c1rea de Salud IX, Carlos Pe\u00f1a, ... Leer m\u00e1s","thumbnail_url":"https:\/\/riberasalud.com\/hospital-de-molina\/wp-content\/uploads\/2020\/05\/Foto1_0.jpg"}