{"id":3234,"date":"2025-09-18T12:13:24","date_gmt":"2025-09-18T10:13:24","guid":{"rendered":"https:\/\/riberasalud.com\/covadonga\/?page_id=3234"},"modified":"2025-09-24T15:48:09","modified_gmt":"2025-09-24T13:48:09","slug":"neumologia","status":"publish","type":"page","link":"https:\/\/riberasalud.com\/covadonga\/neumologia\/","title":{"rendered":"Neumolog\u00eda en Gij\u00f3n"},"content":{"rendered":"\n<div class=\"wp-block-cover alignfull bannerribera\" style=\"min-height:430px;aspect-ratio:unset;\" id=\"form\"><img loading=\"lazy\" decoding=\"async\" width=\"1920\" height=\"600\" class=\"wp-block-cover__image-background wp-image-3252 size-full\" alt=\"Servicio de Neumolog\u00eda Hospital Ribera Covadonga\" src=\"https:\/\/riberasalud.com\/covadonga\/wp-content\/uploads\/2025\/09\/vista-recortada-de-un-medico-borroso-que-examina-los-pulmones-1.jpg\" data-object-fit=\"cover\" srcset=\"https:\/\/riberasalud.com\/covadonga\/wp-content\/uploads\/2025\/09\/vista-recortada-de-un-medico-borroso-que-examina-los-pulmones-1.jpg 1920w, https:\/\/riberasalud.com\/covadonga\/wp-content\/uploads\/2025\/09\/vista-recortada-de-un-medico-borroso-que-examina-los-pulmones-1-300x94.jpg 300w, https:\/\/riberasalud.com\/covadonga\/wp-content\/uploads\/2025\/09\/vista-recortada-de-un-medico-borroso-que-examina-los-pulmones-1-1024x320.jpg 1024w, https:\/\/riberasalud.com\/covadonga\/wp-content\/uploads\/2025\/09\/vista-recortada-de-un-medico-borroso-que-examina-los-pulmones-1-768x240.jpg 768w, https:\/\/riberasalud.com\/covadonga\/wp-content\/uploads\/2025\/09\/vista-recortada-de-un-medico-borroso-que-examina-los-pulmones-1-1536x480.jpg 1536w\" sizes=\"auto, (max-width: 1920px) 100vw, 1920px\" \/><span aria-hidden=\"true\" class=\"wp-block-cover__background has-contrast-background-color has-background-dim\"><\/span><div class=\"wp-block-cover__inner-container is-layout-constrained wp-block-cover-is-layout-constrained\">\n<div class=\"wp-block-columns is-layout-flex wp-container-core-columns-is-layout-9d6595d7 wp-block-columns-is-layout-flex\">\n<div class=\"wp-block-column is-vertically-aligned-center is-layout-flow wp-block-column-is-layout-flow\" style=\"flex-basis:55%\">\n<h1 class=\"wp-block-heading has-text-align-left has-large-font-size\"><strong><strong>Neumolog\u00eda en Gij\u00f3n<\/strong><\/strong><\/h1>\n\n\n\n<p class=\"has-text-align-left\"><strong>En la unidad de Neumolog\u00eda del Hospital Ribera Covadonga en Gij\u00f3n<\/strong>\u00a0contamos con un equipo de especialistas con amplia experiencia en el diagn\u00f3stico y tratamiento de enfermedades respiratorias, tanto agudas como cr\u00f3nicas, en adultos y en ni\u00f1os a partir de los 7 a\u00f1os de edad. Nuestro objetivo es mejorar la calidad de vida de los pacientes con patolog\u00edas pulmonares, utilizando las t\u00e9cnicas m\u00e1s avanzadas en un entorno hospitalario de primer nivel.<\/p>\n<\/div>\n\n\n\n<div class=\"wp-block-column formgroup ocultarambos is-layout-flow wp-block-column-is-layout-flow\">\n<h2 class=\"wp-block-heading h2bottommargin has-text-color has-link-color wp-elements-6d38877540cb94eb3f4790dbe670ace0\" style=\"color:#d71029\"><strong>Pide tu cita m\u00e9dica<\/strong><\/h2>\n\n\n\n<p>D\u00e9janos tus datos y nuestro equipo te contactar\u00e1<\/p>\n\n\n\n<div class=\"wpcf7 no-js\" id=\"wpcf7-f2877-o1\" lang=\"es-ES\" dir=\"ltr\" data-wpcf7-id=\"2877\">\n<div class=\"screen-reader-response\"><p role=\"status\" aria-live=\"polite\" aria-atomic=\"true\"><\/p> <ul><\/ul><\/div>\n<form action=\"\/covadonga\/wp-json\/wp\/v2\/pages\/3234#wpcf7-f2877-o1\" method=\"post\" class=\"wpcf7-form init\" aria-label=\"Formulario de contacto\" novalidate=\"novalidate\" data-status=\"init\">\n<fieldset class=\"hidden-fields-container\"><input type=\"hidden\" name=\"_wpcf7\" value=\"2877\" \/><input type=\"hidden\" name=\"_wpcf7_version\" value=\"6.1.4\" \/><input type=\"hidden\" name=\"_wpcf7_locale\" value=\"es_ES\" \/><input type=\"hidden\" name=\"_wpcf7_unit_tag\" value=\"wpcf7-f2877-o1\" \/><input type=\"hidden\" name=\"_wpcf7_container_post\" value=\"0\" \/><input type=\"hidden\" name=\"_wpcf7_posted_data_hash\" value=\"\" \/><input type=\"hidden\" name=\"_wpcf7_recaptcha_response\" value=\"\" \/>\n<\/fieldset>\n<p><span class=\"wpcf7-form-control-wrap\" data-name=\"nombre\"><input size=\"40\" maxlength=\"400\" class=\"wpcf7-form-control wpcf7-text wpcf7-validates-as-required\" aria-required=\"true\" aria-invalid=\"false\" placeholder=\"Nombre y apellidos\" value=\"\" type=\"text\" name=\"nombre\" \/><\/span>\n<\/p>\n<p><span class=\"wpcf7-form-control-wrap\" data-name=\"email\"><input size=\"40\" maxlength=\"400\" class=\"wpcf7-form-control wpcf7-email wpcf7-validates-as-required wpcf7-text wpcf7-validates-as-email\" aria-required=\"true\" aria-invalid=\"false\" placeholder=\"Email\" value=\"\" type=\"email\" name=\"email\" \/><\/span>\n<\/p>\n<p><span class=\"wpcf7-form-control-wrap\" data-name=\"telefono\"><input size=\"40\" maxlength=\"400\" class=\"wpcf7-form-control wpcf7-tel wpcf7-text wpcf7-validates-as-tel\" aria-invalid=\"false\" placeholder=\"Tel\u00e9fono\" value=\"\" type=\"tel\" name=\"telefono\" \/><\/span>\n<\/p>\n<p><span class=\"wpcf7-form-control-wrap\" data-name=\"acceptance-704\"><span class=\"wpcf7-form-control wpcf7-acceptance\"><span class=\"wpcf7-list-item\"><label><input type=\"checkbox\" name=\"acceptance-704\" value=\"1\" aria-invalid=\"false\" \/><span class=\"wpcf7-list-item-label\">He le\u00eddo y acepto la <a href=\"https:\/\/www.riberasalud.com\/politica-de-privacidad\/\" target=\"_blank\">Pol\u00edtica de Privacidad<\/a><\/span><\/label><\/span><\/span><\/span>\n<\/p>\n<p><span class=\"wpcf7-form-control-wrap\" data-name=\"acceptance-705\"><span class=\"wpcf7-form-control wpcf7-acceptance optional\"><span class=\"wpcf7-list-item\"><label><input type=\"checkbox\" name=\"acceptance-705\" value=\"1\" aria-invalid=\"false\" \/><span class=\"wpcf7-list-item-label\">Acepto el env\u00edo de comunicaciones por RIBERA SALUD, S.A.U., con la finalidad de conocer las \u00faltimas novedades sobre salud<\/span><\/label><\/span><\/span><\/span>\n<\/p>\n<p><input class=\"wpcf7-form-control wpcf7-submit has-spinner\" type=\"submit\" value=\"Enviar\" \/>\n<\/p><div class=\"wpcf7-response-output\" aria-hidden=\"true\"><\/div>\n<\/form>\n<\/div>\n\n<\/div>\n<\/div>\n<\/div><\/div>\n\n\n\n<style>\n.page-id-2966 .equipomedico{padding-bottom:40px!important}\n@media screen and (max-width: 768px) {\n.page-id-2966 .equipomedico, .page-id-2966 .equipomedico .wp-block-group__inner-container{padding-bottom:0px!important}\n.page-id-2966 .listadodestacado .wp-container-core-columns-is-layout-9d6595d7 { gap: 0em }\n}\n\n<\/style>\n\n\n\n<div id=\"equipomedicoo\" class=\"wp-block-group equipomedicomas\"><div class=\"wp-block-group__inner-container is-layout-constrained wp-block-group-is-layout-constrained\">\n<h2 class=\"wp-block-heading\">Conoce a nuestros neum\u00f3logos en Gij\u00f3n<\/h2>\n\n\n\n<p>En el Hospital Ribera Covadonga contamos con un equipo comprometido con la salud respiratoria de nuestros pacientes, con formaci\u00f3n continua y experiencia en casos complejos.<\/p>\n\n\n\n<div class=\"wp-block-columns is-layout-flex wp-container-core-columns-is-layout-9d6595d7 wp-block-columns-is-layout-flex\">\n<div class=\"wp-block-column is-layout-flow wp-block-column-is-layout-flow\">\n<figure class=\"wp-block-image size-full is-resized is-style-rounded\"><img loading=\"lazy\" decoding=\"async\" width=\"600\" height=\"600\" src=\"https:\/\/riberasalud.com\/covadonga\/wp-content\/uploads\/2025\/09\/Luis_Molinos_Martin_neumologo.jpeg\" alt=\"Luis Molinos Marti\u0301n Neumo\u0301logo\" class=\"wp-image-3230\" style=\"object-fit:cover;width:200px;height:200px\" srcset=\"https:\/\/riberasalud.com\/covadonga\/wp-content\/uploads\/2025\/09\/Luis_Molinos_Martin_neumologo.jpeg 600w, https:\/\/riberasalud.com\/covadonga\/wp-content\/uploads\/2025\/09\/Luis_Molinos_Martin_neumologo-300x300.jpeg 300w, https:\/\/riberasalud.com\/covadonga\/wp-content\/uploads\/2025\/09\/Luis_Molinos_Martin_neumologo-150x150.jpeg 150w\" sizes=\"auto, (max-width: 600px) 100vw, 600px\" \/><\/figure>\n\n\n\n<h3 class=\"wp-block-heading nombre\">Dr. Luis Molinos Mart\u00edn<\/h3>\n\n\n\n<p>Neum\u00f3logo<\/p>\n<\/div>\n\n\n\n<div class=\"wp-block-column ocultarambos is-layout-flow wp-block-column-is-layout-flow\">\n<figure class=\"wp-block-image size-full is-resized is-style-rounded\"><img loading=\"lazy\" decoding=\"async\" width=\"600\" height=\"600\" src=\"https:\/\/riberasalud.com\/covadonga\/wp-content\/uploads\/2025\/09\/Monica-P.-Hein-Wertz.jpg\" alt=\"Mo\u0301nica P. Hein Wertz Neum\u00f3loga\" class=\"wp-image-3231\" style=\"object-fit:cover;width:200px;height:200px\" srcset=\"https:\/\/riberasalud.com\/covadonga\/wp-content\/uploads\/2025\/09\/Monica-P.-Hein-Wertz.jpg 600w, https:\/\/riberasalud.com\/covadonga\/wp-content\/uploads\/2025\/09\/Monica-P.-Hein-Wertz-300x300.jpg 300w, https:\/\/riberasalud.com\/covadonga\/wp-content\/uploads\/2025\/09\/Monica-P.-Hein-Wertz-150x150.jpg 150w\" sizes=\"auto, (max-width: 600px) 100vw, 600px\" \/><\/figure>\n\n\n\n<h3 class=\"wp-block-heading nombre\">Dra. M\u00f3nica P. Hein Wertz<\/h3>\n\n\n\n<p>Neum\u00f3loga<\/p>\n<\/div>\n<\/div>\n<\/div><\/div>\n\n\n\n<div class=\"wp-block-group gruposinmargen\"><div class=\"wp-block-group__inner-container is-layout-constrained wp-block-group-is-layout-constrained\">\n<h2 class=\"wp-block-heading has-text-align-left\"><strong><strong>\u00bfQu\u00e9 es la neumolog\u00eda?<\/strong><\/strong><\/h2>\n\n\n\n<p class=\"has-text-align-left\">La neumolog\u00eda es la especialidad m\u00e9dica que se ocupa del estudio, diagn\u00f3stico, tratamiento y prevenci\u00f3n de las enfermedades del aparato respiratorio. Abarca patolog\u00edas que afectan a los bronquios, pulmones, pleura y v\u00edas respiratorias superiores. En el Hospital Ribera Covadonga, nuestros especialistas en neumolog\u00eda tratan afecciones como el asma, la EPOC, las neumon\u00edas, y tambi\u00e9n realizan el despistaje del c\u00e1ncer de pulm\u00f3n y el manejo de la apnea del sue\u00f1o.<\/p>\n<\/div><\/div>\n\n\n\n<div class=\"wp-block-group listadodestacado\"><div class=\"wp-block-group__inner-container is-layout-constrained wp-block-group-is-layout-constrained\">\n<h2 class=\"wp-block-heading has-text-align-left\">\u00bfA qui\u00e9n est\u00e1 dirigida la consulta? Cuidado experto para tu salud respiratoria con pruebas diagn\u00f3sticas avanzadas<\/h2>\n\n\n\n<p class=\"has-text-align-left\"><strong>El servicio de Neumolog\u00eda est\u00e1 dirigido a adultos y a ni\u00f1os a partir de los 7 a\u00f1os<\/strong>\u00a0con s\u00edntomas respiratorios o enfermedades pulmonares. Ofrecemos una atenci\u00f3n integral con pruebas diagn\u00f3sticas avanzadas como espirometr\u00edas, estudios del sue\u00f1o y TAC pulmonar de baja radiaci\u00f3n, fundamentales para un diagn\u00f3stico preciso y un tratamiento eficaz.<\/p>\n\n\n\n<p class=\"has-text-align-left\"><\/p>\n\n\n\n<div style=\"height:10px\" aria-hidden=\"true\" class=\"wp-block-spacer\"><\/div>\n<\/div><\/div>\n\n\n\n<div id=\"porquelegirnos\" class=\"wp-block-group bannerrojoservicios\"><div class=\"wp-block-group__inner-container is-layout-constrained wp-block-group-is-layout-constrained\">\n<div class=\"wp-block-columns is-layout-flex wp-container-core-columns-is-layout-9d6595d7 wp-block-columns-is-layout-flex\">\n<div class=\"wp-block-column is-vertically-aligned-center listaiconos is-layout-flow wp-block-column-is-layout-flow\">\n<h2 class=\"wp-block-heading\"><strong>\u00bfPor qu\u00e9 elegir nuestro servicio de neumolog\u00eda en Gij\u00f3n?<\/strong><\/h2>\n\n\n\n<div class=\"wp-block-columns is-layout-flex wp-container-core-columns-is-layout-9d6595d7 wp-block-columns-is-layout-flex\">\n<div class=\"wp-block-column is-layout-flow wp-block-column-is-layout-flow\">\n<p><strong>\u2713 Especialistas con experiencia <\/strong>en el diagn\u00f3stico y tratamiento de patolog\u00edas respiratorias.<\/p>\n\n\n\n<p><strong>\u2713 Atenci\u00f3n a adultos y a ni\u00f1os a partir de los 7 a\u00f1os.<\/strong><\/p>\n\n\n\n<p><strong>\u2713 <\/strong>T<strong>ecnolog\u00eda avanzada<\/strong> para un diagn\u00f3stico r\u00e1pido y preciso (TAC de baja radiaci\u00f3n, espirometr\u00eda, estudios del sue\u00f1o).<\/p>\n\n\n\n<p><strong>\u2713 Enfoque integral y personalizado<\/strong>, adaptado a cada paciente.<\/p>\n\n\n\n<p><strong>\u2713 Ubicaci\u00f3n hospitalaria<\/strong> con acceso a otras especialidades y pruebas complementarias.<\/p>\n<\/div>\n<\/div>\n<\/div>\n\n\n\n<div class=\"wp-block-column is-layout-flow wp-block-column-is-layout-flow\">\n<figure class=\"wp-block-image size-full\"><img loading=\"lazy\" decoding=\"async\" width=\"800\" height=\"533\" src=\"https:\/\/riberasalud.com\/covadonga\/wp-content\/uploads\/2025\/09\/vista-lateral-medico-revisando-radiografia.jpg\" alt=\"Servicio de Neumolog\u00eda Hospital Ribera Covadonga\" class=\"wp-image-3254\" srcset=\"https:\/\/riberasalud.com\/covadonga\/wp-content\/uploads\/2025\/09\/vista-lateral-medico-revisando-radiografia.jpg 800w, https:\/\/riberasalud.com\/covadonga\/wp-content\/uploads\/2025\/09\/vista-lateral-medico-revisando-radiografia-300x200.jpg 300w, https:\/\/riberasalud.com\/covadonga\/wp-content\/uploads\/2025\/09\/vista-lateral-medico-revisando-radiografia-768x512.jpg 768w\" sizes=\"auto, (max-width: 800px) 100vw, 800px\" \/><\/figure>\n<\/div>\n<\/div>\n<\/div><\/div>\n\n\n\n<div id=\"queteofrecemos\" class=\"wp-block-group queteofrecemos\"><div class=\"wp-block-group__inner-container is-layout-constrained wp-block-group-is-layout-constrained\">\n<h2 class=\"wp-block-heading has-text-align-left\"><strong>Tratamientos y patolog\u00edas que abordamos<\/strong><\/h2>\n\n\n\n<div style=\"height:10px\" aria-hidden=\"true\" class=\"wp-block-spacer onlydesktop\"><\/div>\n\n\n\n<div style=\"height:30px\" aria-hidden=\"true\" class=\"wp-block-spacer\"><\/div>\n\n\n\n<div class=\"wp-block-columns is-layout-flex wp-container-core-columns-is-layout-9d6595d7 wp-block-columns-is-layout-flex\">\n<div class=\"wp-block-column is-layout-flow wp-block-column-is-layout-flow\">\n<h3 class=\"wp-block-heading\"><strong><strong>Enfermedades infecciosas bronquiales y pulmonares (especialmente neumon\u00edas<\/strong><\/strong><\/h3>\n\n\n\n<p>Diagn\u00f3stico y tratamiento de infecciones respiratorias agudas y cr\u00f3nicas, como las neumon\u00edas, con seguimiento m\u00e9dico especializado.<\/p>\n<\/div>\n\n\n\n<div class=\"wp-block-column is-layout-flow wp-block-column-is-layout-flow\">\n<h3 class=\"wp-block-heading\"><strong><strong>Asma<\/strong><\/strong><\/h3>\n\n\n\n<p>Control personalizado del asma bronquial para controlar los s\u00edntomas y mejorar la calidad de vida del paciente.<\/p>\n<\/div>\n\n\n\n<div class=\"wp-block-column is-layout-flow wp-block-column-is-layout-flow\">\n<h3 class=\"wp-block-heading\"><strong><strong>Enfermedad pulmonar obstructiva cr\u00f3nica (EPOC)<\/strong><\/strong><\/h3>\n\n\n\n<p>Tratamiento integral para frenar el avance de la EPOC y reducir las exacerbaciones.<\/p>\n<\/div>\n\n\n\n<div class=\"wp-block-column is-layout-flow wp-block-column-is-layout-flow\">\n<h3 class=\"wp-block-heading\"><strong><strong><strong>Despistaje y estudio del carcinoma pulmonar<\/strong><\/strong><\/strong><\/h3>\n\n\n\n<p>T\u00e9cnicas de imagen y pruebas espec\u00edficas para la detecci\u00f3n precoz del c\u00e1ncer de pulm\u00f3n.<\/p>\n<\/div>\n\n\n\n<div class=\"wp-block-column is-layout-flow wp-block-column-is-layout-flow\">\n<h3 class=\"wp-block-heading\"><strong><strong><strong>Diagn\u00f3stico y tratamiento de la apnea obstructiva del sue\u00f1o (AOS)<\/strong><\/strong><\/strong><\/h3>\n\n\n\n<p>Evaluaci\u00f3n y abordaje completo de los trastornos respiratorios del sue\u00f1o mediante estudios del sue\u00f1o.<\/p>\n<\/div>\n<\/div>\n\n\n\n<div style=\"height:30px\" aria-hidden=\"true\" class=\"wp-block-spacer\"><\/div>\n\n\n\n<div class=\"wp-block-columns is-layout-flex wp-container-core-columns-is-layout-9d6595d7 wp-block-columns-is-layout-flex\">\n<div class=\"wp-block-column is-layout-flow wp-block-column-is-layout-flow\">\n<h3 class=\"wp-block-heading\"><strong><strong>Enfermedades profesionales respiratorias<\/strong><\/strong><\/h3>\n\n\n\n<p>Diagn\u00f3stico de patolog\u00edas respiratorias derivadas de la exposici\u00f3n laboral a sustancias nocivas.<\/p>\n<\/div>\n\n\n\n<div class=\"wp-block-column is-layout-flow wp-block-column-is-layout-flow\">\n<h3 class=\"wp-block-heading\"><strong><strong>Espirometr\u00eda simple y tras broncodilatadores<\/strong><\/strong><\/h3>\n\n\n\n<p>Pruebas funcionales respiratorias clave para valorar el estado del pulm\u00f3n y la respuesta al tratamiento.<\/p>\n<\/div>\n\n\n\n<div class=\"wp-block-column is-layout-flow wp-block-column-is-layout-flow\">\n<h3 class=\"wp-block-heading\"><strong><strong>Patolog\u00eda pleural<\/strong><\/strong><\/h3>\n\n\n\n<p>Estudio y tratamiento de enfermedades que afectan a la pleura, como derrames pleurales o neumot\u00f3rax.<\/p>\n<\/div>\n\n\n\n<div class=\"wp-block-column is-layout-flow wp-block-column-is-layout-flow\">\n<h3 class=\"wp-block-heading\"><strong><strong><strong>Deshabituaci\u00f3n tab\u00e1quica<\/strong><\/strong><\/strong><\/h3>\n\n\n\n<p>Programas de ayuda m\u00e9dica y seguimiento para dejar de fumar y prevenir enfermedades respiratorias.<\/p>\n<\/div>\n\n\n\n<div class=\"wp-block-column is-layout-flow wp-block-column-is-layout-flow\">\n<h3 class=\"wp-block-heading\"><strong><strong><strong>TAC pulmonar de baja radiaci\u00f3n para la detecci\u00f3n del c\u00e1ncer de pulm\u00f3n<\/strong><\/strong><\/strong><\/h3>\n\n\n\n<p>Prueba de imagen avanzada que permite detectar lesiones pulmonares en fases tempranas con m\u00ednima exposici\u00f3n a radiaci\u00f3n.<\/p>\n<\/div>\n<\/div>\n\n\n\n<div style=\"height:20px\" aria-hidden=\"true\" class=\"wp-block-spacer\"><\/div>\n\n\n\n<div style=\"height:10px\" aria-hidden=\"true\" class=\"wp-block-spacer\"><\/div>\n<\/div><\/div>\n\n\n\n<div class=\"wp-block-group alignfull has-background\" id=\"accionespreventivas\" style=\"background-color:#d71029\"><div class=\"wp-block-group__inner-container is-layout-constrained wp-block-group-is-layout-constrained\">\n<div class=\"wp-block-columns is-layout-flex wp-container-core-columns-is-layout-9d6595d7 wp-block-columns-is-layout-flex\">\n<div class=\"wp-block-column is-layout-flow wp-block-column-is-layout-flow\" style=\"flex-basis:66.66%\">\n<h3 class=\"wp-block-heading has-text-align-left has-base-3-color has-text-color has-link-color wp-elements-c73e2290543c1e3d0631a2aeabd13a0f\" style=\"font-size:20px\">Conf\u00eda en nuestros especialistas en salud respiratoria.<br><strong>Pide tu cita hoy mismo<\/strong><\/h3>\n<\/div>\n\n\n\n<div class=\"wp-block-column is-layout-flow wp-block-column-is-layout-flow\" style=\"flex-basis:33.33%\">\n<div class=\"wp-block-buttons is-content-justification-left is-layout-flex wp-container-core-buttons-is-layout-fdcfc74e wp-block-buttons-is-layout-flex\">\n<div class=\"wp-block-button is-style-outline botonlinered botonlineredbig is-style-outline--1\"><a class=\"wp-block-button__link has-base-3-background-color has-text-color has-background has-link-color wp-element-button\" href=\"https:\/\/riberasalud.com\/covadonga\/#cita\" style=\"border-radius:50px;color:#d71029\">Pide tu cita<\/a><\/div>\n<\/div>\n<\/div>\n<\/div>\n<\/div><\/div>\n\n\n\n<div id=\"preguntasfrecuentes\" class=\"wp-block-group\"><div class=\"wp-block-group__inner-container is-layout-constrained wp-block-group-is-layout-constrained\">\n<h2 class=\"wp-block-heading\">Preguntas frecuentes<\/h2>\n\n\n\n<div class=\"bloqueacordeon\">\n<div class=\"accordion\" style=\"width:100%\"><span class=\"tituloaccordion\">\n\u00bfCu\u00e1ndo debo acudir al neum\u00f3logo?\n\n<\/span><span class=\"plus\">+<\/span><\/div>\n<div class=\"panel\" style=\"display:none\">\n  <p>\nDeber\u00edas consultar a un neum\u00f3logo si tienes tos persistente, dificultad para respirar, dolor en el pecho al respirar, sibilancias o antecedentes familiares de enfermedades pulmonares. Tambi\u00e9n si eres fumador o has estado expuesto a factores de riesgo respiratorio.\n\n<\/p>\n<\/div>\n<div class=\"accordion\" style=\"width:100%\"><span class=\"tituloaccordion\">\nTengo una tos persistente desde hace semanas, a veces con algo de sangre. \u00bfDebo acudir al neum\u00f3logo?\n\n<\/span><span class=\"plus\">+<\/span><\/div>\n<div class=\"panel\" style=\"display:none\">\n  <p>\nS\u00ed, es importante acudir cuanto antes. La tos cr\u00f3nica, especialmente si presenta sangre, puede ser un signo de una enfermedad respiratoria grave que necesita evaluaci\u00f3n m\u00e9dica inmediata.\n\n \n\n<\/p>\n<\/div>\n<div class=\"accordion\" style=\"width:100%\"><span class=\"tituloaccordion\">\nSoy fumador desde hace a\u00f1os. \u00bfC\u00f3mo puede ayudarme la neumolog\u00eda?\n\n<\/span><span class=\"plus\">+<\/span><\/div>\n<div class=\"panel\" style=\"display:none\">\n  <p>\nEl neum\u00f3logo puede ayudarte a prevenir y tratar enfermedades respiratorias relacionadas con el tabaquismo. Tambi\u00e9n ofrecemos programas de deshabituaci\u00f3n tab\u00e1quica personalizados para ayudarte a dejar de fumar.\n\n<\/p>\n\n\n<\/div>\n<div class=\"accordion\" style=\"width:100%\"><span class=\"tituloaccordion\">\nAcaban de diagnosticarme EPOC. \u00bfPuedo mejorar con tratamiento y atenci\u00f3n m\u00e9dica?\n\n<\/span><span class=\"plus\">+<\/span><\/div>\n<div class=\"panel\" style=\"display:none\">\n  <p>\nS\u00ed. Aunque la EPOC no tiene cura, un tratamiento adecuado puede ralentizar su progresi\u00f3n, aliviar los s\u00edntomas y mejorar tu calidad de vida. El seguimiento m\u00e9dico es clave.\n\n<\/p>\n<\/div>\n<div class=\"accordion\" style=\"width:100%\"><span class=\"tituloaccordion\">\n\u00daltimamente respiro con dificultad al hacer cualquier esfuerzo, como subir escaleras. \u00bfEs grave?\n\n<\/span><span class=\"plus\">+<\/span><\/div>\n<div class=\"panel\" style=\"display:none\">\n  <p>\nPuede ser un s\u00edntoma de una enfermedad respiratoria o cardiovascular. Lo m\u00e1s recomendable es realizar una evaluaci\u00f3n con el especialista en neumolog\u00eda para descartar patolog\u00edas como la EPOC, el asma o insuficiencia card\u00edaca.\n\n<\/p>\n<\/div>\n<div class=\"accordion\" style=\"width:100%\"><span class=\"tituloaccordion\">\n\u00bfEl tratamiento para dejar de fumar es efectivo?\u2028\n\n<\/span><span class=\"plus\">+<\/span><\/div>\n<div class=\"panel\" style=\"display:none\">\n  <p>\nS\u00ed. Nuestro programa de deshabituaci\u00f3n combina apoyo m\u00e9dico y terapias personalizadas para aumentar las probabilidades de \u00e9xito.\n\n<\/p>\n<\/div>\n<div class=\"accordion\" style=\"width:100%\"><span class=\"tituloaccordion\">\n\u00bfLa apnea del sue\u00f1o tiene tratamiento?\n\n\n<\/span><span class=\"plus\">+<\/span><\/div>\n<div class=\"panel\" style=\"display:none\">\n  <p>\nS\u00ed. Se puede tratar con medidas higi\u00e9nico-diet\u00e9ticas, dispositivos CPAP o cirug\u00eda, seg\u00fan el caso.\n\n<\/p>\n<\/div>\n\n<\/div>\n\n<script>\nvar acc = document.getElementsByClassName(\"accordion\");\nvar i;\n\nfor (i = 0; i < acc.length; i++) {\n  acc[i].addEventListener(\"click\", function() {\n    var panel = this.nextElementSibling;\n    if (panel.style.display === \"block\") {document.getElementsByClassName('active')[0].getElementsByClassName('plus')[0].innerHTML=\"+\" ;}\n    this.classList.toggle(\"active\");\n\n    if (panel.style.display === \"block\") {\n      panel.style.display = \"none\";\n\n    } else {\n      panel.style.display = \"block\";\ndocument.getElementsByClassName('active')[0].getElementsByClassName('plus')[0].innerHTML=\"-\" ;\n    }\n  });\n}\n<\/script>\n<\/div><\/div>\n\n\n\n<div style=\"height:10px\" aria-hidden=\"true\" class=\"wp-block-spacer\"><\/div>\n\n\n\n<div id=\"preguntasfrecuentes\" class=\"wp-block-group groupnomargin\"><div class=\"wp-block-group__inner-container is-layout-constrained wp-block-group-is-layout-constrained\">\n<h2 class=\"wp-block-heading\">Servicios relacionados<\/h2>\n<\/div><\/div>\n\n\n\n<div class=\"wp-block-group modulopildorahorizontal\"><div class=\"wp-block-group__inner-container is-layout-constrained wp-block-group-is-layout-constrained\">\n<div class=\"wp-block-columns is-layout-flex wp-container-core-columns-is-layout-9d6595d7 wp-block-columns-is-layout-flex\">\n<div class=\"wp-block-column is-layout-flow wp-block-column-is-layout-flow\" style=\"flex-basis:55%\">\n<figure class=\"wp-block-image size-full\"><img loading=\"lazy\" decoding=\"async\" width=\"768\" height=\"409\" src=\"https:\/\/riberasalud.com\/covadonga\/wp-content\/uploads\/2025\/07\/Medicina-General-en-Gijon.jpg\" alt=\"Medicina General en Gij\u00f3n\" class=\"wp-image-3002\" srcset=\"https:\/\/riberasalud.com\/covadonga\/wp-content\/uploads\/2025\/07\/Medicina-General-en-Gijon.jpg 768w, https:\/\/riberasalud.com\/covadonga\/wp-content\/uploads\/2025\/07\/Medicina-General-en-Gijon-300x160.jpg 300w\" sizes=\"auto, (max-width: 768px) 100vw, 768px\" \/><\/figure>\n<\/div>\n\n\n\n<div class=\"wp-block-column is-vertically-aligned-center is-layout-flow wp-block-column-is-layout-flow\">\n<h2 class=\"wp-block-heading\">Medicina de familia y general<\/h2>\n\n\n\n<div class=\"wp-block-buttons is-content-justification-left is-layout-flex wp-container-core-buttons-is-layout-fdcfc74e wp-block-buttons-is-layout-flex\">\n<div class=\"wp-block-button is-style-outline botonlinered is-style-outline--2\"><a class=\"wp-block-button__link has-text-color has-background has-link-color wp-element-button\" href=\"https:\/\/riberasalud.com\/covadonga\/medicina-general\/\" style=\"border-radius:50px;color:#d71029;background-color:#f2f2f2\">Ver servicio<\/a><\/div>\n<\/div>\n<\/div>\n<\/div>\n<\/div><\/div>\n\n\n\n<p><\/p>\n","protected":false},"excerpt":{"rendered":"<p>Conoce a nuestros neum\u00f3logos en Gij\u00f3n En el Hospital Ribera Covadonga contamos con un equipo comprometido con la salud respiratoria de nuestros pacientes, con formaci\u00f3n continua y experiencia en casos complejos. Dr. Luis Molinos Mart\u00edn Neum\u00f3logo Dra. M\u00f3nica P. Hein Wertz Neum\u00f3loga \u00bfQu\u00e9 es la neumolog\u00eda? La neumolog\u00eda es la especialidad m\u00e9dica que se ocupa &#8230; <\/p>\n<p class=\"read-more-container\"><a title=\"Neumolog\u00eda en Gij\u00f3n\" class=\"read-more button\" href=\"https:\/\/riberasalud.com\/covadonga\/neumologia\/#more-3234\" aria-label=\"Leer m\u00e1s sobre Neumolog\u00eda en Gij\u00f3n\">Leer m\u00e1s<\/a><\/p>\n","protected":false},"author":2,"featured_media":0,"parent":0,"menu_order":0,"comment_status":"closed","ping_status":"closed","template":"","meta":{"footnotes":""},"class_list":["post-3234","page","type-page","status-publish"],"yoast_head":"<!-- This site is optimized with the Yoast SEO plugin v26.6 - https:\/\/yoast.com\/wordpress\/plugins\/seo\/ -->\n<title>Neumolog\u00eda en Gij\u00f3n - Hospital de Covadonga<\/title>\n<meta name=\"description\" content=\"Contamos con un equipo de especialistas con amplia experiencia en el diagn\u00f3stico y tratamiento de enfermedades respiratorias, tanto agudas como cr\u00f3nicas, en ni\u00f1os y adultos.\" \/>\n<meta name=\"robots\" content=\"index, follow, max-snippet:-1, max-image-preview:large, max-video-preview:-1\" \/>\n<link rel=\"canonical\" href=\"https:\/\/riberasalud.com\/covadonga\/neumologia\/\" \/>\n<meta property=\"og:locale\" content=\"es_ES\" \/>\n<meta property=\"og:type\" content=\"article\" \/>\n<meta property=\"og:title\" content=\"Neumolog\u00eda en Gij\u00f3n - Hospital de Covadonga\" \/>\n<meta property=\"og:description\" content=\"Contamos con un equipo de especialistas con amplia experiencia en el diagn\u00f3stico y tratamiento de enfermedades respiratorias, tanto agudas como cr\u00f3nicas, en ni\u00f1os y adultos.\" \/>\n<meta property=\"og:url\" content=\"https:\/\/riberasalud.com\/covadonga\/neumologia\/\" \/>\n<meta property=\"og:site_name\" content=\"Hospital de Covadonga\" \/>\n<meta property=\"article:modified_time\" content=\"2025-09-24T13:48:09+00:00\" \/>\n<meta property=\"og:image\" content=\"https:\/\/riberasalud.com\/covadonga\/wp-content\/uploads\/2025\/09\/vista-recortada-de-un-medico-borroso-que-examina-los-pulmones-1.jpg\" \/>\n\t<meta property=\"og:image:width\" content=\"1920\" \/>\n\t<meta property=\"og:image:height\" content=\"600\" \/>\n\t<meta property=\"og:image:type\" content=\"image\/jpeg\" \/>\n<meta name=\"twitter:card\" content=\"summary_large_image\" \/>\n<meta name=\"twitter:label1\" content=\"Tiempo de lectura\" \/>\n\t<meta name=\"twitter:data1\" content=\"5 minutos\" \/>\n<script type=\"application\/ld+json\" class=\"yoast-schema-graph\">{\"@context\":\"https:\/\/schema.org\",\"@graph\":[{\"@type\":\"WebPage\",\"@id\":\"https:\/\/riberasalud.com\/covadonga\/neumologia\/\",\"url\":\"https:\/\/riberasalud.com\/covadonga\/neumologia\/\",\"name\":\"Neumolog\u00eda en Gij\u00f3n - Hospital de Covadonga\",\"isPartOf\":{\"@id\":\"https:\/\/riberasalud.com\/covadonga\/#website\"},\"primaryImageOfPage\":{\"@id\":\"https:\/\/riberasalud.com\/covadonga\/neumologia\/#primaryimage\"},\"image\":{\"@id\":\"https:\/\/riberasalud.com\/covadonga\/neumologia\/#primaryimage\"},\"thumbnailUrl\":\"https:\/\/riberasalud.com\/covadonga\/wp-content\/uploads\/2025\/09\/vista-recortada-de-un-medico-borroso-que-examina-los-pulmones-1.jpg\",\"datePublished\":\"2025-09-18T10:13:24+00:00\",\"dateModified\":\"2025-09-24T13:48:09+00:00\",\"description\":\"Contamos con un equipo de especialistas con amplia experiencia en el diagn\u00f3stico y tratamiento de enfermedades respiratorias, tanto agudas como cr\u00f3nicas, en ni\u00f1os y adultos.\",\"breadcrumb\":{\"@id\":\"https:\/\/riberasalud.com\/covadonga\/neumologia\/#breadcrumb\"},\"inLanguage\":\"es\",\"potentialAction\":[{\"@type\":\"ReadAction\",\"target\":[\"https:\/\/riberasalud.com\/covadonga\/neumologia\/\"]}]},{\"@type\":\"ImageObject\",\"inLanguage\":\"es\",\"@id\":\"https:\/\/riberasalud.com\/covadonga\/neumologia\/#primaryimage\",\"url\":\"https:\/\/riberasalud.com\/covadonga\/wp-content\/uploads\/2025\/09\/vista-recortada-de-un-medico-borroso-que-examina-los-pulmones-1.jpg\",\"contentUrl\":\"https:\/\/riberasalud.com\/covadonga\/wp-content\/uploads\/2025\/09\/vista-recortada-de-un-medico-borroso-que-examina-los-pulmones-1.jpg\",\"width\":1920,\"height\":600,\"caption\":\"Servicio de Neumolog\u00eda Hospital Ribera Covadonga\"},{\"@type\":\"BreadcrumbList\",\"@id\":\"https:\/\/riberasalud.com\/covadonga\/neumologia\/#breadcrumb\",\"itemListElement\":[{\"@type\":\"ListItem\",\"position\":1,\"name\":\"Portada\",\"item\":\"https:\/\/riberasalud.com\/covadonga\/\"},{\"@type\":\"ListItem\",\"position\":2,\"name\":\"Neumolog\u00eda en Gij\u00f3n\"}]},{\"@type\":\"WebSite\",\"@id\":\"https:\/\/riberasalud.com\/covadonga\/#website\",\"url\":\"https:\/\/riberasalud.com\/covadonga\/\",\"name\":\"Hospital de Covadonga\",\"description\":\"\",\"publisher\":{\"@id\":\"https:\/\/riberasalud.com\/covadonga\/#organization\"},\"potentialAction\":[{\"@type\":\"SearchAction\",\"target\":{\"@type\":\"EntryPoint\",\"urlTemplate\":\"https:\/\/riberasalud.com\/covadonga\/?s={search_term_string}\"},\"query-input\":{\"@type\":\"PropertyValueSpecification\",\"valueRequired\":true,\"valueName\":\"search_term_string\"}}],\"inLanguage\":\"es\"},{\"@type\":\"Organization\",\"@id\":\"https:\/\/riberasalud.com\/covadonga\/#organization\",\"name\":\"Hospital de Covadonga\",\"url\":\"https:\/\/riberasalud.com\/covadonga\/\",\"logo\":{\"@type\":\"ImageObject\",\"inLanguage\":\"es\",\"@id\":\"https:\/\/riberasalud.com\/covadonga\/#\/schema\/logo\/image\/\",\"url\":\"https:\/\/riberasalud.com\/covadonga\/wp-content\/uploads\/2024\/09\/cropped-LogoCovadonga_Mesa-de-trabajo-1.png\",\"contentUrl\":\"https:\/\/riberasalud.com\/covadonga\/wp-content\/uploads\/2024\/09\/cropped-LogoCovadonga_Mesa-de-trabajo-1.png\",\"width\":734,\"height\":212,\"caption\":\"Hospital de Covadonga\"},\"image\":{\"@id\":\"https:\/\/riberasalud.com\/covadonga\/#\/schema\/logo\/image\/\"}}]}<\/script>\n<!-- \/ Yoast SEO plugin. -->","yoast_head_json":{"title":"Neumolog\u00eda en Gij\u00f3n - Hospital de Covadonga","description":"Contamos con un equipo de especialistas con amplia experiencia en el diagn\u00f3stico y tratamiento de enfermedades respiratorias, tanto agudas como cr\u00f3nicas, en ni\u00f1os y adultos.","robots":{"index":"index","follow":"follow","max-snippet":"max-snippet:-1","max-image-preview":"max-image-preview:large","max-video-preview":"max-video-preview:-1"},"canonical":"https:\/\/riberasalud.com\/covadonga\/neumologia\/","og_locale":"es_ES","og_type":"article","og_title":"Neumolog\u00eda en Gij\u00f3n - Hospital de Covadonga","og_description":"Contamos con un equipo de especialistas con amplia experiencia en el diagn\u00f3stico y tratamiento de enfermedades respiratorias, tanto agudas como cr\u00f3nicas, en ni\u00f1os y adultos.","og_url":"https:\/\/riberasalud.com\/covadonga\/neumologia\/","og_site_name":"Hospital de Covadonga","article_modified_time":"2025-09-24T13:48:09+00:00","og_image":[{"width":1920,"height":600,"url":"https:\/\/riberasalud.com\/covadonga\/wp-content\/uploads\/2025\/09\/vista-recortada-de-un-medico-borroso-que-examina-los-pulmones-1.jpg","type":"image\/jpeg"}],"twitter_card":"summary_large_image","twitter_misc":{"Tiempo de lectura":"5 minutos"},"schema":{"@context":"https:\/\/schema.org","@graph":[{"@type":"WebPage","@id":"https:\/\/riberasalud.com\/covadonga\/neumologia\/","url":"https:\/\/riberasalud.com\/covadonga\/neumologia\/","name":"Neumolog\u00eda en Gij\u00f3n - Hospital de Covadonga","isPartOf":{"@id":"https:\/\/riberasalud.com\/covadonga\/#website"},"primaryImageOfPage":{"@id":"https:\/\/riberasalud.com\/covadonga\/neumologia\/#primaryimage"},"image":{"@id":"https:\/\/riberasalud.com\/covadonga\/neumologia\/#primaryimage"},"thumbnailUrl":"https:\/\/riberasalud.com\/covadonga\/wp-content\/uploads\/2025\/09\/vista-recortada-de-un-medico-borroso-que-examina-los-pulmones-1.jpg","datePublished":"2025-09-18T10:13:24+00:00","dateModified":"2025-09-24T13:48:09+00:00","description":"Contamos con un equipo de especialistas con amplia experiencia en el diagn\u00f3stico y tratamiento de enfermedades respiratorias, tanto agudas como cr\u00f3nicas, en ni\u00f1os y adultos.","breadcrumb":{"@id":"https:\/\/riberasalud.com\/covadonga\/neumologia\/#breadcrumb"},"inLanguage":"es","potentialAction":[{"@type":"ReadAction","target":["https:\/\/riberasalud.com\/covadonga\/neumologia\/"]}]},{"@type":"ImageObject","inLanguage":"es","@id":"https:\/\/riberasalud.com\/covadonga\/neumologia\/#primaryimage","url":"https:\/\/riberasalud.com\/covadonga\/wp-content\/uploads\/2025\/09\/vista-recortada-de-un-medico-borroso-que-examina-los-pulmones-1.jpg","contentUrl":"https:\/\/riberasalud.com\/covadonga\/wp-content\/uploads\/2025\/09\/vista-recortada-de-un-medico-borroso-que-examina-los-pulmones-1.jpg","width":1920,"height":600,"caption":"Servicio de Neumolog\u00eda Hospital Ribera Covadonga"},{"@type":"BreadcrumbList","@id":"https:\/\/riberasalud.com\/covadonga\/neumologia\/#breadcrumb","itemListElement":[{"@type":"ListItem","position":1,"name":"Portada","item":"https:\/\/riberasalud.com\/covadonga\/"},{"@type":"ListItem","position":2,"name":"Neumolog\u00eda en Gij\u00f3n"}]},{"@type":"WebSite","@id":"https:\/\/riberasalud.com\/covadonga\/#website","url":"https:\/\/riberasalud.com\/covadonga\/","name":"Hospital de Covadonga","description":"","publisher":{"@id":"https:\/\/riberasalud.com\/covadonga\/#organization"},"potentialAction":[{"@type":"SearchAction","target":{"@type":"EntryPoint","urlTemplate":"https:\/\/riberasalud.com\/covadonga\/?s={search_term_string}"},"query-input":{"@type":"PropertyValueSpecification","valueRequired":true,"valueName":"search_term_string"}}],"inLanguage":"es"},{"@type":"Organization","@id":"https:\/\/riberasalud.com\/covadonga\/#organization","name":"Hospital de Covadonga","url":"https:\/\/riberasalud.com\/covadonga\/","logo":{"@type":"ImageObject","inLanguage":"es","@id":"https:\/\/riberasalud.com\/covadonga\/#\/schema\/logo\/image\/","url":"https:\/\/riberasalud.com\/covadonga\/wp-content\/uploads\/2024\/09\/cropped-LogoCovadonga_Mesa-de-trabajo-1.png","contentUrl":"https:\/\/riberasalud.com\/covadonga\/wp-content\/uploads\/2024\/09\/cropped-LogoCovadonga_Mesa-de-trabajo-1.png","width":734,"height":212,"caption":"Hospital de Covadonga"},"image":{"@id":"https:\/\/riberasalud.com\/covadonga\/#\/schema\/logo\/image\/"}}]}},"_links":{"self":[{"href":"https:\/\/riberasalud.com\/covadonga\/wp-json\/wp\/v2\/pages\/3234","targetHints":{"allow":["GET"]}}],"collection":[{"href":"https:\/\/riberasalud.com\/covadonga\/wp-json\/wp\/v2\/pages"}],"about":[{"href":"https:\/\/riberasalud.com\/covadonga\/wp-json\/wp\/v2\/types\/page"}],"author":[{"embeddable":true,"href":"https:\/\/riberasalud.com\/covadonga\/wp-json\/wp\/v2\/users\/2"}],"replies":[{"embeddable":true,"href":"https:\/\/riberasalud.com\/covadonga\/wp-json\/wp\/v2\/comments?post=3234"}],"version-history":[{"count":14,"href":"https:\/\/riberasalud.com\/covadonga\/wp-json\/wp\/v2\/pages\/3234\/revisions"}],"predecessor-version":[{"id":3273,"href":"https:\/\/riberasalud.com\/covadonga\/wp-json\/wp\/v2\/pages\/3234\/revisions\/3273"}],"wp:attachment":[{"href":"https:\/\/riberasalud.com\/covadonga\/wp-json\/wp\/v2\/media?parent=3234"}],"curies":[{"name":"wp","href":"https:\/\/api.w.org\/{rel}","templated":true}]}}