{"id":7608,"date":"2026-04-21T12:33:18","date_gmt":"2026-04-21T10:33:18","guid":{"rendered":"https:\/\/riberasalud.com\/clinica-mestalla\/?page_id=7608"},"modified":"2026-04-28T16:01:32","modified_gmt":"2026-04-28T14:01:32","slug":"nutricion-y-dietetica-valencia","status":"publish","type":"page","link":"https:\/\/riberasalud.com\/clinica-mestalla\/nutricion-y-dietetica-valencia\/","title":{"rendered":"Nutrici\u00f3n y Diet\u00e9tica en Valencia"},"content":{"rendered":"\n<div class=\"wp-block-cover bannerhome\" id=\"form\"><img loading=\"lazy\" decoding=\"async\" width=\"1920\" height=\"600\" class=\"wp-block-cover__image-background wp-image-7647 size-full\" alt=\"Nutrici\u00f3n y diet\u00e9tica Cl\u00ednica ribera Mestalla\" src=\"https:\/\/riberasalud.com\/clinica-mestalla\/wp-content\/uploads\/2026\/04\/real-food-pyramid-assortment.jpg\" data-object-fit=\"cover\" srcset=\"https:\/\/riberasalud.com\/clinica-mestalla\/wp-content\/uploads\/2026\/04\/real-food-pyramid-assortment.jpg 1920w, https:\/\/riberasalud.com\/clinica-mestalla\/wp-content\/uploads\/2026\/04\/real-food-pyramid-assortment-300x94.jpg 300w, https:\/\/riberasalud.com\/clinica-mestalla\/wp-content\/uploads\/2026\/04\/real-food-pyramid-assortment-1024x320.jpg 1024w, https:\/\/riberasalud.com\/clinica-mestalla\/wp-content\/uploads\/2026\/04\/real-food-pyramid-assortment-768x240.jpg 768w, https:\/\/riberasalud.com\/clinica-mestalla\/wp-content\/uploads\/2026\/04\/real-food-pyramid-assortment-1536x480.jpg 1536w\" sizes=\"auto, (max-width: 1920px) 100vw, 1920px\" \/><span aria-hidden=\"true\" class=\"wp-block-cover__background has-black-background-color has-background-dim\"><\/span><div class=\"wp-block-cover__inner-container is-layout-constrained wp-block-cover-is-layout-constrained\">\n<div class=\"wp-block-group\"><div class=\"wp-block-group__inner-container is-layout-constrained wp-block-group-is-layout-constrained\">\n<div class=\"wp-block-columns is-layout-flex wp-container-core-columns-is-layout-9d6595d7 wp-block-columns-is-layout-flex\">\n<div class=\"wp-block-column is-vertically-aligned-center is-layout-flow wp-block-column-is-layout-flow\" style=\"flex-basis:60%\">\n<p class=\"textoclinica has-text-color has-link-color wp-elements-698929d9d91cf7ec9ab52e0f346ab98b\" style=\"color:#ffffff\">CL\u00cdNICA RIBERA MESTALLA<\/p>\n\n\n\n<h1 class=\"wp-block-heading titulo has-text-color has-link-color wp-elements-ecc48c6a333e3bf4680b28872d66e18c\" style=\"color:#ffffff\">Nutrici\u00f3n y Diet\u00e9tica en Valencia<\/h1>\n\n\n\n<p class=\"subtitulo has-text-color has-link-color wp-elements-015b222835f70532e6d1e0d8873b0689\" style=\"color:#ffffff\">La alimentaci\u00f3n es uno de los pilares fundamentales de la salud. Sin embargo, no siempre resulta f\u00e1cil saber qu\u00e9 comer, c\u00f3mo hacerlo o c\u00f3mo mantener h\u00e1bitos saludables en el tiempo.<\/p>\n\n\n\n<p class=\"subtitulo has-text-color has-link-color wp-elements-ccd35c0458d58199c530a0d0839af326\" style=\"color:#ffffff\">En la consulta de <strong>Nutrici\u00f3n y Diet\u00e9tica de Ribera Mestalla en Valencia<\/strong>, te ayudamos a mejorar tu alimentaci\u00f3n de forma personalizada, adaptada a tu estilo de vida y con un enfoque realista que puedas mantener a largo plazo.<\/p>\n\n\n\n<p class=\"subtitulo has-text-color has-link-color wp-elements-60dd54871fa1843833a69729c94d29ae\" style=\"color:#ffffff\">Trabajamos contigo para que no solo consigas un objetivo puntual, sino que desarrolles <strong>h\u00e1bitos que se mantengan en el tiempo y mejoren tu salud de forma duradera<\/strong>.<\/p>\n\n\n\n<p class=\"botonblanco\"><a href=\"#formcontacto\">Pide tu cita m\u00e9dica<\/a><\/p>\n<\/div>\n\n\n\n<div class=\"wp-block-column is-vertically-aligned-center formgroup ocultarambos is-layout-flow wp-block-column-is-layout-flow\" style=\"flex-basis:40%\"><\/div>\n<\/div>\n<\/div><\/div>\n<\/div><\/div>\n\n\n\n<div id=\"queteofrecemos\" class=\"wp-block-group queteofrecemos\"><div class=\"wp-block-group__inner-container is-layout-constrained wp-block-group-is-layout-constrained\">\n<h2 class=\"wp-block-heading has-text-align-left\"><strong>Natalia Alfonso Gracia, nutricionista especializada en alimentaci\u00f3n personalizada y control de peso<\/strong><\/h2>\n\n\n\n<p class=\"has-text-align-left\">Natalia Alfonso Gracia es nutricionista, bioqu\u00edmica y tecn\u00f3loga de los alimentos, con una s\u00f3lida formaci\u00f3n en nutrici\u00f3n cl\u00ednica y diet\u00e9tica.<br>Cuenta con formaci\u00f3n universitaria en:<\/p>\n\n\n\n<ul class=\"wp-block-list\">\n<li>Ciencias Qu\u00edmicas (Bioqu\u00edmica)<\/li>\n\n\n\n<li>Ciencia y Tecnolog\u00eda de los Alimentos<\/li>\n\n\n\n<li>Nutrici\u00f3n Humana y Diet\u00e9tica<\/li>\n<\/ul>\n\n\n\n<p class=\"has-text-align-left\">Ha completado su formaci\u00f3n con un <strong>M\u00e1ster en Diet\u00e9tica y Dietoterapia por la Universitat de Val\u00e8ncia<\/strong> y formaci\u00f3n espec\u00edfica en nutrici\u00f3n en el paciente oncol\u00f3gico, adem\u00e1s de continuar ampliando conocimientos en <strong>Psiconeuroinmunolog\u00eda (PNI).<\/strong><\/p>\n\n\n\n<p class=\"has-text-align-left\">Su enfoque combina base cient\u00edfica, educaci\u00f3n nutricional y acompa\u00f1amiento cercano para ayudar a cada paciente a mejorar su salud a trav\u00e9s de la alimentaci\u00f3n.<\/p>\n\n\n\n<div style=\"height:40px\" aria-hidden=\"true\" class=\"wp-block-spacer onlydesktop\"><\/div>\n\n\n\n<div style=\"height:50px\" aria-hidden=\"true\" class=\"wp-block-spacer onlymobile\"><\/div>\n\n\n\n<h2 class=\"wp-block-heading has-text-align-left\"><strong><strong>\u00bfQu\u00e9 es la nutrici\u00f3n y la diet\u00e9tica? Alimentaci\u00f3n personalizada y h\u00e1bitos que duran toda la vida<\/strong><\/strong><\/h2>\n\n\n\n<p class=\"has-text-align-left\">La <strong>nutrici\u00f3n y diet\u00e9tica<\/strong> es la disciplina que estudia la relaci\u00f3n entre la alimentaci\u00f3n y la salud.<\/p>\n\n\n\n<p>Un nutricionista no solo dise\u00f1a dietas, sino que:<\/p>\n\n\n\n<ul class=\"wp-block-list\">\n<li>analiza tus h\u00e1bitos alimentarios&nbsp;<\/li>\n\n\n\n<li>eval\u00faa tu estado nutricional&nbsp;<\/li>\n\n\n\n<li>adapta la alimentaci\u00f3n a tus necesidades&nbsp;<\/li>\n\n\n\n<li>te ayuda a mejorar tu relaci\u00f3n con la comida&nbsp;<\/li>\n<\/ul>\n\n\n\n<p class=\"has-text-align-left\">El objetivo es crear un <strong>plan nutricional personalizado<\/strong>, basado en evidencia cient\u00edfica, que se adapte a tu d\u00eda a d\u00eda y que puedas mantener a largo plazo.<\/p>\n<\/div><\/div>\n\n\n\n<div class=\"wp-block-group\"><div class=\"wp-block-group__inner-container is-layout-constrained wp-block-group-is-layout-constrained\">\n<h2 class=\"wp-block-heading has-text-align-left\"><strong>\u00bfEn qu\u00e9 casos est\u00e1 indicada la consulta de nutrici\u00f3n?<\/strong><\/h2>\n\n\n\n<p class=\"has-text-align-left\">La consulta de nutrici\u00f3n y diet\u00e9tica est\u00e1 indicada en diferentes situaciones, tanto si existe una patolog\u00eda como si simplemente se desea mejorar la alimentaci\u00f3n.<\/p>\n\n\n\n<div class=\"wp-block-columns nogapmobile is-layout-flex wp-container-core-columns-is-layout-9d6595d7 wp-block-columns-is-layout-flex\">\n<div class=\"wp-block-column is-layout-flow wp-block-column-is-layout-flow\">\n<ul class=\"wp-block-list\">\n<li><strong>Sobrepeso y obesidad<\/strong><br>El abordaje nutricional permite trabajar el control de peso desde un enfoque sostenible, mejorando h\u00e1bitos y favoreciendo la adherencia a largo plazo.<\/li>\n\n\n\n<li><strong>Relaci\u00f3n conflictiva con la comida<br><\/strong>Dificultades para gestionar la alimentaci\u00f3n, ansiedad, restricci\u00f3n o descontrol pueden trabajarse desde la educaci\u00f3n nutricional y el acompa\u00f1amiento.<\/li>\n\n\n\n<li><strong>Nutrici\u00f3n en diabetes y enfermedades cr\u00f3nicas<br><\/strong>La alimentaci\u00f3n es clave en el manejo de enfermedades como la diabetes, el colesterol elevado u otras patolog\u00edas cr\u00f3nicas.<\/li>\n\n\n\n<li><strong>Patolog\u00eda digestiva<br><\/strong>Alteraciones como intestino irritable, hinchaz\u00f3n, intolerancias o celiaqu\u00eda pueden beneficiarse de una alimentaci\u00f3n adaptada.<\/li>\n<\/ul>\n<\/div>\n\n\n\n<div class=\"wp-block-column is-layout-flow wp-block-column-is-layout-flow\">\n<ul class=\"wp-block-list\">\n<li><strong>Colesterol y triglic\u00e9ridos elevados<br><\/strong>La nutrici\u00f3n permite mejorar el perfil lip\u00eddico y reducir el riesgo cardiovascular.<\/li>\n\n\n\n<li><strong>Nutrici\u00f3n infantil y adolescente<\/strong><br>Se trabaja la alimentaci\u00f3n en ni\u00f1os y adolescentes, especialmente en casos de sobrepeso o h\u00e1bitos poco saludables.<\/li>\n\n\n\n<li><strong>Mejora de h\u00e1bitos alimentarios sin patolog\u00eda<\/strong><br>Muchas personas acuden simplemente para aprender a comer mejor y mejorar su salud general.<\/li>\n\n\n\n<li><strong>Fatiga, hinchaz\u00f3n o cambios de peso sin causa aparente<br><\/strong>S\u00edntomas que pueden estar relacionados con la alimentaci\u00f3n y que requieren una valoraci\u00f3n nutricional.<\/li>\n<\/ul>\n<\/div>\n<\/div>\n<\/div><\/div>\n\n\n\n<div class=\"wp-block-group\"><div class=\"wp-block-group__inner-container is-layout-constrained wp-block-group-is-layout-constrained\">\n<h2 class=\"wp-block-heading has-text-align-left\"><strong>Aprende a comer mejor con una atenci\u00f3n cercana en Valencia<\/strong><\/h2>\n\n\n\n<p class=\"has-text-align-left\">No se trata de seguir una dieta estricta durante unas semanas, sino de aprender a comer mejor para siempre.<\/p>\n\n\n\n<p>En consulta trabajamos contigo para:<\/p>\n\n\n\n<ul class=\"wp-block-list\">\n<li><strong>entender tus h\u00e1bitos actuales&nbsp;<\/strong><\/li>\n\n\n\n<li><strong>identificar qu\u00e9 est\u00e1 influyendo en tu alimentaci\u00f3n&nbsp;<\/strong><\/li>\n\n\n\n<li><strong>dise\u00f1ar un plan adaptado a tu vida real&nbsp;<\/strong><\/li>\n\n\n\n<li><strong>ayudarte a mantenerlo en el tiempo&nbsp;<\/strong><\/li>\n<\/ul>\n\n\n\n<p class=\"has-text-align-left\">El objetivo es que consigas resultados, pero sobre todo que puedas <strong>mantenerlos sin depender de dietas restrictivas o cambios imposibles<\/strong>.<\/p>\n<\/div><\/div>\n\n\n\n<div style=\"height:45px\" aria-hidden=\"true\" class=\"wp-block-spacer onlydesktop\"><\/div>\n\n\n\n<div style=\"height:25px\" aria-hidden=\"true\" class=\"wp-block-spacer onlymobile\"><\/div>\n\n\n\n<div class=\"wp-block-cover ocultarambos\"><img loading=\"lazy\" decoding=\"async\" width=\"1920\" height=\"600\" class=\"wp-block-cover__image-background wp-image-6058 size-full\" alt=\"\" src=\"https:\/\/riberasalud.com\/clinica-mestalla\/wp-content\/uploads\/2025\/11\/2Cuidar-tu-equilibrio-hormonal-es-cuidar-tu-salud-Dra.-Begona-Pla-Peris.jpg\" data-object-fit=\"cover\" srcset=\"https:\/\/riberasalud.com\/clinica-mestalla\/wp-content\/uploads\/2025\/11\/2Cuidar-tu-equilibrio-hormonal-es-cuidar-tu-salud-Dra.-Begona-Pla-Peris.jpg 1920w, https:\/\/riberasalud.com\/clinica-mestalla\/wp-content\/uploads\/2025\/11\/2Cuidar-tu-equilibrio-hormonal-es-cuidar-tu-salud-Dra.-Begona-Pla-Peris-300x94.jpg 300w, https:\/\/riberasalud.com\/clinica-mestalla\/wp-content\/uploads\/2025\/11\/2Cuidar-tu-equilibrio-hormonal-es-cuidar-tu-salud-Dra.-Begona-Pla-Peris-1024x320.jpg 1024w, https:\/\/riberasalud.com\/clinica-mestalla\/wp-content\/uploads\/2025\/11\/2Cuidar-tu-equilibrio-hormonal-es-cuidar-tu-salud-Dra.-Begona-Pla-Peris-768x240.jpg 768w, https:\/\/riberasalud.com\/clinica-mestalla\/wp-content\/uploads\/2025\/11\/2Cuidar-tu-equilibrio-hormonal-es-cuidar-tu-salud-Dra.-Begona-Pla-Peris-1536x480.jpg 1536w\" sizes=\"auto, (max-width: 1920px) 100vw, 1920px\" \/><span aria-hidden=\"true\" class=\"wp-block-cover__background has-contrast-background-color has-background-dim-40 has-background-dim\"><\/span><div class=\"wp-block-cover__inner-container is-layout-flow wp-block-cover-is-layout-flow\">\n<p class=\"has-text-align-center has-base-3-color has-text-color has-link-color wp-elements-a9f8287319448241949d94285e7d959d\" style=\"font-size:24px\"><em>Natalia Alfonso Gracia, nutricionista especializada en alimentaci\u00f3n personalizada y control de peso<\/em><\/p>\n\n\n\n<div style=\"height:10px\" aria-hidden=\"true\" class=\"wp-block-spacer\"><\/div>\n<\/div><\/div>\n\n\n\n<div id=\"porquelegirnos\" class=\"wp-block-group bannerrojoservicios\"><div class=\"wp-block-group__inner-container is-layout-constrained wp-block-group-is-layout-constrained\">\n<div class=\"wp-block-columns is-layout-flex wp-container-core-columns-is-layout-9d6595d7 wp-block-columns-is-layout-flex\">\n<div class=\"wp-block-column is-vertically-aligned-center listaiconos is-layout-flow wp-block-column-is-layout-flow\">\n<div style=\"height:25px\" aria-hidden=\"true\" class=\"wp-block-spacer onlymobile\"><\/div>\n\n\n\n<h2 class=\"wp-block-heading\"><strong>\u00bfQu\u00e9 nos diferencia? Un enfoque m\u00e9dico integral y humano para tu bienestar<\/strong><\/h2>\n\n\n\n<div class=\"wp-block-columns is-layout-flex wp-container-core-columns-is-layout-9d6595d7 wp-block-columns-is-layout-flex\">\n<div class=\"wp-block-column is-layout-flow wp-block-column-is-layout-flow\">\n<div style=\"height:15px\" aria-hidden=\"true\" class=\"wp-block-spacer\"><\/div>\n\n\n\n<h3 class=\"wp-block-heading has-base-3-color has-text-color has-link-color wp-elements-edc9e1f7b04df7c4ea5c74f2a507349f\"><strong>\u2713<\/strong> <strong>Visi\u00f3n global de la salud nutricional y digestiva<\/strong><\/h3>\n\n\n\n<p style=\"font-size:15px\">Se analiza la alimentaci\u00f3n dentro del contexto general de la salud del paciente, teniendo en cuenta factores digestivos, metab\u00f3licos y de estilo de vida.<\/p>\n\n\n\n<div style=\"height:15px\" aria-hidden=\"true\" class=\"wp-block-spacer\"><\/div>\n\n\n\n<h3 class=\"wp-block-heading has-base-3-color has-text-color has-link-color wp-elements-3a0537cf54f96dd8427434fcd010f672\"><strong><strong>\u2713<\/strong> Atenci\u00f3n personalizada y adaptada a tu vida real<\/strong><\/h3>\n\n\n\n<p style=\"font-size:15px\">Cada plan nutricional se adapta a horarios, preferencias, entorno social y situaci\u00f3n personal, para que sea viable en el d\u00eda a d\u00eda.<\/p>\n\n\n\n<div style=\"height:15px\" aria-hidden=\"true\" class=\"wp-block-spacer\"><\/div>\n\n\n\n<h3 class=\"wp-block-heading has-base-3-color has-text-color has-link-color wp-elements-611bc77f73fb42de3af041d338738978\"><strong><strong>\u2713<\/strong> Visi\u00f3n educativa y de acompa\u00f1amiento a largo plazo<\/strong><\/h3>\n\n\n\n<p style=\"font-size:15px\">El objetivo no es que sigas una dieta, sino que entiendas c\u00f3mo alimentarte mejor y puedas mantener esos h\u00e1bitos de forma aut\u00f3noma.<\/p>\n<\/div>\n<\/div>\n<\/div>\n\n\n\n<div class=\"wp-block-column is-layout-flow wp-block-column-is-layout-flow\">\n<figure class=\"wp-block-image size-full is-resized\"><img loading=\"lazy\" decoding=\"async\" width=\"1200\" height=\"800\" src=\"https:\/\/riberasalud.com\/clinica-mestalla\/wp-content\/uploads\/2025\/05\/Clinica-Ribera-Mestalla-Valencia.jpg\" alt=\"Cl\u00ednica Ribera Mestalla Valencia\" class=\"wp-image-2593\" style=\"object-fit:cover;width:800px;height:533px\" srcset=\"https:\/\/riberasalud.com\/clinica-mestalla\/wp-content\/uploads\/2025\/05\/Clinica-Ribera-Mestalla-Valencia.jpg 1200w, https:\/\/riberasalud.com\/clinica-mestalla\/wp-content\/uploads\/2025\/05\/Clinica-Ribera-Mestalla-Valencia-300x200.jpg 300w, https:\/\/riberasalud.com\/clinica-mestalla\/wp-content\/uploads\/2025\/05\/Clinica-Ribera-Mestalla-Valencia-1024x683.jpg 1024w, https:\/\/riberasalud.com\/clinica-mestalla\/wp-content\/uploads\/2025\/05\/Clinica-Ribera-Mestalla-Valencia-768x512.jpg 768w\" sizes=\"auto, (max-width: 1200px) 100vw, 1200px\" \/><\/figure>\n<\/div>\n<\/div>\n<\/div><\/div>\n\n\n\n<div style=\"height:20px\" aria-hidden=\"true\" class=\"wp-block-spacer onlymobile\"><\/div>\n\n\n\n<div id=\"queteofrecemos\" class=\"wp-block-group queteofrecemos\"><div class=\"wp-block-group__inner-container is-layout-constrained wp-block-group-is-layout-constrained\">\n<h2 class=\"wp-block-heading has-text-align-left\"><strong>Tratamientos y servicios de nutrici\u00f3n y diet\u00e9tica<\/strong><\/h2>\n\n\n\n<div class=\"wp-block-columns is-layout-flex wp-container-core-columns-is-layout-9d6595d7 wp-block-columns-is-layout-flex\">\n<div class=\"wp-block-column is-layout-flow wp-block-column-is-layout-flow\">\n<h3 class=\"wp-block-heading\"><strong><mark style=\"background-color:rgba(0, 0, 0, 0);color:#d71029\" class=\"has-inline-color\">1.<\/mark><\/strong> <strong><strong>Evaluaci\u00f3n nutricional integral<\/strong><\/strong><\/h3>\n\n\n\n<p>An\u00e1lisis completo del estado nutricional, h\u00e1bitos alimentarios y objetivos del paciente.<\/p>\n<\/div>\n\n\n\n<div class=\"wp-block-column is-layout-flow wp-block-column-is-layout-flow\">\n<h3 class=\"wp-block-heading\"><strong><mark style=\"background-color:rgba(0, 0, 0, 0);color:#d71029\" class=\"has-inline-color\">2.<\/mark><\/strong> <strong>Planes de alimentaci\u00f3n personalizados y control de peso<\/strong><\/h3>\n\n\n\n<p>Dise\u00f1o de planes adaptados para p\u00e9rdida, mantenimiento o mejora de la composici\u00f3n corporal.<\/p>\n<\/div>\n\n\n\n<div class=\"wp-block-column is-layout-flow wp-block-column-is-layout-flow\">\n<h3 class=\"wp-block-heading\"><strong><mark style=\"background-color:rgba(0, 0, 0, 0);color:#d71029\" class=\"has-inline-color\">3.<\/mark><\/strong> <strong>Nutrici\u00f3n cl\u00ednica<\/strong><\/h3>\n\n\n\n<p>Apoyo nutricional en enfermedades como diabetes, obesidad o patolog\u00edas cr\u00f3nicas.<\/p>\n<\/div>\n<\/div>\n\n\n\n<div style=\"height:20px\" aria-hidden=\"true\" class=\"wp-block-spacer\"><\/div>\n\n\n\n<div class=\"wp-block-columns is-layout-flex wp-container-core-columns-is-layout-9d6595d7 wp-block-columns-is-layout-flex\">\n<div class=\"wp-block-column is-layout-flow wp-block-column-is-layout-flow\">\n<h3 class=\"wp-block-heading\"><strong><mark style=\"background-color:rgba(0, 0, 0, 0);color:#d71029\" class=\"has-inline-color\">4.<\/mark><\/strong> <strong><strong>Nutrici\u00f3n digestiva<\/strong><\/strong><\/h3>\n\n\n\n<p>Adaptaci\u00f3n de la alimentaci\u00f3n en casos de intolerancias, hinchaz\u00f3n o problemas digestivos.<\/p>\n<\/div>\n\n\n\n<div class=\"wp-block-column is-layout-flow wp-block-column-is-layout-flow\">\n<h3 class=\"wp-block-heading\"><strong><mark style=\"background-color:rgba(0, 0, 0, 0);color:#d71029\" class=\"has-inline-color\">5.<\/mark><\/strong> <strong>Nutrici\u00f3n infantil y adolescente<\/strong><\/h3>\n\n\n\n<p>Asesoramiento nutricional adaptado a cada etapa del desarrollo.<\/p>\n<\/div>\n\n\n\n<div class=\"wp-block-column is-layout-flow wp-block-column-is-layout-flow\">\n<h3 class=\"wp-block-heading\"><strong><mark style=\"background-color:rgba(0, 0, 0, 0);color:#d71029\" class=\"has-inline-color\">6.<\/mark><\/strong> <strong>Educaci\u00f3n nutricional<\/strong><\/h3>\n\n\n\n<p>Aprendizaje pr\u00e1ctico para mejorar la relaci\u00f3n con la comida y adquirir h\u00e1bitos saludables.<\/p>\n<\/div>\n<\/div>\n<\/div><\/div>\n\n\n\n<div style=\"height:60px\" aria-hidden=\"true\" class=\"wp-block-spacer onlydesktop\"><\/div>\n\n\n\n<div class=\"wp-block-group fondodoctoragroup\"><div class=\"wp-block-group__inner-container is-layout-constrained wp-block-group-is-layout-constrained\">\n<div class=\"wp-block-columns is-layout-flex wp-container-core-columns-is-layout-9d6595d7 wp-block-columns-is-layout-flex\">\n<div class=\"wp-block-column is-vertically-aligned-center first is-layout-flow wp-block-column-is-layout-flow\">\n<div style=\"height:15px\" aria-hidden=\"true\" class=\"wp-block-spacer onlymobile\"><\/div>\n\n\n\n<h2 class=\"wp-block-heading\"><strong>H\u00e1bitos que se quedan: ciencia, personalizaci\u00f3n y acompa\u00f1amiento real<\/strong><\/h2>\n\n\n\n<p>El objetivo de la consulta no es solo mejorar la alimentaci\u00f3n durante un tiempo, sino ayudarte a construir h\u00e1bitos que formen parte de tu vida. Para ello, combinamos:<\/p>\n\n\n\n<ul class=\"wp-block-list\">\n<li>base cient\u00edfica&nbsp;<\/li>\n\n\n\n<li>personalizaci\u00f3n&nbsp;<\/li>\n\n\n\n<li>seguimiento&nbsp;<\/li>\n\n\n\n<li>educaci\u00f3n nutricional&nbsp;<\/li>\n<\/ul>\n\n\n\n<p>Esto permite conseguir resultados m\u00e1s estables y sostenibles a largo plazo.<\/p>\n\n\n\n<div style=\"height:25px\" aria-hidden=\"true\" class=\"wp-block-spacer\"><\/div>\n\n\n\n<h2 class=\"wp-block-heading\"><strong>Sobre Natalia Alfonso Gracia, nutricionista en Ribera Mestalla<\/strong><\/h2>\n\n\n\n<p>Actualmente, Natalia Alfonso forma parte del equipo de <strong>Cl\u00ednica Ribera Mestalla<\/strong>, donde desarrolla su labor como nutricionista dentro de un enfoque multidisciplinar orientado al paciente.<\/p>\n\n\n\n<p>Su experiencia combina el \u00e1mbito sanitario y la educaci\u00f3n, lo que le permite trabajar no solo en el dise\u00f1o de planes nutricionales, sino tambi\u00e9n en la ense\u00f1anza de h\u00e1bitos saludables y en el acompa\u00f1amiento del paciente.<\/p>\n<\/div>\n\n\n\n<div class=\"wp-block-column fondodoctora is-layout-flow wp-block-column-is-layout-flow\"><\/div>\n<\/div>\n<\/div><\/div>\n\n\n\n<div class=\"wp-block-group alignfull ctarojo has-background\" id=\"accionespreventivas\" style=\"background-color:#d71029\"><div class=\"wp-block-group__inner-container is-layout-constrained wp-block-group-is-layout-constrained\">\n<div class=\"wp-block-columns is-layout-flex wp-container-core-columns-is-layout-9d6595d7 wp-block-columns-is-layout-flex\">\n<div class=\"wp-block-column is-layout-flow wp-block-column-is-layout-flow\" style=\"flex-basis:66.66%\">\n<h2 class=\"wp-block-heading has-text-align-left has-base-3-color has-text-color has-link-color wp-elements-0d4a06633255b2b4e23136135a0155fb\" style=\"font-size:20px\">\u00bfHablamos?<\/h2>\n\n\n\n<p class=\"has-text-align-left has-base-3-color has-text-color has-link-color wp-elements-2fe7f9d843b05ffd0bc32476d3cb7620\">Si quieres mejorar tu alimentaci\u00f3n, perder peso o aprender a comer de forma m\u00e1s saludable, puedes solicitar una consulta de nutrici\u00f3n en Valencia.<\/p>\n<\/div>\n\n\n\n<div class=\"wp-block-column is-layout-flow wp-block-column-is-layout-flow\" style=\"flex-basis:33.33%\">\n<div class=\"wp-block-buttons is-content-justification-left is-layout-flex wp-container-core-buttons-is-layout-fdcfc74e wp-block-buttons-is-layout-flex\">\n<div class=\"wp-block-button is-style-outline botonlinered botonlineredbig is-style-outline--1\"><a class=\"wp-block-button__link has-base-3-background-color has-text-color has-background has-link-color wp-element-button\" href=\"#formcontacto\" style=\"border-radius:50px;color:#d71029\">Pide tu cita<\/a><\/div>\n<\/div>\n<\/div>\n<\/div>\n\n\n\n<div style=\"height:40px\" aria-hidden=\"true\" class=\"wp-block-spacer onlydesktop\"><\/div>\n<\/div><\/div>\n\n\n\n<div style=\"height:30px\" aria-hidden=\"true\" class=\"wp-block-spacer onlymobile\"><\/div>\n\n\n\n<div id=\"preguntasfrecuentes\" class=\"wp-block-group\"><div class=\"wp-block-group__inner-container is-layout-constrained wp-block-group-is-layout-constrained\">\n<h2 class=\"wp-block-heading\">Preguntas frecuentes sobre nutrici\u00f3n y diet\u00e9tica<\/h2>\n\n\n\n<div class=\"bloqueacordeon\">\n<h3 class=\"accordion\" style=\"width:100%\"><span class=\"tituloaccordion\">\n\u00bfQu\u00e9 diferencia hay entre una nutricionista y un m\u00e9dico endocrino?\n\n\n<\/span><span class=\"plus\">+<\/span><\/h3>\n<div class=\"panel\" style=\"display:none\">\n  <p>\nEl nutricionista se centra en la alimentaci\u00f3n, los h\u00e1bitos y la educaci\u00f3n nutricional. El endocrino es un m\u00e9dico especializado en enfermedades hormonales y metab\u00f3licas.\nEn muchos casos, ambos trabajan de forma complementaria. En Ribera Mestalla Valencia contamos tambi\u00e9n con servicio de <a href=\"https:\/\/riberasalud.com\/clinica-mestalla\/endocrinologia-y-nutricion-valencia\/\">Endocrinolog\u00eda y Nutrici\u00f3n.<\/a>\n\n\n\n\n<\/p>\n<\/div>\n<h3 class=\"accordion\" style=\"width:100%\"><span class=\"tituloaccordion\">\n\u00bfCu\u00e1ndo deber\u00eda acudir a una nutricionista?\n\n<\/span><span class=\"plus\">+<\/span><\/h3>\n<div class=\"panel\" style=\"display:none\">\n  <p>\nCuando quieras mejorar tu alimentaci\u00f3n, perder peso, tratar una patolog\u00eda relacionada con la dieta o aprender h\u00e1bitos saludables.\n\n \n\n<\/p>\n<\/div>\n<h3 class=\"accordion\" style=\"width:100%\"><span class=\"tituloaccordion\">\n\u00bfC\u00f3mo se realiza la evaluaci\u00f3n de composici\u00f3n corporal?\n\n<\/span><span class=\"plus\">+<\/span><\/h3>\n<div class=\"panel\" style=\"display:none\">\n  <p>\nSe analizan par\u00e1metros como peso, masa grasa o masa muscular para conocer el estado corporal y ajustar el plan nutricional.\n\n<\/p>\n<\/div>\n<h3 class=\"accordion\" style=\"width:100%\"><span class=\"tituloaccordion\">\n\u00bfEl tratamiento para el sobrepeso incluye medicaci\u00f3n?\n\n<\/span><span class=\"plus\">+<\/span><\/h3>\n<div class=\"panel\" style=\"display:none\">\n  <p>\nNo. El abordaje nutricional se basa en alimentaci\u00f3n, h\u00e1bitos y adherencia, no en tratamiento farmacol\u00f3gico.\n\n<\/p>\n<\/div>\n<h3 class=\"accordion\" style=\"width:100%\"><span class=\"tituloaccordion\">\n\u00bfQu\u00e9 h\u00e1bitos ayudan a mantener un peso saludable a largo plazo?\n\n<\/span><span class=\"plus\">+<\/span><\/h3>\n<div class=\"panel\" style=\"display:none\">\n  <p>\nAlimentaci\u00f3n equilibrada, regularidad en las comidas, buena hidrataci\u00f3n y adaptaci\u00f3n a un estilo de vida sostenible.\n\n\n<\/p>\n<\/div>\n\n\n<h3 class=\"accordion\" style=\"width:100%\"><span class=\"tituloaccordion\">\n\u00bfCada cu\u00e1nto tiempo es recomendable hacer una revisi\u00f3n nutricional?\n\n<\/span><span class=\"plus\">+<\/span><\/h3>\n<div class=\"panel\" style=\"display:none\">\n  <p>\nDepende del objetivo, aunque suele recomendarse seguimiento peri\u00f3dico para ajustar el plan y mantener resultados.\n\n\n\n<\/p>\n<\/div>\n\n\n<h3 class=\"accordion\" style=\"width:100%\"><span class=\"tituloaccordion\">\n\u00bfEl servicio est\u00e1 cubierto por el seguro m\u00e9dico o es privado?\n\n<\/span><span class=\"plus\">+<\/span><\/h3>\n<div class=\"panel\" style=\"display:none\">\n  <p>\nSe informar\u00e1 en consulta sobre las condiciones del servicio y cobertura seg\u00fan cada caso.\n\n\n\n<\/p>\n<\/div>\n\n\n\n\n\n<\/div>\n\n<script>\nvar acc = document.getElementsByClassName(\"accordion\");\nvar i;\n\nfor (i = 0; i < acc.length; i++) {\n  acc[i].addEventListener(\"click\", function() {\n    var panel = this.nextElementSibling;\n    if (panel.style.display === \"block\") {document.getElementsByClassName('active')[0].getElementsByClassName('plus')[0].innerHTML=\"+\" ;}\n    this.classList.toggle(\"active\");\n\n    if (panel.style.display === \"block\") {\n      panel.style.display = \"none\";\n\n    } else {\n      panel.style.display = \"block\";\ndocument.getElementsByClassName('active')[0].getElementsByClassName('plus')[0].innerHTML=\"-\" ;\n    }\n  });\n}\n<\/script>\n\n\n\n<div style=\"height:20px\" aria-hidden=\"true\" class=\"wp-block-spacer\"><\/div>\n<\/div><\/div>\n\n\n\n<div class=\"wp-block-group modulopildorahorizontal modulopildoraroja\"><div class=\"wp-block-group__inner-container is-layout-constrained wp-block-group-is-layout-constrained\">\n<h2 class=\"wp-block-heading\"><strong>Especialidades relacionadas<\/strong><\/h2>\n\n\n\n<div style=\"height:20px\" aria-hidden=\"true\" class=\"wp-block-spacer onlydesktop\"><\/div>\n\n\n\n<div class=\"wp-block-columns is-layout-flex wp-container-core-columns-is-layout-9d6595d7 wp-block-columns-is-layout-flex\">\n<div class=\"wp-block-column is-layout-flow wp-block-column-is-layout-flow\">\n<figure class=\"wp-block-image size-full\"><img loading=\"lazy\" decoding=\"async\" width=\"800\" height=\"533\" src=\"https:\/\/riberasalud.com\/clinica-mestalla\/wp-content\/uploads\/2025\/12\/La-endocrino-de-Ribera-Mestalla_-Begona-Pla_-en-su-consulta.jpg\" alt=\"La endocrino de Ribera Mestalla Bego\u00f1a Pla, en su consulta\" class=\"wp-image-6979\" srcset=\"https:\/\/riberasalud.com\/clinica-mestalla\/wp-content\/uploads\/2025\/12\/La-endocrino-de-Ribera-Mestalla_-Begona-Pla_-en-su-consulta.jpg 800w, https:\/\/riberasalud.com\/clinica-mestalla\/wp-content\/uploads\/2025\/12\/La-endocrino-de-Ribera-Mestalla_-Begona-Pla_-en-su-consulta-300x200.jpg 300w, https:\/\/riberasalud.com\/clinica-mestalla\/wp-content\/uploads\/2025\/12\/La-endocrino-de-Ribera-Mestalla_-Begona-Pla_-en-su-consulta-768x512.jpg 768w\" sizes=\"auto, (max-width: 800px) 100vw, 800px\" \/><\/figure>\n<\/div>\n\n\n\n<div class=\"wp-block-column is-vertically-aligned-center is-layout-flow wp-block-column-is-layout-flow\">\n<h3 class=\"wp-block-heading\" style=\"font-size:28px\"><strong>Endocrinolog\u00eda y Nutrici\u00f3n<\/strong><\/h3>\n\n\n\n<h3 class=\"wp-block-heading\" style=\"font-size:25px\"><em>en Valencia<\/em><\/h3>\n\n\n\n<p>Te ayudamos a detectar qu\u00e9 est\u00e1 alterando tu organismo cuando aparecen se\u00f1ales como cansancio, cambios de peso o hambre constante.<\/p>\n\n\n\n<div class=\"wp-block-buttons is-content-justification-left is-layout-flex wp-container-core-buttons-is-layout-fdcfc74e wp-block-buttons-is-layout-flex\">\n<div class=\"wp-block-button is-style-outline botonlinered botonlineredbig is-style-outline--2\"><a class=\"wp-block-button__link has-text-color has-background has-link-color wp-element-button\" href=\"https:\/\/riberasalud.com\/clinica-mestalla\/endocrinologia-y-nutricion-valencia\/\" style=\"border-radius:50px;color:#d71029;background-color:#f2f2f2\">Saber m\u00e1s<\/a><\/div>\n<\/div>\n<\/div>\n<\/div>\n<\/div><\/div>\n\n\n\n<div style=\"height:20px\" aria-hidden=\"true\" class=\"wp-block-spacer onlydesktop\"><\/div>\n\n\n\n<div style=\"height:50px\" aria-hidden=\"true\" id=\"formcontacto\" class=\"wp-block-spacer\"><\/div>\n\n\n\n<div class=\"wp-block-columns alignfull hasbackgroundgris bloquecontacto is-layout-flex wp-container-core-columns-is-layout-9d6595d7 wp-block-columns-is-layout-flex\">\n<div class=\"wp-block-column is-vertically-aligned-center is-layout-flow wp-block-column-is-layout-flow\" style=\"flex-basis:50%\">\n<iframe src=\"https:\/\/www.google.com\/maps\/embed?pb=!1m18!1m12!1m3!1d3079.7625826332323!2d-0.3631141243611645!3d39.47469197160647!2m3!1f0!2f0!3f0!3m2!1i1024!2i768!4f13.1!3m3!1m2!1s0xd60495cd7f2193f%3A0x476ebc68ebc21e85!2sCl%C3%ADnica%20Ribera%20Mestalla!5e0!3m2!1ses!2ses!4v1746184325190!5m2!1ses!2ses\" width=\"100%\" height=\"100%\" style=\"border:0;\" allowfullscreen=\"\" loading=\"lazy\" referrerpolicy=\"no-referrer-when-downgrade\"><\/iframe>\n<\/div>\n\n\n\n<div class=\"wp-block-column is-vertically-aligned-top columnacontacto is-layout-flow wp-block-column-is-layout-flow\">\n<h2 class=\"wp-block-heading\"><strong>Cl\u00ednica Ribera Mestalla<\/strong><\/h2>\n\n\n\n<p>C. Micer Masc\u00f3, 42, El Llano del Real, 46010 Valencia, Espa\u00f1a<\/p>\n\n\n\n<a href=\"mailto:infomestalla@riberacare.com\"><i class=\"fa fa-envelope-o\" style=\"color: #d71029\"><\/i><b>&nbsp; infomestalla@riberacare.com<\/b><\/a><br>\n\n\n\n<a href=\"tel:960919172\"><i class=\"fa-solid fa-phone\" style=\"color: #d71029\"><\/i><b>&nbsp; 960 919 172<\/b><\/a><br>\n\n\n\n<a href=\"https:\/\/wa.me\/34674305183\"><i class=\"fa fa-whatsapp\" style=\"color: #d71029\"><\/i><b>&nbsp; 674 305 183<\/b><\/a>\n\n\n\n<div style=\"height:40px\" aria-hidden=\"true\" class=\"wp-block-spacer\"><\/div>\n\n\n\n<h2 class=\"wp-block-heading\">\u00bfQuieres que te contactemos?<\/h2>\n\n\n\n<p>Rellena el formulario y te llamaremos para concertar tu cita.<\/p>\n\n\n\n<div class=\"wpcf7 no-js\" id=\"wpcf7-f2033-o1\" lang=\"es-ES\" dir=\"ltr\" data-wpcf7-id=\"2033\">\n<div class=\"screen-reader-response\"><p role=\"status\" aria-live=\"polite\" aria-atomic=\"true\"><\/p> <ul><\/ul><\/div>\n<form action=\"\/clinica-mestalla\/wp-json\/wp\/v2\/pages\/7608#wpcf7-f2033-o1\" method=\"post\" class=\"wpcf7-form init\" aria-label=\"Formulario de contacto\" novalidate=\"novalidate\" data-status=\"init\">\n<div style=\"display: none;\">\n<input type=\"hidden\" name=\"_wpcf7\" value=\"2033\" \/>\n<input type=\"hidden\" name=\"_wpcf7_version\" value=\"6.0.6\" \/>\n<input type=\"hidden\" name=\"_wpcf7_locale\" value=\"es_ES\" \/>\n<input type=\"hidden\" name=\"_wpcf7_unit_tag\" value=\"wpcf7-f2033-o1\" \/>\n<input type=\"hidden\" name=\"_wpcf7_container_post\" value=\"0\" \/>\n<input type=\"hidden\" name=\"_wpcf7_posted_data_hash\" value=\"\" \/>\n<input type=\"hidden\" name=\"_wpcf7_recaptcha_response\" value=\"\" \/>\n<\/div>\n<p><span class=\"wpcf7-form-control-wrap\" data-name=\"nombre\"><input size=\"40\" maxlength=\"400\" class=\"wpcf7-form-control wpcf7-text wpcf7-validates-as-required\" aria-required=\"true\" aria-invalid=\"false\" placeholder=\"Nombre y apellidos\" value=\"\" type=\"text\" name=\"nombre\" \/><\/span>\n<\/p>\n<p><span class=\"wpcf7-form-control-wrap\" data-name=\"email\"><input size=\"40\" maxlength=\"400\" class=\"wpcf7-form-control wpcf7-email wpcf7-validates-as-required wpcf7-text wpcf7-validates-as-email\" aria-required=\"true\" aria-invalid=\"false\" placeholder=\"Email\" value=\"\" type=\"email\" name=\"email\" \/><\/span>\n<\/p>\n<p><span class=\"wpcf7-form-control-wrap\" data-name=\"telefono\"><input size=\"40\" maxlength=\"400\" class=\"wpcf7-form-control wpcf7-tel wpcf7-validates-as-required wpcf7-text wpcf7-validates-as-tel\" aria-required=\"true\" aria-invalid=\"false\" placeholder=\"Tel\u00e9fono\" value=\"\" type=\"tel\" name=\"telefono\" \/><\/span>\n<\/p>\n<p><span class=\"wpcf7-form-control-wrap\" data-name=\"acceptance-704\"><span class=\"wpcf7-form-control wpcf7-acceptance\"><span class=\"wpcf7-list-item\"><label><input type=\"checkbox\" name=\"acceptance-704\" value=\"1\" aria-invalid=\"false\" \/><span class=\"wpcf7-list-item-label\">He le\u00eddo y acepto la <a href=\"https:\/\/riberasalud.com\/clinica-mestalla\/politica-de-privacidad\/\" target=\"_blank\">Pol\u00edtica de Privacidad<\/a><\/span><\/label><\/span><\/span><\/span>\n<\/p>\n<p><span class=\"wpcf7-form-control-wrap\" data-name=\"acceptance-705\"><span class=\"wpcf7-form-control wpcf7-acceptance optional\"><span class=\"wpcf7-list-item\"><label><input type=\"checkbox\" name=\"acceptance-705\" value=\"1\" aria-invalid=\"false\" \/><span class=\"wpcf7-list-item-label\">Acepto el env\u00edo de comunicaciones por RIBERA SALUD, S.A.U., con la finalidad de conocer las \u00faltimas novedades sobre salud<\/span><\/label><\/span><\/span><\/span><br \/>\n<input class=\"wpcf7-form-control wpcf7-hidden controlreferido\" value=\"\" type=\"hidden\" name=\"referer-page\" \/><br \/>\n<input class=\"wpcf7-form-control wpcf7-submit has-spinner\" type=\"submit\" value=\"Enviar\" \/>\n<\/p><div class=\"wpcf7-response-output\" aria-hidden=\"true\"><\/div>\n<\/form>\n<\/div>\n\n<\/div>\n<\/div>\n\n\n\n<div style=\"height:2px\" aria-hidden=\"true\" class=\"wp-block-spacer\"><\/div>\n","protected":false},"excerpt":{"rendered":"<p>Natalia Alfonso Gracia, nutricionista especializada en alimentaci\u00f3n personalizada y control de peso Natalia Alfonso Gracia es nutricionista, bioqu\u00edmica y tecn\u00f3loga de los alimentos, con una s\u00f3lida formaci\u00f3n en nutrici\u00f3n cl\u00ednica y diet\u00e9tica.Cuenta con formaci\u00f3n universitaria en: Ha completado su formaci\u00f3n con un M\u00e1ster en Diet\u00e9tica y Dietoterapia por la Universitat de Val\u00e8ncia y formaci\u00f3n espec\u00edfica &#8230; <\/p>\n<p class=\"read-more-container\"><a title=\"Nutrici\u00f3n y Diet\u00e9tica en Valencia\" class=\"read-more button\" href=\"https:\/\/riberasalud.com\/clinica-mestalla\/nutricion-y-dietetica-valencia\/#more-7608\" aria-label=\"Leer m\u00e1s sobre Nutrici\u00f3n y Diet\u00e9tica en Valencia\">Leer m\u00e1s<\/a><\/p>\n","protected":false},"author":2,"featured_media":0,"parent":0,"menu_order":0,"comment_status":"closed","ping_status":"closed","template":"","meta":{"footnotes":""},"class_list":["post-7608","page","type-page","status-publish"],"yoast_head":"<!-- This site is optimized with the Yoast SEO plugin v25.0 - https:\/\/yoast.com\/wordpress\/plugins\/seo\/ -->\n<title>Nutrici\u00f3n y Diet\u00e9tica en Valencia - Cl\u00ednica Ribera Mestalla<\/title>\n<meta name=\"description\" content=\"Planes de alimentaci\u00f3n personalizados y control de peso con nutricionista. Atenci\u00f3n individualizada para adultos, ni\u00f1os y pacientes con patolog\u00eda\" \/>\n<meta name=\"robots\" content=\"index, follow, max-snippet:-1, max-image-preview:large, max-video-preview:-1\" \/>\n<link rel=\"canonical\" href=\"https:\/\/riberasalud.com\/clinica-mestalla\/nutricion-y-dietetica-valencia\/\" \/>\n<meta property=\"og:locale\" content=\"es_ES\" \/>\n<meta property=\"og:type\" content=\"article\" \/>\n<meta property=\"og:title\" content=\"Nutrici\u00f3n y Diet\u00e9tica en Valencia - Cl\u00ednica Ribera Mestalla\" \/>\n<meta property=\"og:description\" content=\"Planes de alimentaci\u00f3n personalizados y control de peso con nutricionista. Atenci\u00f3n individualizada para adultos, ni\u00f1os y pacientes con patolog\u00eda\" \/>\n<meta property=\"og:url\" content=\"https:\/\/riberasalud.com\/clinica-mestalla\/nutricion-y-dietetica-valencia\/\" \/>\n<meta property=\"og:site_name\" content=\"Cl\u00ednica Ribera Mestalla\" \/>\n<meta property=\"article:modified_time\" content=\"2026-04-28T14:01:32+00:00\" \/>\n<meta property=\"og:image\" content=\"https:\/\/riberasalud.com\/clinica-mestalla\/wp-content\/uploads\/2026\/04\/real-food-pyramid-assortment.jpg\" \/>\n\t<meta property=\"og:image:width\" content=\"1920\" \/>\n\t<meta property=\"og:image:height\" content=\"600\" \/>\n\t<meta property=\"og:image:type\" content=\"image\/jpeg\" \/>\n<meta name=\"twitter:card\" content=\"summary_large_image\" \/>\n<meta name=\"twitter:label1\" content=\"Tiempo de lectura\" \/>\n\t<meta name=\"twitter:data1\" content=\"13 minutos\" \/>\n<script type=\"application\/ld+json\" class=\"yoast-schema-graph\">{\"@context\":\"https:\/\/schema.org\",\"@graph\":[{\"@type\":\"WebPage\",\"@id\":\"https:\/\/riberasalud.com\/clinica-mestalla\/nutricion-y-dietetica-valencia\/\",\"url\":\"https:\/\/riberasalud.com\/clinica-mestalla\/nutricion-y-dietetica-valencia\/\",\"name\":\"Nutrici\u00f3n y Diet\u00e9tica en Valencia - Cl\u00ednica Ribera Mestalla\",\"isPartOf\":{\"@id\":\"https:\/\/riberasalud.com\/clinica-mestalla\/#website\"},\"primaryImageOfPage\":{\"@id\":\"https:\/\/riberasalud.com\/clinica-mestalla\/nutricion-y-dietetica-valencia\/#primaryimage\"},\"image\":{\"@id\":\"https:\/\/riberasalud.com\/clinica-mestalla\/nutricion-y-dietetica-valencia\/#primaryimage\"},\"thumbnailUrl\":\"https:\/\/riberasalud.com\/clinica-mestalla\/wp-content\/uploads\/2026\/04\/real-food-pyramid-assortment.jpg\",\"datePublished\":\"2026-04-21T10:33:18+00:00\",\"dateModified\":\"2026-04-28T14:01:32+00:00\",\"description\":\"Planes de alimentaci\u00f3n personalizados y control de peso con nutricionista. Atenci\u00f3n individualizada para adultos, ni\u00f1os y pacientes con patolog\u00eda\",\"breadcrumb\":{\"@id\":\"https:\/\/riberasalud.com\/clinica-mestalla\/nutricion-y-dietetica-valencia\/#breadcrumb\"},\"inLanguage\":\"es\",\"potentialAction\":[{\"@type\":\"ReadAction\",\"target\":[\"https:\/\/riberasalud.com\/clinica-mestalla\/nutricion-y-dietetica-valencia\/\"]}]},{\"@type\":\"ImageObject\",\"inLanguage\":\"es\",\"@id\":\"https:\/\/riberasalud.com\/clinica-mestalla\/nutricion-y-dietetica-valencia\/#primaryimage\",\"url\":\"https:\/\/riberasalud.com\/clinica-mestalla\/wp-content\/uploads\/2026\/04\/real-food-pyramid-assortment.jpg\",\"contentUrl\":\"https:\/\/riberasalud.com\/clinica-mestalla\/wp-content\/uploads\/2026\/04\/real-food-pyramid-assortment.jpg\",\"width\":1920,\"height\":600,\"caption\":\"Nutrici\u00f3n y diet\u00e9tica Cl\u00ednica ribera Mestalla\"},{\"@type\":\"BreadcrumbList\",\"@id\":\"https:\/\/riberasalud.com\/clinica-mestalla\/nutricion-y-dietetica-valencia\/#breadcrumb\",\"itemListElement\":[{\"@type\":\"ListItem\",\"position\":1,\"name\":\"Portada\",\"item\":\"https:\/\/riberasalud.com\/clinica-mestalla\/\"},{\"@type\":\"ListItem\",\"position\":2,\"name\":\"Nutrici\u00f3n y Diet\u00e9tica en Valencia\"}]},{\"@type\":\"WebSite\",\"@id\":\"https:\/\/riberasalud.com\/clinica-mestalla\/#website\",\"url\":\"https:\/\/riberasalud.com\/clinica-mestalla\/\",\"name\":\"Cl\u00ednica Ribera Mestalla\",\"description\":\"\",\"publisher\":{\"@id\":\"https:\/\/riberasalud.com\/clinica-mestalla\/#organization\"},\"potentialAction\":[{\"@type\":\"SearchAction\",\"target\":{\"@type\":\"EntryPoint\",\"urlTemplate\":\"https:\/\/riberasalud.com\/clinica-mestalla\/?s={search_term_string}\"},\"query-input\":{\"@type\":\"PropertyValueSpecification\",\"valueRequired\":true,\"valueName\":\"search_term_string\"}}],\"inLanguage\":\"es\"},{\"@type\":\"Organization\",\"@id\":\"https:\/\/riberasalud.com\/clinica-mestalla\/#organization\",\"name\":\"Cl\u00ednica Ribera Mestalla\",\"url\":\"https:\/\/riberasalud.com\/clinica-mestalla\/\",\"logo\":{\"@type\":\"ImageObject\",\"inLanguage\":\"es\",\"@id\":\"https:\/\/riberasalud.com\/clinica-mestalla\/#\/schema\/logo\/image\/\",\"url\":\"https:\/\/riberasalud.com\/clinica-mestalla\/wp-content\/uploads\/2025\/04\/Clinica-Ribera-Mestalla-Logotipo.png\",\"contentUrl\":\"https:\/\/riberasalud.com\/clinica-mestalla\/wp-content\/uploads\/2025\/04\/Clinica-Ribera-Mestalla-Logotipo.png\",\"width\":351,\"height\":73,\"caption\":\"Cl\u00ednica Ribera Mestalla\"},\"image\":{\"@id\":\"https:\/\/riberasalud.com\/clinica-mestalla\/#\/schema\/logo\/image\/\"}}]}<\/script>\n<!-- \/ Yoast SEO plugin. -->","yoast_head_json":{"title":"Nutrici\u00f3n y Diet\u00e9tica en Valencia - Cl\u00ednica Ribera Mestalla","description":"Planes de alimentaci\u00f3n personalizados y control de peso con nutricionista. Atenci\u00f3n individualizada para adultos, ni\u00f1os y pacientes con patolog\u00eda","robots":{"index":"index","follow":"follow","max-snippet":"max-snippet:-1","max-image-preview":"max-image-preview:large","max-video-preview":"max-video-preview:-1"},"canonical":"https:\/\/riberasalud.com\/clinica-mestalla\/nutricion-y-dietetica-valencia\/","og_locale":"es_ES","og_type":"article","og_title":"Nutrici\u00f3n y Diet\u00e9tica en Valencia - Cl\u00ednica Ribera Mestalla","og_description":"Planes de alimentaci\u00f3n personalizados y control de peso con nutricionista. Atenci\u00f3n individualizada para adultos, ni\u00f1os y pacientes con patolog\u00eda","og_url":"https:\/\/riberasalud.com\/clinica-mestalla\/nutricion-y-dietetica-valencia\/","og_site_name":"Cl\u00ednica Ribera Mestalla","article_modified_time":"2026-04-28T14:01:32+00:00","og_image":[{"width":1920,"height":600,"url":"https:\/\/riberasalud.com\/clinica-mestalla\/wp-content\/uploads\/2026\/04\/real-food-pyramid-assortment.jpg","type":"image\/jpeg"}],"twitter_card":"summary_large_image","twitter_misc":{"Tiempo de lectura":"13 minutos"},"schema":{"@context":"https:\/\/schema.org","@graph":[{"@type":"WebPage","@id":"https:\/\/riberasalud.com\/clinica-mestalla\/nutricion-y-dietetica-valencia\/","url":"https:\/\/riberasalud.com\/clinica-mestalla\/nutricion-y-dietetica-valencia\/","name":"Nutrici\u00f3n y Diet\u00e9tica en Valencia - Cl\u00ednica Ribera Mestalla","isPartOf":{"@id":"https:\/\/riberasalud.com\/clinica-mestalla\/#website"},"primaryImageOfPage":{"@id":"https:\/\/riberasalud.com\/clinica-mestalla\/nutricion-y-dietetica-valencia\/#primaryimage"},"image":{"@id":"https:\/\/riberasalud.com\/clinica-mestalla\/nutricion-y-dietetica-valencia\/#primaryimage"},"thumbnailUrl":"https:\/\/riberasalud.com\/clinica-mestalla\/wp-content\/uploads\/2026\/04\/real-food-pyramid-assortment.jpg","datePublished":"2026-04-21T10:33:18+00:00","dateModified":"2026-04-28T14:01:32+00:00","description":"Planes de alimentaci\u00f3n personalizados y control de peso con nutricionista. Atenci\u00f3n individualizada para adultos, ni\u00f1os y pacientes con patolog\u00eda","breadcrumb":{"@id":"https:\/\/riberasalud.com\/clinica-mestalla\/nutricion-y-dietetica-valencia\/#breadcrumb"},"inLanguage":"es","potentialAction":[{"@type":"ReadAction","target":["https:\/\/riberasalud.com\/clinica-mestalla\/nutricion-y-dietetica-valencia\/"]}]},{"@type":"ImageObject","inLanguage":"es","@id":"https:\/\/riberasalud.com\/clinica-mestalla\/nutricion-y-dietetica-valencia\/#primaryimage","url":"https:\/\/riberasalud.com\/clinica-mestalla\/wp-content\/uploads\/2026\/04\/real-food-pyramid-assortment.jpg","contentUrl":"https:\/\/riberasalud.com\/clinica-mestalla\/wp-content\/uploads\/2026\/04\/real-food-pyramid-assortment.jpg","width":1920,"height":600,"caption":"Nutrici\u00f3n y diet\u00e9tica Cl\u00ednica ribera Mestalla"},{"@type":"BreadcrumbList","@id":"https:\/\/riberasalud.com\/clinica-mestalla\/nutricion-y-dietetica-valencia\/#breadcrumb","itemListElement":[{"@type":"ListItem","position":1,"name":"Portada","item":"https:\/\/riberasalud.com\/clinica-mestalla\/"},{"@type":"ListItem","position":2,"name":"Nutrici\u00f3n y Diet\u00e9tica en Valencia"}]},{"@type":"WebSite","@id":"https:\/\/riberasalud.com\/clinica-mestalla\/#website","url":"https:\/\/riberasalud.com\/clinica-mestalla\/","name":"Cl\u00ednica Ribera Mestalla","description":"","publisher":{"@id":"https:\/\/riberasalud.com\/clinica-mestalla\/#organization"},"potentialAction":[{"@type":"SearchAction","target":{"@type":"EntryPoint","urlTemplate":"https:\/\/riberasalud.com\/clinica-mestalla\/?s={search_term_string}"},"query-input":{"@type":"PropertyValueSpecification","valueRequired":true,"valueName":"search_term_string"}}],"inLanguage":"es"},{"@type":"Organization","@id":"https:\/\/riberasalud.com\/clinica-mestalla\/#organization","name":"Cl\u00ednica Ribera Mestalla","url":"https:\/\/riberasalud.com\/clinica-mestalla\/","logo":{"@type":"ImageObject","inLanguage":"es","@id":"https:\/\/riberasalud.com\/clinica-mestalla\/#\/schema\/logo\/image\/","url":"https:\/\/riberasalud.com\/clinica-mestalla\/wp-content\/uploads\/2025\/04\/Clinica-Ribera-Mestalla-Logotipo.png","contentUrl":"https:\/\/riberasalud.com\/clinica-mestalla\/wp-content\/uploads\/2025\/04\/Clinica-Ribera-Mestalla-Logotipo.png","width":351,"height":73,"caption":"Cl\u00ednica Ribera Mestalla"},"image":{"@id":"https:\/\/riberasalud.com\/clinica-mestalla\/#\/schema\/logo\/image\/"}}]}},"_links":{"self":[{"href":"https:\/\/riberasalud.com\/clinica-mestalla\/wp-json\/wp\/v2\/pages\/7608","targetHints":{"allow":["GET"]}}],"collection":[{"href":"https:\/\/riberasalud.com\/clinica-mestalla\/wp-json\/wp\/v2\/pages"}],"about":[{"href":"https:\/\/riberasalud.com\/clinica-mestalla\/wp-json\/wp\/v2\/types\/page"}],"author":[{"embeddable":true,"href":"https:\/\/riberasalud.com\/clinica-mestalla\/wp-json\/wp\/v2\/users\/2"}],"replies":[{"embeddable":true,"href":"https:\/\/riberasalud.com\/clinica-mestalla\/wp-json\/wp\/v2\/comments?post=7608"}],"version-history":[{"count":67,"href":"https:\/\/riberasalud.com\/clinica-mestalla\/wp-json\/wp\/v2\/pages\/7608\/revisions"}],"predecessor-version":[{"id":7735,"href":"https:\/\/riberasalud.com\/clinica-mestalla\/wp-json\/wp\/v2\/pages\/7608\/revisions\/7735"}],"wp:attachment":[{"href":"https:\/\/riberasalud.com\/clinica-mestalla\/wp-json\/wp\/v2\/media?parent=7608"}],"curies":[{"name":"wp","href":"https:\/\/api.w.org\/{rel}","templated":true}]}}